{"id":8514,"date":"2023-08-29T13:30:07","date_gmt":"2023-08-29T11:30:07","guid":{"rendered":"https:\/\/comedialaon.fr\/?page_id=8514"},"modified":"2025-07-13T15:30:55","modified_gmt":"2025-07-13T13:30:55","slug":"marc-fayet","status":"publish","type":"page","link":"https:\/\/comedialaon.fr\/?page_id=8514","title":{"rendered":"Marc FAYET"},"content":{"rendered":"<div id=\"attachment_8516\" style=\"width: 310px\" class=\"wp-caption alignleft\"><a href=\"https:\/\/comedialaon.fr\/wp-content\/uploads\/2023\/08\/Marc-FAYET_3.jpg\"><img loading=\"lazy\" decoding=\"async\" aria-describedby=\"caption-attachment-8516\" src=\"https:\/\/comedialaon.fr\/wp-content\/uploads\/2023\/08\/Marc-FAYET_3-300x192.jpg\" alt=\"\" width=\"300\" height=\"192\" class=\"size-medium wp-image-8516\" srcset=\"https:\/\/comedialaon.fr\/wp-content\/uploads\/2023\/08\/Marc-FAYET_3-300x192.jpg 300w, https:\/\/comedialaon.fr\/wp-content\/uploads\/2023\/08\/Marc-FAYET_3.jpg 329w\" sizes=\"auto, (max-width: 300px) 100vw, 300px\" \/><\/a><p id=\"caption-attachment-8516\" class=\"wp-caption-text\">Marc FAYET : com\u00e9dien, auteur dramatique et metteur en sc\u00e8ne fran\u00e7ais<\/p><\/div>\n<p>Marc Fayet est un com\u00e9dien, auteur dramatique et metteur en sc\u00e8ne fran\u00e7ais. Il a \u00e9t\u00e9 plusieurs fois nomin\u00e9 aux Moli\u00e8res.<\/p>\n<p>Il a d\u2019abord effectu\u00e9 un long compagnonnage au Th\u00e9\u00e2tre La Bruy\u00e8re o\u00f9 sous la direction de St\u00e9phan Meldegg il a interpr\u00e9t\u00e9 7 spectacles dont : Un coin d\u2019Azur de Jean Bouchaud, Accalmies passag\u00e8res de Xavier Daugreilh ou Pop Corn de Ben Elton. Il est laur\u00e9at du Moli\u00e8re de la r\u00e9v\u00e9lation masculine Th\u00e9\u00e2trale en 2003 pour \u00ab Un petit jeu sans cons\u00e9quence \u00bb de Jean Dell et G\u00e9rald Sibleyras.<\/p>\n<p>Puis c\u2019est au Th\u00e9\u00e2tre de Paris qu\u2019il a prouv\u00e9 sa fid\u00e9lit\u00e9 en cr\u00e9ant quatre de ses pi\u00e8ces : <a href=\"https:\/\/comedialaon.fr\/?page_id=9285\" title=\"\u201cJACQUES A DIT\u201d\">\u201cJACQUES A DIT\u201d<\/a>, L\u2019un dans l\u2019autre, Il est pass\u00e9 par ici et Des gens intelligents r\u00e9compens\u00e9e par le Moli\u00e8re de la Com\u00e9die en 2015.<\/p>\n<p>Homme d\u2019\u00e9quipe, beaucoup de ces aventures th\u00e9\u00e2trales furent r\u00e9alis\u00e9es avec la complicit\u00e9 de Jos\u00e9 Paul, G\u00e9rard Loussine et St\u00e9phane Hillel.<br \/>\nHors ces murs il a aussi mis en sc\u00e8ne sa pi\u00e8ce Le Scoop au Th\u00e9\u00e2tre Tristan Bernard en 2012.<br \/>\nEn 2018, il foule pour la premi\u00e8re fois les planches du Th\u00e9\u00e2tre Montparnasse \u00e0 l\u2019occasion de la cr\u00e9ation Fran\u00e7aise de la pi\u00e8ce  Le Laur\u00e9at  au c\u00f4t\u00e9 d&rsquo;Anne Parillaud. Il reviendra quelques mois plus tard dans Un fil \u00e0 la patte de Georges Feydeau.<\/p>\n<p>Puis en 2019 il cr\u00e9e sa pi\u00e8ce <a href=\"https:\/\/comedialaon.fr\/?page_id=8508\" title=\"\u201c2 EUROS 20\u201d\">\u201c2 EUROS 20\u201d<\/a> au festival d&rsquo;Avignon avant de la reprendre \u00e0 Paris en Janvier 2020 au Th\u00e9\u00e2tre Rive Gauche.<br \/>\nAvec Times Square en 2022, aupr\u00e8s de Guillaume de Tonqu\u00e9dec, il retrouve le chemin du Th\u00e9\u00e2tre Montparnasse et joue pour la 8\u00e8me fois sous la direction de Jos\u00e9 Paul. La m\u00eame ann\u00e9e il interpr\u00e8te et met en sc\u00e8ne Un divan des divas au Petit Montparnasse qu\u2019il retrouve en tant qu\u2019auteur avec ce Mata-Hari ou la justice des hommes. <\/p>\n","protected":false},"excerpt":{"rendered":"<p>Marc Fayet est un com\u00e9dien, auteur dramatique et metteur en sc\u00e8ne fran\u00e7ais. Il a \u00e9t\u00e9 plusieurs fois nomin\u00e9 aux Moli\u00e8res. Il a d\u2019abord effectu\u00e9 un long compagnonnage au Th\u00e9\u00e2tre La Bruy\u00e8re o\u00f9 sous la direction de St\u00e9phan Meldegg il a interpr\u00e9t\u00e9 7 spectacles dont : Un coin d\u2019Azur de Jean Bouchaud, Accalmies passag\u00e8res de Xavier<\/p>\n<p><a class=\"excerpt-more blog-excerpt\" href=\"https:\/\/comedialaon.fr\/?page_id=8514\">Lire la suite<\/a><\/p>\n","protected":false},"author":1,"featured_media":0,"parent":0,"menu_order":0,"comment_status":"closed","ping_status":"closed","template":"","meta":{"footnotes":""},"class_list":["post-8514","page","type-page","status-publish","hentry"],"yoast_head":"<!-- This site is optimized with the Yoast SEO plugin v27.5 - https:\/\/yoast.com\/product\/yoast-seo-wordpress\/ -->\n<title>Marc FAYET &#8226; Com\u00e9dia Laon<\/title>\n<meta name=\"robots\" content=\"index, follow, max-snippet:-1, max-image-preview:large, max-video-preview:-1\" \/>\n<link rel=\"canonical\" href=\"https:\/\/comedialaon.fr\/?page_id=8514\" \/>\n<meta property=\"og:locale\" content=\"fr_FR\" \/>\n<meta property=\"og:type\" content=\"article\" \/>\n<meta property=\"og:title\" content=\"Marc FAYET &#8226; Com\u00e9dia Laon\" \/>\n<meta property=\"og:description\" content=\"Marc Fayet est un com\u00e9dien, auteur dramatique et metteur en sc\u00e8ne fran\u00e7ais. Il a \u00e9t\u00e9 plusieurs fois nomin\u00e9 aux Moli\u00e8res. Il a d\u2019abord effectu\u00e9 un long compagnonnage au Th\u00e9\u00e2tre La Bruy\u00e8re o\u00f9 sous la direction de St\u00e9phan Meldegg il a interpr\u00e9t\u00e9 7 spectacles dont : Un coin d\u2019Azur de Jean Bouchaud, Accalmies passag\u00e8res de XavierLire la suite\" \/>\n<meta property=\"og:url\" content=\"https:\/\/comedialaon.fr\/?page_id=8514\" \/>\n<meta property=\"og:site_name\" content=\"Com\u00e9dia Laon\" \/>\n<meta property=\"article:publisher\" content=\"https:\/\/www.facebook.com\/profile.php?id=100008459438996\" \/>\n<meta property=\"article:modified_time\" content=\"2025-07-13T13:30:55+00:00\" \/>\n<meta property=\"og:image\" content=\"https:\/\/comedialaon.fr\/wp-content\/uploads\/2023\/08\/Marc-FAYET_3.jpg\" \/>\n\t<meta property=\"og:image:width\" content=\"329\" \/>\n\t<meta property=\"og:image:height\" content=\"211\" \/>\n\t<meta property=\"og:image:type\" content=\"image\/jpeg\" \/>\n<meta name=\"twitter:label1\" content=\"Dur\u00e9e de lecture estim\u00e9e\" \/>\n\t<meta name=\"twitter:data1\" content=\"2 minutes\" \/>\n<script type=\"application\/ld+json\" class=\"yoast-schema-graph\">{\"@context\":\"https:\\\/\\\/schema.org\",\"@graph\":[{\"@type\":\"WebPage\",\"@id\":\"https:\\\/\\\/comedialaon.fr\\\/?page_id=8514\",\"url\":\"https:\\\/\\\/comedialaon.fr\\\/?page_id=8514\",\"name\":\"Marc FAYET &#8226; Com\u00e9dia Laon\",\"isPartOf\":{\"@id\":\"https:\\\/\\\/comedialaon.fr\\\/#website\"},\"primaryImageOfPage\":{\"@id\":\"https:\\\/\\\/comedialaon.fr\\\/?page_id=8514#primaryimage\"},\"image\":{\"@id\":\"https:\\\/\\\/comedialaon.fr\\\/?page_id=8514#primaryimage\"},\"thumbnailUrl\":\"https:\\\/\\\/comedialaon.fr\\\/wp-content\\\/uploads\\\/2023\\\/08\\\/Marc-FAYET_3-300x192.jpg\",\"datePublished\":\"2023-08-29T11:30:07+00:00\",\"dateModified\":\"2025-07-13T13:30:55+00:00\",\"breadcrumb\":{\"@id\":\"https:\\\/\\\/comedialaon.fr\\\/?page_id=8514#breadcrumb\"},\"inLanguage\":\"fr-FR\",\"potentialAction\":[{\"@type\":\"ReadAction\",\"target\":[\"https:\\\/\\\/comedialaon.fr\\\/?page_id=8514\"]}]},{\"@type\":\"ImageObject\",\"inLanguage\":\"fr-FR\",\"@id\":\"https:\\\/\\\/comedialaon.fr\\\/?page_id=8514#primaryimage\",\"url\":\"https:\\\/\\\/comedialaon.fr\\\/wp-content\\\/uploads\\\/2023\\\/08\\\/Marc-FAYET_3.jpg\",\"contentUrl\":\"https:\\\/\\\/comedialaon.fr\\\/wp-content\\\/uploads\\\/2023\\\/08\\\/Marc-FAYET_3.jpg\",\"width\":329,\"height\":211,\"caption\":\"Marc FAYET : com\u00e9dien, auteur dramatique et metteur en sc\u00e8ne fran\u00e7ais\"},{\"@type\":\"BreadcrumbList\",\"@id\":\"https:\\\/\\\/comedialaon.fr\\\/?page_id=8514#breadcrumb\",\"itemListElement\":[{\"@type\":\"ListItem\",\"position\":1,\"name\":\"Accueil\",\"item\":\"https:\\\/\\\/comedialaon.fr\\\/\"},{\"@type\":\"ListItem\",\"position\":2,\"name\":\"Marc FAYET\"}]},{\"@type\":\"WebSite\",\"@id\":\"https:\\\/\\\/comedialaon.fr\\\/#website\",\"url\":\"https:\\\/\\\/comedialaon.fr\\\/\",\"name\":\"Com\u00e9dia Laon\",\"description\":\"Prendre et donner du PLAISIR ... !!! ;-)\",\"publisher\":{\"@id\":\"https:\\\/\\\/comedialaon.fr\\\/#organization\"},\"potentialAction\":[{\"@type\":\"SearchAction\",\"target\":{\"@type\":\"EntryPoint\",\"urlTemplate\":\"https:\\\/\\\/comedialaon.fr\\\/?s={search_term_string}\"},\"query-input\":{\"@type\":\"PropertyValueSpecification\",\"valueRequired\":true,\"valueName\":\"search_term_string\"}}],\"inLanguage\":\"fr-FR\"},{\"@type\":\"Organization\",\"@id\":\"https:\\\/\\\/comedialaon.fr\\\/#organization\",\"name\":\"Com\u00e9dia Laon\",\"url\":\"https:\\\/\\\/comedialaon.fr\\\/\",\"logo\":{\"@type\":\"ImageObject\",\"inLanguage\":\"fr-FR\",\"@id\":\"https:\\\/\\\/comedialaon.fr\\\/#\\\/schema\\\/logo\\\/image\\\/\",\"url\":\"https:\\\/\\\/comedialaon.fr\\\/wp-content\\\/uploads\\\/2019\\\/02\\\/LOGO-CL-et-OL.jpg\",\"contentUrl\":\"https:\\\/\\\/comedialaon.fr\\\/wp-content\\\/uploads\\\/2019\\\/02\\\/LOGO-CL-et-OL.jpg\",\"width\":756,\"height\":210,\"caption\":\"Com\u00e9dia Laon\"},\"image\":{\"@id\":\"https:\\\/\\\/comedialaon.fr\\\/#\\\/schema\\\/logo\\\/image\\\/\"},\"sameAs\":[\"https:\\\/\\\/www.facebook.com\\\/profile.php?id=100008459438996\",\"https:\\\/\\\/www.youtube.com\\\/results?search_query=comedia laon\"]}]}<\/script>\n<!-- \/ Yoast SEO plugin. -->","yoast_head_json":{"title":"Marc FAYET &#8226; Com\u00e9dia Laon","robots":{"index":"index","follow":"follow","max-snippet":"max-snippet:-1","max-image-preview":"max-image-preview:large","max-video-preview":"max-video-preview:-1"},"canonical":"https:\/\/comedialaon.fr\/?page_id=8514","og_locale":"fr_FR","og_type":"article","og_title":"Marc FAYET &#8226; Com\u00e9dia Laon","og_description":"Marc Fayet est un com\u00e9dien, auteur dramatique et metteur en sc\u00e8ne fran\u00e7ais. Il a \u00e9t\u00e9 plusieurs fois nomin\u00e9 aux Moli\u00e8res. Il a d\u2019abord effectu\u00e9 un long compagnonnage au Th\u00e9\u00e2tre La Bruy\u00e8re o\u00f9 sous la direction de St\u00e9phan Meldegg il a interpr\u00e9t\u00e9 7 spectacles dont : Un coin d\u2019Azur de Jean Bouchaud, Accalmies passag\u00e8res de XavierLire la suite","og_url":"https:\/\/comedialaon.fr\/?page_id=8514","og_site_name":"Com\u00e9dia Laon","article_publisher":"https:\/\/www.facebook.com\/profile.php?id=100008459438996","article_modified_time":"2025-07-13T13:30:55+00:00","og_image":[{"width":329,"height":211,"url":"https:\/\/comedialaon.fr\/wp-content\/uploads\/2023\/08\/Marc-FAYET_3.jpg","type":"image\/jpeg"}],"twitter_misc":{"Dur\u00e9e de lecture estim\u00e9e":"2 minutes"},"schema":{"@context":"https:\/\/schema.org","@graph":[{"@type":"WebPage","@id":"https:\/\/comedialaon.fr\/?page_id=8514","url":"https:\/\/comedialaon.fr\/?page_id=8514","name":"Marc FAYET &#8226; Com\u00e9dia Laon","isPartOf":{"@id":"https:\/\/comedialaon.fr\/#website"},"primaryImageOfPage":{"@id":"https:\/\/comedialaon.fr\/?page_id=8514#primaryimage"},"image":{"@id":"https:\/\/comedialaon.fr\/?page_id=8514#primaryimage"},"thumbnailUrl":"https:\/\/comedialaon.fr\/wp-content\/uploads\/2023\/08\/Marc-FAYET_3-300x192.jpg","datePublished":"2023-08-29T11:30:07+00:00","dateModified":"2025-07-13T13:30:55+00:00","breadcrumb":{"@id":"https:\/\/comedialaon.fr\/?page_id=8514#breadcrumb"},"inLanguage":"fr-FR","potentialAction":[{"@type":"ReadAction","target":["https:\/\/comedialaon.fr\/?page_id=8514"]}]},{"@type":"ImageObject","inLanguage":"fr-FR","@id":"https:\/\/comedialaon.fr\/?page_id=8514#primaryimage","url":"https:\/\/comedialaon.fr\/wp-content\/uploads\/2023\/08\/Marc-FAYET_3.jpg","contentUrl":"https:\/\/comedialaon.fr\/wp-content\/uploads\/2023\/08\/Marc-FAYET_3.jpg","width":329,"height":211,"caption":"Marc FAYET : com\u00e9dien, auteur dramatique et metteur en sc\u00e8ne fran\u00e7ais"},{"@type":"BreadcrumbList","@id":"https:\/\/comedialaon.fr\/?page_id=8514#breadcrumb","itemListElement":[{"@type":"ListItem","position":1,"name":"Accueil","item":"https:\/\/comedialaon.fr\/"},{"@type":"ListItem","position":2,"name":"Marc FAYET"}]},{"@type":"WebSite","@id":"https:\/\/comedialaon.fr\/#website","url":"https:\/\/comedialaon.fr\/","name":"Com\u00e9dia Laon","description":"Prendre et donner du PLAISIR ... !!! ;-)","publisher":{"@id":"https:\/\/comedialaon.fr\/#organization"},"potentialAction":[{"@type":"SearchAction","target":{"@type":"EntryPoint","urlTemplate":"https:\/\/comedialaon.fr\/?s={search_term_string}"},"query-input":{"@type":"PropertyValueSpecification","valueRequired":true,"valueName":"search_term_string"}}],"inLanguage":"fr-FR"},{"@type":"Organization","@id":"https:\/\/comedialaon.fr\/#organization","name":"Com\u00e9dia Laon","url":"https:\/\/comedialaon.fr\/","logo":{"@type":"ImageObject","inLanguage":"fr-FR","@id":"https:\/\/comedialaon.fr\/#\/schema\/logo\/image\/","url":"https:\/\/comedialaon.fr\/wp-content\/uploads\/2019\/02\/LOGO-CL-et-OL.jpg","contentUrl":"https:\/\/comedialaon.fr\/wp-content\/uploads\/2019\/02\/LOGO-CL-et-OL.jpg","width":756,"height":210,"caption":"Com\u00e9dia Laon"},"image":{"@id":"https:\/\/comedialaon.fr\/#\/schema\/logo\/image\/"},"sameAs":["https:\/\/www.facebook.com\/profile.php?id=100008459438996","https:\/\/www.youtube.com\/results?search_query=comedia laon"]}]}},"_links":{"self":[{"href":"https:\/\/comedialaon.fr\/index.php?rest_route=\/wp\/v2\/pages\/8514","targetHints":{"allow":["GET"]}}],"collection":[{"href":"https:\/\/comedialaon.fr\/index.php?rest_route=\/wp\/v2\/pages"}],"about":[{"href":"https:\/\/comedialaon.fr\/index.php?rest_route=\/wp\/v2\/types\/page"}],"author":[{"embeddable":true,"href":"https:\/\/comedialaon.fr\/index.php?rest_route=\/wp\/v2\/users\/1"}],"replies":[{"embeddable":true,"href":"https:\/\/comedialaon.fr\/index.php?rest_route=%2Fwp%2Fv2%2Fcomments&post=8514"}],"version-history":[{"count":6,"href":"https:\/\/comedialaon.fr\/index.php?rest_route=\/wp\/v2\/pages\/8514\/revisions"}],"predecessor-version":[{"id":9311,"href":"https:\/\/comedialaon.fr\/index.php?rest_route=\/wp\/v2\/pages\/8514\/revisions\/9311"}],"wp:attachment":[{"href":"https:\/\/comedialaon.fr\/index.php?rest_route=%2Fwp%2Fv2%2Fmedia&parent=8514"}],"curies":[{"name":"wp","href":"https:\/\/api.w.org\/{rel}","templated":true}]}}