{"id":8508,"date":"2023-12-13T18:28:09","date_gmt":"2023-12-13T16:28:09","guid":{"rendered":"https:\/\/comedialaon.fr\/?page_id=8508"},"modified":"2024-03-19T15:36:18","modified_gmt":"2024-03-19T13:36:18","slug":"2-euros-20","status":"publish","type":"page","link":"https:\/\/comedialaon.fr\/?page_id=8508","title":{"rendered":"<font color=#0000FF><center><b>2 EUROS 20<\/b><\/center><\/font color>"},"content":{"rendered":"<div id=\"attachment_8679\" style=\"width: 220px\" class=\"wp-caption alignleft\"><a href=\"https:\/\/comedialaon.fr\/wp-content\/uploads\/2023\/12\/Affiche-2-euros-20-M-A-L-le-29-03-2024.jpg\"><img loading=\"lazy\" decoding=\"async\" aria-describedby=\"caption-attachment-8679\" src=\"https:\/\/comedialaon.fr\/wp-content\/uploads\/2023\/12\/Affiche-2-euros-20-M-A-L-le-29-03-2024-210x300.jpg\" alt=\"\" width=\"210\" height=\"300\" class=\"size-medium wp-image-8679\" srcset=\"https:\/\/comedialaon.fr\/wp-content\/uploads\/2023\/12\/Affiche-2-euros-20-M-A-L-le-29-03-2024-210x300.jpg 210w, https:\/\/comedialaon.fr\/wp-content\/uploads\/2023\/12\/Affiche-2-euros-20-M-A-L-le-29-03-2024.jpg 560w\" sizes=\"auto, (max-width: 210px) 100vw, 210px\" \/><\/a><p id=\"caption-attachment-8679\" class=\"wp-caption-text\">\u201c2 EUROS 20\u201d Maison des Arts et Loisirs \u00e0 LAON le 29 mars 2024<\/p><\/div>\n<p><u>\u201c2 EUROS 20\u201d<\/u> est une com\u00e9die de <a href=\"https:\/\/comedialaon.fr\/?page_id=8514\" title=\"Marc FAYET\"> Marc FAYET<\/a> :<br \/>\n3 femmes et 3 hommes \u2013 D\u00e9cor : Une location de vacances &#8211;  Dur\u00e9e : 1h30<\/p>\n<p>Cette pi\u00e8ce est une vraie com\u00e9die r\u00e9cente, nomin\u00e9e \u201cMeilleure Com\u00e9die\u201d aux Moli\u00e8res 2020.<\/p>\n<p><u>Le lieu<\/u> : J\u00e9r\u00f4me passe ses vacances, comme chaque \u00e9t\u00e9, avec ses plus vieux amis.<\/p>\n<p><u>L&rsquo;action<\/u> : A qui appartiennent les 2 euros 20 abandonn\u00e9s sur une petite table dans la maison de vacances o\u00f9 6 amis se sont r\u00e9unis ?<br \/>\nApparemment \u00e0 personne mais ces pi\u00e8ces vont dispara\u00eetre et l\u2019emprunteur aura beaucoup \u00e0 perdre s\u2019il se d\u00e9nonce.<br \/>\nBeaucoup \u00e0 perdre ou beaucoup \u00e0 gagner ? C\u2019est \u00e0 voir !<\/p>\n<p><u>Ce que l&rsquo;auteur dit de sa pi\u00e8ce<\/u> : Il y a quatre ans nous interpr\u00e9tions Des Gens intelligents, une de mes pr\u00e9c\u00e9dentes pi\u00e8ces [Moli\u00e8re 2015 de la Com\u00e9die], et j\u2019avais remarqu\u00e9 sur la petite table de notre foyer o\u00f9 nous nous r\u00e9unissions avant le d\u00e9but de chaque repr\u00e9sentation quelques pi\u00e8ces qui \u00e9taient pos\u00e9es l\u00e0 n\u00e9gligemment, peut-\u00eatre le reste de monnaie d\u2019une course quelconque. Il se trouve que ces pi\u00e8ces laiss\u00e9es l\u00e0 au milieu de nos verres d\u2019eau, de nos tasses de caf\u00e9, demeur\u00e8rent plusieurs semaines jusqu\u2019au jour o\u00f9 elles disparurent d\u00e9finitivement. Durant toute cette p\u00e9riode personne n\u2019avait fait allusion \u00e0 ces pi\u00e8ces que pourtant tout le monde voyait, et voil\u00e0 qu\u2019un jour quelqu\u2019un avait d\u00e9cid\u00e9, par envie ou par n\u00e9cessit\u00e9, de les faire dispara\u00eetre une bonne fois pour toute. Quand l\u2019un de nous s\u2019est d\u00e9cid\u00e9 \u00e0 faire remarquer cette disparition, tout le monde s\u2019en est \u00e9tonn\u00e9 mais personne ne s\u2019est d\u00e9nonc\u00e9. Quelqu\u2019un n\u2019osait visiblement se d\u00e9signer car comment avouer \u00eatre l\u2019escamoteur d\u2019une somme si ridicule ?  C\u2019est l\u00e0 que m\u2019est venue l\u2019id\u00e9e d\u2019\u00e9crire cette pi\u00e8ce car j\u2019y ai vu un formidable point de d\u00e9part pour confronter un groupe d\u2019amis et les mettre face \u00e0 cette intrigante et pourtant si anodine disparition. Je pressentais qu\u2019un paroxysme \u00e9tait possible car il nous interrogeait sur le mensonge, sur la fid\u00e9lit\u00e9 et sur notre rapport \u00e0 l\u2019argent.  Je voulais voir si l\u2019amiti\u00e9 valait plus que 2 euros 20. <\/p>\n<p><a href=\"https:\/\/comedialaon.fr\/?page_id=8780\" title=\"Album photos r\u00e9p\u00e9titions f\u00e9vrier 2024\">Album photos r\u00e9p\u00e9titions f\u00e9vrier 2024<\/a><\/p>\n<p><a href=\"https:\/\/comedialaon.fr\/?page_id=8881\" title=\"Album photos Centre Culturel CAPNO\"> Album photos Centre Culturel CAPNO<\/a><\/p>\n<p><a href=\"https:\/\/comedialaon.fr\/?page_id=8917\" title=\"Album photos LA F\u00c8RE\"> Album photos LA F\u00c8RE<\/a><\/p>\n<p><a href=\"https:\/\/comedialaon.fr\/?page_id=8526\" title=\"Nos dates de repr\u00e9sentations pour 2024\"> Nos dates de repr\u00e9sentations pour 2024<\/a><\/p>\n<p><a href=\"#\" scroll-behavior: smooth; class=\"btn btn-default\">Retour en haut \u2191<\/a><\/p>\n","protected":false},"excerpt":{"rendered":"<p>\u201c2 EUROS 20\u201d est une com\u00e9die de Marc FAYET : 3 femmes et 3 hommes \u2013 D\u00e9cor : Une location de vacances &#8211; Dur\u00e9e : 1h30 Cette pi\u00e8ce est une vraie com\u00e9die r\u00e9cente, nomin\u00e9e \u201cMeilleure Com\u00e9die\u201d aux Moli\u00e8res 2020. Le lieu : J\u00e9r\u00f4me passe ses vacances, comme chaque \u00e9t\u00e9, avec ses plus vieux amis. L&rsquo;action<\/p>\n<p><a class=\"excerpt-more blog-excerpt\" href=\"https:\/\/comedialaon.fr\/?page_id=8508\">Lire la suite<\/a><\/p>\n","protected":false},"author":1,"featured_media":0,"parent":0,"menu_order":0,"comment_status":"closed","ping_status":"closed","template":"","meta":{"footnotes":""},"class_list":["post-8508","page","type-page","status-publish","hentry"],"yoast_head":"<!-- This site is optimized with the Yoast SEO plugin v27.5 - https:\/\/yoast.com\/product\/yoast-seo-wordpress\/ -->\n<title>2 EUROS 20 &#8226; Com\u00e9dia Laon<\/title>\n<meta name=\"robots\" content=\"index, follow, max-snippet:-1, max-image-preview:large, max-video-preview:-1\" \/>\n<link rel=\"canonical\" href=\"https:\/\/comedialaon.fr\/?page_id=8508\" \/>\n<meta property=\"og:locale\" content=\"fr_FR\" \/>\n<meta property=\"og:type\" content=\"article\" \/>\n<meta property=\"og:title\" content=\"2 EUROS 20 &#8226; Com\u00e9dia Laon\" \/>\n<meta property=\"og:description\" content=\"\u201c2 EUROS 20\u201d est une com\u00e9die de Marc FAYET : 3 femmes et 3 hommes \u2013 D\u00e9cor : Une location de vacances &#8211; Dur\u00e9e : 1h30 Cette pi\u00e8ce est une vraie com\u00e9die r\u00e9cente, nomin\u00e9e \u201cMeilleure Com\u00e9die\u201d aux Moli\u00e8res 2020. Le lieu : J\u00e9r\u00f4me passe ses vacances, comme chaque \u00e9t\u00e9, avec ses plus vieux amis. L&rsquo;actionLire la suite\" \/>\n<meta property=\"og:url\" content=\"https:\/\/comedialaon.fr\/?page_id=8508\" \/>\n<meta property=\"og:site_name\" content=\"Com\u00e9dia Laon\" \/>\n<meta property=\"article:publisher\" content=\"https:\/\/www.facebook.com\/profile.php?id=100008459438996\" \/>\n<meta property=\"article:modified_time\" content=\"2024-03-19T13:36:18+00:00\" \/>\n<meta property=\"og:image\" content=\"https:\/\/comedialaon.fr\/wp-content\/uploads\/2023\/12\/Affiche-2-euros-20-M-A-L-le-29-03-2024-210x300.jpg\" \/>\n<meta name=\"twitter:label1\" content=\"Dur\u00e9e de lecture estim\u00e9e\" \/>\n\t<meta name=\"twitter:data1\" content=\"3 minutes\" \/>\n<script type=\"application\/ld+json\" class=\"yoast-schema-graph\">{\"@context\":\"https:\\\/\\\/schema.org\",\"@graph\":[{\"@type\":\"WebPage\",\"@id\":\"https:\\\/\\\/comedialaon.fr\\\/?page_id=8508\",\"url\":\"https:\\\/\\\/comedialaon.fr\\\/?page_id=8508\",\"name\":\"2 EUROS 20 &#8226; Com\u00e9dia Laon\",\"isPartOf\":{\"@id\":\"https:\\\/\\\/comedialaon.fr\\\/#website\"},\"primaryImageOfPage\":{\"@id\":\"https:\\\/\\\/comedialaon.fr\\\/?page_id=8508#primaryimage\"},\"image\":{\"@id\":\"https:\\\/\\\/comedialaon.fr\\\/?page_id=8508#primaryimage\"},\"thumbnailUrl\":\"https:\\\/\\\/comedialaon.fr\\\/wp-content\\\/uploads\\\/2023\\\/12\\\/Affiche-2-euros-20-M-A-L-le-29-03-2024-210x300.jpg\",\"datePublished\":\"2023-12-13T16:28:09+00:00\",\"dateModified\":\"2024-03-19T13:36:18+00:00\",\"breadcrumb\":{\"@id\":\"https:\\\/\\\/comedialaon.fr\\\/?page_id=8508#breadcrumb\"},\"inLanguage\":\"fr-FR\",\"potentialAction\":[{\"@type\":\"ReadAction\",\"target\":[\"https:\\\/\\\/comedialaon.fr\\\/?page_id=8508\"]}]},{\"@type\":\"ImageObject\",\"inLanguage\":\"fr-FR\",\"@id\":\"https:\\\/\\\/comedialaon.fr\\\/?page_id=8508#primaryimage\",\"url\":\"https:\\\/\\\/comedialaon.fr\\\/wp-content\\\/uploads\\\/2023\\\/12\\\/Affiche-2-euros-20-M-A-L-le-29-03-2024.jpg\",\"contentUrl\":\"https:\\\/\\\/comedialaon.fr\\\/wp-content\\\/uploads\\\/2023\\\/12\\\/Affiche-2-euros-20-M-A-L-le-29-03-2024.jpg\",\"width\":560,\"height\":800,\"caption\":\"\u201c2 EUROS 20\u201d Maison des Arts et Loisirs \u00e0 LAON le 29 mars 2024\"},{\"@type\":\"BreadcrumbList\",\"@id\":\"https:\\\/\\\/comedialaon.fr\\\/?page_id=8508#breadcrumb\",\"itemListElement\":[{\"@type\":\"ListItem\",\"position\":1,\"name\":\"Accueil\",\"item\":\"https:\\\/\\\/comedialaon.fr\\\/\"},{\"@type\":\"ListItem\",\"position\":2,\"name\":\"2 EUROS 20\"}]},{\"@type\":\"WebSite\",\"@id\":\"https:\\\/\\\/comedialaon.fr\\\/#website\",\"url\":\"https:\\\/\\\/comedialaon.fr\\\/\",\"name\":\"Com\u00e9dia Laon\",\"description\":\"Prendre et donner du PLAISIR ... !!! ;-)\",\"publisher\":{\"@id\":\"https:\\\/\\\/comedialaon.fr\\\/#organization\"},\"potentialAction\":[{\"@type\":\"SearchAction\",\"target\":{\"@type\":\"EntryPoint\",\"urlTemplate\":\"https:\\\/\\\/comedialaon.fr\\\/?s={search_term_string}\"},\"query-input\":{\"@type\":\"PropertyValueSpecification\",\"valueRequired\":true,\"valueName\":\"search_term_string\"}}],\"inLanguage\":\"fr-FR\"},{\"@type\":\"Organization\",\"@id\":\"https:\\\/\\\/comedialaon.fr\\\/#organization\",\"name\":\"Com\u00e9dia Laon\",\"url\":\"https:\\\/\\\/comedialaon.fr\\\/\",\"logo\":{\"@type\":\"ImageObject\",\"inLanguage\":\"fr-FR\",\"@id\":\"https:\\\/\\\/comedialaon.fr\\\/#\\\/schema\\\/logo\\\/image\\\/\",\"url\":\"https:\\\/\\\/comedialaon.fr\\\/wp-content\\\/uploads\\\/2019\\\/02\\\/LOGO-CL-et-OL.jpg\",\"contentUrl\":\"https:\\\/\\\/comedialaon.fr\\\/wp-content\\\/uploads\\\/2019\\\/02\\\/LOGO-CL-et-OL.jpg\",\"width\":756,\"height\":210,\"caption\":\"Com\u00e9dia Laon\"},\"image\":{\"@id\":\"https:\\\/\\\/comedialaon.fr\\\/#\\\/schema\\\/logo\\\/image\\\/\"},\"sameAs\":[\"https:\\\/\\\/www.facebook.com\\\/profile.php?id=100008459438996\",\"https:\\\/\\\/www.youtube.com\\\/results?search_query=comedia laon\"]}]}<\/script>\n<!-- \/ Yoast SEO plugin. -->","yoast_head_json":{"title":"2 EUROS 20 &#8226; Com\u00e9dia Laon","robots":{"index":"index","follow":"follow","max-snippet":"max-snippet:-1","max-image-preview":"max-image-preview:large","max-video-preview":"max-video-preview:-1"},"canonical":"https:\/\/comedialaon.fr\/?page_id=8508","og_locale":"fr_FR","og_type":"article","og_title":"2 EUROS 20 &#8226; Com\u00e9dia Laon","og_description":"\u201c2 EUROS 20\u201d est une com\u00e9die de Marc FAYET : 3 femmes et 3 hommes \u2013 D\u00e9cor : Une location de vacances &#8211; Dur\u00e9e : 1h30 Cette pi\u00e8ce est une vraie com\u00e9die r\u00e9cente, nomin\u00e9e \u201cMeilleure Com\u00e9die\u201d aux Moli\u00e8res 2020. Le lieu : J\u00e9r\u00f4me passe ses vacances, comme chaque \u00e9t\u00e9, avec ses plus vieux amis. L&rsquo;actionLire la suite","og_url":"https:\/\/comedialaon.fr\/?page_id=8508","og_site_name":"Com\u00e9dia Laon","article_publisher":"https:\/\/www.facebook.com\/profile.php?id=100008459438996","article_modified_time":"2024-03-19T13:36:18+00:00","og_image":[{"url":"https:\/\/comedialaon.fr\/wp-content\/uploads\/2023\/12\/Affiche-2-euros-20-M-A-L-le-29-03-2024-210x300.jpg","type":"","width":"","height":""}],"twitter_misc":{"Dur\u00e9e de lecture estim\u00e9e":"3 minutes"},"schema":{"@context":"https:\/\/schema.org","@graph":[{"@type":"WebPage","@id":"https:\/\/comedialaon.fr\/?page_id=8508","url":"https:\/\/comedialaon.fr\/?page_id=8508","name":"2 EUROS 20 &#8226; Com\u00e9dia Laon","isPartOf":{"@id":"https:\/\/comedialaon.fr\/#website"},"primaryImageOfPage":{"@id":"https:\/\/comedialaon.fr\/?page_id=8508#primaryimage"},"image":{"@id":"https:\/\/comedialaon.fr\/?page_id=8508#primaryimage"},"thumbnailUrl":"https:\/\/comedialaon.fr\/wp-content\/uploads\/2023\/12\/Affiche-2-euros-20-M-A-L-le-29-03-2024-210x300.jpg","datePublished":"2023-12-13T16:28:09+00:00","dateModified":"2024-03-19T13:36:18+00:00","breadcrumb":{"@id":"https:\/\/comedialaon.fr\/?page_id=8508#breadcrumb"},"inLanguage":"fr-FR","potentialAction":[{"@type":"ReadAction","target":["https:\/\/comedialaon.fr\/?page_id=8508"]}]},{"@type":"ImageObject","inLanguage":"fr-FR","@id":"https:\/\/comedialaon.fr\/?page_id=8508#primaryimage","url":"https:\/\/comedialaon.fr\/wp-content\/uploads\/2023\/12\/Affiche-2-euros-20-M-A-L-le-29-03-2024.jpg","contentUrl":"https:\/\/comedialaon.fr\/wp-content\/uploads\/2023\/12\/Affiche-2-euros-20-M-A-L-le-29-03-2024.jpg","width":560,"height":800,"caption":"\u201c2 EUROS 20\u201d Maison des Arts et Loisirs \u00e0 LAON le 29 mars 2024"},{"@type":"BreadcrumbList","@id":"https:\/\/comedialaon.fr\/?page_id=8508#breadcrumb","itemListElement":[{"@type":"ListItem","position":1,"name":"Accueil","item":"https:\/\/comedialaon.fr\/"},{"@type":"ListItem","position":2,"name":"2 EUROS 20"}]},{"@type":"WebSite","@id":"https:\/\/comedialaon.fr\/#website","url":"https:\/\/comedialaon.fr\/","name":"Com\u00e9dia Laon","description":"Prendre et donner du PLAISIR ... !!! ;-)","publisher":{"@id":"https:\/\/comedialaon.fr\/#organization"},"potentialAction":[{"@type":"SearchAction","target":{"@type":"EntryPoint","urlTemplate":"https:\/\/comedialaon.fr\/?s={search_term_string}"},"query-input":{"@type":"PropertyValueSpecification","valueRequired":true,"valueName":"search_term_string"}}],"inLanguage":"fr-FR"},{"@type":"Organization","@id":"https:\/\/comedialaon.fr\/#organization","name":"Com\u00e9dia Laon","url":"https:\/\/comedialaon.fr\/","logo":{"@type":"ImageObject","inLanguage":"fr-FR","@id":"https:\/\/comedialaon.fr\/#\/schema\/logo\/image\/","url":"https:\/\/comedialaon.fr\/wp-content\/uploads\/2019\/02\/LOGO-CL-et-OL.jpg","contentUrl":"https:\/\/comedialaon.fr\/wp-content\/uploads\/2019\/02\/LOGO-CL-et-OL.jpg","width":756,"height":210,"caption":"Com\u00e9dia Laon"},"image":{"@id":"https:\/\/comedialaon.fr\/#\/schema\/logo\/image\/"},"sameAs":["https:\/\/www.facebook.com\/profile.php?id=100008459438996","https:\/\/www.youtube.com\/results?search_query=comedia laon"]}]}},"_links":{"self":[{"href":"https:\/\/comedialaon.fr\/index.php?rest_route=\/wp\/v2\/pages\/8508","targetHints":{"allow":["GET"]}}],"collection":[{"href":"https:\/\/comedialaon.fr\/index.php?rest_route=\/wp\/v2\/pages"}],"about":[{"href":"https:\/\/comedialaon.fr\/index.php?rest_route=\/wp\/v2\/types\/page"}],"author":[{"embeddable":true,"href":"https:\/\/comedialaon.fr\/index.php?rest_route=\/wp\/v2\/users\/1"}],"replies":[{"embeddable":true,"href":"https:\/\/comedialaon.fr\/index.php?rest_route=%2Fwp%2Fv2%2Fcomments&post=8508"}],"version-history":[{"count":22,"href":"https:\/\/comedialaon.fr\/index.php?rest_route=\/wp\/v2\/pages\/8508\/revisions"}],"predecessor-version":[{"id":8676,"href":"https:\/\/comedialaon.fr\/index.php?rest_route=\/wp\/v2\/pages\/8508\/revisions\/8676"}],"wp:attachment":[{"href":"https:\/\/comedialaon.fr\/index.php?rest_route=%2Fwp%2Fv2%2Fmedia&parent=8508"}],"curies":[{"name":"wp","href":"https:\/\/api.w.org\/{rel}","templated":true}]}}