{"id":8381,"date":"2023-02-07T15:20:59","date_gmt":"2023-02-07T13:20:59","guid":{"rendered":"https:\/\/comedialaon.fr\/?page_id=8381"},"modified":"2023-02-07T15:20:59","modified_gmt":"2023-02-07T13:20:59","slug":"album-photos-lindice-a-lindex-repetition-generale-le-5-fevrier-2023-au-profit-du-telethon","status":"publish","type":"page","link":"https:\/\/comedialaon.fr\/?page_id=8381","title":{"rendered":"<center>ALBUM PHOTOS \u201cL&rsquo;INDICE \u00c0 L&rsquo;INDEX\u201d <br> R\u00e9p\u00e9tition G\u00e9n\u00e9rale le 5 f\u00e9vrier 2023 <br> au profit du T\u00e9l\u00e9thon<\/center>"},"content":{"rendered":"<style type=\"text\/css\">\n#foogallery-gallery-8380 .fg-image { width: 150px; }\n#foogallery-gallery-8380 { --fg-gutter: 10px; }<\/style>\n\t\t\t<div class=\"foogallery foogallery-container foogallery-default foogallery-lightbox-foobox fg-center fg-default fg-ready fg-light fg-border-thin fg-shadow-outline fg-loading-default fg-loaded-fade-in fg-caption-hover fg-hover-fade fg-hover-zoom\" id=\"foogallery-gallery-8380\" data-foogallery=\"{&quot;item&quot;:{&quot;showCaptionTitle&quot;:true,&quot;showCaptionDescription&quot;:true},&quot;lazy&quot;:true}\" style=\"--fg-title-line-clamp: 0; --fg-description-line-clamp: 0;\" >\n\t<div class=\"fg-item fg-type-image fg-idle\"><figure class=\"fg-item-inner\"><a href=\"https:\/\/comedialaon.fr\/wp-content\/uploads\/2023\/02\/Repetition-Generale-MONS-EN-LAONNOIS-le-5-fevrier-2023-pour-le-Telethon_1.jpg\" data-caption-title=\"R\u00e9p\u00e9tition G\u00e9n\u00e9rale MONS EN LAONNOIS le 5 f\u00e9vrier 2023 pour le T\u00e9l\u00e9thon\" data-attachment-id=\"8307\" data-type=\"image\" class=\"fg-thumb\"><span class=\"fg-image-wrap\"><img decoding=\"async\" title=\"R\u00e9p\u00e9tition G\u00e9n\u00e9rale MONS EN LAONNOIS le 5 f\u00e9vrier 2023 pour le T\u00e9l\u00e9thon\" width=\"150\" height=\"150\" class=\"skip-lazy fg-image\" data-src-fg=\"https:\/\/comedialaon.fr\/wp-content\/uploads\/cache\/2023\/02\/Repetition-Generale-MONS-EN-LAONNOIS-le-5-fevrier-2023-pour-le-Telethon_1\/3379181959.jpg\" src=\"data:image\/svg+xml,%3Csvg%20xmlns%3D%22http%3A%2F%2Fwww.w3.org%2F2000%2Fsvg%22%20width%3D%22150%22%20height%3D%22150%22%20viewBox%3D%220%200%20150%20150%22%3E%3C%2Fsvg%3E\" loading=\"eager\"><\/span><span class=\"fg-image-overlay\"><\/span><\/a><figcaption class=\"fg-caption\"><div class=\"fg-caption-inner\"><div class=\"fg-caption-title\">R\u00e9p\u00e9tition G\u00e9n\u00e9rale MONS EN LAONNOIS le 5 f\u00e9vrier 2023 pour le T\u00e9l\u00e9thon<\/div><\/div><\/figcaption><\/figure><div class=\"fg-loader\"><\/div><\/div><div class=\"fg-item fg-type-image fg-idle\"><figure class=\"fg-item-inner\"><a href=\"https:\/\/comedialaon.fr\/wp-content\/uploads\/2023\/02\/Repetition-Generale-MONS-EN-LAONNOIS-le-5-fevrier-2023-pour-le-Telethon_2.jpg\" data-caption-title=\"R\u00e9p\u00e9tition G\u00e9n\u00e9rale MONS EN LAONNOIS le 5 f\u00e9vrier 2023 pour le T\u00e9l\u00e9thon\" data-attachment-id=\"8308\" data-type=\"image\" class=\"fg-thumb\"><span class=\"fg-image-wrap\"><img decoding=\"async\" title=\"R\u00e9p\u00e9tition G\u00e9n\u00e9rale MONS EN LAONNOIS le 5 f\u00e9vrier 2023 pour le T\u00e9l\u00e9thon\" width=\"150\" height=\"150\" class=\"skip-lazy fg-image\" data-src-fg=\"https:\/\/comedialaon.fr\/wp-content\/uploads\/cache\/2023\/02\/Repetition-Generale-MONS-EN-LAONNOIS-le-5-fevrier-2023-pour-le-Telethon_2\/4259780044.jpg\" src=\"data:image\/svg+xml,%3Csvg%20xmlns%3D%22http%3A%2F%2Fwww.w3.org%2F2000%2Fsvg%22%20width%3D%22150%22%20height%3D%22150%22%20viewBox%3D%220%200%20150%20150%22%3E%3C%2Fsvg%3E\" loading=\"eager\"><\/span><span class=\"fg-image-overlay\"><\/span><\/a><figcaption class=\"fg-caption\"><div class=\"fg-caption-inner\"><div class=\"fg-caption-title\">R\u00e9p\u00e9tition G\u00e9n\u00e9rale MONS EN LAONNOIS le 5 f\u00e9vrier 2023 pour le T\u00e9l\u00e9thon<\/div><\/div><\/figcaption><\/figure><div class=\"fg-loader\"><\/div><\/div><div class=\"fg-item fg-type-image fg-idle\"><figure class=\"fg-item-inner\"><a href=\"https:\/\/comedialaon.fr\/wp-content\/uploads\/2023\/02\/Repetition-Generale-MONS-EN-LAONNOIS-le-5-fevrier-2023-pour-le-Telethon_3.jpg\" data-caption-title=\"R\u00e9p\u00e9tition G\u00e9n\u00e9rale MONS EN LAONNOIS le 5 f\u00e9vrier 2023 pour le T\u00e9l\u00e9thon\" data-attachment-id=\"8309\" data-type=\"image\" class=\"fg-thumb\"><span class=\"fg-image-wrap\"><img decoding=\"async\" title=\"R\u00e9p\u00e9tition G\u00e9n\u00e9rale MONS EN LAONNOIS le 5 f\u00e9vrier 2023 pour le T\u00e9l\u00e9thon\" width=\"150\" height=\"150\" class=\"skip-lazy fg-image\" data-src-fg=\"https:\/\/comedialaon.fr\/wp-content\/uploads\/cache\/2023\/02\/Repetition-Generale-MONS-EN-LAONNOIS-le-5-fevrier-2023-pour-le-Telethon_3\/3191769574.jpg\" src=\"data:image\/svg+xml,%3Csvg%20xmlns%3D%22http%3A%2F%2Fwww.w3.org%2F2000%2Fsvg%22%20width%3D%22150%22%20height%3D%22150%22%20viewBox%3D%220%200%20150%20150%22%3E%3C%2Fsvg%3E\" loading=\"eager\"><\/span><span class=\"fg-image-overlay\"><\/span><\/a><figcaption class=\"fg-caption\"><div class=\"fg-caption-inner\"><div class=\"fg-caption-title\">R\u00e9p\u00e9tition G\u00e9n\u00e9rale MONS EN LAONNOIS le 5 f\u00e9vrier 2023 pour le T\u00e9l\u00e9thon<\/div><\/div><\/figcaption><\/figure><div class=\"fg-loader\"><\/div><\/div><div class=\"fg-item fg-type-image fg-idle\"><figure class=\"fg-item-inner\"><a href=\"https:\/\/comedialaon.fr\/wp-content\/uploads\/2023\/02\/Repetition-Generale-MONS-EN-LAONNOIS-le-5-fevrier-2023-pour-le-Telethon_4.jpg\" data-caption-title=\"R\u00e9p\u00e9tition G\u00e9n\u00e9rale MONS EN LAONNOIS le 5 f\u00e9vrier 2023 pour le T\u00e9l\u00e9thon\" data-attachment-id=\"8310\" data-type=\"image\" class=\"fg-thumb\"><span class=\"fg-image-wrap\"><img decoding=\"async\" title=\"R\u00e9p\u00e9tition G\u00e9n\u00e9rale MONS EN LAONNOIS le 5 f\u00e9vrier 2023 pour le T\u00e9l\u00e9thon\" width=\"150\" height=\"150\" class=\"skip-lazy fg-image\" data-src-fg=\"https:\/\/comedialaon.fr\/wp-content\/uploads\/cache\/2023\/02\/Repetition-Generale-MONS-EN-LAONNOIS-le-5-fevrier-2023-pour-le-Telethon_4\/1471277156.jpg\" src=\"data:image\/svg+xml,%3Csvg%20xmlns%3D%22http%3A%2F%2Fwww.w3.org%2F2000%2Fsvg%22%20width%3D%22150%22%20height%3D%22150%22%20viewBox%3D%220%200%20150%20150%22%3E%3C%2Fsvg%3E\" loading=\"eager\"><\/span><span class=\"fg-image-overlay\"><\/span><\/a><figcaption class=\"fg-caption\"><div class=\"fg-caption-inner\"><div class=\"fg-caption-title\">R\u00e9p\u00e9tition G\u00e9n\u00e9rale MONS EN LAONNOIS le 5 f\u00e9vrier 2023 pour le T\u00e9l\u00e9thon<\/div><\/div><\/figcaption><\/figure><div class=\"fg-loader\"><\/div><\/div><div class=\"fg-item fg-type-image fg-idle\"><figure class=\"fg-item-inner\"><a href=\"https:\/\/comedialaon.fr\/wp-content\/uploads\/2023\/02\/Repetition-Generale-MONS-EN-LAONNOIS-le-5-fevrier-2023-pour-le-Telethon_5.jpg\" data-caption-title=\"R\u00e9p\u00e9tition G\u00e9n\u00e9rale MONS EN LAONNOIS le 5 f\u00e9vrier 2023 pour le T\u00e9l\u00e9thon\" data-attachment-id=\"8311\" data-type=\"image\" class=\"fg-thumb\"><span class=\"fg-image-wrap\"><img decoding=\"async\" title=\"R\u00e9p\u00e9tition G\u00e9n\u00e9rale MONS EN LAONNOIS le 5 f\u00e9vrier 2023 pour le T\u00e9l\u00e9thon\" width=\"150\" height=\"150\" class=\"skip-lazy fg-image\" data-src-fg=\"https:\/\/comedialaon.fr\/wp-content\/uploads\/cache\/2023\/02\/Repetition-Generale-MONS-EN-LAONNOIS-le-5-fevrier-2023-pour-le-Telethon_5\/342389838.jpg\" src=\"data:image\/svg+xml,%3Csvg%20xmlns%3D%22http%3A%2F%2Fwww.w3.org%2F2000%2Fsvg%22%20width%3D%22150%22%20height%3D%22150%22%20viewBox%3D%220%200%20150%20150%22%3E%3C%2Fsvg%3E\" loading=\"eager\"><\/span><span class=\"fg-image-overlay\"><\/span><\/a><figcaption class=\"fg-caption\"><div class=\"fg-caption-inner\"><div class=\"fg-caption-title\">R\u00e9p\u00e9tition G\u00e9n\u00e9rale MONS EN LAONNOIS le 5 f\u00e9vrier 2023 pour le T\u00e9l\u00e9thon<\/div><\/div><\/figcaption><\/figure><div class=\"fg-loader\"><\/div><\/div><div class=\"fg-item fg-type-image fg-idle\"><figure class=\"fg-item-inner\"><a href=\"https:\/\/comedialaon.fr\/wp-content\/uploads\/2023\/02\/Repetition-Generale-MONS-EN-LAONNOIS-le-5-fevrier-2023-pour-le-Telethon_6.jpg\" data-caption-title=\"R\u00e9p\u00e9tition G\u00e9n\u00e9rale MONS EN LAONNOIS le 5 f\u00e9vrier 2023 pour le T\u00e9l\u00e9thon\" data-attachment-id=\"8312\" data-type=\"image\" class=\"fg-thumb\"><span class=\"fg-image-wrap\"><img decoding=\"async\" title=\"R\u00e9p\u00e9tition G\u00e9n\u00e9rale MONS EN LAONNOIS le 5 f\u00e9vrier 2023 pour le T\u00e9l\u00e9thon\" width=\"150\" height=\"150\" class=\"skip-lazy fg-image\" data-src-fg=\"https:\/\/comedialaon.fr\/wp-content\/uploads\/cache\/2023\/02\/Repetition-Generale-MONS-EN-LAONNOIS-le-5-fevrier-2023-pour-le-Telethon_6\/3489845296.jpg\" src=\"data:image\/svg+xml,%3Csvg%20xmlns%3D%22http%3A%2F%2Fwww.w3.org%2F2000%2Fsvg%22%20width%3D%22150%22%20height%3D%22150%22%20viewBox%3D%220%200%20150%20150%22%3E%3C%2Fsvg%3E\" loading=\"eager\"><\/span><span class=\"fg-image-overlay\"><\/span><\/a><figcaption class=\"fg-caption\"><div class=\"fg-caption-inner\"><div class=\"fg-caption-title\">R\u00e9p\u00e9tition G\u00e9n\u00e9rale MONS EN LAONNOIS le 5 f\u00e9vrier 2023 pour le T\u00e9l\u00e9thon<\/div><\/div><\/figcaption><\/figure><div class=\"fg-loader\"><\/div><\/div><div class=\"fg-item fg-type-image fg-idle\"><figure class=\"fg-item-inner\"><a href=\"https:\/\/comedialaon.fr\/wp-content\/uploads\/2023\/02\/Repetition-Generale-MONS-EN-LAONNOIS-le-5-fevrier-2023-pour-le-Telethon_8.jpg\" data-caption-title=\"R\u00e9p\u00e9tition G\u00e9n\u00e9rale MONS EN LAONNOIS le 5 f\u00e9vrier 2023 pour le T\u00e9l\u00e9thon\" data-attachment-id=\"8314\" data-type=\"image\" class=\"fg-thumb\"><span class=\"fg-image-wrap\"><img decoding=\"async\" title=\"R\u00e9p\u00e9tition G\u00e9n\u00e9rale MONS EN LAONNOIS le 5 f\u00e9vrier 2023 pour le T\u00e9l\u00e9thon\" width=\"150\" height=\"150\" class=\"skip-lazy fg-image\" data-src-fg=\"https:\/\/comedialaon.fr\/wp-content\/uploads\/cache\/2023\/02\/Repetition-Generale-MONS-EN-LAONNOIS-le-5-fevrier-2023-pour-le-Telethon_8\/1346602296.jpg\" src=\"data:image\/svg+xml,%3Csvg%20xmlns%3D%22http%3A%2F%2Fwww.w3.org%2F2000%2Fsvg%22%20width%3D%22150%22%20height%3D%22150%22%20viewBox%3D%220%200%20150%20150%22%3E%3C%2Fsvg%3E\" loading=\"eager\"><\/span><span class=\"fg-image-overlay\"><\/span><\/a><figcaption class=\"fg-caption\"><div class=\"fg-caption-inner\"><div class=\"fg-caption-title\">R\u00e9p\u00e9tition G\u00e9n\u00e9rale MONS EN LAONNOIS le 5 f\u00e9vrier 2023 pour le T\u00e9l\u00e9thon<\/div><\/div><\/figcaption><\/figure><div class=\"fg-loader\"><\/div><\/div><div class=\"fg-item fg-type-image fg-idle\"><figure class=\"fg-item-inner\"><a href=\"https:\/\/comedialaon.fr\/wp-content\/uploads\/2023\/02\/Repetition-Generale-MONS-EN-LAONNOIS-le-5-fevrier-2023-pour-le-Telethon_7.jpg\" data-caption-title=\"R\u00e9p\u00e9tition G\u00e9n\u00e9rale MONS EN LAONNOIS le 5 f\u00e9vrier 2023 pour le T\u00e9l\u00e9thon\" data-attachment-id=\"8313\" data-type=\"image\" class=\"fg-thumb\"><span class=\"fg-image-wrap\"><img decoding=\"async\" title=\"R\u00e9p\u00e9tition G\u00e9n\u00e9rale MONS EN LAONNOIS le 5 f\u00e9vrier 2023 pour le T\u00e9l\u00e9thon\" width=\"150\" height=\"150\" class=\"skip-lazy fg-image\" data-src-fg=\"https:\/\/comedialaon.fr\/wp-content\/uploads\/cache\/2023\/02\/Repetition-Generale-MONS-EN-LAONNOIS-le-5-fevrier-2023-pour-le-Telethon_7\/2480622618.jpg\" src=\"data:image\/svg+xml,%3Csvg%20xmlns%3D%22http%3A%2F%2Fwww.w3.org%2F2000%2Fsvg%22%20width%3D%22150%22%20height%3D%22150%22%20viewBox%3D%220%200%20150%20150%22%3E%3C%2Fsvg%3E\" loading=\"eager\"><\/span><span class=\"fg-image-overlay\"><\/span><\/a><figcaption class=\"fg-caption\"><div class=\"fg-caption-inner\"><div class=\"fg-caption-title\">R\u00e9p\u00e9tition G\u00e9n\u00e9rale MONS EN LAONNOIS le 5 f\u00e9vrier 2023 pour le T\u00e9l\u00e9thon<\/div><\/div><\/figcaption><\/figure><div class=\"fg-loader\"><\/div><\/div><div class=\"fg-item fg-type-image fg-idle\"><figure class=\"fg-item-inner\"><a href=\"https:\/\/comedialaon.fr\/wp-content\/uploads\/2023\/02\/Repetition-Generale-MONS-EN-LAONNOIS-le-5-fevrier-2023-pour-le-Telethon_9.jpg\" data-caption-title=\"R\u00e9p\u00e9tition G\u00e9n\u00e9rale MONS EN LAONNOIS le 5 f\u00e9vrier 2023 pour le T\u00e9l\u00e9thon\" data-attachment-id=\"8315\" data-type=\"image\" class=\"fg-thumb\"><span class=\"fg-image-wrap\"><img decoding=\"async\" title=\"R\u00e9p\u00e9tition G\u00e9n\u00e9rale MONS EN LAONNOIS le 5 f\u00e9vrier 2023 pour le T\u00e9l\u00e9thon\" width=\"150\" height=\"150\" class=\"skip-lazy fg-image\" data-src-fg=\"https:\/\/comedialaon.fr\/wp-content\/uploads\/cache\/2023\/02\/Repetition-Generale-MONS-EN-LAONNOIS-le-5-fevrier-2023-pour-le-Telethon_9\/328866066.jpg\" src=\"data:image\/svg+xml,%3Csvg%20xmlns%3D%22http%3A%2F%2Fwww.w3.org%2F2000%2Fsvg%22%20width%3D%22150%22%20height%3D%22150%22%20viewBox%3D%220%200%20150%20150%22%3E%3C%2Fsvg%3E\" loading=\"eager\"><\/span><span class=\"fg-image-overlay\"><\/span><\/a><figcaption class=\"fg-caption\"><div class=\"fg-caption-inner\"><div class=\"fg-caption-title\">R\u00e9p\u00e9tition G\u00e9n\u00e9rale MONS EN LAONNOIS le 5 f\u00e9vrier 2023 pour le T\u00e9l\u00e9thon<\/div><\/div><\/figcaption><\/figure><div class=\"fg-loader\"><\/div><\/div><div class=\"fg-item fg-type-image fg-idle\"><figure class=\"fg-item-inner\"><a href=\"https:\/\/comedialaon.fr\/wp-content\/uploads\/2023\/02\/Repetition-Generale-MONS-EN-LAONNOIS-le-5-fevrier-2023-pour-le-Telethon_11.jpg\" data-caption-title=\"R\u00e9p\u00e9tition G\u00e9n\u00e9rale MONS EN LAONNOIS le 5 f\u00e9vrier 2023 pour le T\u00e9l\u00e9thon\" data-attachment-id=\"8317\" data-type=\"image\" class=\"fg-thumb\"><span class=\"fg-image-wrap\"><img decoding=\"async\" title=\"R\u00e9p\u00e9tition G\u00e9n\u00e9rale MONS EN LAONNOIS le 5 f\u00e9vrier 2023 pour le T\u00e9l\u00e9thon\" width=\"150\" height=\"150\" class=\"skip-lazy fg-image\" data-src-fg=\"https:\/\/comedialaon.fr\/wp-content\/uploads\/cache\/2023\/02\/Repetition-Generale-MONS-EN-LAONNOIS-le-5-fevrier-2023-pour-le-Telethon_11\/223407063.jpg\" src=\"data:image\/svg+xml,%3Csvg%20xmlns%3D%22http%3A%2F%2Fwww.w3.org%2F2000%2Fsvg%22%20width%3D%22150%22%20height%3D%22150%22%20viewBox%3D%220%200%20150%20150%22%3E%3C%2Fsvg%3E\" loading=\"eager\"><\/span><span class=\"fg-image-overlay\"><\/span><\/a><figcaption class=\"fg-caption\"><div class=\"fg-caption-inner\"><div class=\"fg-caption-title\">R\u00e9p\u00e9tition G\u00e9n\u00e9rale MONS EN LAONNOIS le 5 f\u00e9vrier 2023 pour le T\u00e9l\u00e9thon<\/div><\/div><\/figcaption><\/figure><div class=\"fg-loader\"><\/div><\/div><div class=\"fg-item fg-type-image fg-idle\"><figure class=\"fg-item-inner\"><a href=\"https:\/\/comedialaon.fr\/wp-content\/uploads\/2023\/02\/Repetition-Generale-MONS-EN-LAONNOIS-le-5-fevrier-2023-pour-le-Telethon_10.jpg\" data-caption-title=\"R\u00e9p\u00e9tition G\u00e9n\u00e9rale MONS EN LAONNOIS le 5 f\u00e9vrier 2023 pour le T\u00e9l\u00e9thon\" data-attachment-id=\"8316\" data-type=\"image\" class=\"fg-thumb\"><span class=\"fg-image-wrap\"><img decoding=\"async\" title=\"R\u00e9p\u00e9tition G\u00e9n\u00e9rale MONS EN LAONNOIS le 5 f\u00e9vrier 2023 pour le T\u00e9l\u00e9thon\" width=\"150\" height=\"150\" class=\"skip-lazy fg-image\" data-src-fg=\"https:\/\/comedialaon.fr\/wp-content\/uploads\/cache\/2023\/02\/Repetition-Generale-MONS-EN-LAONNOIS-le-5-fevrier-2023-pour-le-Telethon_10\/226094912.jpg\" src=\"data:image\/svg+xml,%3Csvg%20xmlns%3D%22http%3A%2F%2Fwww.w3.org%2F2000%2Fsvg%22%20width%3D%22150%22%20height%3D%22150%22%20viewBox%3D%220%200%20150%20150%22%3E%3C%2Fsvg%3E\" loading=\"eager\"><\/span><span class=\"fg-image-overlay\"><\/span><\/a><figcaption class=\"fg-caption\"><div class=\"fg-caption-inner\"><div class=\"fg-caption-title\">R\u00e9p\u00e9tition G\u00e9n\u00e9rale MONS EN LAONNOIS le 5 f\u00e9vrier 2023 pour le T\u00e9l\u00e9thon<\/div><\/div><\/figcaption><\/figure><div class=\"fg-loader\"><\/div><\/div><div class=\"fg-item fg-type-image fg-idle\"><figure class=\"fg-item-inner\"><a href=\"https:\/\/comedialaon.fr\/wp-content\/uploads\/2023\/02\/Repetition-Generale-MONS-EN-LAONNOIS-le-5-fevrier-2023-pour-le-Telethon_12.jpg\" data-caption-title=\"R\u00e9p\u00e9tition G\u00e9n\u00e9rale MONS EN LAONNOIS le 5 f\u00e9vrier 2023 pour le T\u00e9l\u00e9thon\" data-attachment-id=\"8318\" data-type=\"image\" class=\"fg-thumb\"><span class=\"fg-image-wrap\"><img decoding=\"async\" title=\"R\u00e9p\u00e9tition G\u00e9n\u00e9rale MONS EN LAONNOIS le 5 f\u00e9vrier 2023 pour le T\u00e9l\u00e9thon\" width=\"150\" height=\"150\" class=\"skip-lazy fg-image\" data-src-fg=\"https:\/\/comedialaon.fr\/wp-content\/uploads\/cache\/2023\/02\/Repetition-Generale-MONS-EN-LAONNOIS-le-5-fevrier-2023-pour-le-Telethon_12\/1533593029.jpg\" src=\"data:image\/svg+xml,%3Csvg%20xmlns%3D%22http%3A%2F%2Fwww.w3.org%2F2000%2Fsvg%22%20width%3D%22150%22%20height%3D%22150%22%20viewBox%3D%220%200%20150%20150%22%3E%3C%2Fsvg%3E\" loading=\"eager\"><\/span><span class=\"fg-image-overlay\"><\/span><\/a><figcaption class=\"fg-caption\"><div class=\"fg-caption-inner\"><div class=\"fg-caption-title\">R\u00e9p\u00e9tition G\u00e9n\u00e9rale MONS EN LAONNOIS le 5 f\u00e9vrier 2023 pour le T\u00e9l\u00e9thon<\/div><\/div><\/figcaption><\/figure><div class=\"fg-loader\"><\/div><\/div><div class=\"fg-item fg-type-image fg-idle\"><figure class=\"fg-item-inner\"><a href=\"https:\/\/comedialaon.fr\/wp-content\/uploads\/2023\/02\/Repetition-Generale-MONS-EN-LAONNOIS-le-5-fevrier-2023-pour-le-Telethon_13.jpg\" data-caption-title=\"R\u00e9p\u00e9tition G\u00e9n\u00e9rale MONS EN LAONNOIS le 5 f\u00e9vrier 2023 pour le T\u00e9l\u00e9thon\" data-attachment-id=\"8319\" data-type=\"image\" class=\"fg-thumb\"><span class=\"fg-image-wrap\"><img decoding=\"async\" title=\"R\u00e9p\u00e9tition G\u00e9n\u00e9rale MONS EN LAONNOIS le 5 f\u00e9vrier 2023 pour le T\u00e9l\u00e9thon\" width=\"150\" height=\"150\" class=\"skip-lazy fg-image\" data-src-fg=\"https:\/\/comedialaon.fr\/wp-content\/uploads\/cache\/2023\/02\/Repetition-Generale-MONS-EN-LAONNOIS-le-5-fevrier-2023-pour-le-Telethon_13\/1531035986.jpg\" src=\"data:image\/svg+xml,%3Csvg%20xmlns%3D%22http%3A%2F%2Fwww.w3.org%2F2000%2Fsvg%22%20width%3D%22150%22%20height%3D%22150%22%20viewBox%3D%220%200%20150%20150%22%3E%3C%2Fsvg%3E\" loading=\"eager\"><\/span><span class=\"fg-image-overlay\"><\/span><\/a><figcaption class=\"fg-caption\"><div class=\"fg-caption-inner\"><div class=\"fg-caption-title\">R\u00e9p\u00e9tition G\u00e9n\u00e9rale MONS EN LAONNOIS le 5 f\u00e9vrier 2023 pour le T\u00e9l\u00e9thon<\/div><\/div><\/figcaption><\/figure><div class=\"fg-loader\"><\/div><\/div><div class=\"fg-item fg-type-image fg-idle\"><figure class=\"fg-item-inner\"><a href=\"https:\/\/comedialaon.fr\/wp-content\/uploads\/2023\/02\/Repetition-Generale-MONS-EN-LAONNOIS-le-5-fevrier-2023-pour-le-Telethon_14.jpg\" data-caption-title=\"R\u00e9p\u00e9tition G\u00e9n\u00e9rale MONS EN LAONNOIS le 5 f\u00e9vrier 2023 pour le T\u00e9l\u00e9thon\" data-attachment-id=\"8320\" data-type=\"image\" class=\"fg-thumb\"><span class=\"fg-image-wrap\"><img decoding=\"async\" title=\"R\u00e9p\u00e9tition G\u00e9n\u00e9rale MONS EN LAONNOIS le 5 f\u00e9vrier 2023 pour le T\u00e9l\u00e9thon\" width=\"150\" height=\"150\" class=\"skip-lazy fg-image\" data-src-fg=\"https:\/\/comedialaon.fr\/wp-content\/uploads\/cache\/2023\/02\/Repetition-Generale-MONS-EN-LAONNOIS-le-5-fevrier-2023-pour-le-Telethon_14\/3298475951.jpg\" src=\"data:image\/svg+xml,%3Csvg%20xmlns%3D%22http%3A%2F%2Fwww.w3.org%2F2000%2Fsvg%22%20width%3D%22150%22%20height%3D%22150%22%20viewBox%3D%220%200%20150%20150%22%3E%3C%2Fsvg%3E\" loading=\"eager\"><\/span><span class=\"fg-image-overlay\"><\/span><\/a><figcaption class=\"fg-caption\"><div class=\"fg-caption-inner\"><div class=\"fg-caption-title\">R\u00e9p\u00e9tition G\u00e9n\u00e9rale MONS EN LAONNOIS le 5 f\u00e9vrier 2023 pour le T\u00e9l\u00e9thon<\/div><\/div><\/figcaption><\/figure><div class=\"fg-loader\"><\/div><\/div><div class=\"fg-item fg-type-image fg-idle\"><figure class=\"fg-item-inner\"><a href=\"https:\/\/comedialaon.fr\/wp-content\/uploads\/2023\/02\/Repetition-Generale-MONS-EN-LAONNOIS-le-5-fevrier-2023-pour-le-Telethon_15.jpg\" data-caption-title=\"R\u00e9p\u00e9tition G\u00e9n\u00e9rale MONS EN LAONNOIS le 5 f\u00e9vrier 2023 pour le T\u00e9l\u00e9thon\" data-attachment-id=\"8321\" data-type=\"image\" class=\"fg-thumb\"><span class=\"fg-image-wrap\"><img decoding=\"async\" title=\"R\u00e9p\u00e9tition G\u00e9n\u00e9rale MONS EN LAONNOIS le 5 f\u00e9vrier 2023 pour le T\u00e9l\u00e9thon\" width=\"150\" height=\"150\" class=\"skip-lazy fg-image\" data-src-fg=\"https:\/\/comedialaon.fr\/wp-content\/uploads\/cache\/2023\/02\/Repetition-Generale-MONS-EN-LAONNOIS-le-5-fevrier-2023-pour-le-Telethon_15\/3300113208.jpg\" src=\"data:image\/svg+xml,%3Csvg%20xmlns%3D%22http%3A%2F%2Fwww.w3.org%2F2000%2Fsvg%22%20width%3D%22150%22%20height%3D%22150%22%20viewBox%3D%220%200%20150%20150%22%3E%3C%2Fsvg%3E\" loading=\"eager\"><\/span><span class=\"fg-image-overlay\"><\/span><\/a><figcaption class=\"fg-caption\"><div class=\"fg-caption-inner\"><div class=\"fg-caption-title\">R\u00e9p\u00e9tition G\u00e9n\u00e9rale MONS EN LAONNOIS le 5 f\u00e9vrier 2023 pour le T\u00e9l\u00e9thon<\/div><\/div><\/figcaption><\/figure><div class=\"fg-loader\"><\/div><\/div><div class=\"fg-item fg-type-image fg-idle\"><figure class=\"fg-item-inner\"><a href=\"https:\/\/comedialaon.fr\/wp-content\/uploads\/2023\/02\/Repetition-Generale-MONS-EN-LAONNOIS-le-5-fevrier-2023-pour-le-Telethon_17.jpg\" data-caption-title=\"R\u00e9p\u00e9tition G\u00e9n\u00e9rale MONS EN LAONNOIS le 5 f\u00e9vrier 2023 pour le T\u00e9l\u00e9thon\" data-attachment-id=\"8323\" data-type=\"image\" class=\"fg-thumb\"><span class=\"fg-image-wrap\"><img decoding=\"async\" title=\"R\u00e9p\u00e9tition G\u00e9n\u00e9rale MONS EN LAONNOIS le 5 f\u00e9vrier 2023 pour le T\u00e9l\u00e9thon\" width=\"150\" height=\"150\" class=\"skip-lazy fg-image\" data-src-fg=\"https:\/\/comedialaon.fr\/wp-content\/uploads\/cache\/2023\/02\/Repetition-Generale-MONS-EN-LAONNOIS-le-5-fevrier-2023-pour-le-Telethon_17\/3303125526.jpg\" src=\"data:image\/svg+xml,%3Csvg%20xmlns%3D%22http%3A%2F%2Fwww.w3.org%2F2000%2Fsvg%22%20width%3D%22150%22%20height%3D%22150%22%20viewBox%3D%220%200%20150%20150%22%3E%3C%2Fsvg%3E\" loading=\"eager\"><\/span><span class=\"fg-image-overlay\"><\/span><\/a><figcaption class=\"fg-caption\"><div class=\"fg-caption-inner\"><div class=\"fg-caption-title\">R\u00e9p\u00e9tition G\u00e9n\u00e9rale MONS EN LAONNOIS le 5 f\u00e9vrier 2023 pour le T\u00e9l\u00e9thon<\/div><\/div><\/figcaption><\/figure><div class=\"fg-loader\"><\/div><\/div><div class=\"fg-item fg-type-image fg-idle\"><figure class=\"fg-item-inner\"><a href=\"https:\/\/comedialaon.fr\/wp-content\/uploads\/2023\/02\/Repetition-Generale-MONS-EN-LAONNOIS-le-5-fevrier-2023-pour-le-Telethon_16.jpg\" data-caption-title=\"R\u00e9p\u00e9tition G\u00e9n\u00e9rale MONS EN LAONNOIS le 5 f\u00e9vrier 2023 pour le T\u00e9l\u00e9thon\" data-attachment-id=\"8322\" data-type=\"image\" class=\"fg-thumb\"><span class=\"fg-image-wrap\"><img decoding=\"async\" title=\"R\u00e9p\u00e9tition G\u00e9n\u00e9rale MONS EN LAONNOIS le 5 f\u00e9vrier 2023 pour le T\u00e9l\u00e9thon\" width=\"150\" height=\"150\" class=\"skip-lazy fg-image\" data-src-fg=\"https:\/\/comedialaon.fr\/wp-content\/uploads\/cache\/2023\/02\/Repetition-Generale-MONS-EN-LAONNOIS-le-5-fevrier-2023-pour-le-Telethon_16\/3301488257.jpg\" src=\"data:image\/svg+xml,%3Csvg%20xmlns%3D%22http%3A%2F%2Fwww.w3.org%2F2000%2Fsvg%22%20width%3D%22150%22%20height%3D%22150%22%20viewBox%3D%220%200%20150%20150%22%3E%3C%2Fsvg%3E\" loading=\"eager\"><\/span><span class=\"fg-image-overlay\"><\/span><\/a><figcaption class=\"fg-caption\"><div class=\"fg-caption-inner\"><div class=\"fg-caption-title\">R\u00e9p\u00e9tition G\u00e9n\u00e9rale MONS EN LAONNOIS le 5 f\u00e9vrier 2023 pour le T\u00e9l\u00e9thon<\/div><\/div><\/figcaption><\/figure><div class=\"fg-loader\"><\/div><\/div><div class=\"fg-item fg-type-image fg-idle\"><figure class=\"fg-item-inner\"><a href=\"https:\/\/comedialaon.fr\/wp-content\/uploads\/2023\/02\/Repetition-Generale-MONS-EN-LAONNOIS-le-5-fevrier-2023-pour-le-Telethon_18.jpg\" data-caption-title=\"R\u00e9p\u00e9tition G\u00e9n\u00e9rale MONS EN LAONNOIS le 5 f\u00e9vrier 2023 pour le T\u00e9l\u00e9thon\" data-attachment-id=\"8324\" data-type=\"image\" class=\"fg-thumb\"><span class=\"fg-image-wrap\"><img decoding=\"async\" title=\"R\u00e9p\u00e9tition G\u00e9n\u00e9rale MONS EN LAONNOIS le 5 f\u00e9vrier 2023 pour le T\u00e9l\u00e9thon\" width=\"150\" height=\"150\" class=\"skip-lazy fg-image\" data-src-fg=\"https:\/\/comedialaon.fr\/wp-content\/uploads\/cache\/2023\/02\/Repetition-Generale-MONS-EN-LAONNOIS-le-5-fevrier-2023-pour-le-Telethon_18\/400275014.jpg\" src=\"data:image\/svg+xml,%3Csvg%20xmlns%3D%22http%3A%2F%2Fwww.w3.org%2F2000%2Fsvg%22%20width%3D%22150%22%20height%3D%22150%22%20viewBox%3D%220%200%20150%20150%22%3E%3C%2Fsvg%3E\" loading=\"eager\"><\/span><span class=\"fg-image-overlay\"><\/span><\/a><figcaption class=\"fg-caption\"><div class=\"fg-caption-inner\"><div class=\"fg-caption-title\">R\u00e9p\u00e9tition G\u00e9n\u00e9rale MONS EN LAONNOIS le 5 f\u00e9vrier 2023 pour le T\u00e9l\u00e9thon<\/div><\/div><\/figcaption><\/figure><div class=\"fg-loader\"><\/div><\/div><div class=\"fg-item fg-type-image fg-idle\"><figure class=\"fg-item-inner\"><a href=\"https:\/\/comedialaon.fr\/wp-content\/uploads\/2023\/02\/Repetition-Generale-MONS-EN-LAONNOIS-le-5-fevrier-2023-pour-le-Telethon_19.jpg\" data-caption-title=\"R\u00e9p\u00e9tition G\u00e9n\u00e9rale MONS EN LAONNOIS le 5 f\u00e9vrier 2023 pour le T\u00e9l\u00e9thon\" data-attachment-id=\"8325\" data-type=\"image\" class=\"fg-thumb\"><span class=\"fg-image-wrap\"><img decoding=\"async\" title=\"R\u00e9p\u00e9tition G\u00e9n\u00e9rale MONS EN LAONNOIS le 5 f\u00e9vrier 2023 pour le T\u00e9l\u00e9thon\" width=\"150\" height=\"150\" class=\"skip-lazy fg-image\" data-src-fg=\"https:\/\/comedialaon.fr\/wp-content\/uploads\/cache\/2023\/02\/Repetition-Generale-MONS-EN-LAONNOIS-le-5-fevrier-2023-pour-le-Telethon_19\/401781457.jpg\" src=\"data:image\/svg+xml,%3Csvg%20xmlns%3D%22http%3A%2F%2Fwww.w3.org%2F2000%2Fsvg%22%20width%3D%22150%22%20height%3D%22150%22%20viewBox%3D%220%200%20150%20150%22%3E%3C%2Fsvg%3E\" loading=\"eager\"><\/span><span class=\"fg-image-overlay\"><\/span><\/a><figcaption class=\"fg-caption\"><div class=\"fg-caption-inner\"><div class=\"fg-caption-title\">R\u00e9p\u00e9tition G\u00e9n\u00e9rale MONS EN LAONNOIS le 5 f\u00e9vrier 2023 pour le T\u00e9l\u00e9thon<\/div><\/div><\/figcaption><\/figure><div class=\"fg-loader\"><\/div><\/div><div class=\"fg-item fg-type-image fg-idle\"><figure class=\"fg-item-inner\"><a href=\"https:\/\/comedialaon.fr\/wp-content\/uploads\/2023\/02\/Repetition-Generale-MONS-EN-LAONNOIS-le-5-fevrier-2023-pour-le-Telethon_20.jpg\" data-caption-title=\"R\u00e9p\u00e9tition G\u00e9n\u00e9rale MONS EN LAONNOIS le 5 f\u00e9vrier 2023 pour le T\u00e9l\u00e9thon\" data-attachment-id=\"8326\" data-type=\"image\" class=\"fg-thumb\"><span class=\"fg-image-wrap\"><img decoding=\"async\" title=\"R\u00e9p\u00e9tition G\u00e9n\u00e9rale MONS EN LAONNOIS le 5 f\u00e9vrier 2023 pour le T\u00e9l\u00e9thon\" width=\"150\" height=\"150\" class=\"skip-lazy fg-image\" data-src-fg=\"https:\/\/comedialaon.fr\/wp-content\/uploads\/cache\/2023\/02\/Repetition-Generale-MONS-EN-LAONNOIS-le-5-fevrier-2023-pour-le-Telethon_20\/3217334117.jpg\" src=\"data:image\/svg+xml,%3Csvg%20xmlns%3D%22http%3A%2F%2Fwww.w3.org%2F2000%2Fsvg%22%20width%3D%22150%22%20height%3D%22150%22%20viewBox%3D%220%200%20150%20150%22%3E%3C%2Fsvg%3E\" loading=\"eager\"><\/span><span class=\"fg-image-overlay\"><\/span><\/a><figcaption class=\"fg-caption\"><div class=\"fg-caption-inner\"><div class=\"fg-caption-title\">R\u00e9p\u00e9tition G\u00e9n\u00e9rale MONS EN LAONNOIS le 5 f\u00e9vrier 2023 pour le T\u00e9l\u00e9thon<\/div><\/div><\/figcaption><\/figure><div class=\"fg-loader\"><\/div><\/div><div class=\"fg-item fg-type-image fg-idle\"><figure class=\"fg-item-inner\"><a href=\"https:\/\/comedialaon.fr\/wp-content\/uploads\/2023\/02\/Repetition-Generale-MONS-EN-LAONNOIS-le-5-fevrier-2023-pour-le-Telethon_21.jpg\" data-caption-title=\"R\u00e9p\u00e9tition G\u00e9n\u00e9rale MONS EN LAONNOIS le 5 f\u00e9vrier 2023 pour le T\u00e9l\u00e9thon\" data-attachment-id=\"8327\" data-type=\"image\" class=\"fg-thumb\"><span class=\"fg-image-wrap\"><img decoding=\"async\" title=\"R\u00e9p\u00e9tition G\u00e9n\u00e9rale MONS EN LAONNOIS le 5 f\u00e9vrier 2023 pour le T\u00e9l\u00e9thon\" width=\"150\" height=\"150\" class=\"skip-lazy fg-image\" data-src-fg=\"https:\/\/comedialaon.fr\/wp-content\/uploads\/cache\/2023\/02\/Repetition-Generale-MONS-EN-LAONNOIS-le-5-fevrier-2023-pour-le-Telethon_21\/3220020210.jpg\" src=\"data:image\/svg+xml,%3Csvg%20xmlns%3D%22http%3A%2F%2Fwww.w3.org%2F2000%2Fsvg%22%20width%3D%22150%22%20height%3D%22150%22%20viewBox%3D%220%200%20150%20150%22%3E%3C%2Fsvg%3E\" loading=\"eager\"><\/span><span class=\"fg-image-overlay\"><\/span><\/a><figcaption class=\"fg-caption\"><div class=\"fg-caption-inner\"><div class=\"fg-caption-title\">R\u00e9p\u00e9tition G\u00e9n\u00e9rale MONS EN LAONNOIS le 5 f\u00e9vrier 2023 pour le T\u00e9l\u00e9thon<\/div><\/div><\/figcaption><\/figure><div class=\"fg-loader\"><\/div><\/div><div class=\"fg-item fg-type-image fg-idle\"><figure class=\"fg-item-inner\"><a href=\"https:\/\/comedialaon.fr\/wp-content\/uploads\/2023\/02\/Repetition-Generale-MONS-EN-LAONNOIS-le-5-fevrier-2023-pour-le-Telethon_22.jpg\" data-caption-title=\"R\u00e9p\u00e9tition G\u00e9n\u00e9rale MONS EN LAONNOIS le 5 f\u00e9vrier 2023 pour le T\u00e9l\u00e9thon\" data-attachment-id=\"8328\" data-type=\"image\" class=\"fg-thumb\"><span class=\"fg-image-wrap\"><img decoding=\"async\" title=\"R\u00e9p\u00e9tition G\u00e9n\u00e9rale MONS EN LAONNOIS le 5 f\u00e9vrier 2023 pour le T\u00e9l\u00e9thon\" width=\"150\" height=\"150\" class=\"skip-lazy fg-image\" data-src-fg=\"https:\/\/comedialaon.fr\/wp-content\/uploads\/cache\/2023\/02\/Repetition-Generale-MONS-EN-LAONNOIS-le-5-fevrier-2023-pour-le-Telethon_22\/3923097056.jpg\" src=\"data:image\/svg+xml,%3Csvg%20xmlns%3D%22http%3A%2F%2Fwww.w3.org%2F2000%2Fsvg%22%20width%3D%22150%22%20height%3D%22150%22%20viewBox%3D%220%200%20150%20150%22%3E%3C%2Fsvg%3E\" loading=\"eager\"><\/span><span class=\"fg-image-overlay\"><\/span><\/a><figcaption class=\"fg-caption\"><div class=\"fg-caption-inner\"><div class=\"fg-caption-title\">R\u00e9p\u00e9tition G\u00e9n\u00e9rale MONS EN LAONNOIS le 5 f\u00e9vrier 2023 pour le T\u00e9l\u00e9thon<\/div><\/div><\/figcaption><\/figure><div class=\"fg-loader\"><\/div><\/div><div class=\"fg-item fg-type-image fg-idle\"><figure class=\"fg-item-inner\"><a href=\"https:\/\/comedialaon.fr\/wp-content\/uploads\/2023\/02\/Repetition-Generale-MONS-EN-LAONNOIS-le-5-fevrier-2023-pour-le-Telethon_23.jpg\" data-caption-title=\"R\u00e9p\u00e9tition G\u00e9n\u00e9rale MONS EN LAONNOIS le 5 f\u00e9vrier 2023 pour le T\u00e9l\u00e9thon\" data-attachment-id=\"8329\" data-type=\"image\" class=\"fg-thumb\"><span class=\"fg-image-wrap\"><img decoding=\"async\" title=\"R\u00e9p\u00e9tition G\u00e9n\u00e9rale MONS EN LAONNOIS le 5 f\u00e9vrier 2023 pour le T\u00e9l\u00e9thon\" width=\"150\" height=\"150\" class=\"skip-lazy fg-image\" data-src-fg=\"https:\/\/comedialaon.fr\/wp-content\/uploads\/cache\/2023\/02\/Repetition-Generale-MONS-EN-LAONNOIS-le-5-fevrier-2023-pour-le-Telethon_23\/3925651831.jpg\" src=\"data:image\/svg+xml,%3Csvg%20xmlns%3D%22http%3A%2F%2Fwww.w3.org%2F2000%2Fsvg%22%20width%3D%22150%22%20height%3D%22150%22%20viewBox%3D%220%200%20150%20150%22%3E%3C%2Fsvg%3E\" loading=\"eager\"><\/span><span class=\"fg-image-overlay\"><\/span><\/a><figcaption class=\"fg-caption\"><div class=\"fg-caption-inner\"><div class=\"fg-caption-title\">R\u00e9p\u00e9tition G\u00e9n\u00e9rale MONS EN LAONNOIS le 5 f\u00e9vrier 2023 pour le T\u00e9l\u00e9thon<\/div><\/div><\/figcaption><\/figure><div class=\"fg-loader\"><\/div><\/div><div class=\"fg-item fg-type-image fg-idle\"><figure class=\"fg-item-inner\"><a href=\"https:\/\/comedialaon.fr\/wp-content\/uploads\/2023\/02\/Repetition-Generale-MONS-EN-LAONNOIS-le-5-fevrier-2023-pour-le-Telethon_25.jpg\" data-caption-title=\"R\u00e9p\u00e9tition G\u00e9n\u00e9rale MONS EN LAONNOIS le 5 f\u00e9vrier 2023 pour le T\u00e9l\u00e9thon\" data-attachment-id=\"8331\" data-type=\"image\" class=\"fg-thumb\"><span class=\"fg-image-wrap\"><img decoding=\"async\" title=\"R\u00e9p\u00e9tition G\u00e9n\u00e9rale MONS EN LAONNOIS le 5 f\u00e9vrier 2023 pour le T\u00e9l\u00e9thon\" width=\"150\" height=\"150\" class=\"skip-lazy fg-image\" data-src-fg=\"https:\/\/comedialaon.fr\/wp-content\/uploads\/cache\/2023\/02\/Repetition-Generale-MONS-EN-LAONNOIS-le-5-fevrier-2023-pour-le-Telethon_25\/2217655389.jpg\" src=\"data:image\/svg+xml,%3Csvg%20xmlns%3D%22http%3A%2F%2Fwww.w3.org%2F2000%2Fsvg%22%20width%3D%22150%22%20height%3D%22150%22%20viewBox%3D%220%200%20150%20150%22%3E%3C%2Fsvg%3E\" loading=\"eager\"><\/span><span class=\"fg-image-overlay\"><\/span><\/a><figcaption class=\"fg-caption\"><div class=\"fg-caption-inner\"><div class=\"fg-caption-title\">R\u00e9p\u00e9tition G\u00e9n\u00e9rale MONS EN LAONNOIS le 5 f\u00e9vrier 2023 pour le T\u00e9l\u00e9thon<\/div><\/div><\/figcaption><\/figure><div class=\"fg-loader\"><\/div><\/div><div class=\"fg-item fg-type-image fg-idle\"><figure class=\"fg-item-inner\"><a href=\"https:\/\/comedialaon.fr\/wp-content\/uploads\/2023\/02\/Repetition-Generale-MONS-EN-LAONNOIS-le-5-fevrier-2023-pour-le-Telethon_24.jpg\" data-caption-title=\"R\u00e9p\u00e9tition G\u00e9n\u00e9rale MONS EN LAONNOIS le 5 f\u00e9vrier 2023 pour le T\u00e9l\u00e9thon\" data-attachment-id=\"8330\" data-type=\"image\" class=\"fg-thumb\"><span class=\"fg-image-wrap\"><img decoding=\"async\" title=\"R\u00e9p\u00e9tition G\u00e9n\u00e9rale MONS EN LAONNOIS le 5 f\u00e9vrier 2023 pour le T\u00e9l\u00e9thon\" width=\"150\" height=\"150\" class=\"skip-lazy fg-image\" data-src-fg=\"https:\/\/comedialaon.fr\/wp-content\/uploads\/cache\/2023\/02\/Repetition-Generale-MONS-EN-LAONNOIS-le-5-fevrier-2023-pour-le-Telethon_24\/2215098570.jpg\" src=\"data:image\/svg+xml,%3Csvg%20xmlns%3D%22http%3A%2F%2Fwww.w3.org%2F2000%2Fsvg%22%20width%3D%22150%22%20height%3D%22150%22%20viewBox%3D%220%200%20150%20150%22%3E%3C%2Fsvg%3E\" loading=\"eager\"><\/span><span class=\"fg-image-overlay\"><\/span><\/a><figcaption class=\"fg-caption\"><div class=\"fg-caption-inner\"><div class=\"fg-caption-title\">R\u00e9p\u00e9tition G\u00e9n\u00e9rale MONS EN LAONNOIS le 5 f\u00e9vrier 2023 pour le T\u00e9l\u00e9thon<\/div><\/div><\/figcaption><\/figure><div class=\"fg-loader\"><\/div><\/div><div class=\"fg-item fg-type-image fg-idle\"><figure class=\"fg-item-inner\"><a href=\"https:\/\/comedialaon.fr\/wp-content\/uploads\/2023\/02\/Repetition-Generale-MONS-EN-LAONNOIS-le-5-fevrier-2023-pour-le-Telethon_26.jpg\" data-caption-title=\"R\u00e9p\u00e9tition G\u00e9n\u00e9rale MONS EN LAONNOIS le 5 f\u00e9vrier 2023 pour le T\u00e9l\u00e9thon\" data-attachment-id=\"8332\" data-type=\"image\" class=\"fg-thumb\"><span class=\"fg-image-wrap\"><img decoding=\"async\" title=\"R\u00e9p\u00e9tition G\u00e9n\u00e9rale MONS EN LAONNOIS le 5 f\u00e9vrier 2023 pour le T\u00e9l\u00e9thon\" width=\"150\" height=\"150\" class=\"skip-lazy fg-image\" data-src-fg=\"https:\/\/comedialaon.fr\/wp-content\/uploads\/cache\/2023\/02\/Repetition-Generale-MONS-EN-LAONNOIS-le-5-fevrier-2023-pour-le-Telethon_26\/2220208612.jpg\" src=\"data:image\/svg+xml,%3Csvg%20xmlns%3D%22http%3A%2F%2Fwww.w3.org%2F2000%2Fsvg%22%20width%3D%22150%22%20height%3D%22150%22%20viewBox%3D%220%200%20150%20150%22%3E%3C%2Fsvg%3E\" loading=\"eager\"><\/span><span class=\"fg-image-overlay\"><\/span><\/a><figcaption class=\"fg-caption\"><div class=\"fg-caption-inner\"><div class=\"fg-caption-title\">R\u00e9p\u00e9tition G\u00e9n\u00e9rale MONS EN LAONNOIS le 5 f\u00e9vrier 2023 pour le T\u00e9l\u00e9thon<\/div><\/div><\/figcaption><\/figure><div class=\"fg-loader\"><\/div><\/div><div class=\"fg-item fg-type-image fg-idle\"><figure class=\"fg-item-inner\"><a href=\"https:\/\/comedialaon.fr\/wp-content\/uploads\/2023\/02\/Repetition-Generale-MONS-EN-LAONNOIS-le-5-fevrier-2023-pour-le-Telethon_27.jpg\" data-caption-title=\"R\u00e9p\u00e9tition G\u00e9n\u00e9rale MONS EN LAONNOIS le 5 f\u00e9vrier 2023 pour le T\u00e9l\u00e9thon\" data-attachment-id=\"8333\" data-type=\"image\" class=\"fg-thumb\"><span class=\"fg-image-wrap\"><img decoding=\"async\" title=\"R\u00e9p\u00e9tition G\u00e9n\u00e9rale MONS EN LAONNOIS le 5 f\u00e9vrier 2023 pour le T\u00e9l\u00e9thon\" width=\"150\" height=\"150\" class=\"skip-lazy fg-image\" data-src-fg=\"https:\/\/comedialaon.fr\/wp-content\/uploads\/cache\/2023\/02\/Repetition-Generale-MONS-EN-LAONNOIS-le-5-fevrier-2023-pour-le-Telethon_27\/2222765427.jpg\" src=\"data:image\/svg+xml,%3Csvg%20xmlns%3D%22http%3A%2F%2Fwww.w3.org%2F2000%2Fsvg%22%20width%3D%22150%22%20height%3D%22150%22%20viewBox%3D%220%200%20150%20150%22%3E%3C%2Fsvg%3E\" loading=\"eager\"><\/span><span class=\"fg-image-overlay\"><\/span><\/a><figcaption class=\"fg-caption\"><div class=\"fg-caption-inner\"><div class=\"fg-caption-title\">R\u00e9p\u00e9tition G\u00e9n\u00e9rale MONS EN LAONNOIS le 5 f\u00e9vrier 2023 pour le T\u00e9l\u00e9thon<\/div><\/div><\/figcaption><\/figure><div class=\"fg-loader\"><\/div><\/div><div class=\"fg-item fg-type-image fg-idle\"><figure class=\"fg-item-inner\"><a href=\"https:\/\/comedialaon.fr\/wp-content\/uploads\/2023\/02\/Repetition-Generale-MONS-EN-LAONNOIS-le-5-fevrier-2023-pour-le-Telethon_29.jpg\" data-caption-title=\"R\u00e9p\u00e9tition G\u00e9n\u00e9rale MONS EN LAONNOIS le 5 f\u00e9vrier 2023 pour le T\u00e9l\u00e9thon\" data-attachment-id=\"8335\" data-type=\"image\" class=\"fg-thumb\"><span class=\"fg-image-wrap\"><img decoding=\"async\" title=\"R\u00e9p\u00e9tition G\u00e9n\u00e9rale MONS EN LAONNOIS le 5 f\u00e9vrier 2023 pour le T\u00e9l\u00e9thon\" width=\"150\" height=\"150\" class=\"skip-lazy fg-image\" data-src-fg=\"https:\/\/comedialaon.fr\/wp-content\/uploads\/cache\/2023\/02\/Repetition-Generale-MONS-EN-LAONNOIS-le-5-fevrier-2023-pour-le-Telethon_29\/1466938804.jpg\" src=\"data:image\/svg+xml,%3Csvg%20xmlns%3D%22http%3A%2F%2Fwww.w3.org%2F2000%2Fsvg%22%20width%3D%22150%22%20height%3D%22150%22%20viewBox%3D%220%200%20150%20150%22%3E%3C%2Fsvg%3E\" loading=\"eager\"><\/span><span class=\"fg-image-overlay\"><\/span><\/a><figcaption class=\"fg-caption\"><div class=\"fg-caption-inner\"><div class=\"fg-caption-title\">R\u00e9p\u00e9tition G\u00e9n\u00e9rale MONS EN LAONNOIS le 5 f\u00e9vrier 2023 pour le T\u00e9l\u00e9thon<\/div><\/div><\/figcaption><\/figure><div class=\"fg-loader\"><\/div><\/div><div class=\"fg-item fg-type-image fg-idle\"><figure class=\"fg-item-inner\"><a href=\"https:\/\/comedialaon.fr\/wp-content\/uploads\/2023\/02\/Repetition-Generale-MONS-EN-LAONNOIS-le-5-fevrier-2023-pour-le-Telethon_30.jpg\" data-caption-title=\"R\u00e9p\u00e9tition G\u00e9n\u00e9rale MONS EN LAONNOIS le 5 f\u00e9vrier 2023 pour le T\u00e9l\u00e9thon\" data-attachment-id=\"8336\" data-type=\"image\" class=\"fg-thumb\"><span class=\"fg-image-wrap\"><img decoding=\"async\" title=\"R\u00e9p\u00e9tition G\u00e9n\u00e9rale MONS EN LAONNOIS le 5 f\u00e9vrier 2023 pour le T\u00e9l\u00e9thon\" width=\"150\" height=\"150\" class=\"skip-lazy fg-image\" data-src-fg=\"https:\/\/comedialaon.fr\/wp-content\/uploads\/cache\/2023\/02\/Repetition-Generale-MONS-EN-LAONNOIS-le-5-fevrier-2023-pour-le-Telethon_30\/3517952134.jpg\" src=\"data:image\/svg+xml,%3Csvg%20xmlns%3D%22http%3A%2F%2Fwww.w3.org%2F2000%2Fsvg%22%20width%3D%22150%22%20height%3D%22150%22%20viewBox%3D%220%200%20150%20150%22%3E%3C%2Fsvg%3E\" loading=\"eager\"><\/span><span class=\"fg-image-overlay\"><\/span><\/a><figcaption class=\"fg-caption\"><div class=\"fg-caption-inner\"><div class=\"fg-caption-title\">R\u00e9p\u00e9tition G\u00e9n\u00e9rale MONS EN LAONNOIS le 5 f\u00e9vrier 2023 pour le T\u00e9l\u00e9thon<\/div><\/div><\/figcaption><\/figure><div class=\"fg-loader\"><\/div><\/div><div class=\"fg-item fg-type-image fg-idle\"><figure class=\"fg-item-inner\"><a href=\"https:\/\/comedialaon.fr\/wp-content\/uploads\/2023\/02\/Repetition-Generale-MONS-EN-LAONNOIS-le-5-fevrier-2023-pour-le-Telethon_31.jpg\" data-caption-title=\"R\u00e9p\u00e9tition G\u00e9n\u00e9rale MONS EN LAONNOIS le 5 f\u00e9vrier 2023 pour le T\u00e9l\u00e9thon\" data-attachment-id=\"8337\" data-type=\"image\" class=\"fg-thumb\"><span class=\"fg-image-wrap\"><img decoding=\"async\" title=\"R\u00e9p\u00e9tition G\u00e9n\u00e9rale MONS EN LAONNOIS le 5 f\u00e9vrier 2023 pour le T\u00e9l\u00e9thon\" width=\"150\" height=\"150\" class=\"skip-lazy fg-image\" data-src-fg=\"https:\/\/comedialaon.fr\/wp-content\/uploads\/cache\/2023\/02\/Repetition-Generale-MONS-EN-LAONNOIS-le-5-fevrier-2023-pour-le-Telethon_31\/3515266065.jpg\" src=\"data:image\/svg+xml,%3Csvg%20xmlns%3D%22http%3A%2F%2Fwww.w3.org%2F2000%2Fsvg%22%20width%3D%22150%22%20height%3D%22150%22%20viewBox%3D%220%200%20150%20150%22%3E%3C%2Fsvg%3E\" loading=\"eager\"><\/span><span class=\"fg-image-overlay\"><\/span><\/a><figcaption class=\"fg-caption\"><div class=\"fg-caption-inner\"><div class=\"fg-caption-title\">R\u00e9p\u00e9tition G\u00e9n\u00e9rale MONS EN LAONNOIS le 5 f\u00e9vrier 2023 pour le T\u00e9l\u00e9thon<\/div><\/div><\/figcaption><\/figure><div class=\"fg-loader\"><\/div><\/div><div class=\"fg-item fg-type-image fg-idle\"><figure class=\"fg-item-inner\"><a href=\"https:\/\/comedialaon.fr\/wp-content\/uploads\/2023\/02\/Repetition-Generale-MONS-EN-LAONNOIS-le-5-fevrier-2023-pour-le-Telethon_32.jpg\" data-caption-title=\"R\u00e9p\u00e9tition G\u00e9n\u00e9rale MONS EN LAONNOIS le 5 f\u00e9vrier 2023 pour le T\u00e9l\u00e9thon\" data-attachment-id=\"8338\" data-type=\"image\" class=\"fg-thumb\"><span class=\"fg-image-wrap\"><img decoding=\"async\" title=\"R\u00e9p\u00e9tition G\u00e9n\u00e9rale MONS EN LAONNOIS le 5 f\u00e9vrier 2023 pour le T\u00e9l\u00e9thon\" width=\"150\" height=\"150\" class=\"skip-lazy fg-image\" data-src-fg=\"https:\/\/comedialaon.fr\/wp-content\/uploads\/cache\/2023\/02\/Repetition-Generale-MONS-EN-LAONNOIS-le-5-fevrier-2023-pour-le-Telethon_32\/2277415427.jpg\" src=\"data:image\/svg+xml,%3Csvg%20xmlns%3D%22http%3A%2F%2Fwww.w3.org%2F2000%2Fsvg%22%20width%3D%22150%22%20height%3D%22150%22%20viewBox%3D%220%200%20150%20150%22%3E%3C%2Fsvg%3E\" loading=\"eager\"><\/span><span class=\"fg-image-overlay\"><\/span><\/a><figcaption class=\"fg-caption\"><div class=\"fg-caption-inner\"><div class=\"fg-caption-title\">R\u00e9p\u00e9tition G\u00e9n\u00e9rale MONS EN LAONNOIS le 5 f\u00e9vrier 2023 pour le T\u00e9l\u00e9thon<\/div><\/div><\/figcaption><\/figure><div class=\"fg-loader\"><\/div><\/div><div class=\"fg-item fg-type-image fg-idle\"><figure class=\"fg-item-inner\"><a href=\"https:\/\/comedialaon.fr\/wp-content\/uploads\/2023\/02\/Repetition-Generale-MONS-EN-LAONNOIS-le-5-fevrier-2023-pour-le-Telethon_33.jpg\" data-caption-title=\"R\u00e9p\u00e9tition G\u00e9n\u00e9rale MONS EN LAONNOIS le 5 f\u00e9vrier 2023 pour le T\u00e9l\u00e9thon\" data-attachment-id=\"8339\" data-type=\"image\" class=\"fg-thumb\"><span class=\"fg-image-wrap\"><img decoding=\"async\" title=\"R\u00e9p\u00e9tition G\u00e9n\u00e9rale MONS EN LAONNOIS le 5 f\u00e9vrier 2023 pour le T\u00e9l\u00e9thon\" width=\"150\" height=\"150\" class=\"skip-lazy fg-image\" data-src-fg=\"https:\/\/comedialaon.fr\/wp-content\/uploads\/cache\/2023\/02\/Repetition-Generale-MONS-EN-LAONNOIS-le-5-fevrier-2023-pour-le-Telethon_33\/2274860692.jpg\" src=\"data:image\/svg+xml,%3Csvg%20xmlns%3D%22http%3A%2F%2Fwww.w3.org%2F2000%2Fsvg%22%20width%3D%22150%22%20height%3D%22150%22%20viewBox%3D%220%200%20150%20150%22%3E%3C%2Fsvg%3E\" loading=\"eager\"><\/span><span class=\"fg-image-overlay\"><\/span><\/a><figcaption class=\"fg-caption\"><div class=\"fg-caption-inner\"><div class=\"fg-caption-title\">R\u00e9p\u00e9tition G\u00e9n\u00e9rale MONS EN LAONNOIS le 5 f\u00e9vrier 2023 pour le T\u00e9l\u00e9thon<\/div><\/div><\/figcaption><\/figure><div class=\"fg-loader\"><\/div><\/div><div class=\"fg-item fg-type-image fg-idle\"><figure class=\"fg-item-inner\"><a href=\"https:\/\/comedialaon.fr\/wp-content\/uploads\/2023\/02\/Repetition-Generale-MONS-EN-LAONNOIS-le-5-fevrier-2023-pour-le-Telethon_34.jpg\" data-caption-title=\"R\u00e9p\u00e9tition G\u00e9n\u00e9rale MONS EN LAONNOIS le 5 f\u00e9vrier 2023 pour le T\u00e9l\u00e9thon\" data-attachment-id=\"8340\" data-type=\"image\" class=\"fg-thumb\"><span class=\"fg-image-wrap\"><img decoding=\"async\" title=\"R\u00e9p\u00e9tition G\u00e9n\u00e9rale MONS EN LAONNOIS le 5 f\u00e9vrier 2023 pour le T\u00e9l\u00e9thon\" width=\"150\" height=\"150\" class=\"skip-lazy fg-image\" data-src-fg=\"https:\/\/comedialaon.fr\/wp-content\/uploads\/cache\/2023\/02\/Repetition-Generale-MONS-EN-LAONNOIS-le-5-fevrier-2023-pour-le-Telethon_34\/662505640.jpg\" src=\"data:image\/svg+xml,%3Csvg%20xmlns%3D%22http%3A%2F%2Fwww.w3.org%2F2000%2Fsvg%22%20width%3D%22150%22%20height%3D%22150%22%20viewBox%3D%220%200%20150%20150%22%3E%3C%2Fsvg%3E\" loading=\"eager\"><\/span><span class=\"fg-image-overlay\"><\/span><\/a><figcaption class=\"fg-caption\"><div class=\"fg-caption-inner\"><div class=\"fg-caption-title\">R\u00e9p\u00e9tition G\u00e9n\u00e9rale MONS EN LAONNOIS le 5 f\u00e9vrier 2023 pour le T\u00e9l\u00e9thon<\/div><\/div><\/figcaption><\/figure><div class=\"fg-loader\"><\/div><\/div><div class=\"fg-item fg-type-image fg-idle\"><figure class=\"fg-item-inner\"><a href=\"https:\/\/comedialaon.fr\/wp-content\/uploads\/2023\/02\/Repetition-Generale-MONS-EN-LAONNOIS-le-5-fevrier-2023-pour-le-Telethon_35.jpg\" data-caption-title=\"R\u00e9p\u00e9tition G\u00e9n\u00e9rale MONS EN LAONNOIS le 5 f\u00e9vrier 2023 pour le T\u00e9l\u00e9thon\" data-attachment-id=\"8341\" data-type=\"image\" class=\"fg-thumb\"><span class=\"fg-image-wrap\"><img decoding=\"async\" title=\"R\u00e9p\u00e9tition G\u00e9n\u00e9rale MONS EN LAONNOIS le 5 f\u00e9vrier 2023 pour le T\u00e9l\u00e9thon\" width=\"150\" height=\"150\" class=\"skip-lazy fg-image\" data-src-fg=\"https:\/\/comedialaon.fr\/wp-content\/uploads\/cache\/2023\/02\/Repetition-Generale-MONS-EN-LAONNOIS-le-5-fevrier-2023-pour-le-Telethon_35\/659819583.jpg\" src=\"data:image\/svg+xml,%3Csvg%20xmlns%3D%22http%3A%2F%2Fwww.w3.org%2F2000%2Fsvg%22%20width%3D%22150%22%20height%3D%22150%22%20viewBox%3D%220%200%20150%20150%22%3E%3C%2Fsvg%3E\" loading=\"eager\"><\/span><span class=\"fg-image-overlay\"><\/span><\/a><figcaption class=\"fg-caption\"><div class=\"fg-caption-inner\"><div class=\"fg-caption-title\">R\u00e9p\u00e9tition G\u00e9n\u00e9rale MONS EN LAONNOIS le 5 f\u00e9vrier 2023 pour le T\u00e9l\u00e9thon<\/div><\/div><\/figcaption><\/figure><div class=\"fg-loader\"><\/div><\/div><div class=\"fg-item fg-type-image fg-idle\"><figure class=\"fg-item-inner\"><a href=\"https:\/\/comedialaon.fr\/wp-content\/uploads\/2023\/02\/Repetition-Generale-MONS-EN-LAONNOIS-le-5-fevrier-2023-pour-le-Telethon_36.jpg\" data-caption-title=\"R\u00e9p\u00e9tition G\u00e9n\u00e9rale MONS EN LAONNOIS le 5 f\u00e9vrier 2023 pour le T\u00e9l\u00e9thon\" data-attachment-id=\"8342\" data-type=\"image\" class=\"fg-thumb\"><span class=\"fg-image-wrap\"><img decoding=\"async\" title=\"R\u00e9p\u00e9tition G\u00e9n\u00e9rale MONS EN LAONNOIS le 5 f\u00e9vrier 2023 pour le T\u00e9l\u00e9thon\" width=\"150\" height=\"150\" class=\"skip-lazy fg-image\" data-src-fg=\"https:\/\/comedialaon.fr\/wp-content\/uploads\/cache\/2023\/02\/Repetition-Generale-MONS-EN-LAONNOIS-le-5-fevrier-2023-pour-le-Telethon_36\/657392006.jpg\" src=\"data:image\/svg+xml,%3Csvg%20xmlns%3D%22http%3A%2F%2Fwww.w3.org%2F2000%2Fsvg%22%20width%3D%22150%22%20height%3D%22150%22%20viewBox%3D%220%200%20150%20150%22%3E%3C%2Fsvg%3E\" loading=\"eager\"><\/span><span class=\"fg-image-overlay\"><\/span><\/a><figcaption class=\"fg-caption\"><div class=\"fg-caption-inner\"><div class=\"fg-caption-title\">R\u00e9p\u00e9tition G\u00e9n\u00e9rale MONS EN LAONNOIS le 5 f\u00e9vrier 2023 pour le T\u00e9l\u00e9thon<\/div><\/div><\/figcaption><\/figure><div class=\"fg-loader\"><\/div><\/div><div class=\"fg-item fg-type-image fg-idle\"><figure class=\"fg-item-inner\"><a href=\"https:\/\/comedialaon.fr\/wp-content\/uploads\/2023\/02\/Repetition-Generale-MONS-EN-LAONNOIS-le-5-fevrier-2023-pour-le-Telethon_37.jpg\" data-caption-title=\"R\u00e9p\u00e9tition G\u00e9n\u00e9rale MONS EN LAONNOIS le 5 f\u00e9vrier 2023 pour le T\u00e9l\u00e9thon\" data-attachment-id=\"8343\" data-type=\"image\" class=\"fg-thumb\"><span class=\"fg-image-wrap\"><img decoding=\"async\" title=\"R\u00e9p\u00e9tition G\u00e9n\u00e9rale MONS EN LAONNOIS le 5 f\u00e9vrier 2023 pour le T\u00e9l\u00e9thon\" width=\"150\" height=\"150\" class=\"skip-lazy fg-image\" data-src-fg=\"https:\/\/comedialaon.fr\/wp-content\/uploads\/cache\/2023\/02\/Repetition-Generale-MONS-EN-LAONNOIS-le-5-fevrier-2023-pour-le-Telethon_37\/654705937.jpg\" src=\"data:image\/svg+xml,%3Csvg%20xmlns%3D%22http%3A%2F%2Fwww.w3.org%2F2000%2Fsvg%22%20width%3D%22150%22%20height%3D%22150%22%20viewBox%3D%220%200%20150%20150%22%3E%3C%2Fsvg%3E\" loading=\"eager\"><\/span><span class=\"fg-image-overlay\"><\/span><\/a><figcaption class=\"fg-caption\"><div class=\"fg-caption-inner\"><div class=\"fg-caption-title\">R\u00e9p\u00e9tition G\u00e9n\u00e9rale MONS EN LAONNOIS le 5 f\u00e9vrier 2023 pour le T\u00e9l\u00e9thon<\/div><\/div><\/figcaption><\/figure><div class=\"fg-loader\"><\/div><\/div><div class=\"fg-item fg-type-image fg-idle\"><figure class=\"fg-item-inner\"><a href=\"https:\/\/comedialaon.fr\/wp-content\/uploads\/2023\/02\/Repetition-Generale-MONS-EN-LAONNOIS-le-5-fevrier-2023-pour-le-Telethon_38.jpg\" data-caption-title=\"R\u00e9p\u00e9tition G\u00e9n\u00e9rale MONS EN LAONNOIS le 5 f\u00e9vrier 2023 pour le T\u00e9l\u00e9thon\" data-attachment-id=\"8344\" data-type=\"image\" class=\"fg-thumb\"><span class=\"fg-image-wrap\"><img decoding=\"async\" title=\"R\u00e9p\u00e9tition G\u00e9n\u00e9rale MONS EN LAONNOIS le 5 f\u00e9vrier 2023 pour le T\u00e9l\u00e9thon\" width=\"150\" height=\"150\" class=\"skip-lazy fg-image\" data-src-fg=\"https:\/\/comedialaon.fr\/wp-content\/uploads\/cache\/2023\/02\/Repetition-Generale-MONS-EN-LAONNOIS-le-5-fevrier-2023-pour-le-Telethon_38\/4097573185.jpg\" src=\"data:image\/svg+xml,%3Csvg%20xmlns%3D%22http%3A%2F%2Fwww.w3.org%2F2000%2Fsvg%22%20width%3D%22150%22%20height%3D%22150%22%20viewBox%3D%220%200%20150%20150%22%3E%3C%2Fsvg%3E\" loading=\"eager\"><\/span><span class=\"fg-image-overlay\"><\/span><\/a><figcaption class=\"fg-caption\"><div class=\"fg-caption-inner\"><div class=\"fg-caption-title\">R\u00e9p\u00e9tition G\u00e9n\u00e9rale MONS EN LAONNOIS le 5 f\u00e9vrier 2023 pour le T\u00e9l\u00e9thon<\/div><\/div><\/figcaption><\/figure><div class=\"fg-loader\"><\/div><\/div><div class=\"fg-item fg-type-image fg-idle\"><figure class=\"fg-item-inner\"><a href=\"https:\/\/comedialaon.fr\/wp-content\/uploads\/2023\/02\/Repetition-Generale-MONS-EN-LAONNOIS-le-5-fevrier-2023-pour-le-Telethon_39.jpg\" data-caption-title=\"R\u00e9p\u00e9tition G\u00e9n\u00e9rale MONS EN LAONNOIS le 5 f\u00e9vrier 2023 pour le T\u00e9l\u00e9thon\" data-attachment-id=\"8345\" data-type=\"image\" class=\"fg-thumb\"><span class=\"fg-image-wrap\"><img decoding=\"async\" title=\"R\u00e9p\u00e9tition G\u00e9n\u00e9rale MONS EN LAONNOIS le 5 f\u00e9vrier 2023 pour le T\u00e9l\u00e9thon\" width=\"150\" height=\"150\" class=\"skip-lazy fg-image\" data-src-fg=\"https:\/\/comedialaon.fr\/wp-content\/uploads\/cache\/2023\/02\/Repetition-Generale-MONS-EN-LAONNOIS-le-5-fevrier-2023-pour-le-Telethon_39\/4095018454.jpg\" src=\"data:image\/svg+xml,%3Csvg%20xmlns%3D%22http%3A%2F%2Fwww.w3.org%2F2000%2Fsvg%22%20width%3D%22150%22%20height%3D%22150%22%20viewBox%3D%220%200%20150%20150%22%3E%3C%2Fsvg%3E\" loading=\"eager\"><\/span><span class=\"fg-image-overlay\"><\/span><\/a><figcaption class=\"fg-caption\"><div class=\"fg-caption-inner\"><div class=\"fg-caption-title\">R\u00e9p\u00e9tition G\u00e9n\u00e9rale MONS EN LAONNOIS le 5 f\u00e9vrier 2023 pour le T\u00e9l\u00e9thon<\/div><\/div><\/figcaption><\/figure><div class=\"fg-loader\"><\/div><\/div><div class=\"fg-item fg-type-image fg-idle\"><figure class=\"fg-item-inner\"><a href=\"https:\/\/comedialaon.fr\/wp-content\/uploads\/2023\/02\/Repetition-Generale-MONS-EN-LAONNOIS-le-5-fevrier-2023-pour-le-Telethon_43.jpg\" data-caption-title=\"R\u00e9p\u00e9tition G\u00e9n\u00e9rale MONS EN LAONNOIS le 5 f\u00e9vrier 2023 pour le T\u00e9l\u00e9thon\" data-attachment-id=\"8349\" data-type=\"image\" class=\"fg-thumb\"><span class=\"fg-image-wrap\"><img decoding=\"async\" title=\"R\u00e9p\u00e9tition G\u00e9n\u00e9rale MONS EN LAONNOIS le 5 f\u00e9vrier 2023 pour le T\u00e9l\u00e9thon\" width=\"150\" height=\"150\" class=\"skip-lazy fg-image\" data-src-fg=\"https:\/\/comedialaon.fr\/wp-content\/uploads\/cache\/2023\/02\/Repetition-Generale-MONS-EN-LAONNOIS-le-5-fevrier-2023-pour-le-Telethon_43\/1475827580.jpg\" src=\"data:image\/svg+xml,%3Csvg%20xmlns%3D%22http%3A%2F%2Fwww.w3.org%2F2000%2Fsvg%22%20width%3D%22150%22%20height%3D%22150%22%20viewBox%3D%220%200%20150%20150%22%3E%3C%2Fsvg%3E\" loading=\"eager\"><\/span><span class=\"fg-image-overlay\"><\/span><\/a><figcaption class=\"fg-caption\"><div class=\"fg-caption-inner\"><div class=\"fg-caption-title\">R\u00e9p\u00e9tition G\u00e9n\u00e9rale MONS EN LAONNOIS le 5 f\u00e9vrier 2023 pour le T\u00e9l\u00e9thon<\/div><\/div><\/figcaption><\/figure><div class=\"fg-loader\"><\/div><\/div><div class=\"fg-item fg-type-image fg-idle\"><figure class=\"fg-item-inner\"><a href=\"https:\/\/comedialaon.fr\/wp-content\/uploads\/2023\/02\/Repetition-Generale-MONS-EN-LAONNOIS-le-5-fevrier-2023-pour-le-Telethon_45.jpg\" data-caption-title=\"R\u00e9p\u00e9tition G\u00e9n\u00e9rale MONS EN LAONNOIS le 5 f\u00e9vrier 2023 pour le T\u00e9l\u00e9thon\" data-attachment-id=\"8351\" data-type=\"image\" class=\"fg-thumb\"><span class=\"fg-image-wrap\"><img decoding=\"async\" title=\"R\u00e9p\u00e9tition G\u00e9n\u00e9rale MONS EN LAONNOIS le 5 f\u00e9vrier 2023 pour le T\u00e9l\u00e9thon\" width=\"150\" height=\"150\" class=\"skip-lazy fg-image\" data-src-fg=\"https:\/\/comedialaon.fr\/wp-content\/uploads\/cache\/2023\/02\/Repetition-Generale-MONS-EN-LAONNOIS-le-5-fevrier-2023-pour-le-Telethon_45\/975526486.jpg\" src=\"data:image\/svg+xml,%3Csvg%20xmlns%3D%22http%3A%2F%2Fwww.w3.org%2F2000%2Fsvg%22%20width%3D%22150%22%20height%3D%22150%22%20viewBox%3D%220%200%20150%20150%22%3E%3C%2Fsvg%3E\" loading=\"eager\"><\/span><span class=\"fg-image-overlay\"><\/span><\/a><figcaption class=\"fg-caption\"><div class=\"fg-caption-inner\"><div class=\"fg-caption-title\">R\u00e9p\u00e9tition G\u00e9n\u00e9rale MONS EN LAONNOIS le 5 f\u00e9vrier 2023 pour le T\u00e9l\u00e9thon<\/div><\/div><\/figcaption><\/figure><div class=\"fg-loader\"><\/div><\/div><div class=\"fg-item fg-type-image fg-idle\"><figure class=\"fg-item-inner\"><a href=\"https:\/\/comedialaon.fr\/wp-content\/uploads\/2023\/02\/Repetition-Generale-MONS-EN-LAONNOIS-le-5-fevrier-2023-pour-le-Telethon_44.jpg\" data-caption-title=\"R\u00e9p\u00e9tition G\u00e9n\u00e9rale MONS EN LAONNOIS le 5 f\u00e9vrier 2023 pour le T\u00e9l\u00e9thon\" data-attachment-id=\"8350\" data-type=\"image\" class=\"fg-thumb\"><span class=\"fg-image-wrap\"><img decoding=\"async\" title=\"R\u00e9p\u00e9tition G\u00e9n\u00e9rale MONS EN LAONNOIS le 5 f\u00e9vrier 2023 pour le T\u00e9l\u00e9thon\" width=\"150\" height=\"150\" class=\"skip-lazy fg-image\" data-src-fg=\"https:\/\/comedialaon.fr\/wp-content\/uploads\/cache\/2023\/02\/Repetition-Generale-MONS-EN-LAONNOIS-le-5-fevrier-2023-pour-le-Telethon_44\/973889217.jpg\" src=\"data:image\/svg+xml,%3Csvg%20xmlns%3D%22http%3A%2F%2Fwww.w3.org%2F2000%2Fsvg%22%20width%3D%22150%22%20height%3D%22150%22%20viewBox%3D%220%200%20150%20150%22%3E%3C%2Fsvg%3E\" loading=\"eager\"><\/span><span class=\"fg-image-overlay\"><\/span><\/a><figcaption class=\"fg-caption\"><div class=\"fg-caption-inner\"><div class=\"fg-caption-title\">R\u00e9p\u00e9tition G\u00e9n\u00e9rale MONS EN LAONNOIS le 5 f\u00e9vrier 2023 pour le T\u00e9l\u00e9thon<\/div><\/div><\/figcaption><\/figure><div class=\"fg-loader\"><\/div><\/div><div class=\"fg-item fg-type-image fg-idle\"><figure class=\"fg-item-inner\"><a href=\"https:\/\/comedialaon.fr\/wp-content\/uploads\/2023\/02\/Repetition-Generale-MONS-EN-LAONNOIS-le-5-fevrier-2023-pour-le-Telethon_47.jpg\" data-caption-title=\"R\u00e9p\u00e9tition G\u00e9n\u00e9rale MONS EN LAONNOIS le 5 f\u00e9vrier 2023 pour le T\u00e9l\u00e9thon\" data-attachment-id=\"8353\" data-type=\"image\" class=\"fg-thumb\"><span class=\"fg-image-wrap\"><img decoding=\"async\" title=\"R\u00e9p\u00e9tition G\u00e9n\u00e9rale MONS EN LAONNOIS le 5 f\u00e9vrier 2023 pour le T\u00e9l\u00e9thon\" width=\"150\" height=\"150\" class=\"skip-lazy fg-image\" data-src-fg=\"https:\/\/comedialaon.fr\/wp-content\/uploads\/cache\/2023\/02\/Repetition-Generale-MONS-EN-LAONNOIS-le-5-fevrier-2023-pour-le-Telethon_47\/980898680.jpg\" src=\"data:image\/svg+xml,%3Csvg%20xmlns%3D%22http%3A%2F%2Fwww.w3.org%2F2000%2Fsvg%22%20width%3D%22150%22%20height%3D%22150%22%20viewBox%3D%220%200%20150%20150%22%3E%3C%2Fsvg%3E\" loading=\"eager\"><\/span><span class=\"fg-image-overlay\"><\/span><\/a><figcaption class=\"fg-caption\"><div class=\"fg-caption-inner\"><div class=\"fg-caption-title\">R\u00e9p\u00e9tition G\u00e9n\u00e9rale MONS EN LAONNOIS le 5 f\u00e9vrier 2023 pour le T\u00e9l\u00e9thon<\/div><\/div><\/figcaption><\/figure><div class=\"fg-loader\"><\/div><\/div><div class=\"fg-item fg-type-image fg-idle\"><figure class=\"fg-item-inner\"><a href=\"https:\/\/comedialaon.fr\/wp-content\/uploads\/2023\/02\/Repetition-Generale-MONS-EN-LAONNOIS-le-5-fevrier-2023-pour-le-Telethon_46.jpg\" data-caption-title=\"R\u00e9p\u00e9tition G\u00e9n\u00e9rale MONS EN LAONNOIS le 5 f\u00e9vrier 2023 pour le T\u00e9l\u00e9thon\" data-attachment-id=\"8352\" data-type=\"image\" class=\"fg-thumb\"><span class=\"fg-image-wrap\"><img decoding=\"async\" title=\"R\u00e9p\u00e9tition G\u00e9n\u00e9rale MONS EN LAONNOIS le 5 f\u00e9vrier 2023 pour le T\u00e9l\u00e9thon\" width=\"150\" height=\"150\" class=\"skip-lazy fg-image\" data-src-fg=\"https:\/\/comedialaon.fr\/wp-content\/uploads\/cache\/2023\/02\/Repetition-Generale-MONS-EN-LAONNOIS-le-5-fevrier-2023-pour-le-Telethon_46\/979261423.jpg\" src=\"data:image\/svg+xml,%3Csvg%20xmlns%3D%22http%3A%2F%2Fwww.w3.org%2F2000%2Fsvg%22%20width%3D%22150%22%20height%3D%22150%22%20viewBox%3D%220%200%20150%20150%22%3E%3C%2Fsvg%3E\" loading=\"eager\"><\/span><span class=\"fg-image-overlay\"><\/span><\/a><figcaption class=\"fg-caption\"><div class=\"fg-caption-inner\"><div class=\"fg-caption-title\">R\u00e9p\u00e9tition G\u00e9n\u00e9rale MONS EN LAONNOIS le 5 f\u00e9vrier 2023 pour le T\u00e9l\u00e9thon<\/div><\/div><\/figcaption><\/figure><div class=\"fg-loader\"><\/div><\/div><div class=\"fg-item fg-type-image fg-idle\"><figure class=\"fg-item-inner\"><a href=\"https:\/\/comedialaon.fr\/wp-content\/uploads\/2023\/02\/Repetition-Generale-MONS-EN-LAONNOIS-le-5-fevrier-2023-pour-le-Telethon_48.jpg\" data-caption-title=\"R\u00e9p\u00e9tition G\u00e9n\u00e9rale MONS EN LAONNOIS le 5 f\u00e9vrier 2023 pour le T\u00e9l\u00e9thon\" data-attachment-id=\"8354\" data-type=\"image\" class=\"fg-thumb\"><span class=\"fg-image-wrap\"><img decoding=\"async\" title=\"R\u00e9p\u00e9tition G\u00e9n\u00e9rale MONS EN LAONNOIS le 5 f\u00e9vrier 2023 pour le T\u00e9l\u00e9thon\" width=\"150\" height=\"150\" class=\"skip-lazy fg-image\" data-src-fg=\"https:\/\/comedialaon.fr\/wp-content\/uploads\/cache\/2023\/02\/Repetition-Generale-MONS-EN-LAONNOIS-le-5-fevrier-2023-pour-le-Telethon_48\/3914159912.jpg\" src=\"data:image\/svg+xml,%3Csvg%20xmlns%3D%22http%3A%2F%2Fwww.w3.org%2F2000%2Fsvg%22%20width%3D%22150%22%20height%3D%22150%22%20viewBox%3D%220%200%20150%20150%22%3E%3C%2Fsvg%3E\" loading=\"eager\"><\/span><span class=\"fg-image-overlay\"><\/span><\/a><figcaption class=\"fg-caption\"><div class=\"fg-caption-inner\"><div class=\"fg-caption-title\">R\u00e9p\u00e9tition G\u00e9n\u00e9rale MONS EN LAONNOIS le 5 f\u00e9vrier 2023 pour le T\u00e9l\u00e9thon<\/div><\/div><\/figcaption><\/figure><div class=\"fg-loader\"><\/div><\/div><div class=\"fg-item fg-type-image fg-idle\"><figure class=\"fg-item-inner\"><a href=\"https:\/\/comedialaon.fr\/wp-content\/uploads\/2023\/02\/Repetition-Generale-MONS-EN-LAONNOIS-le-5-fevrier-2023-pour-le-Telethon_50.jpg\" data-caption-title=\"R\u00e9p\u00e9tition G\u00e9n\u00e9rale MONS EN LAONNOIS le 5 f\u00e9vrier 2023 pour le T\u00e9l\u00e9thon\" data-attachment-id=\"8356\" data-type=\"image\" class=\"fg-thumb\"><span class=\"fg-image-wrap\"><img decoding=\"async\" title=\"R\u00e9p\u00e9tition G\u00e9n\u00e9rale MONS EN LAONNOIS le 5 f\u00e9vrier 2023 pour le T\u00e9l\u00e9thon\" width=\"150\" height=\"150\" class=\"skip-lazy fg-image\" data-src-fg=\"https:\/\/comedialaon.fr\/wp-content\/uploads\/cache\/2023\/02\/Repetition-Generale-MONS-EN-LAONNOIS-le-5-fevrier-2023-pour-le-Telethon_50\/1873041037.jpg\" src=\"data:image\/svg+xml,%3Csvg%20xmlns%3D%22http%3A%2F%2Fwww.w3.org%2F2000%2Fsvg%22%20width%3D%22150%22%20height%3D%22150%22%20viewBox%3D%220%200%20150%20150%22%3E%3C%2Fsvg%3E\" loading=\"eager\"><\/span><span class=\"fg-image-overlay\"><\/span><\/a><figcaption class=\"fg-caption\"><div class=\"fg-caption-inner\"><div class=\"fg-caption-title\">R\u00e9p\u00e9tition G\u00e9n\u00e9rale MONS EN LAONNOIS le 5 f\u00e9vrier 2023 pour le T\u00e9l\u00e9thon<\/div><\/div><\/figcaption><\/figure><div class=\"fg-loader\"><\/div><\/div><div class=\"fg-item fg-type-image fg-idle\"><figure class=\"fg-item-inner\"><a href=\"https:\/\/comedialaon.fr\/wp-content\/uploads\/2023\/02\/Repetition-Generale-MONS-EN-LAONNOIS-le-5-fevrier-2023-pour-le-Telethon_49.jpg\" data-caption-title=\"R\u00e9p\u00e9tition G\u00e9n\u00e9rale MONS EN LAONNOIS le 5 f\u00e9vrier 2023 pour le T\u00e9l\u00e9thon\" data-attachment-id=\"8355\" data-type=\"image\" class=\"fg-thumb\"><span class=\"fg-image-wrap\"><img decoding=\"async\" title=\"R\u00e9p\u00e9tition G\u00e9n\u00e9rale MONS EN LAONNOIS le 5 f\u00e9vrier 2023 pour le T\u00e9l\u00e9thon\" width=\"150\" height=\"150\" class=\"skip-lazy fg-image\" data-src-fg=\"https:\/\/comedialaon.fr\/wp-content\/uploads\/cache\/2023\/02\/Repetition-Generale-MONS-EN-LAONNOIS-le-5-fevrier-2023-pour-le-Telethon_49\/3915666367.jpg\" src=\"data:image\/svg+xml,%3Csvg%20xmlns%3D%22http%3A%2F%2Fwww.w3.org%2F2000%2Fsvg%22%20width%3D%22150%22%20height%3D%22150%22%20viewBox%3D%220%200%20150%20150%22%3E%3C%2Fsvg%3E\" loading=\"eager\"><\/span><span class=\"fg-image-overlay\"><\/span><\/a><figcaption class=\"fg-caption\"><div class=\"fg-caption-inner\"><div class=\"fg-caption-title\">R\u00e9p\u00e9tition G\u00e9n\u00e9rale MONS EN LAONNOIS le 5 f\u00e9vrier 2023 pour le T\u00e9l\u00e9thon<\/div><\/div><\/figcaption><\/figure><div class=\"fg-loader\"><\/div><\/div><div class=\"fg-item fg-type-image fg-idle\"><figure class=\"fg-item-inner\"><a href=\"https:\/\/comedialaon.fr\/wp-content\/uploads\/2023\/02\/Repetition-Generale-MONS-EN-LAONNOIS-le-5-fevrier-2023-pour-le-Telethon_51.jpg\" data-caption-title=\"R\u00e9p\u00e9tition G\u00e9n\u00e9rale MONS EN LAONNOIS le 5 f\u00e9vrier 2023 pour le T\u00e9l\u00e9thon\" data-attachment-id=\"8357\" data-type=\"image\" class=\"fg-thumb\"><span class=\"fg-image-wrap\"><img decoding=\"async\" title=\"R\u00e9p\u00e9tition G\u00e9n\u00e9rale MONS EN LAONNOIS le 5 f\u00e9vrier 2023 pour le T\u00e9l\u00e9thon\" width=\"150\" height=\"150\" class=\"skip-lazy fg-image\" data-src-fg=\"https:\/\/comedialaon.fr\/wp-content\/uploads\/cache\/2023\/02\/Repetition-Generale-MONS-EN-LAONNOIS-le-5-fevrier-2023-pour-le-Telethon_51\/1871532570.jpg\" src=\"data:image\/svg+xml,%3Csvg%20xmlns%3D%22http%3A%2F%2Fwww.w3.org%2F2000%2Fsvg%22%20width%3D%22150%22%20height%3D%22150%22%20viewBox%3D%220%200%20150%20150%22%3E%3C%2Fsvg%3E\" loading=\"eager\"><\/span><span class=\"fg-image-overlay\"><\/span><\/a><figcaption class=\"fg-caption\"><div class=\"fg-caption-inner\"><div class=\"fg-caption-title\">R\u00e9p\u00e9tition G\u00e9n\u00e9rale MONS EN LAONNOIS le 5 f\u00e9vrier 2023 pour le T\u00e9l\u00e9thon<\/div><\/div><\/figcaption><\/figure><div class=\"fg-loader\"><\/div><\/div><div class=\"fg-item fg-type-image fg-idle\"><figure class=\"fg-item-inner\"><a href=\"https:\/\/comedialaon.fr\/wp-content\/uploads\/2023\/02\/Repetition-Generale-MONS-EN-LAONNOIS-le-5-fevrier-2023-pour-le-Telethon_53.jpg\" data-caption-title=\"R\u00e9p\u00e9tition G\u00e9n\u00e9rale MONS EN LAONNOIS le 5 f\u00e9vrier 2023 pour le T\u00e9l\u00e9thon\" data-attachment-id=\"8359\" data-type=\"image\" class=\"fg-thumb\"><span class=\"fg-image-wrap\"><img decoding=\"async\" title=\"R\u00e9p\u00e9tition G\u00e9n\u00e9rale MONS EN LAONNOIS le 5 f\u00e9vrier 2023 pour le T\u00e9l\u00e9thon\" width=\"150\" height=\"150\" class=\"skip-lazy fg-image\" data-src-fg=\"https:\/\/comedialaon.fr\/wp-content\/uploads\/cache\/2023\/02\/Repetition-Generale-MONS-EN-LAONNOIS-le-5-fevrier-2023-pour-le-Telethon_53\/966555807.jpg\" src=\"data:image\/svg+xml,%3Csvg%20xmlns%3D%22http%3A%2F%2Fwww.w3.org%2F2000%2Fsvg%22%20width%3D%22150%22%20height%3D%22150%22%20viewBox%3D%220%200%20150%20150%22%3E%3C%2Fsvg%3E\" loading=\"eager\"><\/span><span class=\"fg-image-overlay\"><\/span><\/a><figcaption class=\"fg-caption\"><div class=\"fg-caption-inner\"><div class=\"fg-caption-title\">R\u00e9p\u00e9tition G\u00e9n\u00e9rale MONS EN LAONNOIS le 5 f\u00e9vrier 2023 pour le T\u00e9l\u00e9thon<\/div><\/div><\/figcaption><\/figure><div class=\"fg-loader\"><\/div><\/div><div class=\"fg-item fg-type-image fg-idle\"><figure class=\"fg-item-inner\"><a href=\"https:\/\/comedialaon.fr\/wp-content\/uploads\/2023\/02\/Repetition-Generale-MONS-EN-LAONNOIS-le-5-fevrier-2023-pour-le-Telethon_52.jpg\" data-caption-title=\"R\u00e9p\u00e9tition G\u00e9n\u00e9rale MONS EN LAONNOIS le 5 f\u00e9vrier 2023 pour le T\u00e9l\u00e9thon\" data-attachment-id=\"8358\" data-type=\"image\" class=\"fg-thumb\"><span class=\"fg-image-wrap\"><img decoding=\"async\" title=\"R\u00e9p\u00e9tition G\u00e9n\u00e9rale MONS EN LAONNOIS le 5 f\u00e9vrier 2023 pour le T\u00e9l\u00e9thon\" width=\"150\" height=\"150\" class=\"skip-lazy fg-image\" data-src-fg=\"https:\/\/comedialaon.fr\/wp-content\/uploads\/cache\/2023\/02\/Repetition-Generale-MONS-EN-LAONNOIS-le-5-fevrier-2023-pour-le-Telethon_52\/968195080.jpg\" src=\"data:image\/svg+xml,%3Csvg%20xmlns%3D%22http%3A%2F%2Fwww.w3.org%2F2000%2Fsvg%22%20width%3D%22150%22%20height%3D%22150%22%20viewBox%3D%220%200%20150%20150%22%3E%3C%2Fsvg%3E\" loading=\"eager\"><\/span><span class=\"fg-image-overlay\"><\/span><\/a><figcaption class=\"fg-caption\"><div class=\"fg-caption-inner\"><div class=\"fg-caption-title\">R\u00e9p\u00e9tition G\u00e9n\u00e9rale MONS EN LAONNOIS le 5 f\u00e9vrier 2023 pour le T\u00e9l\u00e9thon<\/div><\/div><\/figcaption><\/figure><div class=\"fg-loader\"><\/div><\/div><div class=\"fg-item fg-type-image fg-idle\"><figure class=\"fg-item-inner\"><a href=\"https:\/\/comedialaon.fr\/wp-content\/uploads\/2023\/02\/Repetition-Generale-MONS-EN-LAONNOIS-le-5-fevrier-2023-pour-le-Telethon_54.jpg\" data-caption-title=\"R\u00e9p\u00e9tition G\u00e9n\u00e9rale MONS EN LAONNOIS le 5 f\u00e9vrier 2023 pour le T\u00e9l\u00e9thon\" data-attachment-id=\"8360\" data-type=\"image\" class=\"fg-thumb\"><span class=\"fg-image-wrap\"><img decoding=\"async\" title=\"R\u00e9p\u00e9tition G\u00e9n\u00e9rale MONS EN LAONNOIS le 5 f\u00e9vrier 2023 pour le T\u00e9l\u00e9thon\" width=\"150\" height=\"150\" class=\"skip-lazy fg-image\" data-src-fg=\"https:\/\/comedialaon.fr\/wp-content\/uploads\/cache\/2023\/02\/Repetition-Generale-MONS-EN-LAONNOIS-le-5-fevrier-2023-pour-le-Telethon_54\/2789672546.jpg\" src=\"data:image\/svg+xml,%3Csvg%20xmlns%3D%22http%3A%2F%2Fwww.w3.org%2F2000%2Fsvg%22%20width%3D%22150%22%20height%3D%22150%22%20viewBox%3D%220%200%20150%20150%22%3E%3C%2Fsvg%3E\" loading=\"eager\"><\/span><span class=\"fg-image-overlay\"><\/span><\/a><figcaption class=\"fg-caption\"><div class=\"fg-caption-inner\"><div class=\"fg-caption-title\">R\u00e9p\u00e9tition G\u00e9n\u00e9rale MONS EN LAONNOIS le 5 f\u00e9vrier 2023 pour le T\u00e9l\u00e9thon<\/div><\/div><\/figcaption><\/figure><div class=\"fg-loader\"><\/div><\/div><div class=\"fg-item fg-type-image fg-idle\"><figure class=\"fg-item-inner\"><a href=\"https:\/\/comedialaon.fr\/wp-content\/uploads\/2023\/02\/Repetition-Generale-MONS-EN-LAONNOIS-le-5-fevrier-2023-pour-le-Telethon_56.jpg\" data-caption-title=\"R\u00e9p\u00e9tition G\u00e9n\u00e9rale MONS EN LAONNOIS le 5 f\u00e9vrier 2023 pour le T\u00e9l\u00e9thon\" data-attachment-id=\"8362\" data-type=\"image\" class=\"fg-thumb\"><span class=\"fg-image-wrap\"><img decoding=\"async\" title=\"R\u00e9p\u00e9tition G\u00e9n\u00e9rale MONS EN LAONNOIS le 5 f\u00e9vrier 2023 pour le T\u00e9l\u00e9thon\" width=\"150\" height=\"150\" class=\"skip-lazy fg-image\" data-src-fg=\"https:\/\/comedialaon.fr\/wp-content\/uploads\/cache\/2023\/02\/Repetition-Generale-MONS-EN-LAONNOIS-le-5-fevrier-2023-pour-le-Telethon_56\/2786398028.jpg\" src=\"data:image\/svg+xml,%3Csvg%20xmlns%3D%22http%3A%2F%2Fwww.w3.org%2F2000%2Fsvg%22%20width%3D%22150%22%20height%3D%22150%22%20viewBox%3D%220%200%20150%20150%22%3E%3C%2Fsvg%3E\" loading=\"eager\"><\/span><span class=\"fg-image-overlay\"><\/span><\/a><figcaption class=\"fg-caption\"><div class=\"fg-caption-inner\"><div class=\"fg-caption-title\">R\u00e9p\u00e9tition G\u00e9n\u00e9rale MONS EN LAONNOIS le 5 f\u00e9vrier 2023 pour le T\u00e9l\u00e9thon<\/div><\/div><\/figcaption><\/figure><div class=\"fg-loader\"><\/div><\/div><div class=\"fg-item fg-type-image fg-idle\"><figure class=\"fg-item-inner\"><a href=\"https:\/\/comedialaon.fr\/wp-content\/uploads\/2023\/02\/Repetition-Generale-MONS-EN-LAONNOIS-le-5-fevrier-2023-pour-le-Telethon_55.jpg\" data-caption-title=\"R\u00e9p\u00e9tition G\u00e9n\u00e9rale MONS EN LAONNOIS le 5 f\u00e9vrier 2023 pour le T\u00e9l\u00e9thon\" data-attachment-id=\"8361\" data-type=\"image\" class=\"fg-thumb\"><span class=\"fg-image-wrap\"><img decoding=\"async\" title=\"R\u00e9p\u00e9tition G\u00e9n\u00e9rale MONS EN LAONNOIS le 5 f\u00e9vrier 2023 pour le T\u00e9l\u00e9thon\" width=\"150\" height=\"150\" class=\"skip-lazy fg-image\" data-src-fg=\"https:\/\/comedialaon.fr\/wp-content\/uploads\/cache\/2023\/02\/Repetition-Generale-MONS-EN-LAONNOIS-le-5-fevrier-2023-pour-le-Telethon_55\/2792227573.jpg\" src=\"data:image\/svg+xml,%3Csvg%20xmlns%3D%22http%3A%2F%2Fwww.w3.org%2F2000%2Fsvg%22%20width%3D%22150%22%20height%3D%22150%22%20viewBox%3D%220%200%20150%20150%22%3E%3C%2Fsvg%3E\" loading=\"eager\"><\/span><span class=\"fg-image-overlay\"><\/span><\/a><figcaption class=\"fg-caption\"><div class=\"fg-caption-inner\"><div class=\"fg-caption-title\">R\u00e9p\u00e9tition G\u00e9n\u00e9rale MONS EN LAONNOIS le 5 f\u00e9vrier 2023 pour le T\u00e9l\u00e9thon<\/div><\/div><\/figcaption><\/figure><div class=\"fg-loader\"><\/div><\/div><div class=\"fg-item fg-type-image fg-idle\"><figure class=\"fg-item-inner\"><a href=\"https:\/\/comedialaon.fr\/wp-content\/uploads\/2023\/02\/Repetition-Generale-MONS-EN-LAONNOIS-le-5-fevrier-2023-pour-le-Telethon_57.jpg\" data-caption-title=\"R\u00e9p\u00e9tition G\u00e9n\u00e9rale MONS EN LAONNOIS le 5 f\u00e9vrier 2023 pour le T\u00e9l\u00e9thon\" data-attachment-id=\"8363\" data-type=\"image\" class=\"fg-thumb\"><span class=\"fg-image-wrap\"><img decoding=\"async\" title=\"R\u00e9p\u00e9tition G\u00e9n\u00e9rale MONS EN LAONNOIS le 5 f\u00e9vrier 2023 pour le T\u00e9l\u00e9thon\" width=\"150\" height=\"150\" class=\"skip-lazy fg-image\" data-src-fg=\"https:\/\/comedialaon.fr\/wp-content\/uploads\/cache\/2023\/02\/Repetition-Generale-MONS-EN-LAONNOIS-le-5-fevrier-2023-pour-le-Telethon_57\/2788953051.jpg\" src=\"data:image\/svg+xml,%3Csvg%20xmlns%3D%22http%3A%2F%2Fwww.w3.org%2F2000%2Fsvg%22%20width%3D%22150%22%20height%3D%22150%22%20viewBox%3D%220%200%20150%20150%22%3E%3C%2Fsvg%3E\" loading=\"eager\"><\/span><span class=\"fg-image-overlay\"><\/span><\/a><figcaption class=\"fg-caption\"><div class=\"fg-caption-inner\"><div class=\"fg-caption-title\">R\u00e9p\u00e9tition G\u00e9n\u00e9rale MONS EN LAONNOIS le 5 f\u00e9vrier 2023 pour le T\u00e9l\u00e9thon<\/div><\/div><\/figcaption><\/figure><div class=\"fg-loader\"><\/div><\/div><div class=\"fg-item fg-type-image fg-idle\"><figure class=\"fg-item-inner\"><a href=\"https:\/\/comedialaon.fr\/wp-content\/uploads\/2023\/02\/Repetition-Generale-MONS-EN-LAONNOIS-le-5-fevrier-2023-pour-le-Telethon_58.jpg\" data-caption-title=\"R\u00e9p\u00e9tition G\u00e9n\u00e9rale MONS EN LAONNOIS le 5 f\u00e9vrier 2023 pour le T\u00e9l\u00e9thon\" data-attachment-id=\"8364\" data-type=\"image\" class=\"fg-thumb\"><span class=\"fg-image-wrap\"><img decoding=\"async\" title=\"R\u00e9p\u00e9tition G\u00e9n\u00e9rale MONS EN LAONNOIS le 5 f\u00e9vrier 2023 pour le T\u00e9l\u00e9thon\" width=\"150\" height=\"150\" class=\"skip-lazy fg-image\" data-src-fg=\"https:\/\/comedialaon.fr\/wp-content\/uploads\/cache\/2023\/02\/Repetition-Generale-MONS-EN-LAONNOIS-le-5-fevrier-2023-pour-le-Telethon_58\/1963331467.jpg\" src=\"data:image\/svg+xml,%3Csvg%20xmlns%3D%22http%3A%2F%2Fwww.w3.org%2F2000%2Fsvg%22%20width%3D%22150%22%20height%3D%22150%22%20viewBox%3D%220%200%20150%20150%22%3E%3C%2Fsvg%3E\" loading=\"eager\"><\/span><span class=\"fg-image-overlay\"><\/span><\/a><figcaption class=\"fg-caption\"><div class=\"fg-caption-inner\"><div class=\"fg-caption-title\">R\u00e9p\u00e9tition G\u00e9n\u00e9rale MONS EN LAONNOIS le 5 f\u00e9vrier 2023 pour le T\u00e9l\u00e9thon<\/div><\/div><\/figcaption><\/figure><div class=\"fg-loader\"><\/div><\/div><div class=\"fg-item fg-type-image fg-idle\"><figure class=\"fg-item-inner\"><a href=\"https:\/\/comedialaon.fr\/wp-content\/uploads\/2023\/02\/Repetition-Generale-MONS-EN-LAONNOIS-le-5-fevrier-2023-pour-le-Telethon_60.jpg\" data-caption-title=\"R\u00e9p\u00e9tition G\u00e9n\u00e9rale MONS EN LAONNOIS le 5 f\u00e9vrier 2023 pour le T\u00e9l\u00e9thon\" data-attachment-id=\"8366\" data-type=\"image\" class=\"fg-thumb\"><span class=\"fg-image-wrap\"><img decoding=\"async\" title=\"R\u00e9p\u00e9tition G\u00e9n\u00e9rale MONS EN LAONNOIS le 5 f\u00e9vrier 2023 pour le T\u00e9l\u00e9thon\" width=\"150\" height=\"150\" class=\"skip-lazy fg-image\" data-src-fg=\"https:\/\/comedialaon.fr\/wp-content\/uploads\/cache\/2023\/02\/Repetition-Generale-MONS-EN-LAONNOIS-le-5-fevrier-2023-pour-le-Telethon_60\/3709413032.jpg\" src=\"data:image\/svg+xml,%3Csvg%20xmlns%3D%22http%3A%2F%2Fwww.w3.org%2F2000%2Fsvg%22%20width%3D%22150%22%20height%3D%22150%22%20viewBox%3D%220%200%20150%20150%22%3E%3C%2Fsvg%3E\" loading=\"eager\"><\/span><span class=\"fg-image-overlay\"><\/span><\/a><figcaption class=\"fg-caption\"><div class=\"fg-caption-inner\"><div class=\"fg-caption-title\">R\u00e9p\u00e9tition G\u00e9n\u00e9rale MONS EN LAONNOIS le 5 f\u00e9vrier 2023 pour le T\u00e9l\u00e9thon<\/div><\/div><\/figcaption><\/figure><div class=\"fg-loader\"><\/div><\/div><div class=\"fg-item fg-type-image fg-idle\"><figure class=\"fg-item-inner\"><a href=\"https:\/\/comedialaon.fr\/wp-content\/uploads\/2023\/02\/Repetition-Generale-MONS-EN-LAONNOIS-le-5-fevrier-2023-pour-le-Telethon_59.jpg\" data-caption-title=\"R\u00e9p\u00e9tition G\u00e9n\u00e9rale MONS EN LAONNOIS le 5 f\u00e9vrier 2023 pour le T\u00e9l\u00e9thon\" data-attachment-id=\"8365\" data-type=\"image\" class=\"fg-thumb\"><span class=\"fg-image-wrap\"><img decoding=\"async\" title=\"R\u00e9p\u00e9tition G\u00e9n\u00e9rale MONS EN LAONNOIS le 5 f\u00e9vrier 2023 pour le T\u00e9l\u00e9thon\" width=\"150\" height=\"150\" class=\"skip-lazy fg-image\" data-src-fg=\"https:\/\/comedialaon.fr\/wp-content\/uploads\/cache\/2023\/02\/Repetition-Generale-MONS-EN-LAONNOIS-le-5-fevrier-2023-pour-le-Telethon_59\/1966017308.jpg\" src=\"data:image\/svg+xml,%3Csvg%20xmlns%3D%22http%3A%2F%2Fwww.w3.org%2F2000%2Fsvg%22%20width%3D%22150%22%20height%3D%22150%22%20viewBox%3D%220%200%20150%20150%22%3E%3C%2Fsvg%3E\" loading=\"eager\"><\/span><span class=\"fg-image-overlay\"><\/span><\/a><figcaption class=\"fg-caption\"><div class=\"fg-caption-inner\"><div class=\"fg-caption-title\">R\u00e9p\u00e9tition G\u00e9n\u00e9rale MONS EN LAONNOIS le 5 f\u00e9vrier 2023 pour le T\u00e9l\u00e9thon<\/div><\/div><\/figcaption><\/figure><div class=\"fg-loader\"><\/div><\/div><div class=\"fg-item fg-type-image fg-idle\"><figure class=\"fg-item-inner\"><a href=\"https:\/\/comedialaon.fr\/wp-content\/uploads\/2023\/02\/Repetition-Generale-MONS-EN-LAONNOIS-le-5-fevrier-2023-pour-le-Telethon_61.jpg\" data-caption-title=\"R\u00e9p\u00e9tition G\u00e9n\u00e9rale MONS EN LAONNOIS le 5 f\u00e9vrier 2023 pour le T\u00e9l\u00e9thon\" data-attachment-id=\"8367\" data-type=\"image\" class=\"fg-thumb\"><span class=\"fg-image-wrap\"><img decoding=\"async\" title=\"R\u00e9p\u00e9tition G\u00e9n\u00e9rale MONS EN LAONNOIS le 5 f\u00e9vrier 2023 pour le T\u00e9l\u00e9thon\" width=\"150\" height=\"150\" class=\"skip-lazy fg-image\" data-src-fg=\"https:\/\/comedialaon.fr\/wp-content\/uploads\/cache\/2023\/02\/Repetition-Generale-MONS-EN-LAONNOIS-le-5-fevrier-2023-pour-le-Telethon_61\/3710919231.jpg\" src=\"data:image\/svg+xml,%3Csvg%20xmlns%3D%22http%3A%2F%2Fwww.w3.org%2F2000%2Fsvg%22%20width%3D%22150%22%20height%3D%22150%22%20viewBox%3D%220%200%20150%20150%22%3E%3C%2Fsvg%3E\" loading=\"eager\"><\/span><span class=\"fg-image-overlay\"><\/span><\/a><figcaption class=\"fg-caption\"><div class=\"fg-caption-inner\"><div class=\"fg-caption-title\">R\u00e9p\u00e9tition G\u00e9n\u00e9rale MONS EN LAONNOIS le 5 f\u00e9vrier 2023 pour le T\u00e9l\u00e9thon<\/div><\/div><\/figcaption><\/figure><div class=\"fg-loader\"><\/div><\/div><div class=\"fg-item fg-type-image fg-idle\"><figure class=\"fg-item-inner\"><a href=\"https:\/\/comedialaon.fr\/wp-content\/uploads\/2023\/02\/Repetition-Generale-MONS-EN-LAONNOIS-le-5-fevrier-2023-pour-le-Telethon_63.jpg\" data-caption-title=\"R\u00e9p\u00e9tition G\u00e9n\u00e9rale MONS EN LAONNOIS le 5 f\u00e9vrier 2023 pour le T\u00e9l\u00e9thon\" data-attachment-id=\"8369\" data-type=\"image\" class=\"fg-thumb\"><span class=\"fg-image-wrap\"><img decoding=\"async\" title=\"R\u00e9p\u00e9tition G\u00e9n\u00e9rale MONS EN LAONNOIS le 5 f\u00e9vrier 2023 pour le T\u00e9l\u00e9thon\" width=\"150\" height=\"150\" class=\"skip-lazy fg-image\" data-src-fg=\"https:\/\/comedialaon.fr\/wp-content\/uploads\/cache\/2023\/02\/Repetition-Generale-MONS-EN-LAONNOIS-le-5-fevrier-2023-pour-le-Telethon_63\/2334197946.jpg\" src=\"data:image\/svg+xml,%3Csvg%20xmlns%3D%22http%3A%2F%2Fwww.w3.org%2F2000%2Fsvg%22%20width%3D%22150%22%20height%3D%22150%22%20viewBox%3D%220%200%20150%20150%22%3E%3C%2Fsvg%3E\" loading=\"eager\"><\/span><span class=\"fg-image-overlay\"><\/span><\/a><figcaption class=\"fg-caption\"><div class=\"fg-caption-inner\"><div class=\"fg-caption-title\">R\u00e9p\u00e9tition G\u00e9n\u00e9rale MONS EN LAONNOIS le 5 f\u00e9vrier 2023 pour le T\u00e9l\u00e9thon<\/div><\/div><\/figcaption><\/figure><div class=\"fg-loader\"><\/div><\/div><div class=\"fg-item fg-type-image fg-idle\"><figure class=\"fg-item-inner\"><a href=\"https:\/\/comedialaon.fr\/wp-content\/uploads\/2023\/02\/Repetition-Generale-MONS-EN-LAONNOIS-le-5-fevrier-2023-pour-le-Telethon_62.jpg\" data-caption-title=\"R\u00e9p\u00e9tition G\u00e9n\u00e9rale MONS EN LAONNOIS le 5 f\u00e9vrier 2023 pour le T\u00e9l\u00e9thon\" data-attachment-id=\"8368\" data-type=\"image\" class=\"fg-thumb\"><span class=\"fg-image-wrap\"><img decoding=\"async\" title=\"R\u00e9p\u00e9tition G\u00e9n\u00e9rale MONS EN LAONNOIS le 5 f\u00e9vrier 2023 pour le T\u00e9l\u00e9thon\" width=\"150\" height=\"150\" class=\"skip-lazy fg-image\" data-src-fg=\"https:\/\/comedialaon.fr\/wp-content\/uploads\/cache\/2023\/02\/Repetition-Generale-MONS-EN-LAONNOIS-le-5-fevrier-2023-pour-le-Telethon_62\/2332560429.jpg\" src=\"data:image\/svg+xml,%3Csvg%20xmlns%3D%22http%3A%2F%2Fwww.w3.org%2F2000%2Fsvg%22%20width%3D%22150%22%20height%3D%22150%22%20viewBox%3D%220%200%20150%20150%22%3E%3C%2Fsvg%3E\" loading=\"eager\"><\/span><span class=\"fg-image-overlay\"><\/span><\/a><figcaption class=\"fg-caption\"><div class=\"fg-caption-inner\"><div class=\"fg-caption-title\">R\u00e9p\u00e9tition G\u00e9n\u00e9rale MONS EN LAONNOIS le 5 f\u00e9vrier 2023 pour le T\u00e9l\u00e9thon<\/div><\/div><\/figcaption><\/figure><div class=\"fg-loader\"><\/div><\/div><div class=\"fg-item fg-type-image fg-idle\"><figure class=\"fg-item-inner\"><a href=\"https:\/\/comedialaon.fr\/wp-content\/uploads\/2023\/02\/Repetition-Generale-MONS-EN-LAONNOIS-le-5-fevrier-2023-pour-le-Telethon_65.jpg\" data-caption-title=\"R\u00e9p\u00e9tition G\u00e9n\u00e9rale MONS EN LAONNOIS le 5 f\u00e9vrier 2023 pour le T\u00e9l\u00e9thon\" data-attachment-id=\"8371\" data-type=\"image\" class=\"fg-thumb\"><span class=\"fg-image-wrap\"><img decoding=\"async\" title=\"R\u00e9p\u00e9tition G\u00e9n\u00e9rale MONS EN LAONNOIS le 5 f\u00e9vrier 2023 pour le T\u00e9l\u00e9thon\" width=\"150\" height=\"150\" class=\"skip-lazy fg-image\" data-src-fg=\"https:\/\/comedialaon.fr\/wp-content\/uploads\/cache\/2023\/02\/Repetition-Generale-MONS-EN-LAONNOIS-le-5-fevrier-2023-pour-le-Telethon_65\/3874686352.jpg\" src=\"data:image\/svg+xml,%3Csvg%20xmlns%3D%22http%3A%2F%2Fwww.w3.org%2F2000%2Fsvg%22%20width%3D%22150%22%20height%3D%22150%22%20viewBox%3D%220%200%20150%20150%22%3E%3C%2Fsvg%3E\" loading=\"eager\"><\/span><span class=\"fg-image-overlay\"><\/span><\/a><figcaption class=\"fg-caption\"><div class=\"fg-caption-inner\"><div class=\"fg-caption-title\">R\u00e9p\u00e9tition G\u00e9n\u00e9rale MONS EN LAONNOIS le 5 f\u00e9vrier 2023 pour le T\u00e9l\u00e9thon<\/div><\/div><\/figcaption><\/figure><div class=\"fg-loader\"><\/div><\/div><div class=\"fg-item fg-type-image fg-idle\"><figure class=\"fg-item-inner\"><a href=\"https:\/\/comedialaon.fr\/wp-content\/uploads\/2023\/02\/Repetition-Generale-MONS-EN-LAONNOIS-le-5-fevrier-2023-pour-le-Telethon_64.jpg\" data-caption-title=\"R\u00e9p\u00e9tition G\u00e9n\u00e9rale MONS EN LAONNOIS le 5 f\u00e9vrier 2023 pour le T\u00e9l\u00e9thon\" data-attachment-id=\"8370\" data-type=\"image\" class=\"fg-thumb\"><span class=\"fg-image-wrap\"><img decoding=\"async\" title=\"R\u00e9p\u00e9tition G\u00e9n\u00e9rale MONS EN LAONNOIS le 5 f\u00e9vrier 2023 pour le T\u00e9l\u00e9thon\" width=\"150\" height=\"150\" class=\"skip-lazy fg-image\" data-src-fg=\"https:\/\/comedialaon.fr\/wp-content\/uploads\/cache\/2023\/02\/Repetition-Generale-MONS-EN-LAONNOIS-le-5-fevrier-2023-pour-le-Telethon_64\/3873046791.jpg\" src=\"data:image\/svg+xml,%3Csvg%20xmlns%3D%22http%3A%2F%2Fwww.w3.org%2F2000%2Fsvg%22%20width%3D%22150%22%20height%3D%22150%22%20viewBox%3D%220%200%20150%20150%22%3E%3C%2Fsvg%3E\" loading=\"eager\"><\/span><span class=\"fg-image-overlay\"><\/span><\/a><figcaption class=\"fg-caption\"><div class=\"fg-caption-inner\"><div class=\"fg-caption-title\">R\u00e9p\u00e9tition G\u00e9n\u00e9rale MONS EN LAONNOIS le 5 f\u00e9vrier 2023 pour le T\u00e9l\u00e9thon<\/div><\/div><\/figcaption><\/figure><div class=\"fg-loader\"><\/div><\/div><div class=\"fg-item fg-type-image fg-idle\"><figure class=\"fg-item-inner\"><a href=\"https:\/\/comedialaon.fr\/wp-content\/uploads\/2023\/02\/Repetition-Generale-MONS-EN-LAONNOIS-le-5-fevrier-2023-pour-le-Telethon_66.jpg\" data-caption-title=\"R\u00e9p\u00e9tition G\u00e9n\u00e9rale MONS EN LAONNOIS le 5 f\u00e9vrier 2023 pour le T\u00e9l\u00e9thon\" data-attachment-id=\"8372\" data-type=\"image\" class=\"fg-thumb\"><span class=\"fg-image-wrap\"><img decoding=\"async\" title=\"R\u00e9p\u00e9tition G\u00e9n\u00e9rale MONS EN LAONNOIS le 5 f\u00e9vrier 2023 pour le T\u00e9l\u00e9thon\" width=\"150\" height=\"150\" class=\"skip-lazy fg-image\" data-src-fg=\"https:\/\/comedialaon.fr\/wp-content\/uploads\/cache\/2023\/02\/Repetition-Generale-MONS-EN-LAONNOIS-le-5-fevrier-2023-pour-le-Telethon_66\/3867674665.jpg\" src=\"data:image\/svg+xml,%3Csvg%20xmlns%3D%22http%3A%2F%2Fwww.w3.org%2F2000%2Fsvg%22%20width%3D%22150%22%20height%3D%22150%22%20viewBox%3D%220%200%20150%20150%22%3E%3C%2Fsvg%3E\" loading=\"eager\"><\/span><span class=\"fg-image-overlay\"><\/span><\/a><figcaption class=\"fg-caption\"><div class=\"fg-caption-inner\"><div class=\"fg-caption-title\">R\u00e9p\u00e9tition G\u00e9n\u00e9rale MONS EN LAONNOIS le 5 f\u00e9vrier 2023 pour le T\u00e9l\u00e9thon<\/div><\/div><\/figcaption><\/figure><div class=\"fg-loader\"><\/div><\/div><div class=\"fg-item fg-type-image fg-idle\"><figure class=\"fg-item-inner\"><a href=\"https:\/\/comedialaon.fr\/wp-content\/uploads\/2023\/02\/Repetition-Generale-MONS-EN-LAONNOIS-le-5-fevrier-2023-pour-le-Telethon_67.jpg\" data-caption-title=\"R\u00e9p\u00e9tition G\u00e9n\u00e9rale MONS EN LAONNOIS le 5 f\u00e9vrier 2023 pour le T\u00e9l\u00e9thon\" data-attachment-id=\"8373\" data-type=\"image\" class=\"fg-thumb\"><span class=\"fg-image-wrap\"><img decoding=\"async\" title=\"R\u00e9p\u00e9tition G\u00e9n\u00e9rale MONS EN LAONNOIS le 5 f\u00e9vrier 2023 pour le T\u00e9l\u00e9thon\" width=\"150\" height=\"150\" class=\"skip-lazy fg-image\" data-src-fg=\"https:\/\/comedialaon.fr\/wp-content\/uploads\/cache\/2023\/02\/Repetition-Generale-MONS-EN-LAONNOIS-le-5-fevrier-2023-pour-le-Telethon_67\/3869314238.jpg\" src=\"data:image\/svg+xml,%3Csvg%20xmlns%3D%22http%3A%2F%2Fwww.w3.org%2F2000%2Fsvg%22%20width%3D%22150%22%20height%3D%22150%22%20viewBox%3D%220%200%20150%20150%22%3E%3C%2Fsvg%3E\" loading=\"eager\"><\/span><span class=\"fg-image-overlay\"><\/span><\/a><figcaption class=\"fg-caption\"><div class=\"fg-caption-inner\"><div class=\"fg-caption-title\">R\u00e9p\u00e9tition G\u00e9n\u00e9rale MONS EN LAONNOIS le 5 f\u00e9vrier 2023 pour le T\u00e9l\u00e9thon<\/div><\/div><\/figcaption><\/figure><div class=\"fg-loader\"><\/div><\/div><div class=\"fg-item fg-type-image fg-idle\"><figure class=\"fg-item-inner\"><a href=\"https:\/\/comedialaon.fr\/wp-content\/uploads\/2023\/02\/Repetition-Generale-MONS-EN-LAONNOIS-le-5-fevrier-2023-pour-le-Telethon_68.jpg\" data-caption-title=\"R\u00e9p\u00e9tition G\u00e9n\u00e9rale MONS EN LAONNOIS le 5 f\u00e9vrier 2023 pour le T\u00e9l\u00e9thon\" data-attachment-id=\"8374\" data-type=\"image\" class=\"fg-thumb\"><span class=\"fg-image-wrap\"><img decoding=\"async\" title=\"R\u00e9p\u00e9tition G\u00e9n\u00e9rale MONS EN LAONNOIS le 5 f\u00e9vrier 2023 pour le T\u00e9l\u00e9thon\" width=\"150\" height=\"150\" class=\"skip-lazy fg-image\" data-src-fg=\"https:\/\/comedialaon.fr\/wp-content\/uploads\/cache\/2023\/02\/Repetition-Generale-MONS-EN-LAONNOIS-le-5-fevrier-2023-pour-le-Telethon_68\/899352814.jpg\" src=\"data:image\/svg+xml,%3Csvg%20xmlns%3D%22http%3A%2F%2Fwww.w3.org%2F2000%2Fsvg%22%20width%3D%22150%22%20height%3D%22150%22%20viewBox%3D%220%200%20150%20150%22%3E%3C%2Fsvg%3E\" loading=\"eager\"><\/span><span class=\"fg-image-overlay\"><\/span><\/a><figcaption class=\"fg-caption\"><div class=\"fg-caption-inner\"><div class=\"fg-caption-title\">R\u00e9p\u00e9tition G\u00e9n\u00e9rale MONS EN LAONNOIS le 5 f\u00e9vrier 2023 pour le T\u00e9l\u00e9thon<\/div><\/div><\/figcaption><\/figure><div class=\"fg-loader\"><\/div><\/div><div class=\"fg-item fg-type-image fg-idle\"><figure class=\"fg-item-inner\"><a href=\"https:\/\/comedialaon.fr\/wp-content\/uploads\/2023\/02\/Repetition-Generale-MONS-EN-LAONNOIS-le-5-fevrier-2023-pour-le-Telethon_69.jpg\" data-caption-title=\"R\u00e9p\u00e9tition G\u00e9n\u00e9rale MONS EN LAONNOIS le 5 f\u00e9vrier 2023 pour le T\u00e9l\u00e9thon\" data-attachment-id=\"8375\" data-type=\"image\" class=\"fg-thumb\"><span class=\"fg-image-wrap\"><img decoding=\"async\" title=\"R\u00e9p\u00e9tition G\u00e9n\u00e9rale MONS EN LAONNOIS le 5 f\u00e9vrier 2023 pour le T\u00e9l\u00e9thon\" width=\"150\" height=\"150\" class=\"skip-lazy fg-image\" data-src-fg=\"https:\/\/comedialaon.fr\/wp-content\/uploads\/cache\/2023\/02\/Repetition-Generale-MONS-EN-LAONNOIS-le-5-fevrier-2023-pour-le-Telethon_69\/900861049.jpg\" src=\"data:image\/svg+xml,%3Csvg%20xmlns%3D%22http%3A%2F%2Fwww.w3.org%2F2000%2Fsvg%22%20width%3D%22150%22%20height%3D%22150%22%20viewBox%3D%220%200%20150%20150%22%3E%3C%2Fsvg%3E\" loading=\"eager\"><\/span><span class=\"fg-image-overlay\"><\/span><\/a><figcaption class=\"fg-caption\"><div class=\"fg-caption-inner\"><div class=\"fg-caption-title\">R\u00e9p\u00e9tition G\u00e9n\u00e9rale MONS EN LAONNOIS le 5 f\u00e9vrier 2023 pour le T\u00e9l\u00e9thon<\/div><\/div><\/figcaption><\/figure><div class=\"fg-loader\"><\/div><\/div><div class=\"fg-item fg-type-image fg-idle\"><figure class=\"fg-item-inner\"><a href=\"https:\/\/comedialaon.fr\/wp-content\/uploads\/2023\/02\/Repetition-Generale-MONS-EN-LAONNOIS-le-5-fevrier-2023-pour-le-Telethon_72.jpg\" data-caption-title=\"R\u00e9p\u00e9tition G\u00e9n\u00e9rale MONS EN LAONNOIS le 5 f\u00e9vrier 2023 pour le T\u00e9l\u00e9thon\" data-attachment-id=\"8378\" data-type=\"image\" class=\"fg-thumb\"><span class=\"fg-image-wrap\"><img decoding=\"async\" title=\"R\u00e9p\u00e9tition G\u00e9n\u00e9rale MONS EN LAONNOIS le 5 f\u00e9vrier 2023 pour le T\u00e9l\u00e9thon\" width=\"150\" height=\"150\" class=\"skip-lazy fg-image\" data-src-fg=\"https:\/\/comedialaon.fr\/wp-content\/uploads\/cache\/2023\/02\/Repetition-Generale-MONS-EN-LAONNOIS-le-5-fevrier-2023-pour-le-Telethon_72\/3848479694.jpg\" src=\"data:image\/svg+xml,%3Csvg%20xmlns%3D%22http%3A%2F%2Fwww.w3.org%2F2000%2Fsvg%22%20width%3D%22150%22%20height%3D%22150%22%20viewBox%3D%220%200%20150%20150%22%3E%3C%2Fsvg%3E\" loading=\"eager\"><\/span><span class=\"fg-image-overlay\"><\/span><\/a><figcaption class=\"fg-caption\"><div class=\"fg-caption-inner\"><div class=\"fg-caption-title\">R\u00e9p\u00e9tition G\u00e9n\u00e9rale MONS EN LAONNOIS le 5 f\u00e9vrier 2023 pour le T\u00e9l\u00e9thon<\/div><\/div><\/figcaption><\/figure><div class=\"fg-loader\"><\/div><\/div><\/div>\n\n","protected":false},"excerpt":{"rendered":"","protected":false},"author":1,"featured_media":0,"parent":0,"menu_order":0,"comment_status":"closed","ping_status":"closed","template":"","meta":{"footnotes":""},"class_list":["post-8381","page","type-page","status-publish","hentry"],"yoast_head":"<!-- This site is optimized with the Yoast SEO plugin v27.5 - https:\/\/yoast.com\/product\/yoast-seo-wordpress\/ -->\n<title>ALBUM PHOTOS \u201cL&#039;INDICE \u00c0 L&#039;INDEX\u201d  R\u00e9p\u00e9tition G\u00e9n\u00e9rale le 5 f\u00e9vrier 2023  au profit du T\u00e9l\u00e9thon &#8226; Com\u00e9dia Laon<\/title>\n<meta name=\"robots\" content=\"index, follow, max-snippet:-1, max-image-preview:large, max-video-preview:-1\" \/>\n<link rel=\"canonical\" href=\"https:\/\/comedialaon.fr\/?page_id=8381\" \/>\n<meta property=\"og:locale\" content=\"fr_FR\" \/>\n<meta property=\"og:type\" content=\"article\" \/>\n<meta property=\"og:title\" content=\"ALBUM PHOTOS \u201cL&#039;INDICE \u00c0 L&#039;INDEX\u201d  R\u00e9p\u00e9tition G\u00e9n\u00e9rale le 5 f\u00e9vrier 2023  au profit du T\u00e9l\u00e9thon &#8226; Com\u00e9dia Laon\" \/>\n<meta property=\"og:url\" content=\"https:\/\/comedialaon.fr\/?page_id=8381\" \/>\n<meta property=\"og:site_name\" content=\"Com\u00e9dia Laon\" \/>\n<meta property=\"article:publisher\" content=\"https:\/\/www.facebook.com\/profile.php?id=100008459438996\" \/>\n<meta name=\"twitter:label1\" content=\"Dur\u00e9e de lecture estim\u00e9e\" \/>\n\t<meta name=\"twitter:data1\" content=\"1 minute\" \/>\n<script type=\"application\/ld+json\" class=\"yoast-schema-graph\">{\"@context\":\"https:\\\/\\\/schema.org\",\"@graph\":[{\"@type\":\"WebPage\",\"@id\":\"https:\\\/\\\/comedialaon.fr\\\/?page_id=8381\",\"url\":\"https:\\\/\\\/comedialaon.fr\\\/?page_id=8381\",\"name\":\"ALBUM PHOTOS \u201cL'INDICE \u00c0 L'INDEX\u201d R\u00e9p\u00e9tition G\u00e9n\u00e9rale le 5 f\u00e9vrier 2023 au profit du T\u00e9l\u00e9thon &#8226; Com\u00e9dia Laon\",\"isPartOf\":{\"@id\":\"https:\\\/\\\/comedialaon.fr\\\/#website\"},\"datePublished\":\"2023-02-07T13:20:59+00:00\",\"breadcrumb\":{\"@id\":\"https:\\\/\\\/comedialaon.fr\\\/?page_id=8381#breadcrumb\"},\"inLanguage\":\"fr-FR\",\"potentialAction\":[{\"@type\":\"ReadAction\",\"target\":[\"https:\\\/\\\/comedialaon.fr\\\/?page_id=8381\"]}]},{\"@type\":\"BreadcrumbList\",\"@id\":\"https:\\\/\\\/comedialaon.fr\\\/?page_id=8381#breadcrumb\",\"itemListElement\":[{\"@type\":\"ListItem\",\"position\":1,\"name\":\"Accueil\",\"item\":\"https:\\\/\\\/comedialaon.fr\\\/\"},{\"@type\":\"ListItem\",\"position\":2,\"name\":\"ALBUM PHOTOS \u201cL&rsquo;INDICE \u00c0 L&rsquo;INDEX\u201d R\u00e9p\u00e9tition G\u00e9n\u00e9rale le 5 f\u00e9vrier 2023 au profit du T\u00e9l\u00e9thon\"}]},{\"@type\":\"WebSite\",\"@id\":\"https:\\\/\\\/comedialaon.fr\\\/#website\",\"url\":\"https:\\\/\\\/comedialaon.fr\\\/\",\"name\":\"Com\u00e9dia Laon\",\"description\":\"Prendre et donner du PLAISIR ... !!! ;-)\",\"publisher\":{\"@id\":\"https:\\\/\\\/comedialaon.fr\\\/#organization\"},\"potentialAction\":[{\"@type\":\"SearchAction\",\"target\":{\"@type\":\"EntryPoint\",\"urlTemplate\":\"https:\\\/\\\/comedialaon.fr\\\/?s={search_term_string}\"},\"query-input\":{\"@type\":\"PropertyValueSpecification\",\"valueRequired\":true,\"valueName\":\"search_term_string\"}}],\"inLanguage\":\"fr-FR\"},{\"@type\":\"Organization\",\"@id\":\"https:\\\/\\\/comedialaon.fr\\\/#organization\",\"name\":\"Com\u00e9dia Laon\",\"url\":\"https:\\\/\\\/comedialaon.fr\\\/\",\"logo\":{\"@type\":\"ImageObject\",\"inLanguage\":\"fr-FR\",\"@id\":\"https:\\\/\\\/comedialaon.fr\\\/#\\\/schema\\\/logo\\\/image\\\/\",\"url\":\"https:\\\/\\\/comedialaon.fr\\\/wp-content\\\/uploads\\\/2019\\\/02\\\/LOGO-CL-et-OL.jpg\",\"contentUrl\":\"https:\\\/\\\/comedialaon.fr\\\/wp-content\\\/uploads\\\/2019\\\/02\\\/LOGO-CL-et-OL.jpg\",\"width\":756,\"height\":210,\"caption\":\"Com\u00e9dia Laon\"},\"image\":{\"@id\":\"https:\\\/\\\/comedialaon.fr\\\/#\\\/schema\\\/logo\\\/image\\\/\"},\"sameAs\":[\"https:\\\/\\\/www.facebook.com\\\/profile.php?id=100008459438996\",\"https:\\\/\\\/www.youtube.com\\\/results?search_query=comedia laon\"]}]}<\/script>\n<!-- \/ Yoast SEO plugin. -->","yoast_head_json":{"title":"ALBUM PHOTOS \u201cL'INDICE \u00c0 L'INDEX\u201d  R\u00e9p\u00e9tition G\u00e9n\u00e9rale le 5 f\u00e9vrier 2023  au profit du T\u00e9l\u00e9thon &#8226; Com\u00e9dia Laon","robots":{"index":"index","follow":"follow","max-snippet":"max-snippet:-1","max-image-preview":"max-image-preview:large","max-video-preview":"max-video-preview:-1"},"canonical":"https:\/\/comedialaon.fr\/?page_id=8381","og_locale":"fr_FR","og_type":"article","og_title":"ALBUM PHOTOS \u201cL'INDICE \u00c0 L'INDEX\u201d  R\u00e9p\u00e9tition G\u00e9n\u00e9rale le 5 f\u00e9vrier 2023  au profit du T\u00e9l\u00e9thon &#8226; Com\u00e9dia Laon","og_url":"https:\/\/comedialaon.fr\/?page_id=8381","og_site_name":"Com\u00e9dia Laon","article_publisher":"https:\/\/www.facebook.com\/profile.php?id=100008459438996","twitter_misc":{"Dur\u00e9e de lecture estim\u00e9e":"1 minute"},"schema":{"@context":"https:\/\/schema.org","@graph":[{"@type":"WebPage","@id":"https:\/\/comedialaon.fr\/?page_id=8381","url":"https:\/\/comedialaon.fr\/?page_id=8381","name":"ALBUM PHOTOS \u201cL'INDICE \u00c0 L'INDEX\u201d R\u00e9p\u00e9tition G\u00e9n\u00e9rale le 5 f\u00e9vrier 2023 au profit du T\u00e9l\u00e9thon &#8226; Com\u00e9dia Laon","isPartOf":{"@id":"https:\/\/comedialaon.fr\/#website"},"datePublished":"2023-02-07T13:20:59+00:00","breadcrumb":{"@id":"https:\/\/comedialaon.fr\/?page_id=8381#breadcrumb"},"inLanguage":"fr-FR","potentialAction":[{"@type":"ReadAction","target":["https:\/\/comedialaon.fr\/?page_id=8381"]}]},{"@type":"BreadcrumbList","@id":"https:\/\/comedialaon.fr\/?page_id=8381#breadcrumb","itemListElement":[{"@type":"ListItem","position":1,"name":"Accueil","item":"https:\/\/comedialaon.fr\/"},{"@type":"ListItem","position":2,"name":"ALBUM PHOTOS \u201cL&rsquo;INDICE \u00c0 L&rsquo;INDEX\u201d R\u00e9p\u00e9tition G\u00e9n\u00e9rale le 5 f\u00e9vrier 2023 au profit du T\u00e9l\u00e9thon"}]},{"@type":"WebSite","@id":"https:\/\/comedialaon.fr\/#website","url":"https:\/\/comedialaon.fr\/","name":"Com\u00e9dia Laon","description":"Prendre et donner du PLAISIR ... !!! ;-)","publisher":{"@id":"https:\/\/comedialaon.fr\/#organization"},"potentialAction":[{"@type":"SearchAction","target":{"@type":"EntryPoint","urlTemplate":"https:\/\/comedialaon.fr\/?s={search_term_string}"},"query-input":{"@type":"PropertyValueSpecification","valueRequired":true,"valueName":"search_term_string"}}],"inLanguage":"fr-FR"},{"@type":"Organization","@id":"https:\/\/comedialaon.fr\/#organization","name":"Com\u00e9dia Laon","url":"https:\/\/comedialaon.fr\/","logo":{"@type":"ImageObject","inLanguage":"fr-FR","@id":"https:\/\/comedialaon.fr\/#\/schema\/logo\/image\/","url":"https:\/\/comedialaon.fr\/wp-content\/uploads\/2019\/02\/LOGO-CL-et-OL.jpg","contentUrl":"https:\/\/comedialaon.fr\/wp-content\/uploads\/2019\/02\/LOGO-CL-et-OL.jpg","width":756,"height":210,"caption":"Com\u00e9dia Laon"},"image":{"@id":"https:\/\/comedialaon.fr\/#\/schema\/logo\/image\/"},"sameAs":["https:\/\/www.facebook.com\/profile.php?id=100008459438996","https:\/\/www.youtube.com\/results?search_query=comedia laon"]}]}},"_links":{"self":[{"href":"https:\/\/comedialaon.fr\/index.php?rest_route=\/wp\/v2\/pages\/8381","targetHints":{"allow":["GET"]}}],"collection":[{"href":"https:\/\/comedialaon.fr\/index.php?rest_route=\/wp\/v2\/pages"}],"about":[{"href":"https:\/\/comedialaon.fr\/index.php?rest_route=\/wp\/v2\/types\/page"}],"author":[{"embeddable":true,"href":"https:\/\/comedialaon.fr\/index.php?rest_route=\/wp\/v2\/users\/1"}],"replies":[{"embeddable":true,"href":"https:\/\/comedialaon.fr\/index.php?rest_route=%2Fwp%2Fv2%2Fcomments&post=8381"}],"version-history":[{"count":2,"href":"https:\/\/comedialaon.fr\/index.php?rest_route=\/wp\/v2\/pages\/8381\/revisions"}],"predecessor-version":[{"id":8383,"href":"https:\/\/comedialaon.fr\/index.php?rest_route=\/wp\/v2\/pages\/8381\/revisions\/8383"}],"wp:attachment":[{"href":"https:\/\/comedialaon.fr\/index.php?rest_route=%2Fwp%2Fv2%2Fmedia&parent=8381"}],"curies":[{"name":"wp","href":"https:\/\/api.w.org\/{rel}","templated":true}]}}