{"id":77,"date":"2014-11-03T15:50:56","date_gmt":"2014-11-03T13:50:56","guid":{"rendered":"https:\/\/comedialaon.fr\/?page_id=77"},"modified":"2025-11-19T12:27:25","modified_gmt":"2025-11-19T10:27:25","slug":"historique","status":"publish","type":"page","link":"https:\/\/comedialaon.fr\/?page_id=77","title":{"rendered":"<font color=#0000FF><center><u><b>NOS PI\u00c8CES<\/b><\/u><\/center><\/font color>"},"content":{"rendered":"<p><a href=\"https:\/\/comedialaon.fr\/?page_id=9300\"><img loading=\"lazy\" decoding=\"async\" src=\"https:\/\/comedialaon.fr\/wp-content\/uploads\/2025\/11\/Affiche-Jacques-a-dit-CAPNO-le-19-avril-2026-210x300.jpg\" alt=\"\" width=\"210\" height=\"300\" class=\"alignleft\" class=\"size-medium wp-image-9525\" srcset=\"https:\/\/comedialaon.fr\/wp-content\/uploads\/2025\/11\/Affiche-Jacques-a-dit-CAPNO-le-19-avril-2026-210x300.jpg 210w, https:\/\/comedialaon.fr\/wp-content\/uploads\/2025\/11\/Affiche-Jacques-a-dit-CAPNO-le-19-avril-2026.jpg 420w\" sizes=\"auto, (max-width: 210px) 100vw, 210px\" \/><\/a><a href=\"https:\/\/comedialaon.fr\/?page_id=9011\"><img loading=\"lazy\" decoding=\"async\" src=\"https:\/\/comedialaon.fr\/wp-content\/uploads\/2024\/10\/Affiche-Un-stylo-dans-la-tete-PINON-le-23-fevrier-2025-210x300.jpg\" alt=\"\" width=\"210\" height=\"300\" class=\"alignleft\" class=\"size-medium wp-image-9050\" srcset=\"https:\/\/comedialaon.fr\/wp-content\/uploads\/2024\/10\/Affiche-Un-stylo-dans-la-tete-PINON-le-23-fevrier-2025-210x300.jpg 210w, https:\/\/comedialaon.fr\/wp-content\/uploads\/2024\/10\/Affiche-Un-stylo-dans-la-tete-PINON-le-23-fevrier-2025.jpg 420w\" sizes=\"auto, (max-width: 210px) 100vw, 210px\" \/><\/a> <a href=\"https:\/\/comedialaon.fr\/?page_id=8508\"><img loading=\"lazy\" decoding=\"async\" src=\"https:\/\/comedialaon.fr\/wp-content\/uploads\/2023\/12\/Affiche-2-euros-20-PINON-le-25-02-2024-210x300.jpg\" alt=\"\" width=\"210\" height=\"300\" class=\"alignleft\" class=\"size-medium wp-image-8651\" srcset=\"https:\/\/comedialaon.fr\/wp-content\/uploads\/2023\/12\/Affiche-2-euros-20-PINON-le-25-02-2024-210x300.jpg 210w, https:\/\/comedialaon.fr\/wp-content\/uploads\/2023\/12\/Affiche-2-euros-20-PINON-le-25-02-2024.jpg 560w\" sizes=\"auto, (max-width: 210px) 100vw, 210px\" \/><\/a> <a href=\"https:\/\/comedialaon.fr\/?page_id=8044\"><img loading=\"lazy\" decoding=\"async\" src=\"https:\/\/comedialaon.fr\/wp-content\/uploads\/2022\/10\/Affiche-pour-A3-Lindice-a-lindex-LA-MAL-7-avril-2023.jpg\" alt=\"\" width=\"210\" height=\"300\" class=\"alignleft\" class=\"size-medium wp-image-8131\" srcset=\"https:\/\/comedialaon.fr\/wp-content\/uploads\/2022\/10\/Affiche-pour-A3-Lindice-a-lindex-LA-MAL-7-avril-2023.jpg 1085w, https:\/\/comedialaon.fr\/wp-content\/uploads\/2022\/10\/Affiche-pour-A3-Lindice-a-lindex-LA-MAL-7-avril-2023-210x300.jpg 210w, https:\/\/comedialaon.fr\/wp-content\/uploads\/2022\/10\/Affiche-pour-A3-Lindice-a-lindex-LA-MAL-7-avril-2023-717x1024.jpg 717w, https:\/\/comedialaon.fr\/wp-content\/uploads\/2022\/10\/Affiche-pour-A3-Lindice-a-lindex-LA-MAL-7-avril-2023-768x1097.jpg 768w, https:\/\/comedialaon.fr\/wp-content\/uploads\/2022\/10\/Affiche-pour-A3-Lindice-a-lindex-LA-MAL-7-avril-2023-1075x1536.jpg 1075w\" sizes=\"auto, (max-width: 210px) 100vw, 210px\" \/><\/a> <a href=\"https:\/\/comedialaon.fr\/?page_id=3917\"><img loading=\"lazy\" decoding=\"async\" src=\"https:\/\/comedialaon.fr\/wp-content\/uploads\/2021\/07\/Affiche-2022-A4-Pourquoi-moi-LA-MAL-18-03-2022.jpg\" alt=\"\" width=\"209\" height=\"300\" class=\"alignleft size-medium wp-image-3994\" \/><\/a> <a href=\"https:\/\/comedialaon.fr\/?page_id=2820\"><img loading=\"lazy\" decoding=\"async\" src=\"https:\/\/comedialaon.fr\/wp-content\/uploads\/2019\/09\/Affiche-Esp\u00e8ces-Menac\u00e9es-MAL-27-03-2020-212x300.jpg\" alt=\"\" width=\"212\" height=\"300\" class=\"alignleft\" size-medium wp-image-3441\" srcset=\"https:\/\/comedialaon.fr\/wp-content\/uploads\/2019\/09\/Affiche-Esp\u00e8ces-Menac\u00e9es-MAL-27-03-2020-212x300.jpg 212w, https:\/\/comedialaon.fr\/wp-content\/uploads\/2019\/09\/Affiche-Esp\u00e8ces-Menac\u00e9es-MAL-27-03-2020-768x1086.jpg 768w, https:\/\/comedialaon.fr\/wp-content\/uploads\/2019\/09\/Affiche-Esp\u00e8ces-Menac\u00e9es-MAL-27-03-2020-724x1024.jpg 724w, https:\/\/comedialaon.fr\/wp-content\/uploads\/2019\/09\/Affiche-Esp\u00e8ces-Menac\u00e9es-MAL-27-03-2020.jpg 794w\" sizes=\"auto, (max-width: 212px) 100vw, 212px\" \/><\/a> <a href=\"https:\/\/comedialaon.fr\/?page_id=2915\"><img loading=\"lazy\" decoding=\"async\" src=\"https:\/\/comedialaon.fr\/wp-content\/uploads\/2018\/12\/Affiche-La-symphonie-des-faux-culs-PINON-24-02-2019.jpg\" alt=\"La-symphonie-des-faux-culs-PINON-24-02-2019\" width=\"211\" height=\"300\" class=\"alignleft\" class=\"size-medium wp-image-2924\" srcset=\"https:\/\/comedialaon.fr\/wp-content\/uploads\/2018\/12\/Affiche-La-symphonie-des-faux-culs-PINON-24-02-2019.jpg 789w, https:\/\/comedialaon.fr\/wp-content\/uploads\/2018\/12\/Affiche-La-symphonie-des-faux-culs-PINON-24-02-2019-211x300.jpg 211w, https:\/\/comedialaon.fr\/wp-content\/uploads\/2018\/12\/Affiche-La-symphonie-des-faux-culs-PINON-24-02-2019-768x1093.jpg 768w, https:\/\/comedialaon.fr\/wp-content\/uploads\/2018\/12\/Affiche-La-symphonie-des-faux-culs-PINON-24-02-2019-719x1024.jpg 719w\" sizes=\"auto, (max-width: 211px) 100vw, 211px\" \/><\/a> <\/a> <a href=\"https:\/\/comedialaon.fr\/?page_id=2171\"><img loading=\"lazy\" decoding=\"async\" src=\"https:\/\/comedialaon.fr\/wp-content\/uploads\/2017\/10\/AfficheCAPNO-25-02-2018-390-x-560-209x300.jpg\" alt=\"Si GUITRY m'\u00e9tait jou\u00e9 au CAPNO le 25 f\u00e9vrier 2018\" width=\"209\" height=\"300\" class=\"alignleft\" class=\"size-medium wp-image-2236\" \/> <a href=\"https:\/\/comedialaon.fr\/?page_id=1713\"><img loading=\"lazy\" decoding=\"async\" src=\"https:\/\/comedialaon.fr\/wp-content\/uploads\/2016\/12\/FAUX-ET-USAGE-DE-FOUS-clacy-mons-pour-internet.jpg\" alt=\"Faux et usage de fous de Hugues de Rosamel\" width=\"210\" height=\"300\" class=\"alignleft size-medium wp-image-1695\" srcset=\"https:\/\/comedialaon.fr\/wp-content\/uploads\/2016\/12\/FAUX-ET-USAGE-DE-FOUS-clacy-mons-pour-internet.jpg 620w, https:\/\/comedialaon.fr\/wp-content\/uploads\/2016\/12\/FAUX-ET-USAGE-DE-FOUS-clacy-mons-pour-internet-210x300.jpg 210w\" sizes=\"auto, (max-width: 210px) 100vw, 210px\" \/><\/a> <a href=\"https:\/\/comedialaon.fr\/?page_id=1428\"><img loading=\"lazy\" decoding=\"async\" src=\"https:\/\/comedialaon.fr\/wp-content\/uploads\/2016\/12\/stationnement-altern\u00e9-CAPNO-pour-internet-GIL-210x300.jpg\" alt=\"Stationnement altern\u00e9 au CAPNO le 19 f\u00e9vrier 2017\" width=\"210\" height=\"300\" class=\"alignleft size-medium wp-image-1686\" srcset=\"https:\/\/comedialaon.fr\/wp-content\/uploads\/2016\/12\/stationnement-altern\u00e9-CAPNO-pour-internet-GIL-210x300.jpg 210w, https:\/\/comedialaon.fr\/wp-content\/uploads\/2016\/12\/stationnement-altern\u00e9-CAPNO-pour-internet-GIL.jpg 652w\" sizes=\"auto, (max-width: 210px) 100vw, 210px\" \/><\/a> <a href=\"https:\/\/comedialaon.fr\/?page_id=938\"><img loading=\"lazy\" decoding=\"async\" src=\"https:\/\/comedialaon.fr\/wp-content\/uploads\/2015\/12\/entre-jour-et-la-nuit-212x300.jpg\" alt=\"ENTRE LE JOUR ET LA NUIT de Hugues DE ROSAMEL\" width=\"212\" height=\"300\" class=\"alignleft size-medium wp-image-1003\" srcset=\"https:\/\/comedialaon.fr\/wp-content\/uploads\/2015\/12\/entre-jour-et-la-nuit-212x300.jpg 212w, https:\/\/comedialaon.fr\/wp-content\/uploads\/2015\/12\/entre-jour-et-la-nuit-724x1024.jpg 724w, https:\/\/comedialaon.fr\/wp-content\/uploads\/2015\/12\/entre-jour-et-la-nuit.jpg 1754w\" sizes=\"auto, (max-width: 212px) 100vw, 212px\" \/><\/a> <a href=\"https:\/\/comedialaon.fr\/?page_id=934\"><img loading=\"lazy\" decoding=\"async\" src=\"https:\/\/comedialaon.fr\/wp-content\/uploads\/2016\/06\/Affiche-Tout-Bascule-MAL-24-06-2016_2-205x300.jpg\" alt=\"TOUT BASCULE \u00e0 la  MAL le 24 juin 2016 \u00e0 20H45\" width=\"205\" height=\"300\" class=\"alignleft size-medium wp-image-1345\" srcset=\"https:\/\/comedialaon.fr\/wp-content\/uploads\/2016\/06\/Affiche-Tout-Bascule-MAL-24-06-2016_2-205x300.jpg 205w, https:\/\/comedialaon.fr\/wp-content\/uploads\/2016\/06\/Affiche-Tout-Bascule-MAL-24-06-2016_2-768x1124.jpg 768w, https:\/\/comedialaon.fr\/wp-content\/uploads\/2016\/06\/Affiche-Tout-Bascule-MAL-24-06-2016_2-699x1024.jpg 699w, https:\/\/comedialaon.fr\/wp-content\/uploads\/2016\/06\/Affiche-Tout-Bascule-MAL-24-06-2016_2.jpg 847w\" sizes=\"auto, (max-width: 205px) 100vw, 205px\" \/><\/a> <a href=\"https:\/\/comedialaon.fr\/?page_id=100\"><img loading=\"lazy\" decoding=\"async\" src=\"https:\/\/comedialaon.fr\/wp-content\/uploads\/2015\/02\/affiche-je-veux-voir-mioussov-212x300.jpg\" alt=\"affiche je veux voir mioussov\" width=\"212\" height=\"300\" class=\"alignleft size-medium wp-image-620\" srcset=\"https:\/\/comedialaon.fr\/wp-content\/uploads\/2015\/02\/affiche-je-veux-voir-mioussov-212x300.jpg 212w, https:\/\/comedialaon.fr\/wp-content\/uploads\/2015\/02\/affiche-je-veux-voir-mioussov-724x1024.jpg 724w, https:\/\/comedialaon.fr\/wp-content\/uploads\/2015\/02\/affiche-je-veux-voir-mioussov.jpg 1754w\" sizes=\"auto, (max-width: 212px) 100vw, 212px\" \/><\/a> <a href=\"https:\/\/comedialaon.fr\/?page_id=97\"><img loading=\"lazy\" decoding=\"async\" src=\"https:\/\/comedialaon.fr\/wp-content\/uploads\/2014\/10\/Affiche-Les-Hommes-pr\u00e9f\u00e8rent-mentir-800x600-212x300.jpg\" alt=\"Affiche Les Hommes pr\u00e9f\u00e8rent mentir 800x600\" width=\"212\" height=\"300\" class=\"alignleft size-medium wp-image-63\" srcset=\"https:\/\/comedialaon.fr\/wp-content\/uploads\/2014\/10\/Affiche-Les-Hommes-pr\u00e9f\u00e8rent-mentir-800x600-212x300.jpg 212w, https:\/\/comedialaon.fr\/wp-content\/uploads\/2014\/10\/Affiche-Les-Hommes-pr\u00e9f\u00e8rent-mentir-800x600.jpg 562w\" sizes=\"auto, (max-width: 212px) 100vw, 212px\" \/><\/a> <a href=\"https:\/\/comedialaon.fr\/?page_id=94\"><img loading=\"lazy\" decoding=\"async\" src=\"https:\/\/comedialaon.fr\/wp-content\/uploads\/2014\/10\/Affiche-Vive-la-Colocation-800x600-212x300.jpg\" alt=\"Affiche Vive la Colocation 800x600\" width=\"212\" height=\"300\" class=\"alignleft size-medium wp-image-64\" srcset=\"https:\/\/comedialaon.fr\/wp-content\/uploads\/2014\/10\/Affiche-Vive-la-Colocation-800x600-212x300.jpg 212w, https:\/\/comedialaon.fr\/wp-content\/uploads\/2014\/10\/Affiche-Vive-la-Colocation-800x600.jpg 564w\" sizes=\"auto, (max-width: 212px) 100vw, 212px\" \/><\/a> <a href=\"https:\/\/comedialaon.fr\/?page_id=91\"><img loading=\"lazy\" decoding=\"async\" src=\"https:\/\/comedialaon.fr\/wp-content\/uploads\/2014\/10\/Affiche-La-Soupi\u00e8re-800x600-211x300.jpg\" alt=\"Affiche La Soupi\u00e8re 800x600\" width=\"211\" height=\"300\" class=\"alignleft size-medium wp-image-62\" srcset=\"https:\/\/comedialaon.fr\/wp-content\/uploads\/2014\/10\/Affiche-La-Soupi\u00e8re-800x600-211x300.jpg 211w, https:\/\/comedialaon.fr\/wp-content\/uploads\/2014\/10\/Affiche-La-Soupi\u00e8re-800x600.jpg 561w\" sizes=\"auto, (max-width: 211px) 100vw, 211px\" \/> <\/a><\/p>\n","protected":false},"excerpt":{"rendered":"","protected":false},"author":1,"featured_media":0,"parent":0,"menu_order":0,"comment_status":"closed","ping_status":"closed","template":"","meta":{"footnotes":""},"class_list":["post-77","page","type-page","status-publish","hentry"],"yoast_head":"<!-- This site is optimized with the Yoast SEO plugin v27.5 - https:\/\/yoast.com\/product\/yoast-seo-wordpress\/ -->\n<title>NOS PI\u00c8CES &#8226; Com\u00e9dia Laon<\/title>\n<meta name=\"robots\" content=\"index, follow, max-snippet:-1, max-image-preview:large, max-video-preview:-1\" \/>\n<link rel=\"canonical\" href=\"https:\/\/comedialaon.fr\/?page_id=77\" \/>\n<meta property=\"og:locale\" content=\"fr_FR\" \/>\n<meta property=\"og:type\" content=\"article\" \/>\n<meta property=\"og:title\" content=\"NOS PI\u00c8CES &#8226; Com\u00e9dia Laon\" \/>\n<meta property=\"og:url\" content=\"https:\/\/comedialaon.fr\/?page_id=77\" \/>\n<meta property=\"og:site_name\" content=\"Com\u00e9dia Laon\" \/>\n<meta property=\"article:publisher\" content=\"https:\/\/www.facebook.com\/profile.php?id=100008459438996\" \/>\n<meta property=\"article:modified_time\" content=\"2025-11-19T10:27:25+00:00\" \/>\n<meta property=\"og:image\" content=\"https:\/\/comedialaon.fr\/wp-content\/uploads\/2025\/11\/Affiche-Jacques-a-dit-CAPNO-le-19-avril-2026-210x300.jpg\" \/>\n<meta name=\"twitter:label1\" content=\"Dur\u00e9e de lecture estim\u00e9e\" \/>\n\t<meta name=\"twitter:data1\" content=\"3 minutes\" \/>\n<script type=\"application\/ld+json\" class=\"yoast-schema-graph\">{\"@context\":\"https:\\\/\\\/schema.org\",\"@graph\":[{\"@type\":\"WebPage\",\"@id\":\"https:\\\/\\\/comedialaon.fr\\\/?page_id=77\",\"url\":\"https:\\\/\\\/comedialaon.fr\\\/?page_id=77\",\"name\":\"NOS PI\u00c8CES &#8226; Com\u00e9dia Laon\",\"isPartOf\":{\"@id\":\"https:\\\/\\\/comedialaon.fr\\\/#website\"},\"primaryImageOfPage\":{\"@id\":\"https:\\\/\\\/comedialaon.fr\\\/?page_id=77#primaryimage\"},\"image\":{\"@id\":\"https:\\\/\\\/comedialaon.fr\\\/?page_id=77#primaryimage\"},\"thumbnailUrl\":\"https:\\\/\\\/comedialaon.fr\\\/wp-content\\\/uploads\\\/2025\\\/11\\\/Affiche-Jacques-a-dit-CAPNO-le-19-avril-2026-210x300.jpg\",\"datePublished\":\"2014-11-03T13:50:56+00:00\",\"dateModified\":\"2025-11-19T10:27:25+00:00\",\"breadcrumb\":{\"@id\":\"https:\\\/\\\/comedialaon.fr\\\/?page_id=77#breadcrumb\"},\"inLanguage\":\"fr-FR\",\"potentialAction\":[{\"@type\":\"ReadAction\",\"target\":[\"https:\\\/\\\/comedialaon.fr\\\/?page_id=77\"]}]},{\"@type\":\"ImageObject\",\"inLanguage\":\"fr-FR\",\"@id\":\"https:\\\/\\\/comedialaon.fr\\\/?page_id=77#primaryimage\",\"url\":\"https:\\\/\\\/comedialaon.fr\\\/wp-content\\\/uploads\\\/2025\\\/11\\\/Affiche-Jacques-a-dit-CAPNO-le-19-avril-2026.jpg\",\"contentUrl\":\"https:\\\/\\\/comedialaon.fr\\\/wp-content\\\/uploads\\\/2025\\\/11\\\/Affiche-Jacques-a-dit-CAPNO-le-19-avril-2026.jpg\",\"width\":420,\"height\":600,\"caption\":\"\u201cJacques a dit\u201d de Marc FAYET au Centre Culturel CAPNO le 19 avril 2026\"},{\"@type\":\"BreadcrumbList\",\"@id\":\"https:\\\/\\\/comedialaon.fr\\\/?page_id=77#breadcrumb\",\"itemListElement\":[{\"@type\":\"ListItem\",\"position\":1,\"name\":\"Accueil\",\"item\":\"https:\\\/\\\/comedialaon.fr\\\/\"},{\"@type\":\"ListItem\",\"position\":2,\"name\":\"NOS PI\u00c8CES\"}]},{\"@type\":\"WebSite\",\"@id\":\"https:\\\/\\\/comedialaon.fr\\\/#website\",\"url\":\"https:\\\/\\\/comedialaon.fr\\\/\",\"name\":\"Com\u00e9dia Laon\",\"description\":\"Prendre et donner du PLAISIR ... !!! ;-)\",\"publisher\":{\"@id\":\"https:\\\/\\\/comedialaon.fr\\\/#organization\"},\"potentialAction\":[{\"@type\":\"SearchAction\",\"target\":{\"@type\":\"EntryPoint\",\"urlTemplate\":\"https:\\\/\\\/comedialaon.fr\\\/?s={search_term_string}\"},\"query-input\":{\"@type\":\"PropertyValueSpecification\",\"valueRequired\":true,\"valueName\":\"search_term_string\"}}],\"inLanguage\":\"fr-FR\"},{\"@type\":\"Organization\",\"@id\":\"https:\\\/\\\/comedialaon.fr\\\/#organization\",\"name\":\"Com\u00e9dia Laon\",\"url\":\"https:\\\/\\\/comedialaon.fr\\\/\",\"logo\":{\"@type\":\"ImageObject\",\"inLanguage\":\"fr-FR\",\"@id\":\"https:\\\/\\\/comedialaon.fr\\\/#\\\/schema\\\/logo\\\/image\\\/\",\"url\":\"https:\\\/\\\/comedialaon.fr\\\/wp-content\\\/uploads\\\/2019\\\/02\\\/LOGO-CL-et-OL.jpg\",\"contentUrl\":\"https:\\\/\\\/comedialaon.fr\\\/wp-content\\\/uploads\\\/2019\\\/02\\\/LOGO-CL-et-OL.jpg\",\"width\":756,\"height\":210,\"caption\":\"Com\u00e9dia Laon\"},\"image\":{\"@id\":\"https:\\\/\\\/comedialaon.fr\\\/#\\\/schema\\\/logo\\\/image\\\/\"},\"sameAs\":[\"https:\\\/\\\/www.facebook.com\\\/profile.php?id=100008459438996\",\"https:\\\/\\\/www.youtube.com\\\/results?search_query=comedia laon\"]}]}<\/script>\n<!-- \/ Yoast SEO plugin. -->","yoast_head_json":{"title":"NOS PI\u00c8CES &#8226; Com\u00e9dia Laon","robots":{"index":"index","follow":"follow","max-snippet":"max-snippet:-1","max-image-preview":"max-image-preview:large","max-video-preview":"max-video-preview:-1"},"canonical":"https:\/\/comedialaon.fr\/?page_id=77","og_locale":"fr_FR","og_type":"article","og_title":"NOS PI\u00c8CES &#8226; Com\u00e9dia Laon","og_url":"https:\/\/comedialaon.fr\/?page_id=77","og_site_name":"Com\u00e9dia Laon","article_publisher":"https:\/\/www.facebook.com\/profile.php?id=100008459438996","article_modified_time":"2025-11-19T10:27:25+00:00","og_image":[{"url":"https:\/\/comedialaon.fr\/wp-content\/uploads\/2025\/11\/Affiche-Jacques-a-dit-CAPNO-le-19-avril-2026-210x300.jpg","type":"","width":"","height":""}],"twitter_misc":{"Dur\u00e9e de lecture estim\u00e9e":"3 minutes"},"schema":{"@context":"https:\/\/schema.org","@graph":[{"@type":"WebPage","@id":"https:\/\/comedialaon.fr\/?page_id=77","url":"https:\/\/comedialaon.fr\/?page_id=77","name":"NOS PI\u00c8CES &#8226; Com\u00e9dia Laon","isPartOf":{"@id":"https:\/\/comedialaon.fr\/#website"},"primaryImageOfPage":{"@id":"https:\/\/comedialaon.fr\/?page_id=77#primaryimage"},"image":{"@id":"https:\/\/comedialaon.fr\/?page_id=77#primaryimage"},"thumbnailUrl":"https:\/\/comedialaon.fr\/wp-content\/uploads\/2025\/11\/Affiche-Jacques-a-dit-CAPNO-le-19-avril-2026-210x300.jpg","datePublished":"2014-11-03T13:50:56+00:00","dateModified":"2025-11-19T10:27:25+00:00","breadcrumb":{"@id":"https:\/\/comedialaon.fr\/?page_id=77#breadcrumb"},"inLanguage":"fr-FR","potentialAction":[{"@type":"ReadAction","target":["https:\/\/comedialaon.fr\/?page_id=77"]}]},{"@type":"ImageObject","inLanguage":"fr-FR","@id":"https:\/\/comedialaon.fr\/?page_id=77#primaryimage","url":"https:\/\/comedialaon.fr\/wp-content\/uploads\/2025\/11\/Affiche-Jacques-a-dit-CAPNO-le-19-avril-2026.jpg","contentUrl":"https:\/\/comedialaon.fr\/wp-content\/uploads\/2025\/11\/Affiche-Jacques-a-dit-CAPNO-le-19-avril-2026.jpg","width":420,"height":600,"caption":"\u201cJacques a dit\u201d de Marc FAYET au Centre Culturel CAPNO le 19 avril 2026"},{"@type":"BreadcrumbList","@id":"https:\/\/comedialaon.fr\/?page_id=77#breadcrumb","itemListElement":[{"@type":"ListItem","position":1,"name":"Accueil","item":"https:\/\/comedialaon.fr\/"},{"@type":"ListItem","position":2,"name":"NOS PI\u00c8CES"}]},{"@type":"WebSite","@id":"https:\/\/comedialaon.fr\/#website","url":"https:\/\/comedialaon.fr\/","name":"Com\u00e9dia Laon","description":"Prendre et donner du PLAISIR ... !!! ;-)","publisher":{"@id":"https:\/\/comedialaon.fr\/#organization"},"potentialAction":[{"@type":"SearchAction","target":{"@type":"EntryPoint","urlTemplate":"https:\/\/comedialaon.fr\/?s={search_term_string}"},"query-input":{"@type":"PropertyValueSpecification","valueRequired":true,"valueName":"search_term_string"}}],"inLanguage":"fr-FR"},{"@type":"Organization","@id":"https:\/\/comedialaon.fr\/#organization","name":"Com\u00e9dia Laon","url":"https:\/\/comedialaon.fr\/","logo":{"@type":"ImageObject","inLanguage":"fr-FR","@id":"https:\/\/comedialaon.fr\/#\/schema\/logo\/image\/","url":"https:\/\/comedialaon.fr\/wp-content\/uploads\/2019\/02\/LOGO-CL-et-OL.jpg","contentUrl":"https:\/\/comedialaon.fr\/wp-content\/uploads\/2019\/02\/LOGO-CL-et-OL.jpg","width":756,"height":210,"caption":"Com\u00e9dia Laon"},"image":{"@id":"https:\/\/comedialaon.fr\/#\/schema\/logo\/image\/"},"sameAs":["https:\/\/www.facebook.com\/profile.php?id=100008459438996","https:\/\/www.youtube.com\/results?search_query=comedia laon"]}]}},"_links":{"self":[{"href":"https:\/\/comedialaon.fr\/index.php?rest_route=\/wp\/v2\/pages\/77","targetHints":{"allow":["GET"]}}],"collection":[{"href":"https:\/\/comedialaon.fr\/index.php?rest_route=\/wp\/v2\/pages"}],"about":[{"href":"https:\/\/comedialaon.fr\/index.php?rest_route=\/wp\/v2\/types\/page"}],"author":[{"embeddable":true,"href":"https:\/\/comedialaon.fr\/index.php?rest_route=\/wp\/v2\/users\/1"}],"replies":[{"embeddable":true,"href":"https:\/\/comedialaon.fr\/index.php?rest_route=%2Fwp%2Fv2%2Fcomments&post=77"}],"version-history":[{"count":59,"href":"https:\/\/comedialaon.fr\/index.php?rest_route=\/wp\/v2\/pages\/77\/revisions"}],"predecessor-version":[{"id":9545,"href":"https:\/\/comedialaon.fr\/index.php?rest_route=\/wp\/v2\/pages\/77\/revisions\/9545"}],"wp:attachment":[{"href":"https:\/\/comedialaon.fr\/index.php?rest_route=%2Fwp%2Fv2%2Fmedia&parent=77"}],"curies":[{"name":"wp","href":"https:\/\/api.w.org\/{rel}","templated":true}]}}