{"id":4728,"date":"2021-07-25T11:24:24","date_gmt":"2021-07-25T09:24:24","guid":{"rendered":"https:\/\/comedialaon.fr\/?page_id=4728"},"modified":"2021-07-25T11:24:24","modified_gmt":"2021-07-25T09:24:24","slug":"album-photos-tout-bascule-a-pinon-le-28-fevrier-2016","status":"publish","type":"page","link":"https:\/\/comedialaon.fr\/?page_id=4728","title":{"rendered":"<center>Album photos \u201cTOUT BASCULE\u201d <br>\u00e0 PINON le 28 F\u00c9VRIER 2016"},"content":{"rendered":"<style type=\"text\/css\">\n#foogallery-gallery-4727 .fg-image { width: 150px; }\n#foogallery-gallery-4727 { --fg-gutter: 10px; }<\/style>\n\t\t\t<div class=\"foogallery foogallery-container foogallery-default foogallery-lightbox-foobox fg-center fg-default fg-ready fg-light fg-border-thin fg-shadow-outline fg-loading-default fg-loaded-fade-in fg-caption-hover fg-hover-fade fg-hover-zoom\" id=\"foogallery-gallery-4727\" data-foogallery=\"{&quot;item&quot;:{&quot;showCaptionTitle&quot;:true,&quot;showCaptionDescription&quot;:true},&quot;lazy&quot;:true}\" style=\"--fg-title-line-clamp: 0; --fg-description-line-clamp: 0;\" >\n\t<div class=\"fg-item fg-type-image fg-idle\"><figure class=\"fg-item-inner\"><a href=\"https:\/\/comedialaon.fr\/wp-content\/uploads\/2016\/03\/1-Patrice-Bernadette-le-28-02-2016-\u00e0-Pinon.jpg\" data-caption-title=\"\u201cTOUT BASCULE\u201d : Patrice et Bernadette le 28 f\u00e9vrier 2016 \u00e0 PINON\" data-attachment-id=\"1235\" data-type=\"image\" class=\"fg-thumb\"><span class=\"fg-image-wrap\"><img decoding=\"async\" title=\"\u201cTOUT BASCULE\u201d : Patrice et Bernadette le 28 f\u00e9vrier 2016 \u00e0 PINON\" width=\"150\" height=\"150\" class=\"skip-lazy fg-image\" data-src-fg=\"https:\/\/comedialaon.fr\/wp-content\/uploads\/cache\/2016\/03\/1-Patrice-Bernadette-le-28-02-2016-\u00e0-Pinon\/4139585880.jpg\" src=\"data:image\/svg+xml,%3Csvg%20xmlns%3D%22http%3A%2F%2Fwww.w3.org%2F2000%2Fsvg%22%20width%3D%22150%22%20height%3D%22150%22%20viewBox%3D%220%200%20150%20150%22%3E%3C%2Fsvg%3E\" loading=\"eager\"><\/span><span class=\"fg-image-overlay\"><\/span><\/a><figcaption class=\"fg-caption\"><div class=\"fg-caption-inner\"><div class=\"fg-caption-title\">\u201cTOUT BASCULE\u201d : Patrice et Bernadette le 28 f\u00e9vrier 2016 \u00e0 PINON<\/div><\/div><\/figcaption><\/figure><div class=\"fg-loader\"><\/div><\/div><div class=\"fg-item fg-type-image fg-idle\"><figure class=\"fg-item-inner\"><a href=\"https:\/\/comedialaon.fr\/wp-content\/uploads\/2016\/03\/2-Patrice-le-28-02-2016-\u00e0-Pinon.jpg\" data-caption-title=\"\u201cTOUT BASCULE\u201d : Patrice le 28 f\u00e9vrier 2016 \u00e0 PINON\" data-attachment-id=\"1236\" data-type=\"image\" class=\"fg-thumb\"><span class=\"fg-image-wrap\"><img decoding=\"async\" title=\"\u201cTOUT BASCULE\u201d : Patrice le 28 f\u00e9vrier 2016 \u00e0 PINON\" width=\"150\" height=\"150\" class=\"skip-lazy fg-image\" data-src-fg=\"https:\/\/comedialaon.fr\/wp-content\/uploads\/cache\/2016\/03\/2-Patrice-le-28-02-2016-\u00e0-Pinon\/250524235.jpg\" src=\"data:image\/svg+xml,%3Csvg%20xmlns%3D%22http%3A%2F%2Fwww.w3.org%2F2000%2Fsvg%22%20width%3D%22150%22%20height%3D%22150%22%20viewBox%3D%220%200%20150%20150%22%3E%3C%2Fsvg%3E\" loading=\"eager\"><\/span><span class=\"fg-image-overlay\"><\/span><\/a><figcaption class=\"fg-caption\"><div class=\"fg-caption-inner\"><div class=\"fg-caption-title\">\u201cTOUT BASCULE\u201d : Patrice le 28 f\u00e9vrier 2016 \u00e0 PINON<\/div><\/div><\/figcaption><\/figure><div class=\"fg-loader\"><\/div><\/div><div class=\"fg-item fg-type-image fg-idle\"><figure class=\"fg-item-inner\"><a href=\"https:\/\/comedialaon.fr\/wp-content\/uploads\/2016\/03\/3-Bernadette-le-28-02-2016-\u00e0-Pinon.jpg\" data-caption-title=\"\u201cTOUT BASCULE\u201d : Bernadette le 28 f\u00e9vrier 2016 \u00e0 PINON\" data-attachment-id=\"1237\" data-type=\"image\" class=\"fg-thumb\"><span class=\"fg-image-wrap\"><img decoding=\"async\" title=\"\u201cTOUT BASCULE\u201d : Bernadette le 28 f\u00e9vrier 2016 \u00e0 PINON\" width=\"150\" height=\"150\" class=\"skip-lazy fg-image\" data-src-fg=\"https:\/\/comedialaon.fr\/wp-content\/uploads\/cache\/2016\/03\/3-Bernadette-le-28-02-2016-\u00e0-Pinon\/1971073998.jpg\" src=\"data:image\/svg+xml,%3Csvg%20xmlns%3D%22http%3A%2F%2Fwww.w3.org%2F2000%2Fsvg%22%20width%3D%22150%22%20height%3D%22150%22%20viewBox%3D%220%200%20150%20150%22%3E%3C%2Fsvg%3E\" loading=\"eager\"><\/span><span class=\"fg-image-overlay\"><\/span><\/a><figcaption class=\"fg-caption\"><div class=\"fg-caption-inner\"><div class=\"fg-caption-title\">\u201cTOUT BASCULE\u201d : Bernadette le 28 f\u00e9vrier 2016 \u00e0 PINON<\/div><\/div><\/figcaption><\/figure><div class=\"fg-loader\"><\/div><\/div><div class=\"fg-item fg-type-image fg-idle\"><figure class=\"fg-item-inner\"><a href=\"https:\/\/comedialaon.fr\/wp-content\/uploads\/2016\/03\/4-Bernard-le-28-02-2016-\u00e0-Pinon.jpg\" data-caption-title=\"\u201cTOUT BASCULE\u201d : Bernard le 28 f\u00e9vrier 2016 \u00e0 PINON\" data-attachment-id=\"1238\" data-type=\"image\" class=\"fg-thumb\"><span class=\"fg-image-wrap\"><img decoding=\"async\" title=\"\u201cTOUT BASCULE\u201d : Bernard le 28 f\u00e9vrier 2016 \u00e0 PINON\" width=\"150\" height=\"150\" class=\"skip-lazy fg-image\" data-src-fg=\"https:\/\/comedialaon.fr\/wp-content\/uploads\/cache\/2016\/03\/4-Bernard-le-28-02-2016-\u00e0-Pinon\/2544129296.jpg\" src=\"data:image\/svg+xml,%3Csvg%20xmlns%3D%22http%3A%2F%2Fwww.w3.org%2F2000%2Fsvg%22%20width%3D%22150%22%20height%3D%22150%22%20viewBox%3D%220%200%20150%20150%22%3E%3C%2Fsvg%3E\" loading=\"eager\"><\/span><span class=\"fg-image-overlay\"><\/span><\/a><figcaption class=\"fg-caption\"><div class=\"fg-caption-inner\"><div class=\"fg-caption-title\">\u201cTOUT BASCULE\u201d : Bernard le 28 f\u00e9vrier 2016 \u00e0 PINON<\/div><\/div><\/figcaption><\/figure><div class=\"fg-loader\"><\/div><\/div><div class=\"fg-item fg-type-image fg-idle\"><figure class=\"fg-item-inner\"><a href=\"https:\/\/comedialaon.fr\/wp-content\/uploads\/2016\/03\/5-Bernadette-Christian-Patrice-le-28-02-2016-\u00e0-Pinon.jpg\" data-caption-title=\"\u201cTOUT BASCULE\u201d : Bernadette, Christian et Patrice le 28 f\u00e9vrier 2016 \u00e0 PINON\" data-attachment-id=\"1239\" data-type=\"image\" class=\"fg-thumb\"><span class=\"fg-image-wrap\"><img decoding=\"async\" title=\"\u201cTOUT BASCULE\u201d : Bernadette, Christian et Patrice le 28 f\u00e9vrier 2016 \u00e0 PINON\" width=\"150\" height=\"150\" class=\"skip-lazy fg-image\" data-src-fg=\"https:\/\/comedialaon.fr\/wp-content\/uploads\/cache\/2016\/03\/5-Bernadette-Christian-Patrice-le-28-02-2016-\u00e0-Pinon\/4120879944.jpg\" src=\"data:image\/svg+xml,%3Csvg%20xmlns%3D%22http%3A%2F%2Fwww.w3.org%2F2000%2Fsvg%22%20width%3D%22150%22%20height%3D%22150%22%20viewBox%3D%220%200%20150%20150%22%3E%3C%2Fsvg%3E\" loading=\"eager\"><\/span><span class=\"fg-image-overlay\"><\/span><\/a><figcaption class=\"fg-caption\"><div class=\"fg-caption-inner\"><div class=\"fg-caption-title\">\u201cTOUT BASCULE\u201d : Bernadette, Christian et Patrice le 28 f\u00e9vrier 2016 \u00e0 PINON<\/div><\/div><\/figcaption><\/figure><div class=\"fg-loader\"><\/div><\/div><div class=\"fg-item fg-type-image fg-idle\"><figure class=\"fg-item-inner\"><a href=\"https:\/\/comedialaon.fr\/wp-content\/uploads\/2016\/03\/6-Patrice-Shahnaz-le-28-02-2016-\u00e0-Pinon.jpg\" data-caption-title=\"\u201cTOUT BASCULE\u201d : Patrice et Shahnaz le 28 f\u00e9vrier 2016 \u00e0 PINON\" data-attachment-id=\"1240\" data-type=\"image\" class=\"fg-thumb\"><span class=\"fg-image-wrap\"><img decoding=\"async\" title=\"\u201cTOUT BASCULE\u201d : Patrice et Shahnaz le 28 f\u00e9vrier 2016 \u00e0 PINON\" width=\"150\" height=\"150\" class=\"skip-lazy fg-image\" data-src-fg=\"https:\/\/comedialaon.fr\/wp-content\/uploads\/cache\/2016\/03\/6-Patrice-Shahnaz-le-28-02-2016-\u00e0-Pinon\/2545989237.jpg\" src=\"data:image\/svg+xml,%3Csvg%20xmlns%3D%22http%3A%2F%2Fwww.w3.org%2F2000%2Fsvg%22%20width%3D%22150%22%20height%3D%22150%22%20viewBox%3D%220%200%20150%20150%22%3E%3C%2Fsvg%3E\" loading=\"eager\"><\/span><span class=\"fg-image-overlay\"><\/span><\/a><figcaption class=\"fg-caption\"><div class=\"fg-caption-inner\"><div class=\"fg-caption-title\">\u201cTOUT BASCULE\u201d : Patrice et Shahnaz le 28 f\u00e9vrier 2016 \u00e0 PINON<\/div><\/div><\/figcaption><\/figure><div class=\"fg-loader\"><\/div><\/div><div class=\"fg-item fg-type-image fg-idle\"><figure class=\"fg-item-inner\"><a href=\"https:\/\/comedialaon.fr\/wp-content\/uploads\/2016\/03\/7-Patrice-Christian-le-28-02-2016-\u00e0-Pinon.jpg\" data-caption-title=\"\u201cTOUT BASCULE\u201d : Patrice et Christian le 28 f\u00e9vrier 2016 \u00e0 PINON\" data-attachment-id=\"1241\" data-type=\"image\" class=\"fg-thumb\"><span class=\"fg-image-wrap\"><img decoding=\"async\" title=\"\u201cTOUT BASCULE\u201d : Patrice et Christian le 28 f\u00e9vrier 2016 \u00e0 PINON\" width=\"150\" height=\"150\" class=\"skip-lazy fg-image\" data-src-fg=\"https:\/\/comedialaon.fr\/wp-content\/uploads\/cache\/2016\/03\/7-Patrice-Christian-le-28-02-2016-\u00e0-Pinon\/3675062589.jpg\" src=\"data:image\/svg+xml,%3Csvg%20xmlns%3D%22http%3A%2F%2Fwww.w3.org%2F2000%2Fsvg%22%20width%3D%22150%22%20height%3D%22150%22%20viewBox%3D%220%200%20150%20150%22%3E%3C%2Fsvg%3E\" loading=\"eager\"><\/span><span class=\"fg-image-overlay\"><\/span><\/a><figcaption class=\"fg-caption\"><div class=\"fg-caption-inner\"><div class=\"fg-caption-title\">\u201cTOUT BASCULE\u201d : Patrice et Christian le 28 f\u00e9vrier 2016 \u00e0 PINON<\/div><\/div><\/figcaption><\/figure><div class=\"fg-loader\"><\/div><\/div><div class=\"fg-item fg-type-image fg-idle\"><figure class=\"fg-item-inner\"><a href=\"https:\/\/comedialaon.fr\/wp-content\/uploads\/2016\/03\/8-S\u00e9verine-le-28-02-2016-\u00e0-Pinon.jpg\" data-caption-title=\"\u201cTOUT BASCULE\u201d : S\u00e9verine le 28 f\u00e9vrier 2016 \u00e0 PINON\" data-attachment-id=\"1242\" data-type=\"image\" class=\"fg-thumb\"><span class=\"fg-image-wrap\"><img decoding=\"async\" title=\"\u201cTOUT BASCULE\u201d : S\u00e9verine le 28 f\u00e9vrier 2016 \u00e0 PINON\" width=\"150\" height=\"150\" class=\"skip-lazy fg-image\" data-src-fg=\"https:\/\/comedialaon.fr\/wp-content\/uploads\/cache\/2016\/03\/8-S\u00e9verine-le-28-02-2016-\u00e0-Pinon\/1853265917.jpg\" src=\"data:image\/svg+xml,%3Csvg%20xmlns%3D%22http%3A%2F%2Fwww.w3.org%2F2000%2Fsvg%22%20width%3D%22150%22%20height%3D%22150%22%20viewBox%3D%220%200%20150%20150%22%3E%3C%2Fsvg%3E\" loading=\"eager\"><\/span><span class=\"fg-image-overlay\"><\/span><\/a><figcaption class=\"fg-caption\"><div class=\"fg-caption-inner\"><div class=\"fg-caption-title\">\u201cTOUT BASCULE\u201d : S\u00e9verine le 28 f\u00e9vrier 2016 \u00e0 PINON<\/div><\/div><\/figcaption><\/figure><div class=\"fg-loader\"><\/div><\/div><div class=\"fg-item fg-type-image fg-idle\"><figure class=\"fg-item-inner\"><a href=\"https:\/\/comedialaon.fr\/wp-content\/uploads\/2016\/03\/9-Sylvie-Patrice-Christian-le-28-02-2016-\u00e0-Pinon.jpg\" data-caption-title=\"\u201cTOUT BASCULE\u201d : Sylvie, Patrice et Christian le 28 f\u00e9vrier 2016 \u00e0 PINON\" data-attachment-id=\"1243\" data-type=\"image\" class=\"fg-thumb\"><span class=\"fg-image-wrap\"><img decoding=\"async\" title=\"\u201cTOUT BASCULE\u201d : Sylvie, Patrice et Christian le 28 f\u00e9vrier 2016 \u00e0 PINON\" width=\"150\" height=\"150\" class=\"skip-lazy fg-image\" data-src-fg=\"https:\/\/comedialaon.fr\/wp-content\/uploads\/cache\/2016\/03\/9-Sylvie-Patrice-Christian-le-28-02-2016-\u00e0-Pinon\/2169918569.jpg\" src=\"data:image\/svg+xml,%3Csvg%20xmlns%3D%22http%3A%2F%2Fwww.w3.org%2F2000%2Fsvg%22%20width%3D%22150%22%20height%3D%22150%22%20viewBox%3D%220%200%20150%20150%22%3E%3C%2Fsvg%3E\" loading=\"eager\"><\/span><span class=\"fg-image-overlay\"><\/span><\/a><figcaption class=\"fg-caption\"><div class=\"fg-caption-inner\"><div class=\"fg-caption-title\">\u201cTOUT BASCULE\u201d : Sylvie, Patrice et Christian le 28 f\u00e9vrier 2016 \u00e0 PINON<\/div><\/div><\/figcaption><\/figure><div class=\"fg-loader\"><\/div><\/div><div class=\"fg-item fg-type-image fg-idle\"><figure class=\"fg-item-inner\"><a href=\"https:\/\/comedialaon.fr\/wp-content\/uploads\/2016\/03\/10-Shahnaz-Christian-S\u00e9verine-Bernadette-le-28-02-2016-\u00e0-Pinon.jpg\" data-caption-title=\"\u201cTOUT BASCULE\u201d : Shahnaz, Christian, S\u00e9verine et Bernadette le 28 f\u00e9vrier 2016 \u00e0 PINON\" data-attachment-id=\"1244\" data-type=\"image\" class=\"fg-thumb\"><span class=\"fg-image-wrap\"><img decoding=\"async\" title=\"\u201cTOUT BASCULE\u201d : Shahnaz, Christian, S\u00e9verine et Bernadette le 28 f\u00e9vrier 2016 \u00e0 PINON\" width=\"150\" height=\"150\" class=\"skip-lazy fg-image\" data-src-fg=\"https:\/\/comedialaon.fr\/wp-content\/uploads\/cache\/2016\/03\/10-Shahnaz-Christian-S\u00e9verine-Bernadette-le-28-02-2016-\u00e0-Pinon\/1715654895.jpg\" src=\"data:image\/svg+xml,%3Csvg%20xmlns%3D%22http%3A%2F%2Fwww.w3.org%2F2000%2Fsvg%22%20width%3D%22150%22%20height%3D%22150%22%20viewBox%3D%220%200%20150%20150%22%3E%3C%2Fsvg%3E\" loading=\"eager\"><\/span><span class=\"fg-image-overlay\"><\/span><\/a><figcaption class=\"fg-caption\"><div class=\"fg-caption-inner\"><div class=\"fg-caption-title\">\u201cTOUT BASCULE\u201d : Shahnaz, Christian, S\u00e9verine et Bernadette le 28 f\u00e9vrier 2016 \u00e0 PINON<\/div><\/div><\/figcaption><\/figure><div class=\"fg-loader\"><\/div><\/div><div class=\"fg-item fg-type-image fg-idle\"><figure class=\"fg-item-inner\"><a href=\"https:\/\/comedialaon.fr\/wp-content\/uploads\/2016\/03\/11-Shahnaz-Christian-le-28-02-2016-\u00e0-Pinon.jpg\" data-caption-title=\"\u201cTOUT BASCULE\u201d : Shahnaz et Christian le 28 f\u00e9vrier 2016 \u00e0 PINON\" data-attachment-id=\"1245\" data-type=\"image\" class=\"fg-thumb\"><span class=\"fg-image-wrap\"><img decoding=\"async\" title=\"\u201cTOUT BASCULE\u201d : Shahnaz et Christian le 28 f\u00e9vrier 2016 \u00e0 PINON\" width=\"150\" height=\"150\" class=\"skip-lazy fg-image\" data-src-fg=\"https:\/\/comedialaon.fr\/wp-content\/uploads\/cache\/2016\/03\/11-Shahnaz-Christian-le-28-02-2016-\u00e0-Pinon\/2783877133.jpg\" src=\"data:image\/svg+xml,%3Csvg%20xmlns%3D%22http%3A%2F%2Fwww.w3.org%2F2000%2Fsvg%22%20width%3D%22150%22%20height%3D%22150%22%20viewBox%3D%220%200%20150%20150%22%3E%3C%2Fsvg%3E\" loading=\"eager\"><\/span><span class=\"fg-image-overlay\"><\/span><\/a><figcaption class=\"fg-caption\"><div class=\"fg-caption-inner\"><div class=\"fg-caption-title\">\u201cTOUT BASCULE\u201d : Shahnaz et Christian le 28 f\u00e9vrier 2016 \u00e0 PINON<\/div><\/div><\/figcaption><\/figure><div class=\"fg-loader\"><\/div><\/div><div class=\"fg-item fg-type-image fg-idle\"><figure class=\"fg-item-inner\"><a href=\"https:\/\/comedialaon.fr\/wp-content\/uploads\/2016\/03\/12-le-28-02-2016-\u00e0-Pinon.jpg\" data-caption-title=\"\u201cTOUT BASCULE\u201d : Shahnaz, Sylvie, Patrice S\u00e9verine et Bernadette le 28 f\u00e9vrier 2016 \u00e0 PINON\" data-attachment-id=\"1246\" data-type=\"image\" class=\"fg-thumb\"><span class=\"fg-image-wrap\"><img decoding=\"async\" title=\"\u201cTOUT BASCULE\u201d : Shahnaz, Sylvie, Patrice S\u00e9verine et Bernadette le 28 f\u00e9vrier 2016 \u00e0 PINON\" width=\"150\" height=\"150\" class=\"skip-lazy fg-image\" data-src-fg=\"https:\/\/comedialaon.fr\/wp-content\/uploads\/cache\/2016\/03\/12-le-28-02-2016-\u00e0-Pinon\/1337121595.jpg\" src=\"data:image\/svg+xml,%3Csvg%20xmlns%3D%22http%3A%2F%2Fwww.w3.org%2F2000%2Fsvg%22%20width%3D%22150%22%20height%3D%22150%22%20viewBox%3D%220%200%20150%20150%22%3E%3C%2Fsvg%3E\" loading=\"eager\"><\/span><span class=\"fg-image-overlay\"><\/span><\/a><figcaption class=\"fg-caption\"><div class=\"fg-caption-inner\"><div class=\"fg-caption-title\">\u201cTOUT BASCULE\u201d : Shahnaz, Sylvie, Patrice S\u00e9verine et Bernadette le 28 f\u00e9vrier 2016 \u00e0 PINON<\/div><\/div><\/figcaption><\/figure><div class=\"fg-loader\"><\/div><\/div><div class=\"fg-item fg-type-image fg-idle\"><figure class=\"fg-item-inner\"><a href=\"https:\/\/comedialaon.fr\/wp-content\/uploads\/2016\/03\/13-Bernadette-Bernard-le-28-02-2016-\u00e0-Pinon.jpg\" data-caption-title=\"\u201cTOUT BASCULE\u201d : Bernadette et Bernard le 28 f\u00e9vrier 2016 \u00e0 PINON\" data-attachment-id=\"1247\" data-type=\"image\" class=\"fg-thumb\"><span class=\"fg-image-wrap\"><img decoding=\"async\" title=\"\u201cTOUT BASCULE\u201d : Bernadette et Bernard le 28 f\u00e9vrier 2016 \u00e0 PINON\" width=\"150\" height=\"150\" class=\"skip-lazy fg-image\" data-src-fg=\"https:\/\/comedialaon.fr\/wp-content\/uploads\/cache\/2016\/03\/13-Bernadette-Bernard-le-28-02-2016-\u00e0-Pinon\/2373582441.jpg\" src=\"data:image\/svg+xml,%3Csvg%20xmlns%3D%22http%3A%2F%2Fwww.w3.org%2F2000%2Fsvg%22%20width%3D%22150%22%20height%3D%22150%22%20viewBox%3D%220%200%20150%20150%22%3E%3C%2Fsvg%3E\" loading=\"eager\"><\/span><span class=\"fg-image-overlay\"><\/span><\/a><figcaption class=\"fg-caption\"><div class=\"fg-caption-inner\"><div class=\"fg-caption-title\">\u201cTOUT BASCULE\u201d : Bernadette et Bernard le 28 f\u00e9vrier 2016 \u00e0 PINON<\/div><\/div><\/figcaption><\/figure><div class=\"fg-loader\"><\/div><\/div><div class=\"fg-item fg-type-image fg-idle\"><figure class=\"fg-item-inner\"><a href=\"https:\/\/comedialaon.fr\/wp-content\/uploads\/2016\/03\/14-Bernadette-Bernard-le-28-02-2016-\u00e0-Pinon.jpg\" data-caption-title=\"\u201cTOUT BASCULE\u201d : Bernadette et Bernard le 28 f\u00e9vrier 2016 \u00e0 PINON\" data-attachment-id=\"1248\" data-type=\"image\" class=\"fg-thumb\"><span class=\"fg-image-wrap\"><img decoding=\"async\" title=\"\u201cTOUT BASCULE\u201d : Bernadette et Bernard le 28 f\u00e9vrier 2016 \u00e0 PINON\" width=\"150\" height=\"150\" class=\"skip-lazy fg-image\" data-src-fg=\"https:\/\/comedialaon.fr\/wp-content\/uploads\/cache\/2016\/03\/14-Bernadette-Bernard-le-28-02-2016-\u00e0-Pinon\/283138286.jpg\" src=\"data:image\/svg+xml,%3Csvg%20xmlns%3D%22http%3A%2F%2Fwww.w3.org%2F2000%2Fsvg%22%20width%3D%22150%22%20height%3D%22150%22%20viewBox%3D%220%200%20150%20150%22%3E%3C%2Fsvg%3E\" loading=\"eager\"><\/span><span class=\"fg-image-overlay\"><\/span><\/a><figcaption class=\"fg-caption\"><div class=\"fg-caption-inner\"><div class=\"fg-caption-title\">\u201cTOUT BASCULE\u201d : Bernadette et Bernard le 28 f\u00e9vrier 2016 \u00e0 PINON<\/div><\/div><\/figcaption><\/figure><div class=\"fg-loader\"><\/div><\/div><div class=\"fg-item fg-type-image fg-idle\"><figure class=\"fg-item-inner\"><a href=\"https:\/\/comedialaon.fr\/wp-content\/uploads\/2016\/03\/15-Bernadette-Bernard-le-28-02-2016-\u00e0-Pinon.jpg\" data-caption-title=\"\u201cTOUT BASCULE\u201d : Bernadette et Bernard le 28 f\u00e9vrier 2016 \u00e0 PINON\" data-attachment-id=\"1249\" data-type=\"image\" class=\"fg-thumb\"><span class=\"fg-image-wrap\"><img decoding=\"async\" title=\"\u201cTOUT BASCULE\u201d : Bernadette et Bernard le 28 f\u00e9vrier 2016 \u00e0 PINON\" width=\"150\" height=\"150\" class=\"skip-lazy fg-image\" data-src-fg=\"https:\/\/comedialaon.fr\/wp-content\/uploads\/cache\/2016\/03\/15-Bernadette-Bernard-le-28-02-2016-\u00e0-Pinon\/450277317.jpg\" src=\"data:image\/svg+xml,%3Csvg%20xmlns%3D%22http%3A%2F%2Fwww.w3.org%2F2000%2Fsvg%22%20width%3D%22150%22%20height%3D%22150%22%20viewBox%3D%220%200%20150%20150%22%3E%3C%2Fsvg%3E\" loading=\"eager\"><\/span><span class=\"fg-image-overlay\"><\/span><\/a><figcaption class=\"fg-caption\"><div class=\"fg-caption-inner\"><div class=\"fg-caption-title\">\u201cTOUT BASCULE\u201d : Bernadette et Bernard le 28 f\u00e9vrier 2016 \u00e0 PINON<\/div><\/div><\/figcaption><\/figure><div class=\"fg-loader\"><\/div><\/div><div class=\"fg-item fg-type-image fg-idle\"><figure class=\"fg-item-inner\"><a href=\"https:\/\/comedialaon.fr\/wp-content\/uploads\/2016\/03\/16-Bernadette-le-28-02-2016-\u00e0-Pinon.jpg\" data-caption-title=\"\u201cTOUT BASCULE\u201d : Bernadette le 28 f\u00e9vrier 2016 \u00e0 PINON\" data-attachment-id=\"1250\" data-type=\"image\" class=\"fg-thumb\"><span class=\"fg-image-wrap\"><img decoding=\"async\" title=\"\u201cTOUT BASCULE\u201d : Bernadette le 28 f\u00e9vrier 2016 \u00e0 PINON\" width=\"150\" height=\"150\" class=\"skip-lazy fg-image\" data-src-fg=\"https:\/\/comedialaon.fr\/wp-content\/uploads\/cache\/2016\/03\/16-Bernadette-le-28-02-2016-\u00e0-Pinon\/2353450776.jpg\" src=\"data:image\/svg+xml,%3Csvg%20xmlns%3D%22http%3A%2F%2Fwww.w3.org%2F2000%2Fsvg%22%20width%3D%22150%22%20height%3D%22150%22%20viewBox%3D%220%200%20150%20150%22%3E%3C%2Fsvg%3E\" loading=\"eager\"><\/span><span class=\"fg-image-overlay\"><\/span><\/a><figcaption class=\"fg-caption\"><div class=\"fg-caption-inner\"><div class=\"fg-caption-title\">\u201cTOUT BASCULE\u201d : Bernadette le 28 f\u00e9vrier 2016 \u00e0 PINON<\/div><\/div><\/figcaption><\/figure><div class=\"fg-loader\"><\/div><\/div><div class=\"fg-item fg-type-image fg-idle\"><figure class=\"fg-item-inner\"><a href=\"https:\/\/comedialaon.fr\/wp-content\/uploads\/2016\/03\/17-Bernadette-le-28-02-2016-\u00e0-Pinon.jpg\" data-caption-title=\"\u201cTOUT BASCULE\u201d : Bernadette le 28 f\u00e9vrier 2016 \u00e0 PINON\" data-attachment-id=\"1251\" data-type=\"image\" class=\"fg-thumb\"><span class=\"fg-image-wrap\"><img decoding=\"async\" title=\"\u201cTOUT BASCULE\u201d : Bernadette le 28 f\u00e9vrier 2016 \u00e0 PINON\" width=\"150\" height=\"150\" class=\"skip-lazy fg-image\" data-src-fg=\"https:\/\/comedialaon.fr\/wp-content\/uploads\/cache\/2016\/03\/17-Bernadette-le-28-02-2016-\u00e0-Pinon\/4245091418.jpg\" src=\"data:image\/svg+xml,%3Csvg%20xmlns%3D%22http%3A%2F%2Fwww.w3.org%2F2000%2Fsvg%22%20width%3D%22150%22%20height%3D%22150%22%20viewBox%3D%220%200%20150%20150%22%3E%3C%2Fsvg%3E\" loading=\"eager\"><\/span><span class=\"fg-image-overlay\"><\/span><\/a><figcaption class=\"fg-caption\"><div class=\"fg-caption-inner\"><div class=\"fg-caption-title\">\u201cTOUT BASCULE\u201d : Bernadette le 28 f\u00e9vrier 2016 \u00e0 PINON<\/div><\/div><\/figcaption><\/figure><div class=\"fg-loader\"><\/div><\/div><div class=\"fg-item fg-type-image fg-idle\"><figure class=\"fg-item-inner\"><a href=\"https:\/\/comedialaon.fr\/wp-content\/uploads\/2016\/03\/18-Bernard-Sylvie-le-28-02-2016-\u00e0-Pinon.jpg\" data-caption-title=\"\u201cTOUT BASCULE\u201d : Bernard et Sylvie le 28 f\u00e9vrier 2016 \u00e0 PINON\" data-attachment-id=\"1252\" data-type=\"image\" class=\"fg-thumb\"><span class=\"fg-image-wrap\"><img decoding=\"async\" title=\"\u201cTOUT BASCULE\u201d : Bernard et Sylvie le 28 f\u00e9vrier 2016 \u00e0 PINON\" width=\"150\" height=\"150\" class=\"skip-lazy fg-image\" data-src-fg=\"https:\/\/comedialaon.fr\/wp-content\/uploads\/cache\/2016\/03\/18-Bernard-Sylvie-le-28-02-2016-\u00e0-Pinon\/1552088904.jpg\" src=\"data:image\/svg+xml,%3Csvg%20xmlns%3D%22http%3A%2F%2Fwww.w3.org%2F2000%2Fsvg%22%20width%3D%22150%22%20height%3D%22150%22%20viewBox%3D%220%200%20150%20150%22%3E%3C%2Fsvg%3E\" loading=\"eager\"><\/span><span class=\"fg-image-overlay\"><\/span><\/a><figcaption class=\"fg-caption\"><div class=\"fg-caption-inner\"><div class=\"fg-caption-title\">\u201cTOUT BASCULE\u201d : Bernard et Sylvie le 28 f\u00e9vrier 2016 \u00e0 PINON<\/div><\/div><\/figcaption><\/figure><div class=\"fg-loader\"><\/div><\/div><div class=\"fg-item fg-type-image fg-idle\"><figure class=\"fg-item-inner\"><a href=\"https:\/\/comedialaon.fr\/wp-content\/uploads\/2016\/03\/19-S\u00e9verine-Bernard-le-28-02-2016-\u00e0-Pinon.jpg\" data-caption-title=\"\u201cTOUT BASCULE\u201d : S\u00e9verine et Bernard le 28 f\u00e9vrier 2016 \u00e0 PINON\" data-attachment-id=\"1253\" data-type=\"image\" class=\"fg-thumb\"><span class=\"fg-image-wrap\"><img decoding=\"async\" title=\"\u201cTOUT BASCULE\u201d : S\u00e9verine et Bernard le 28 f\u00e9vrier 2016 \u00e0 PINON\" width=\"150\" height=\"150\" class=\"skip-lazy fg-image\" data-src-fg=\"https:\/\/comedialaon.fr\/wp-content\/uploads\/cache\/2016\/03\/19-S\u00e9verine-Bernard-le-28-02-2016-\u00e0-Pinon\/3399641566.jpg\" src=\"data:image\/svg+xml,%3Csvg%20xmlns%3D%22http%3A%2F%2Fwww.w3.org%2F2000%2Fsvg%22%20width%3D%22150%22%20height%3D%22150%22%20viewBox%3D%220%200%20150%20150%22%3E%3C%2Fsvg%3E\" loading=\"eager\"><\/span><span class=\"fg-image-overlay\"><\/span><\/a><figcaption class=\"fg-caption\"><div class=\"fg-caption-inner\"><div class=\"fg-caption-title\">\u201cTOUT BASCULE\u201d : S\u00e9verine et Bernard le 28 f\u00e9vrier 2016 \u00e0 PINON<\/div><\/div><\/figcaption><\/figure><div class=\"fg-loader\"><\/div><\/div><div class=\"fg-item fg-type-image fg-idle\"><figure class=\"fg-item-inner\"><a href=\"https:\/\/comedialaon.fr\/wp-content\/uploads\/2016\/03\/20-Bernadette-Christian-Sylvie-le-28-02-2016-\u00e0-Pinon.jpg\" data-caption-title=\"\u201cTOUT BASCULE\u201d : Bernadette, Christian et Sylvie le 28 f\u00e9vrier 2016 \u00e0 PINON\" data-attachment-id=\"1254\" data-type=\"image\" class=\"fg-thumb\"><span class=\"fg-image-wrap\"><img decoding=\"async\" title=\"\u201cTOUT BASCULE\u201d : Bernadette, Christian et Sylvie le 28 f\u00e9vrier 2016 \u00e0 PINON\" width=\"150\" height=\"150\" class=\"skip-lazy fg-image\" data-src-fg=\"https:\/\/comedialaon.fr\/wp-content\/uploads\/cache\/2016\/03\/20-Bernadette-Christian-Sylvie-le-28-02-2016-\u00e0-Pinon\/446354062.jpg\" src=\"data:image\/svg+xml,%3Csvg%20xmlns%3D%22http%3A%2F%2Fwww.w3.org%2F2000%2Fsvg%22%20width%3D%22150%22%20height%3D%22150%22%20viewBox%3D%220%200%20150%20150%22%3E%3C%2Fsvg%3E\" loading=\"eager\"><\/span><span class=\"fg-image-overlay\"><\/span><\/a><figcaption class=\"fg-caption\"><div class=\"fg-caption-inner\"><div class=\"fg-caption-title\">\u201cTOUT BASCULE\u201d : Bernadette, Christian et Sylvie le 28 f\u00e9vrier 2016 \u00e0 PINON<\/div><\/div><\/figcaption><\/figure><div class=\"fg-loader\"><\/div><\/div><div class=\"fg-item fg-type-image fg-idle\"><figure class=\"fg-item-inner\"><a href=\"https:\/\/comedialaon.fr\/wp-content\/uploads\/2016\/03\/21-Shahnaz-Patrice-Sylvie-le-28-02-2016-\u00e0-Pinon.jpg\" data-caption-title=\"\u201cTOUT BASCULE\u201d : Shahnaz, Patrice et Sylvie le 28 f\u00e9vrier 2016 \u00e0 PINON\" data-attachment-id=\"1255\" data-type=\"image\" class=\"fg-thumb\"><span class=\"fg-image-wrap\"><img decoding=\"async\" title=\"\u201cTOUT BASCULE\u201d : Shahnaz, Patrice et Sylvie le 28 f\u00e9vrier 2016 \u00e0 PINON\" width=\"150\" height=\"150\" class=\"skip-lazy fg-image\" data-src-fg=\"https:\/\/comedialaon.fr\/wp-content\/uploads\/cache\/2016\/03\/21-Shahnaz-Patrice-Sylvie-le-28-02-2016-\u00e0-Pinon\/2504544202.jpg\" src=\"data:image\/svg+xml,%3Csvg%20xmlns%3D%22http%3A%2F%2Fwww.w3.org%2F2000%2Fsvg%22%20width%3D%22150%22%20height%3D%22150%22%20viewBox%3D%220%200%20150%20150%22%3E%3C%2Fsvg%3E\" loading=\"eager\"><\/span><span class=\"fg-image-overlay\"><\/span><\/a><figcaption class=\"fg-caption\"><div class=\"fg-caption-inner\"><div class=\"fg-caption-title\">\u201cTOUT BASCULE\u201d : Shahnaz, Patrice et Sylvie le 28 f\u00e9vrier 2016 \u00e0 PINON<\/div><\/div><\/figcaption><\/figure><div class=\"fg-loader\"><\/div><\/div><div class=\"fg-item fg-type-image fg-idle\"><figure class=\"fg-item-inner\"><a href=\"https:\/\/comedialaon.fr\/wp-content\/uploads\/2016\/03\/22-Christian-Bernard-le-28-02-2016-\u00e0-Pinon.jpg\" data-caption-title=\"\u201cTOUT BASCULE\u201d : Christian et Bernard le 28 f\u00e9vrier 2016 \u00e0 PINON\" data-attachment-id=\"1256\" data-type=\"image\" class=\"fg-thumb\"><span class=\"fg-image-wrap\"><img decoding=\"async\" title=\"\u201cTOUT BASCULE\u201d : Christian et Bernard le 28 f\u00e9vrier 2016 \u00e0 PINON\" width=\"150\" height=\"150\" class=\"skip-lazy fg-image\" data-src-fg=\"https:\/\/comedialaon.fr\/wp-content\/uploads\/cache\/2016\/03\/22-Christian-Bernard-le-28-02-2016-\u00e0-Pinon\/2784946115.jpg\" src=\"data:image\/svg+xml,%3Csvg%20xmlns%3D%22http%3A%2F%2Fwww.w3.org%2F2000%2Fsvg%22%20width%3D%22150%22%20height%3D%22150%22%20viewBox%3D%220%200%20150%20150%22%3E%3C%2Fsvg%3E\" loading=\"eager\"><\/span><span class=\"fg-image-overlay\"><\/span><\/a><figcaption class=\"fg-caption\"><div class=\"fg-caption-inner\"><div class=\"fg-caption-title\">\u201cTOUT BASCULE\u201d : Christian et Bernard le 28 f\u00e9vrier 2016 \u00e0 PINON<\/div><\/div><\/figcaption><\/figure><div class=\"fg-loader\"><\/div><\/div><div class=\"fg-item fg-type-image fg-idle\"><figure class=\"fg-item-inner\"><a href=\"https:\/\/comedialaon.fr\/wp-content\/uploads\/2016\/03\/23-Patrice-Christian-Bernard-le-28-02-2016-\u00e0-Pinon.jpg\" data-caption-title=\"\u201cTOUT BASCULE\u201d : Patrice, Christian et Bernard le 28 f\u00e9vrier 2016 \u00e0 PINON\" data-attachment-id=\"1257\" data-type=\"image\" class=\"fg-thumb\"><span class=\"fg-image-wrap\"><img decoding=\"async\" title=\"\u201cTOUT BASCULE\u201d : Patrice, Christian et Bernard le 28 f\u00e9vrier 2016 \u00e0 PINON\" width=\"150\" height=\"150\" class=\"skip-lazy fg-image\" data-src-fg=\"https:\/\/comedialaon.fr\/wp-content\/uploads\/cache\/2016\/03\/23-Patrice-Christian-Bernard-le-28-02-2016-\u00e0-Pinon\/3106803467.jpg\" src=\"data:image\/svg+xml,%3Csvg%20xmlns%3D%22http%3A%2F%2Fwww.w3.org%2F2000%2Fsvg%22%20width%3D%22150%22%20height%3D%22150%22%20viewBox%3D%220%200%20150%20150%22%3E%3C%2Fsvg%3E\" loading=\"eager\"><\/span><span class=\"fg-image-overlay\"><\/span><\/a><figcaption class=\"fg-caption\"><div class=\"fg-caption-inner\"><div class=\"fg-caption-title\">\u201cTOUT BASCULE\u201d : Patrice, Christian et Bernard le 28 f\u00e9vrier 2016 \u00e0 PINON<\/div><\/div><\/figcaption><\/figure><div class=\"fg-loader\"><\/div><\/div><div class=\"fg-item fg-type-image fg-idle\"><figure class=\"fg-item-inner\"><a href=\"https:\/\/comedialaon.fr\/wp-content\/uploads\/2016\/03\/24-Patrice-le-28-02-2016-\u00e0-Pinon.jpg\" data-caption-title=\"\u201cTOUT BASCULE\u201d : Patrice le 28 f\u00e9vrier 2016 \u00e0 PINON\" data-attachment-id=\"1258\" data-type=\"image\" class=\"fg-thumb\"><span class=\"fg-image-wrap\"><img decoding=\"async\" title=\"\u201cTOUT BASCULE\u201d : Patrice le 28 f\u00e9vrier 2016 \u00e0 PINON\" width=\"150\" height=\"150\" class=\"skip-lazy fg-image\" data-src-fg=\"https:\/\/comedialaon.fr\/wp-content\/uploads\/cache\/2016\/03\/24-Patrice-le-28-02-2016-\u00e0-Pinon\/1357878505.jpg\" src=\"data:image\/svg+xml,%3Csvg%20xmlns%3D%22http%3A%2F%2Fwww.w3.org%2F2000%2Fsvg%22%20width%3D%22150%22%20height%3D%22150%22%20viewBox%3D%220%200%20150%20150%22%3E%3C%2Fsvg%3E\" loading=\"eager\"><\/span><span class=\"fg-image-overlay\"><\/span><\/a><figcaption class=\"fg-caption\"><div class=\"fg-caption-inner\"><div class=\"fg-caption-title\">\u201cTOUT BASCULE\u201d : Patrice le 28 f\u00e9vrier 2016 \u00e0 PINON<\/div><\/div><\/figcaption><\/figure><div class=\"fg-loader\"><\/div><\/div><div class=\"fg-item fg-type-image fg-idle\"><figure class=\"fg-item-inner\"><a href=\"https:\/\/comedialaon.fr\/wp-content\/uploads\/2016\/03\/25-Shahnaz-le-28-02-2016-\u00e0-Pinon.jpg\" data-caption-title=\"\u201cTOUT BASCULE\u201d : Bernard, Shahnaz et Sylvie le 28 f\u00e9vrier 2016 \u00e0 PINON\" data-attachment-id=\"1259\" data-type=\"image\" class=\"fg-thumb\"><span class=\"fg-image-wrap\"><img decoding=\"async\" title=\"\u201cTOUT BASCULE\u201d : Bernard, Shahnaz et Sylvie le 28 f\u00e9vrier 2016 \u00e0 PINON\" width=\"150\" height=\"150\" class=\"skip-lazy fg-image\" data-src-fg=\"https:\/\/comedialaon.fr\/wp-content\/uploads\/cache\/2016\/03\/25-Shahnaz-le-28-02-2016-\u00e0-Pinon\/3837359967.jpg\" src=\"data:image\/svg+xml,%3Csvg%20xmlns%3D%22http%3A%2F%2Fwww.w3.org%2F2000%2Fsvg%22%20width%3D%22150%22%20height%3D%22150%22%20viewBox%3D%220%200%20150%20150%22%3E%3C%2Fsvg%3E\" loading=\"eager\"><\/span><span class=\"fg-image-overlay\"><\/span><\/a><figcaption class=\"fg-caption\"><div class=\"fg-caption-inner\"><div class=\"fg-caption-title\">\u201cTOUT BASCULE\u201d : Bernard, Shahnaz et Sylvie le 28 f\u00e9vrier 2016 \u00e0 PINON<\/div><\/div><\/figcaption><\/figure><div class=\"fg-loader\"><\/div><\/div><div class=\"fg-item fg-type-image fg-idle\"><figure class=\"fg-item-inner\"><a href=\"https:\/\/comedialaon.fr\/wp-content\/uploads\/2016\/03\/26-Bernard-Sylvie-le-28-02-2016-\u00e0-Pinon.jpg\" data-caption-title=\"\u201cTOUT BASCULE\u201d : Bernard et Sylvie le 28 f\u00e9vrier 2016 \u00e0 PINON\" data-attachment-id=\"1260\" data-type=\"image\" class=\"fg-thumb\"><span class=\"fg-image-wrap\"><img decoding=\"async\" title=\"\u201cTOUT BASCULE\u201d : Bernard et Sylvie le 28 f\u00e9vrier 2016 \u00e0 PINON\" width=\"150\" height=\"150\" class=\"skip-lazy fg-image\" data-src-fg=\"https:\/\/comedialaon.fr\/wp-content\/uploads\/cache\/2016\/03\/26-Bernard-Sylvie-le-28-02-2016-\u00e0-Pinon\/3008609228.jpg\" src=\"data:image\/svg+xml,%3Csvg%20xmlns%3D%22http%3A%2F%2Fwww.w3.org%2F2000%2Fsvg%22%20width%3D%22150%22%20height%3D%22150%22%20viewBox%3D%220%200%20150%20150%22%3E%3C%2Fsvg%3E\" loading=\"eager\"><\/span><span class=\"fg-image-overlay\"><\/span><\/a><figcaption class=\"fg-caption\"><div class=\"fg-caption-inner\"><div class=\"fg-caption-title\">\u201cTOUT BASCULE\u201d : Bernard et Sylvie le 28 f\u00e9vrier 2016 \u00e0 PINON<\/div><\/div><\/figcaption><\/figure><div class=\"fg-loader\"><\/div><\/div><div class=\"fg-item fg-type-image fg-idle\"><figure class=\"fg-item-inner\"><a href=\"https:\/\/comedialaon.fr\/wp-content\/uploads\/2016\/03\/27-S\u00e9verine-Patrice-Sylvie-le-28-02-2016-\u00e0-Pinon.jpg\" data-caption-title=\"\u201cTOUT BASCULE\u201d : S\u00e9verine, Patrice et Sylvie le 28 f\u00e9vrier 2016 \u00e0 PINON\" data-attachment-id=\"1261\" data-type=\"image\" class=\"fg-thumb\"><span class=\"fg-image-wrap\"><img decoding=\"async\" title=\"\u201cTOUT BASCULE\u201d : S\u00e9verine, Patrice et Sylvie le 28 f\u00e9vrier 2016 \u00e0 PINON\" width=\"150\" height=\"150\" class=\"skip-lazy fg-image\" data-src-fg=\"https:\/\/comedialaon.fr\/wp-content\/uploads\/cache\/2016\/03\/27-S\u00e9verine-Patrice-Sylvie-le-28-02-2016-\u00e0-Pinon\/3789552179.jpg\" src=\"data:image\/svg+xml,%3Csvg%20xmlns%3D%22http%3A%2F%2Fwww.w3.org%2F2000%2Fsvg%22%20width%3D%22150%22%20height%3D%22150%22%20viewBox%3D%220%200%20150%20150%22%3E%3C%2Fsvg%3E\" loading=\"eager\"><\/span><span class=\"fg-image-overlay\"><\/span><\/a><figcaption class=\"fg-caption\"><div class=\"fg-caption-inner\"><div class=\"fg-caption-title\">\u201cTOUT BASCULE\u201d : S\u00e9verine, Patrice et Sylvie le 28 f\u00e9vrier 2016 \u00e0 PINON<\/div><\/div><\/figcaption><\/figure><div class=\"fg-loader\"><\/div><\/div><div class=\"fg-item fg-type-image fg-idle\"><figure class=\"fg-item-inner\"><a href=\"https:\/\/comedialaon.fr\/wp-content\/uploads\/2016\/03\/28-S\u00e9verine-Christian-Bernadete-Patrice-le-28-02-2016-\u00e0-Pinon.jpg\" data-caption-title=\"\u201cTOUT BASCULE\u201d : S\u00e9verine, Christian, Bernadette et Patrice le 28 f\u00e9vrier 2016 \u00e0 PINON\" data-attachment-id=\"1262\" data-type=\"image\" class=\"fg-thumb\"><span class=\"fg-image-wrap\"><img decoding=\"async\" title=\"\u201cTOUT BASCULE\u201d : S\u00e9verine, Christian, Bernadette et Patrice le 28 f\u00e9vrier 2016 \u00e0 PINON\" width=\"150\" height=\"150\" class=\"skip-lazy fg-image\" data-src-fg=\"https:\/\/comedialaon.fr\/wp-content\/uploads\/cache\/2016\/03\/28-S\u00e9verine-Christian-Bernadete-Patrice-le-28-02-2016-\u00e0-Pinon\/2203512107.jpg\" src=\"data:image\/svg+xml,%3Csvg%20xmlns%3D%22http%3A%2F%2Fwww.w3.org%2F2000%2Fsvg%22%20width%3D%22150%22%20height%3D%22150%22%20viewBox%3D%220%200%20150%20150%22%3E%3C%2Fsvg%3E\" loading=\"eager\"><\/span><span class=\"fg-image-overlay\"><\/span><\/a><figcaption class=\"fg-caption\"><div class=\"fg-caption-inner\"><div class=\"fg-caption-title\">\u201cTOUT BASCULE\u201d : S\u00e9verine, Christian, Bernadette et Patrice le 28 f\u00e9vrier 2016 \u00e0 PINON<\/div><\/div><\/figcaption><\/figure><div class=\"fg-loader\"><\/div><\/div><div class=\"fg-item fg-type-image fg-idle\"><figure class=\"fg-item-inner\"><a href=\"https:\/\/comedialaon.fr\/wp-content\/uploads\/2016\/03\/29-S\u00e9verine-le-28-02-2016-\u00e0-Pinon.jpg\" data-caption-title=\"\u201cTOUT BASCULE\u201d : S\u00e9verine le 28 f\u00e9vrier 2016 \u00e0 PINON\" data-attachment-id=\"1263\" data-type=\"image\" class=\"fg-thumb\"><span class=\"fg-image-wrap\"><img decoding=\"async\" title=\"\u201cTOUT BASCULE\u201d : S\u00e9verine le 28 f\u00e9vrier 2016 \u00e0 PINON\" width=\"150\" height=\"150\" class=\"skip-lazy fg-image\" data-src-fg=\"https:\/\/comedialaon.fr\/wp-content\/uploads\/cache\/2016\/03\/29-S\u00e9verine-le-28-02-2016-\u00e0-Pinon\/4116132173.jpg\" src=\"data:image\/svg+xml,%3Csvg%20xmlns%3D%22http%3A%2F%2Fwww.w3.org%2F2000%2Fsvg%22%20width%3D%22150%22%20height%3D%22150%22%20viewBox%3D%220%200%20150%20150%22%3E%3C%2Fsvg%3E\" loading=\"eager\"><\/span><span class=\"fg-image-overlay\"><\/span><\/a><figcaption class=\"fg-caption\"><div class=\"fg-caption-inner\"><div class=\"fg-caption-title\">\u201cTOUT BASCULE\u201d : S\u00e9verine le 28 f\u00e9vrier 2016 \u00e0 PINON<\/div><\/div><\/figcaption><\/figure><div class=\"fg-loader\"><\/div><\/div><div class=\"fg-item fg-type-image fg-idle\"><figure class=\"fg-item-inner\"><a href=\"https:\/\/comedialaon.fr\/wp-content\/uploads\/2016\/03\/30-Bernadette-le-28-02-2016-\u00e0-Pinon.jpg\" data-caption-title=\"\u201cTOUT BASCULE\u201d : Bernadette le 28 f\u00e9vrier 2016 \u00e0 PINON\" data-attachment-id=\"1264\" data-type=\"image\" class=\"fg-thumb\"><span class=\"fg-image-wrap\"><img decoding=\"async\" title=\"\u201cTOUT BASCULE\u201d : Bernadette le 28 f\u00e9vrier 2016 \u00e0 PINON\" width=\"150\" height=\"150\" class=\"skip-lazy fg-image\" data-src-fg=\"https:\/\/comedialaon.fr\/wp-content\/uploads\/cache\/2016\/03\/30-Bernadette-le-28-02-2016-\u00e0-Pinon\/1051884287.jpg\" src=\"data:image\/svg+xml,%3Csvg%20xmlns%3D%22http%3A%2F%2Fwww.w3.org%2F2000%2Fsvg%22%20width%3D%22150%22%20height%3D%22150%22%20viewBox%3D%220%200%20150%20150%22%3E%3C%2Fsvg%3E\" loading=\"eager\"><\/span><span class=\"fg-image-overlay\"><\/span><\/a><figcaption class=\"fg-caption\"><div class=\"fg-caption-inner\"><div class=\"fg-caption-title\">\u201cTOUT BASCULE\u201d : Bernadette le 28 f\u00e9vrier 2016 \u00e0 PINON<\/div><\/div><\/figcaption><\/figure><div class=\"fg-loader\"><\/div><\/div><div class=\"fg-item fg-type-image fg-idle\"><figure class=\"fg-item-inner\"><a href=\"https:\/\/comedialaon.fr\/wp-content\/uploads\/2016\/03\/31-Bernard-Sylvie-le-28-02-2016-\u00e0-Pinon.jpg\" data-caption-title=\"\u201cTOUT BASCULE\u201d : Bernard et Sylvie le 28 f\u00e9vrier 2016 \u00e0 PINON\" data-attachment-id=\"1265\" data-type=\"image\" class=\"fg-thumb\"><span class=\"fg-image-wrap\"><img decoding=\"async\" title=\"\u201cTOUT BASCULE\u201d : Bernard et Sylvie le 28 f\u00e9vrier 2016 \u00e0 PINON\" width=\"150\" height=\"150\" class=\"skip-lazy fg-image\" data-src-fg=\"https:\/\/comedialaon.fr\/wp-content\/uploads\/cache\/2016\/03\/31-Bernard-Sylvie-le-28-02-2016-\u00e0-Pinon\/1684098757.jpg\" src=\"data:image\/svg+xml,%3Csvg%20xmlns%3D%22http%3A%2F%2Fwww.w3.org%2F2000%2Fsvg%22%20width%3D%22150%22%20height%3D%22150%22%20viewBox%3D%220%200%20150%20150%22%3E%3C%2Fsvg%3E\" loading=\"eager\"><\/span><span class=\"fg-image-overlay\"><\/span><\/a><figcaption class=\"fg-caption\"><div class=\"fg-caption-inner\"><div class=\"fg-caption-title\">\u201cTOUT BASCULE\u201d : Bernard et Sylvie le 28 f\u00e9vrier 2016 \u00e0 PINON<\/div><\/div><\/figcaption><\/figure><div class=\"fg-loader\"><\/div><\/div><div class=\"fg-item fg-type-image fg-idle\"><figure class=\"fg-item-inner\"><a href=\"https:\/\/comedialaon.fr\/wp-content\/uploads\/2016\/03\/32-Patrice-le-28-02-2016-\u00e0-Pinon.jpg\" data-caption-title=\"\u201cTOUT BASCULE\u201d : Patrice le 28 f\u00e9vrier 2016 \u00e0 PINON\" data-attachment-id=\"1266\" data-type=\"image\" class=\"fg-thumb\"><span class=\"fg-image-wrap\"><img decoding=\"async\" title=\"\u201cTOUT BASCULE\u201d : Patrice le 28 f\u00e9vrier 2016 \u00e0 PINON\" width=\"150\" height=\"150\" class=\"skip-lazy fg-image\" data-src-fg=\"https:\/\/comedialaon.fr\/wp-content\/uploads\/cache\/2016\/03\/32-Patrice-le-28-02-2016-\u00e0-Pinon\/2157322548.jpg\" src=\"data:image\/svg+xml,%3Csvg%20xmlns%3D%22http%3A%2F%2Fwww.w3.org%2F2000%2Fsvg%22%20width%3D%22150%22%20height%3D%22150%22%20viewBox%3D%220%200%20150%20150%22%3E%3C%2Fsvg%3E\" loading=\"eager\"><\/span><span class=\"fg-image-overlay\"><\/span><\/a><figcaption class=\"fg-caption\"><div class=\"fg-caption-inner\"><div class=\"fg-caption-title\">\u201cTOUT BASCULE\u201d : Patrice le 28 f\u00e9vrier 2016 \u00e0 PINON<\/div><\/div><\/figcaption><\/figure><div class=\"fg-loader\"><\/div><\/div><div class=\"fg-item fg-type-image fg-idle\"><figure class=\"fg-item-inner\"><a href=\"https:\/\/comedialaon.fr\/wp-content\/uploads\/2016\/03\/33-Bernadette-Christian-le-28-02-2016-\u00e0-Pinon.jpg\" data-caption-title=\"\u201cTOUT BASCULE\u201d : Bernadette, Christian et Shahnaz  le 28 f\u00e9vrier 2016 \u00e0 PINON\" data-attachment-id=\"1267\" data-type=\"image\" class=\"fg-thumb\"><span class=\"fg-image-wrap\"><img decoding=\"async\" title=\"\u201cTOUT BASCULE\u201d : Bernadette, Christian et Shahnaz  le 28 f\u00e9vrier 2016 \u00e0 PINON\" width=\"150\" height=\"150\" class=\"skip-lazy fg-image\" data-src-fg=\"https:\/\/comedialaon.fr\/wp-content\/uploads\/cache\/2016\/03\/33-Bernadette-Christian-le-28-02-2016-\u00e0-Pinon\/4053450017.jpg\" src=\"data:image\/svg+xml,%3Csvg%20xmlns%3D%22http%3A%2F%2Fwww.w3.org%2F2000%2Fsvg%22%20width%3D%22150%22%20height%3D%22150%22%20viewBox%3D%220%200%20150%20150%22%3E%3C%2Fsvg%3E\" loading=\"eager\"><\/span><span class=\"fg-image-overlay\"><\/span><\/a><figcaption class=\"fg-caption\"><div class=\"fg-caption-inner\"><div class=\"fg-caption-title\">\u201cTOUT BASCULE\u201d : Bernadette, Christian et Shahnaz  le 28 f\u00e9vrier 2016 \u00e0 PINON<\/div><\/div><\/figcaption><\/figure><div class=\"fg-loader\"><\/div><\/div><div class=\"fg-item fg-type-image fg-idle\"><figure class=\"fg-item-inner\"><a href=\"https:\/\/comedialaon.fr\/wp-content\/uploads\/2016\/03\/34-Bernard-le-28-02-2016-\u00e0-Pinon.jpg\" data-caption-title=\"\u201cTOUT BASCULE\u201d : Bernard le 28 f\u00e9vrier 2016 \u00e0 PINON\" data-attachment-id=\"1268\" data-type=\"image\" class=\"fg-thumb\"><span class=\"fg-image-wrap\"><img decoding=\"async\" title=\"\u201cTOUT BASCULE\u201d : Bernard le 28 f\u00e9vrier 2016 \u00e0 PINON\" width=\"150\" height=\"150\" class=\"skip-lazy fg-image\" data-src-fg=\"https:\/\/comedialaon.fr\/wp-content\/uploads\/cache\/2016\/03\/34-Bernard-le-28-02-2016-\u00e0-Pinon\/3776658354.jpg\" src=\"data:image\/svg+xml,%3Csvg%20xmlns%3D%22http%3A%2F%2Fwww.w3.org%2F2000%2Fsvg%22%20width%3D%22150%22%20height%3D%22150%22%20viewBox%3D%220%200%20150%20150%22%3E%3C%2Fsvg%3E\" loading=\"eager\"><\/span><span class=\"fg-image-overlay\"><\/span><\/a><figcaption class=\"fg-caption\"><div class=\"fg-caption-inner\"><div class=\"fg-caption-title\">\u201cTOUT BASCULE\u201d : Bernard le 28 f\u00e9vrier 2016 \u00e0 PINON<\/div><\/div><\/figcaption><\/figure><div class=\"fg-loader\"><\/div><\/div><div class=\"fg-item fg-type-image fg-idle\"><figure class=\"fg-item-inner\"><a href=\"https:\/\/comedialaon.fr\/wp-content\/uploads\/2016\/03\/35-le-28-02-2016-\u00e0-Pinon.jpg\" data-caption-title=\"\u201cTOUT BASCULE\u201d : Bernard, S\u00e9verine, Sylvie, Bernadette, Christian, Shahnaz et Patrice le 28 f\u00e9vrier 2016 \u00e0 PINON\" data-attachment-id=\"1269\" data-type=\"image\" class=\"fg-thumb\"><span class=\"fg-image-wrap\"><img decoding=\"async\" title=\"\u201cTOUT BASCULE\u201d : Bernard, S\u00e9verine, Sylvie, Bernadette, Christian, Shahnaz et Patrice le 28 f\u00e9vrier 2016 \u00e0 PINON\" width=\"150\" height=\"150\" class=\"skip-lazy fg-image\" data-src-fg=\"https:\/\/comedialaon.fr\/wp-content\/uploads\/cache\/2016\/03\/35-le-28-02-2016-\u00e0-Pinon\/1537944973.jpg\" src=\"data:image\/svg+xml,%3Csvg%20xmlns%3D%22http%3A%2F%2Fwww.w3.org%2F2000%2Fsvg%22%20width%3D%22150%22%20height%3D%22150%22%20viewBox%3D%220%200%20150%20150%22%3E%3C%2Fsvg%3E\" loading=\"eager\"><\/span><span class=\"fg-image-overlay\"><\/span><\/a><figcaption class=\"fg-caption\"><div class=\"fg-caption-inner\"><div class=\"fg-caption-title\">\u201cTOUT BASCULE\u201d : Bernard, S\u00e9verine, Sylvie, Bernadette, Christian, Shahnaz et Patrice le 28 f\u00e9vrier 2016 \u00e0 PINON<\/div><\/div><\/figcaption><\/figure><div class=\"fg-loader\"><\/div><\/div><div class=\"fg-item fg-type-image fg-idle\"><figure class=\"fg-item-inner\"><a href=\"https:\/\/comedialaon.fr\/wp-content\/uploads\/2016\/03\/36-le-28-02-2016-\u00e0-Pinon.jpg\" data-caption-title=\"\u201cTOUT BASCULE\u201d : Bernard, S\u00e9verine, Sylvie, Bernadette, Christian, Patrice et Shahnaz le 28 f\u00e9vrier 2016 \u00e0 PINON\" data-attachment-id=\"1270\" data-type=\"image\" class=\"fg-thumb\"><span class=\"fg-image-wrap\"><img decoding=\"async\" title=\"\u201cTOUT BASCULE\u201d : Bernard, S\u00e9verine, Sylvie, Bernadette, Christian, Patrice et Shahnaz le 28 f\u00e9vrier 2016 \u00e0 PINON\" width=\"150\" height=\"150\" class=\"skip-lazy fg-image\" data-src-fg=\"https:\/\/comedialaon.fr\/wp-content\/uploads\/cache\/2016\/03\/36-le-28-02-2016-\u00e0-Pinon\/3402646372.jpg\" src=\"data:image\/svg+xml,%3Csvg%20xmlns%3D%22http%3A%2F%2Fwww.w3.org%2F2000%2Fsvg%22%20width%3D%22150%22%20height%3D%22150%22%20viewBox%3D%220%200%20150%20150%22%3E%3C%2Fsvg%3E\" loading=\"eager\"><\/span><span class=\"fg-image-overlay\"><\/span><\/a><figcaption class=\"fg-caption\"><div class=\"fg-caption-inner\"><div class=\"fg-caption-title\">\u201cTOUT BASCULE\u201d : Bernard, S\u00e9verine, Sylvie, Bernadette, Christian, Patrice et Shahnaz le 28 f\u00e9vrier 2016 \u00e0 PINON<\/div><\/div><\/figcaption><\/figure><div class=\"fg-loader\"><\/div><\/div><\/div>\n\n","protected":false},"excerpt":{"rendered":"","protected":false},"author":1,"featured_media":0,"parent":0,"menu_order":0,"comment_status":"closed","ping_status":"closed","template":"","meta":{"footnotes":""},"class_list":["post-4728","page","type-page","status-publish","hentry"],"yoast_head":"<!-- This site is optimized with the Yoast SEO plugin v27.5 - https:\/\/yoast.com\/product\/yoast-seo-wordpress\/ -->\n<title>Album photos \u201cTOUT BASCULE\u201d \u00e0 PINON le 28 F\u00c9VRIER 2016 &#8226; Com\u00e9dia Laon<\/title>\n<meta name=\"robots\" content=\"index, follow, max-snippet:-1, max-image-preview:large, max-video-preview:-1\" \/>\n<link rel=\"canonical\" href=\"https:\/\/comedialaon.fr\/?page_id=4728\" \/>\n<meta property=\"og:locale\" content=\"fr_FR\" \/>\n<meta property=\"og:type\" content=\"article\" \/>\n<meta property=\"og:title\" content=\"Album photos \u201cTOUT BASCULE\u201d \u00e0 PINON le 28 F\u00c9VRIER 2016 &#8226; Com\u00e9dia Laon\" \/>\n<meta property=\"og:url\" content=\"https:\/\/comedialaon.fr\/?page_id=4728\" \/>\n<meta property=\"og:site_name\" content=\"Com\u00e9dia Laon\" \/>\n<meta property=\"article:publisher\" content=\"https:\/\/www.facebook.com\/profile.php?id=100008459438996\" \/>\n<script type=\"application\/ld+json\" class=\"yoast-schema-graph\">{\"@context\":\"https:\\\/\\\/schema.org\",\"@graph\":[{\"@type\":\"WebPage\",\"@id\":\"https:\\\/\\\/comedialaon.fr\\\/?page_id=4728\",\"url\":\"https:\\\/\\\/comedialaon.fr\\\/?page_id=4728\",\"name\":\"Album photos \u201cTOUT BASCULE\u201d \u00e0 PINON le 28 F\u00c9VRIER 2016 &#8226; Com\u00e9dia Laon\",\"isPartOf\":{\"@id\":\"https:\\\/\\\/comedialaon.fr\\\/#website\"},\"datePublished\":\"2021-07-25T09:24:24+00:00\",\"breadcrumb\":{\"@id\":\"https:\\\/\\\/comedialaon.fr\\\/?page_id=4728#breadcrumb\"},\"inLanguage\":\"fr-FR\",\"potentialAction\":[{\"@type\":\"ReadAction\",\"target\":[\"https:\\\/\\\/comedialaon.fr\\\/?page_id=4728\"]}]},{\"@type\":\"BreadcrumbList\",\"@id\":\"https:\\\/\\\/comedialaon.fr\\\/?page_id=4728#breadcrumb\",\"itemListElement\":[{\"@type\":\"ListItem\",\"position\":1,\"name\":\"Accueil\",\"item\":\"https:\\\/\\\/comedialaon.fr\\\/\"},{\"@type\":\"ListItem\",\"position\":2,\"name\":\"Album photos \u201cTOUT BASCULE\u201d \u00e0 PINON le 28 F\u00c9VRIER 2016\"}]},{\"@type\":\"WebSite\",\"@id\":\"https:\\\/\\\/comedialaon.fr\\\/#website\",\"url\":\"https:\\\/\\\/comedialaon.fr\\\/\",\"name\":\"Com\u00e9dia Laon\",\"description\":\"Prendre et donner du PLAISIR ... !!! ;-)\",\"publisher\":{\"@id\":\"https:\\\/\\\/comedialaon.fr\\\/#organization\"},\"potentialAction\":[{\"@type\":\"SearchAction\",\"target\":{\"@type\":\"EntryPoint\",\"urlTemplate\":\"https:\\\/\\\/comedialaon.fr\\\/?s={search_term_string}\"},\"query-input\":{\"@type\":\"PropertyValueSpecification\",\"valueRequired\":true,\"valueName\":\"search_term_string\"}}],\"inLanguage\":\"fr-FR\"},{\"@type\":\"Organization\",\"@id\":\"https:\\\/\\\/comedialaon.fr\\\/#organization\",\"name\":\"Com\u00e9dia Laon\",\"url\":\"https:\\\/\\\/comedialaon.fr\\\/\",\"logo\":{\"@type\":\"ImageObject\",\"inLanguage\":\"fr-FR\",\"@id\":\"https:\\\/\\\/comedialaon.fr\\\/#\\\/schema\\\/logo\\\/image\\\/\",\"url\":\"https:\\\/\\\/comedialaon.fr\\\/wp-content\\\/uploads\\\/2019\\\/02\\\/LOGO-CL-et-OL.jpg\",\"contentUrl\":\"https:\\\/\\\/comedialaon.fr\\\/wp-content\\\/uploads\\\/2019\\\/02\\\/LOGO-CL-et-OL.jpg\",\"width\":756,\"height\":210,\"caption\":\"Com\u00e9dia Laon\"},\"image\":{\"@id\":\"https:\\\/\\\/comedialaon.fr\\\/#\\\/schema\\\/logo\\\/image\\\/\"},\"sameAs\":[\"https:\\\/\\\/www.facebook.com\\\/profile.php?id=100008459438996\",\"https:\\\/\\\/www.youtube.com\\\/results?search_query=comedia laon\"]}]}<\/script>\n<!-- \/ Yoast SEO plugin. -->","yoast_head_json":{"title":"Album photos \u201cTOUT BASCULE\u201d \u00e0 PINON le 28 F\u00c9VRIER 2016 &#8226; Com\u00e9dia Laon","robots":{"index":"index","follow":"follow","max-snippet":"max-snippet:-1","max-image-preview":"max-image-preview:large","max-video-preview":"max-video-preview:-1"},"canonical":"https:\/\/comedialaon.fr\/?page_id=4728","og_locale":"fr_FR","og_type":"article","og_title":"Album photos \u201cTOUT BASCULE\u201d \u00e0 PINON le 28 F\u00c9VRIER 2016 &#8226; Com\u00e9dia Laon","og_url":"https:\/\/comedialaon.fr\/?page_id=4728","og_site_name":"Com\u00e9dia Laon","article_publisher":"https:\/\/www.facebook.com\/profile.php?id=100008459438996","schema":{"@context":"https:\/\/schema.org","@graph":[{"@type":"WebPage","@id":"https:\/\/comedialaon.fr\/?page_id=4728","url":"https:\/\/comedialaon.fr\/?page_id=4728","name":"Album photos \u201cTOUT BASCULE\u201d \u00e0 PINON le 28 F\u00c9VRIER 2016 &#8226; Com\u00e9dia Laon","isPartOf":{"@id":"https:\/\/comedialaon.fr\/#website"},"datePublished":"2021-07-25T09:24:24+00:00","breadcrumb":{"@id":"https:\/\/comedialaon.fr\/?page_id=4728#breadcrumb"},"inLanguage":"fr-FR","potentialAction":[{"@type":"ReadAction","target":["https:\/\/comedialaon.fr\/?page_id=4728"]}]},{"@type":"BreadcrumbList","@id":"https:\/\/comedialaon.fr\/?page_id=4728#breadcrumb","itemListElement":[{"@type":"ListItem","position":1,"name":"Accueil","item":"https:\/\/comedialaon.fr\/"},{"@type":"ListItem","position":2,"name":"Album photos \u201cTOUT BASCULE\u201d \u00e0 PINON le 28 F\u00c9VRIER 2016"}]},{"@type":"WebSite","@id":"https:\/\/comedialaon.fr\/#website","url":"https:\/\/comedialaon.fr\/","name":"Com\u00e9dia Laon","description":"Prendre et donner du PLAISIR ... !!! ;-)","publisher":{"@id":"https:\/\/comedialaon.fr\/#organization"},"potentialAction":[{"@type":"SearchAction","target":{"@type":"EntryPoint","urlTemplate":"https:\/\/comedialaon.fr\/?s={search_term_string}"},"query-input":{"@type":"PropertyValueSpecification","valueRequired":true,"valueName":"search_term_string"}}],"inLanguage":"fr-FR"},{"@type":"Organization","@id":"https:\/\/comedialaon.fr\/#organization","name":"Com\u00e9dia Laon","url":"https:\/\/comedialaon.fr\/","logo":{"@type":"ImageObject","inLanguage":"fr-FR","@id":"https:\/\/comedialaon.fr\/#\/schema\/logo\/image\/","url":"https:\/\/comedialaon.fr\/wp-content\/uploads\/2019\/02\/LOGO-CL-et-OL.jpg","contentUrl":"https:\/\/comedialaon.fr\/wp-content\/uploads\/2019\/02\/LOGO-CL-et-OL.jpg","width":756,"height":210,"caption":"Com\u00e9dia Laon"},"image":{"@id":"https:\/\/comedialaon.fr\/#\/schema\/logo\/image\/"},"sameAs":["https:\/\/www.facebook.com\/profile.php?id=100008459438996","https:\/\/www.youtube.com\/results?search_query=comedia laon"]}]}},"_links":{"self":[{"href":"https:\/\/comedialaon.fr\/index.php?rest_route=\/wp\/v2\/pages\/4728","targetHints":{"allow":["GET"]}}],"collection":[{"href":"https:\/\/comedialaon.fr\/index.php?rest_route=\/wp\/v2\/pages"}],"about":[{"href":"https:\/\/comedialaon.fr\/index.php?rest_route=\/wp\/v2\/types\/page"}],"author":[{"embeddable":true,"href":"https:\/\/comedialaon.fr\/index.php?rest_route=\/wp\/v2\/users\/1"}],"replies":[{"embeddable":true,"href":"https:\/\/comedialaon.fr\/index.php?rest_route=%2Fwp%2Fv2%2Fcomments&post=4728"}],"version-history":[{"count":1,"href":"https:\/\/comedialaon.fr\/index.php?rest_route=\/wp\/v2\/pages\/4728\/revisions"}],"predecessor-version":[{"id":4729,"href":"https:\/\/comedialaon.fr\/index.php?rest_route=\/wp\/v2\/pages\/4728\/revisions\/4729"}],"wp:attachment":[{"href":"https:\/\/comedialaon.fr\/index.php?rest_route=%2Fwp%2Fv2%2Fmedia&parent=4728"}],"curies":[{"name":"wp","href":"https:\/\/api.w.org\/{rel}","templated":true}]}}