{"id":4725,"date":"2021-07-25T11:19:17","date_gmt":"2021-07-25T09:19:17","guid":{"rendered":"https:\/\/comedialaon.fr\/?page_id=4725"},"modified":"2021-07-25T11:30:26","modified_gmt":"2021-07-25T09:30:26","slug":"album-photos-tout-bascule-a-la-salle-de-la-maison-de-retraite-le-21-fevrier-2016","status":"publish","type":"page","link":"https:\/\/comedialaon.fr\/?page_id=4725","title":{"rendered":"<center>Album photos \u201cTOUT BASCULE\u201d <br>\u00e0 la salle de la Maison de Retraite le 21 F\u00c9VRIER 2016"},"content":{"rendered":"<style type=\"text\/css\">\n#foogallery-gallery-4724 .fg-image { width: 150px; }\n#foogallery-gallery-4724 { --fg-gutter: 10px; }<\/style>\n\t\t\t<div class=\"foogallery foogallery-container foogallery-default foogallery-lightbox-foobox fg-center fg-default fg-ready fg-light fg-border-thin fg-shadow-outline fg-loading-default fg-loaded-fade-in fg-caption-hover fg-hover-fade fg-hover-zoom\" id=\"foogallery-gallery-4724\" data-foogallery=\"{&quot;item&quot;:{&quot;showCaptionTitle&quot;:true,&quot;showCaptionDescription&quot;:true},&quot;lazy&quot;:true}\" style=\"--fg-title-line-clamp: 0; --fg-description-line-clamp: 0;\" >\n\t<div class=\"fg-item fg-type-image fg-idle\"><figure class=\"fg-item-inner\"><a href=\"https:\/\/comedialaon.fr\/wp-content\/uploads\/2016\/03\/1-Olivier-Christian-Hugues.jpg\" data-caption-title=\"\u201cTOUT BASCULE\u201d : Olivier, Christian et Hugues le 21 f\u00e9vrier 2016 \u00e0 la Maison de Retraite de LAON\" data-attachment-id=\"1221\" data-type=\"image\" class=\"fg-thumb\"><span class=\"fg-image-wrap\"><img decoding=\"async\" title=\"\u201cTOUT BASCULE\u201d : Olivier, Christian et Hugues le 21 f\u00e9vrier 2016 \u00e0 la Maison de Retraite de LAON\" width=\"150\" height=\"150\" class=\"skip-lazy fg-image\" data-src-fg=\"https:\/\/comedialaon.fr\/wp-content\/uploads\/cache\/2016\/03\/1-Olivier-Christian-Hugues\/890930258.jpg\" src=\"data:image\/svg+xml,%3Csvg%20xmlns%3D%22http%3A%2F%2Fwww.w3.org%2F2000%2Fsvg%22%20width%3D%22150%22%20height%3D%22150%22%20viewBox%3D%220%200%20150%20150%22%3E%3C%2Fsvg%3E\" loading=\"eager\"><\/span><span class=\"fg-image-overlay\"><\/span><\/a><figcaption class=\"fg-caption\"><div class=\"fg-caption-inner\"><div class=\"fg-caption-title\">\u201cTOUT BASCULE\u201d : Olivier, Christian et Hugues le 21 f\u00e9vrier 2016 \u00e0 la Maison de Retraite de LAON<\/div><\/div><\/figcaption><\/figure><div class=\"fg-loader\"><\/div><\/div><div class=\"fg-item fg-type-image fg-idle\"><figure class=\"fg-item-inner\"><a href=\"https:\/\/comedialaon.fr\/wp-content\/uploads\/2016\/03\/2-Bernadette-Patrice-MDR-le-21-02-2016.jpg\" data-caption-title=\"\u201cTOUT BASCULE\u201d : Bernadette et Patrice le 21 f\u00e9vrier 2016 \u00e0 la Maison de Retraite de LAON\" data-attachment-id=\"1222\" data-type=\"image\" class=\"fg-thumb\"><span class=\"fg-image-wrap\"><img decoding=\"async\" title=\"\u201cTOUT BASCULE\u201d : Bernadette et Patrice le 21 f\u00e9vrier 2016 \u00e0 la Maison de Retraite de LAON\" width=\"150\" height=\"150\" class=\"skip-lazy fg-image\" data-src-fg=\"https:\/\/comedialaon.fr\/wp-content\/uploads\/cache\/2016\/03\/2-Bernadette-Patrice-MDR-le-21-02-2016\/4037471164.jpg\" src=\"data:image\/svg+xml,%3Csvg%20xmlns%3D%22http%3A%2F%2Fwww.w3.org%2F2000%2Fsvg%22%20width%3D%22150%22%20height%3D%22150%22%20viewBox%3D%220%200%20150%20150%22%3E%3C%2Fsvg%3E\" loading=\"eager\"><\/span><span class=\"fg-image-overlay\"><\/span><\/a><figcaption class=\"fg-caption\"><div class=\"fg-caption-inner\"><div class=\"fg-caption-title\">\u201cTOUT BASCULE\u201d : Bernadette et Patrice le 21 f\u00e9vrier 2016 \u00e0 la Maison de Retraite de LAON<\/div><\/div><\/figcaption><\/figure><div class=\"fg-loader\"><\/div><\/div><div class=\"fg-item fg-type-image fg-idle\"><figure class=\"fg-item-inner\"><a href=\"https:\/\/comedialaon.fr\/wp-content\/uploads\/2016\/03\/3-Christian-Patrice-MDR-le-21-02-2016.jpg\" data-caption-title=\"\u201cTOUT BASCULE\u201d : Christian et Patrice le 21 f\u00e9vrier 2016 \u00e0 la Maison de Retraite de LAON\" data-attachment-id=\"1223\" data-type=\"image\" class=\"fg-thumb\"><span class=\"fg-image-wrap\"><img decoding=\"async\" title=\"\u201cTOUT BASCULE\u201d : Christian et Patrice le 21 f\u00e9vrier 2016 \u00e0 la Maison de Retraite de LAON\" width=\"150\" height=\"150\" class=\"skip-lazy fg-image\" data-src-fg=\"https:\/\/comedialaon.fr\/wp-content\/uploads\/cache\/2016\/03\/3-Christian-Patrice-MDR-le-21-02-2016\/2534945038.jpg\" src=\"data:image\/svg+xml,%3Csvg%20xmlns%3D%22http%3A%2F%2Fwww.w3.org%2F2000%2Fsvg%22%20width%3D%22150%22%20height%3D%22150%22%20viewBox%3D%220%200%20150%20150%22%3E%3C%2Fsvg%3E\" loading=\"eager\"><\/span><span class=\"fg-image-overlay\"><\/span><\/a><figcaption class=\"fg-caption\"><div class=\"fg-caption-inner\"><div class=\"fg-caption-title\">\u201cTOUT BASCULE\u201d : Christian et Patrice le 21 f\u00e9vrier 2016 \u00e0 la Maison de Retraite de LAON<\/div><\/div><\/figcaption><\/figure><div class=\"fg-loader\"><\/div><\/div><div class=\"fg-item fg-type-image fg-idle\"><figure class=\"fg-item-inner\"><a href=\"https:\/\/comedialaon.fr\/wp-content\/uploads\/2016\/03\/4-S\u00e9v\u00e9rine-Christian-MDR-le-21-02-2016.jpg\" data-caption-title=\"\u201cTOUT BASCULE\u201d : S\u00e9verine et Christian le 21 f\u00e9vrier 2016 \u00e0 la Maison de Retraite de LAON\" data-attachment-id=\"1224\" data-type=\"image\" class=\"fg-thumb\"><span class=\"fg-image-wrap\"><img decoding=\"async\" title=\"\u201cTOUT BASCULE\u201d : S\u00e9verine et Christian le 21 f\u00e9vrier 2016 \u00e0 la Maison de Retraite de LAON\" width=\"150\" height=\"150\" class=\"skip-lazy fg-image\" data-src-fg=\"https:\/\/comedialaon.fr\/wp-content\/uploads\/cache\/2016\/03\/4-S\u00e9v\u00e9rine-Christian-MDR-le-21-02-2016\/2181625125.jpg\" src=\"data:image\/svg+xml,%3Csvg%20xmlns%3D%22http%3A%2F%2Fwww.w3.org%2F2000%2Fsvg%22%20width%3D%22150%22%20height%3D%22150%22%20viewBox%3D%220%200%20150%20150%22%3E%3C%2Fsvg%3E\" loading=\"eager\"><\/span><span class=\"fg-image-overlay\"><\/span><\/a><figcaption class=\"fg-caption\"><div class=\"fg-caption-inner\"><div class=\"fg-caption-title\">\u201cTOUT BASCULE\u201d : S\u00e9verine et Christian le 21 f\u00e9vrier 2016 \u00e0 la Maison de Retraite de LAON<\/div><\/div><\/figcaption><\/figure><div class=\"fg-loader\"><\/div><\/div><div class=\"fg-item fg-type-image fg-idle\"><figure class=\"fg-item-inner\"><a href=\"https:\/\/comedialaon.fr\/wp-content\/uploads\/2016\/03\/5-Patrice-Sylvie-Christian-MDR-le-21-02-2016.jpg\" data-caption-title=\"\u201cTOUT BASCULE\u201d : Patrice, Sylvie et Christian le 21 f\u00e9vrier 2016 \u00e0 la Maison de Retraite de LAON\" data-attachment-id=\"1225\" data-type=\"image\" class=\"fg-thumb\"><span class=\"fg-image-wrap\"><img decoding=\"async\" title=\"\u201cTOUT BASCULE\u201d : Patrice, Sylvie et Christian le 21 f\u00e9vrier 2016 \u00e0 la Maison de Retraite de LAON\" width=\"150\" height=\"150\" class=\"skip-lazy fg-image\" data-src-fg=\"https:\/\/comedialaon.fr\/wp-content\/uploads\/cache\/2016\/03\/5-Patrice-Sylvie-Christian-MDR-le-21-02-2016\/437246433.jpg\" src=\"data:image\/svg+xml,%3Csvg%20xmlns%3D%22http%3A%2F%2Fwww.w3.org%2F2000%2Fsvg%22%20width%3D%22150%22%20height%3D%22150%22%20viewBox%3D%220%200%20150%20150%22%3E%3C%2Fsvg%3E\" loading=\"eager\"><\/span><span class=\"fg-image-overlay\"><\/span><\/a><figcaption class=\"fg-caption\"><div class=\"fg-caption-inner\"><div class=\"fg-caption-title\">\u201cTOUT BASCULE\u201d : Patrice, Sylvie et Christian le 21 f\u00e9vrier 2016 \u00e0 la Maison de Retraite de LAON<\/div><\/div><\/figcaption><\/figure><div class=\"fg-loader\"><\/div><\/div><div class=\"fg-item fg-type-image fg-idle\"><figure class=\"fg-item-inner\"><a href=\"https:\/\/comedialaon.fr\/wp-content\/uploads\/2016\/03\/6-MDR-le-21-02-2016.jpg\" data-caption-title=\"\u201cTOUT BASCULE\u201d : Patrice, Christian, Shahnaz, S\u00e9verine et Bernadette le 21 f\u00e9vrier 2016 \u00e0 la Maison de Retraite de LAON\" data-attachment-id=\"1226\" data-type=\"image\" class=\"fg-thumb\"><span class=\"fg-image-wrap\"><img decoding=\"async\" title=\"\u201cTOUT BASCULE\u201d : Patrice, Christian, Shahnaz, S\u00e9verine et Bernadette le 21 f\u00e9vrier 2016 \u00e0 la Maison de Retraite de LAON\" width=\"150\" height=\"150\" class=\"skip-lazy fg-image\" data-src-fg=\"https:\/\/comedialaon.fr\/wp-content\/uploads\/cache\/2016\/03\/6-MDR-le-21-02-2016\/29285357.jpg\" src=\"data:image\/svg+xml,%3Csvg%20xmlns%3D%22http%3A%2F%2Fwww.w3.org%2F2000%2Fsvg%22%20width%3D%22150%22%20height%3D%22150%22%20viewBox%3D%220%200%20150%20150%22%3E%3C%2Fsvg%3E\" loading=\"eager\"><\/span><span class=\"fg-image-overlay\"><\/span><\/a><figcaption class=\"fg-caption\"><div class=\"fg-caption-inner\"><div class=\"fg-caption-title\">\u201cTOUT BASCULE\u201d : Patrice, Christian, Shahnaz, S\u00e9verine et Bernadette le 21 f\u00e9vrier 2016 \u00e0 la Maison de Retraite de LAON<\/div><\/div><\/figcaption><\/figure><div class=\"fg-loader\"><\/div><\/div><div class=\"fg-item fg-type-image fg-idle\"><figure class=\"fg-item-inner\"><a href=\"https:\/\/comedialaon.fr\/wp-content\/uploads\/2016\/03\/7-Bernadette-Bernard-MDR-le-21-02-2016.jpg\" data-caption-title=\"\u201cTOUT BASCULE\u201d : Bernadette et Bernard le 21 f\u00e9vrier 2016 \u00e0 la Maison de Retraite de LAON\" data-attachment-id=\"1227\" data-type=\"image\" class=\"fg-thumb\"><span class=\"fg-image-wrap\"><img decoding=\"async\" title=\"\u201cTOUT BASCULE\u201d : Bernadette et Bernard le 21 f\u00e9vrier 2016 \u00e0 la Maison de Retraite de LAON\" width=\"150\" height=\"150\" class=\"skip-lazy fg-image\" data-src-fg=\"https:\/\/comedialaon.fr\/wp-content\/uploads\/cache\/2016\/03\/7-Bernadette-Bernard-MDR-le-21-02-2016\/1696959314.jpg\" src=\"data:image\/svg+xml,%3Csvg%20xmlns%3D%22http%3A%2F%2Fwww.w3.org%2F2000%2Fsvg%22%20width%3D%22150%22%20height%3D%22150%22%20viewBox%3D%220%200%20150%20150%22%3E%3C%2Fsvg%3E\" loading=\"eager\"><\/span><span class=\"fg-image-overlay\"><\/span><\/a><figcaption class=\"fg-caption\"><div class=\"fg-caption-inner\"><div class=\"fg-caption-title\">\u201cTOUT BASCULE\u201d : Bernadette et Bernard le 21 f\u00e9vrier 2016 \u00e0 la Maison de Retraite de LAON<\/div><\/div><\/figcaption><\/figure><div class=\"fg-loader\"><\/div><\/div><div class=\"fg-item fg-type-image fg-idle\"><figure class=\"fg-item-inner\"><a href=\"https:\/\/comedialaon.fr\/wp-content\/uploads\/2016\/03\/8-Bernadette-Bernard-MDR-le-21-02-2016.jpg\" data-caption-title=\"\u201cTOUT BASCULE\u201d : Bernadette et Bernard le 21 f\u00e9vrier 2016 \u00e0 la Maison de Retraite de LAON\" data-attachment-id=\"1228\" data-type=\"image\" class=\"fg-thumb\"><span class=\"fg-image-wrap\"><img decoding=\"async\" title=\"\u201cTOUT BASCULE\u201d : Bernadette et Bernard le 21 f\u00e9vrier 2016 \u00e0 la Maison de Retraite de LAON\" width=\"150\" height=\"150\" class=\"skip-lazy fg-image\" data-src-fg=\"https:\/\/comedialaon.fr\/wp-content\/uploads\/cache\/2016\/03\/8-Bernadette-Bernard-MDR-le-21-02-2016\/1447219102.jpg\" src=\"data:image\/svg+xml,%3Csvg%20xmlns%3D%22http%3A%2F%2Fwww.w3.org%2F2000%2Fsvg%22%20width%3D%22150%22%20height%3D%22150%22%20viewBox%3D%220%200%20150%20150%22%3E%3C%2Fsvg%3E\" loading=\"eager\"><\/span><span class=\"fg-image-overlay\"><\/span><\/a><figcaption class=\"fg-caption\"><div class=\"fg-caption-inner\"><div class=\"fg-caption-title\">\u201cTOUT BASCULE\u201d : Bernadette et Bernard le 21 f\u00e9vrier 2016 \u00e0 la Maison de Retraite de LAON<\/div><\/div><\/figcaption><\/figure><div class=\"fg-loader\"><\/div><\/div><div class=\"fg-item fg-type-image fg-idle\"><figure class=\"fg-item-inner\"><a href=\"https:\/\/comedialaon.fr\/wp-content\/uploads\/2016\/03\/9-MDR-le-21-02-2016.jpg\" data-caption-title=\"\u201cTOUT BASCULE\u201d : Patrice, Sylvie, S\u00e9verine, Bernadette, Shahnaz et Christian le 21 f\u00e9vrier 2016 \u00e0 la Maison de Retraite de LAON\" data-attachment-id=\"1229\" data-type=\"image\" class=\"fg-thumb\"><span class=\"fg-image-wrap\"><img decoding=\"async\" title=\"\u201cTOUT BASCULE\u201d : Patrice, Sylvie, S\u00e9verine, Bernadette, Shahnaz et Christian le 21 f\u00e9vrier 2016 \u00e0 la Maison de Retraite de LAON\" width=\"150\" height=\"150\" class=\"skip-lazy fg-image\" data-src-fg=\"https:\/\/comedialaon.fr\/wp-content\/uploads\/cache\/2016\/03\/9-MDR-le-21-02-2016\/3036708012.jpg\" src=\"data:image\/svg+xml,%3Csvg%20xmlns%3D%22http%3A%2F%2Fwww.w3.org%2F2000%2Fsvg%22%20width%3D%22150%22%20height%3D%22150%22%20viewBox%3D%220%200%20150%20150%22%3E%3C%2Fsvg%3E\" loading=\"eager\"><\/span><span class=\"fg-image-overlay\"><\/span><\/a><figcaption class=\"fg-caption\"><div class=\"fg-caption-inner\"><div class=\"fg-caption-title\">\u201cTOUT BASCULE\u201d : Patrice, Sylvie, S\u00e9verine, Bernadette, Shahnaz et Christian le 21 f\u00e9vrier 2016 \u00e0 la Maison de Retraite de LAON<\/div><\/div><\/figcaption><\/figure><div class=\"fg-loader\"><\/div><\/div><div class=\"fg-item fg-type-image fg-idle\"><figure class=\"fg-item-inner\"><a href=\"https:\/\/comedialaon.fr\/wp-content\/uploads\/2016\/03\/10-Bernadette-Christian-MDR-le-21-02-2016.jpg\" data-caption-title=\"\u201cTOUT BASCULE\u201d : Bernadette et Christian le 21 f\u00e9vrier 2016 \u00e0 la Maison de Retraite de LAON\" data-attachment-id=\"1230\" data-type=\"image\" class=\"fg-thumb\"><span class=\"fg-image-wrap\"><img decoding=\"async\" title=\"\u201cTOUT BASCULE\u201d : Bernadette et Christian le 21 f\u00e9vrier 2016 \u00e0 la Maison de Retraite de LAON\" width=\"150\" height=\"150\" class=\"skip-lazy fg-image\" data-src-fg=\"https:\/\/comedialaon.fr\/wp-content\/uploads\/cache\/2016\/03\/10-Bernadette-Christian-MDR-le-21-02-2016\/1806216777.jpg\" src=\"data:image\/svg+xml,%3Csvg%20xmlns%3D%22http%3A%2F%2Fwww.w3.org%2F2000%2Fsvg%22%20width%3D%22150%22%20height%3D%22150%22%20viewBox%3D%220%200%20150%20150%22%3E%3C%2Fsvg%3E\" loading=\"eager\"><\/span><span class=\"fg-image-overlay\"><\/span><\/a><figcaption class=\"fg-caption\"><div class=\"fg-caption-inner\"><div class=\"fg-caption-title\">\u201cTOUT BASCULE\u201d : Bernadette et Christian le 21 f\u00e9vrier 2016 \u00e0 la Maison de Retraite de LAON<\/div><\/div><\/figcaption><\/figure><div class=\"fg-loader\"><\/div><\/div><div class=\"fg-item fg-type-image fg-idle\"><figure class=\"fg-item-inner\"><a href=\"https:\/\/comedialaon.fr\/wp-content\/uploads\/2016\/03\/11-Bernard-MDR-le-21-02-2016.jpg\" data-caption-title=\"\u201cTOUT BASCULE\u201d : Bernard le 21 f\u00e9vrier 2016 \u00e0 la Maison de Retraite de LAON\" data-attachment-id=\"1231\" data-type=\"image\" class=\"fg-thumb\"><span class=\"fg-image-wrap\"><img decoding=\"async\" title=\"\u201cTOUT BASCULE\u201d : Bernard le 21 f\u00e9vrier 2016 \u00e0 la Maison de Retraite de LAON\" width=\"150\" height=\"150\" class=\"skip-lazy fg-image\" data-src-fg=\"https:\/\/comedialaon.fr\/wp-content\/uploads\/cache\/2016\/03\/11-Bernard-MDR-le-21-02-2016\/121572782.jpg\" src=\"data:image\/svg+xml,%3Csvg%20xmlns%3D%22http%3A%2F%2Fwww.w3.org%2F2000%2Fsvg%22%20width%3D%22150%22%20height%3D%22150%22%20viewBox%3D%220%200%20150%20150%22%3E%3C%2Fsvg%3E\" loading=\"eager\"><\/span><span class=\"fg-image-overlay\"><\/span><\/a><figcaption class=\"fg-caption\"><div class=\"fg-caption-inner\"><div class=\"fg-caption-title\">\u201cTOUT BASCULE\u201d : Bernard le 21 f\u00e9vrier 2016 \u00e0 la Maison de Retraite de LAON<\/div><\/div><\/figcaption><\/figure><div class=\"fg-loader\"><\/div><\/div><div class=\"fg-item fg-type-image fg-idle\"><figure class=\"fg-item-inner\"><a href=\"https:\/\/comedialaon.fr\/wp-content\/uploads\/2016\/03\/12-MDR-le-21-02-2016.jpg\" data-caption-title=\"\u201cTOUT BASCULE\u201d : S\u00e9verine, Christian, Bernadette, Patrice et Shahnaz le 21 f\u00e9vrier 2016 \u00e0 la Maison de Retraite de LAON\" data-attachment-id=\"1232\" data-type=\"image\" class=\"fg-thumb\"><span class=\"fg-image-wrap\"><img decoding=\"async\" title=\"\u201cTOUT BASCULE\u201d : S\u00e9verine, Christian, Bernadette, Patrice et Shahnaz le 21 f\u00e9vrier 2016 \u00e0 la Maison de Retraite de LAON\" width=\"150\" height=\"150\" class=\"skip-lazy fg-image\" data-src-fg=\"https:\/\/comedialaon.fr\/wp-content\/uploads\/cache\/2016\/03\/12-MDR-le-21-02-2016\/4207212262.jpg\" src=\"data:image\/svg+xml,%3Csvg%20xmlns%3D%22http%3A%2F%2Fwww.w3.org%2F2000%2Fsvg%22%20width%3D%22150%22%20height%3D%22150%22%20viewBox%3D%220%200%20150%20150%22%3E%3C%2Fsvg%3E\" loading=\"eager\"><\/span><span class=\"fg-image-overlay\"><\/span><\/a><figcaption class=\"fg-caption\"><div class=\"fg-caption-inner\"><div class=\"fg-caption-title\">\u201cTOUT BASCULE\u201d : S\u00e9verine, Christian, Bernadette, Patrice et Shahnaz le 21 f\u00e9vrier 2016 \u00e0 la Maison de Retraite de LAON<\/div><\/div><\/figcaption><\/figure><div class=\"fg-loader\"><\/div><\/div><div class=\"fg-item fg-type-image fg-idle\"><figure class=\"fg-item-inner\"><a href=\"https:\/\/comedialaon.fr\/wp-content\/uploads\/2016\/03\/13-MDR-le-21-02-2016.jpg\" data-caption-title=\"\u201cTOUT BASCULE\u201d : Shahnaz, Bernard, S\u00e9verine, Christian, Bernadette, Patrice et Sylvie e 21 f\u00e9vrier 2016 \u00e0 la Maison de Retraite de LAON\" data-attachment-id=\"1233\" data-type=\"image\" class=\"fg-thumb\"><span class=\"fg-image-wrap\"><img decoding=\"async\" title=\"\u201cTOUT BASCULE\u201d : Shahnaz, Bernard, S\u00e9verine, Christian, Bernadette, Patrice et Sylvie e 21 f\u00e9vrier 2016 \u00e0 la Maison de Retraite de LAON\" width=\"150\" height=\"150\" class=\"skip-lazy fg-image\" data-src-fg=\"https:\/\/comedialaon.fr\/wp-content\/uploads\/cache\/2016\/03\/13-MDR-le-21-02-2016\/1936574179.jpg\" src=\"data:image\/svg+xml,%3Csvg%20xmlns%3D%22http%3A%2F%2Fwww.w3.org%2F2000%2Fsvg%22%20width%3D%22150%22%20height%3D%22150%22%20viewBox%3D%220%200%20150%20150%22%3E%3C%2Fsvg%3E\" loading=\"eager\"><\/span><span class=\"fg-image-overlay\"><\/span><\/a><figcaption class=\"fg-caption\"><div class=\"fg-caption-inner\"><div class=\"fg-caption-title\">\u201cTOUT BASCULE\u201d : Shahnaz, Bernard, S\u00e9verine, Christian, Bernadette, Patrice et Sylvie e 21 f\u00e9vrier 2016 \u00e0 la Maison de Retraite de LAON<\/div><\/div><\/figcaption><\/figure><div class=\"fg-loader\"><\/div><\/div><div class=\"fg-item fg-type-image fg-idle\"><figure class=\"fg-item-inner\"><a href=\"https:\/\/comedialaon.fr\/wp-content\/uploads\/2016\/03\/14-MDR-le-21-02-2016.jpg\" data-caption-title=\"\u201cTOUT BASCULE\u201d : Christian, Bernadette, Patrice, Sylvie, Shahnaz, Bernard et S\u00e9verine le 21 f\u00e9vrier 2016 \u00e0 la Maison de Retraite de LAON\" data-attachment-id=\"1234\" data-type=\"image\" class=\"fg-thumb\"><span class=\"fg-image-wrap\"><img decoding=\"async\" title=\"\u201cTOUT BASCULE\u201d : Christian, Bernadette, Patrice, Sylvie, Shahnaz, Bernard et S\u00e9verine le 21 f\u00e9vrier 2016 \u00e0 la Maison de Retraite de LAON\" width=\"150\" height=\"150\" class=\"skip-lazy fg-image\" data-src-fg=\"https:\/\/comedialaon.fr\/wp-content\/uploads\/cache\/2016\/03\/14-MDR-le-21-02-2016\/2043697786.jpg\" src=\"data:image\/svg+xml,%3Csvg%20xmlns%3D%22http%3A%2F%2Fwww.w3.org%2F2000%2Fsvg%22%20width%3D%22150%22%20height%3D%22150%22%20viewBox%3D%220%200%20150%20150%22%3E%3C%2Fsvg%3E\" loading=\"eager\"><\/span><span class=\"fg-image-overlay\"><\/span><\/a><figcaption class=\"fg-caption\"><div class=\"fg-caption-inner\"><div class=\"fg-caption-title\">\u201cTOUT BASCULE\u201d : Christian, Bernadette, Patrice, Sylvie, Shahnaz, Bernard et S\u00e9verine le 21 f\u00e9vrier 2016 \u00e0 la Maison de Retraite de LAON<\/div><\/div><\/figcaption><\/figure><div class=\"fg-loader\"><\/div><\/div><\/div>\n\n","protected":false},"excerpt":{"rendered":"","protected":false},"author":1,"featured_media":0,"parent":0,"menu_order":0,"comment_status":"closed","ping_status":"closed","template":"","meta":{"footnotes":""},"class_list":["post-4725","page","type-page","status-publish","hentry"],"yoast_head":"<!-- This site is optimized with the Yoast SEO plugin v27.5 - https:\/\/yoast.com\/product\/yoast-seo-wordpress\/ -->\n<title>Album photos \u201cTOUT BASCULE\u201d \u00e0 la salle de la Maison de Retraite le 21 F\u00c9VRIER 2016 &#8226; Com\u00e9dia Laon<\/title>\n<meta name=\"robots\" content=\"index, follow, max-snippet:-1, max-image-preview:large, max-video-preview:-1\" \/>\n<link rel=\"canonical\" href=\"https:\/\/comedialaon.fr\/?page_id=4725\" \/>\n<meta property=\"og:locale\" content=\"fr_FR\" \/>\n<meta property=\"og:type\" content=\"article\" \/>\n<meta property=\"og:title\" content=\"Album photos \u201cTOUT BASCULE\u201d \u00e0 la salle de la Maison de Retraite le 21 F\u00c9VRIER 2016 &#8226; Com\u00e9dia Laon\" \/>\n<meta property=\"og:url\" content=\"https:\/\/comedialaon.fr\/?page_id=4725\" \/>\n<meta property=\"og:site_name\" content=\"Com\u00e9dia Laon\" \/>\n<meta property=\"article:publisher\" content=\"https:\/\/www.facebook.com\/profile.php?id=100008459438996\" \/>\n<meta property=\"article:modified_time\" content=\"2021-07-25T09:30:26+00:00\" \/>\n<script type=\"application\/ld+json\" class=\"yoast-schema-graph\">{\"@context\":\"https:\\\/\\\/schema.org\",\"@graph\":[{\"@type\":\"WebPage\",\"@id\":\"https:\\\/\\\/comedialaon.fr\\\/?page_id=4725\",\"url\":\"https:\\\/\\\/comedialaon.fr\\\/?page_id=4725\",\"name\":\"Album photos \u201cTOUT BASCULE\u201d \u00e0 la salle de la Maison de Retraite le 21 F\u00c9VRIER 2016 &#8226; Com\u00e9dia Laon\",\"isPartOf\":{\"@id\":\"https:\\\/\\\/comedialaon.fr\\\/#website\"},\"datePublished\":\"2021-07-25T09:19:17+00:00\",\"dateModified\":\"2021-07-25T09:30:26+00:00\",\"breadcrumb\":{\"@id\":\"https:\\\/\\\/comedialaon.fr\\\/?page_id=4725#breadcrumb\"},\"inLanguage\":\"fr-FR\",\"potentialAction\":[{\"@type\":\"ReadAction\",\"target\":[\"https:\\\/\\\/comedialaon.fr\\\/?page_id=4725\"]}]},{\"@type\":\"BreadcrumbList\",\"@id\":\"https:\\\/\\\/comedialaon.fr\\\/?page_id=4725#breadcrumb\",\"itemListElement\":[{\"@type\":\"ListItem\",\"position\":1,\"name\":\"Accueil\",\"item\":\"https:\\\/\\\/comedialaon.fr\\\/\"},{\"@type\":\"ListItem\",\"position\":2,\"name\":\"Album photos \u201cTOUT BASCULE\u201d \u00e0 la salle de la Maison de Retraite le 21 F\u00c9VRIER 2016\"}]},{\"@type\":\"WebSite\",\"@id\":\"https:\\\/\\\/comedialaon.fr\\\/#website\",\"url\":\"https:\\\/\\\/comedialaon.fr\\\/\",\"name\":\"Com\u00e9dia Laon\",\"description\":\"Prendre et donner du PLAISIR ... !!! ;-)\",\"publisher\":{\"@id\":\"https:\\\/\\\/comedialaon.fr\\\/#organization\"},\"potentialAction\":[{\"@type\":\"SearchAction\",\"target\":{\"@type\":\"EntryPoint\",\"urlTemplate\":\"https:\\\/\\\/comedialaon.fr\\\/?s={search_term_string}\"},\"query-input\":{\"@type\":\"PropertyValueSpecification\",\"valueRequired\":true,\"valueName\":\"search_term_string\"}}],\"inLanguage\":\"fr-FR\"},{\"@type\":\"Organization\",\"@id\":\"https:\\\/\\\/comedialaon.fr\\\/#organization\",\"name\":\"Com\u00e9dia Laon\",\"url\":\"https:\\\/\\\/comedialaon.fr\\\/\",\"logo\":{\"@type\":\"ImageObject\",\"inLanguage\":\"fr-FR\",\"@id\":\"https:\\\/\\\/comedialaon.fr\\\/#\\\/schema\\\/logo\\\/image\\\/\",\"url\":\"https:\\\/\\\/comedialaon.fr\\\/wp-content\\\/uploads\\\/2019\\\/02\\\/LOGO-CL-et-OL.jpg\",\"contentUrl\":\"https:\\\/\\\/comedialaon.fr\\\/wp-content\\\/uploads\\\/2019\\\/02\\\/LOGO-CL-et-OL.jpg\",\"width\":756,\"height\":210,\"caption\":\"Com\u00e9dia Laon\"},\"image\":{\"@id\":\"https:\\\/\\\/comedialaon.fr\\\/#\\\/schema\\\/logo\\\/image\\\/\"},\"sameAs\":[\"https:\\\/\\\/www.facebook.com\\\/profile.php?id=100008459438996\",\"https:\\\/\\\/www.youtube.com\\\/results?search_query=comedia laon\"]}]}<\/script>\n<!-- \/ Yoast SEO plugin. -->","yoast_head_json":{"title":"Album photos \u201cTOUT BASCULE\u201d \u00e0 la salle de la Maison de Retraite le 21 F\u00c9VRIER 2016 &#8226; Com\u00e9dia Laon","robots":{"index":"index","follow":"follow","max-snippet":"max-snippet:-1","max-image-preview":"max-image-preview:large","max-video-preview":"max-video-preview:-1"},"canonical":"https:\/\/comedialaon.fr\/?page_id=4725","og_locale":"fr_FR","og_type":"article","og_title":"Album photos \u201cTOUT BASCULE\u201d \u00e0 la salle de la Maison de Retraite le 21 F\u00c9VRIER 2016 &#8226; Com\u00e9dia Laon","og_url":"https:\/\/comedialaon.fr\/?page_id=4725","og_site_name":"Com\u00e9dia Laon","article_publisher":"https:\/\/www.facebook.com\/profile.php?id=100008459438996","article_modified_time":"2021-07-25T09:30:26+00:00","schema":{"@context":"https:\/\/schema.org","@graph":[{"@type":"WebPage","@id":"https:\/\/comedialaon.fr\/?page_id=4725","url":"https:\/\/comedialaon.fr\/?page_id=4725","name":"Album photos \u201cTOUT BASCULE\u201d \u00e0 la salle de la Maison de Retraite le 21 F\u00c9VRIER 2016 &#8226; Com\u00e9dia Laon","isPartOf":{"@id":"https:\/\/comedialaon.fr\/#website"},"datePublished":"2021-07-25T09:19:17+00:00","dateModified":"2021-07-25T09:30:26+00:00","breadcrumb":{"@id":"https:\/\/comedialaon.fr\/?page_id=4725#breadcrumb"},"inLanguage":"fr-FR","potentialAction":[{"@type":"ReadAction","target":["https:\/\/comedialaon.fr\/?page_id=4725"]}]},{"@type":"BreadcrumbList","@id":"https:\/\/comedialaon.fr\/?page_id=4725#breadcrumb","itemListElement":[{"@type":"ListItem","position":1,"name":"Accueil","item":"https:\/\/comedialaon.fr\/"},{"@type":"ListItem","position":2,"name":"Album photos \u201cTOUT BASCULE\u201d \u00e0 la salle de la Maison de Retraite le 21 F\u00c9VRIER 2016"}]},{"@type":"WebSite","@id":"https:\/\/comedialaon.fr\/#website","url":"https:\/\/comedialaon.fr\/","name":"Com\u00e9dia Laon","description":"Prendre et donner du PLAISIR ... !!! ;-)","publisher":{"@id":"https:\/\/comedialaon.fr\/#organization"},"potentialAction":[{"@type":"SearchAction","target":{"@type":"EntryPoint","urlTemplate":"https:\/\/comedialaon.fr\/?s={search_term_string}"},"query-input":{"@type":"PropertyValueSpecification","valueRequired":true,"valueName":"search_term_string"}}],"inLanguage":"fr-FR"},{"@type":"Organization","@id":"https:\/\/comedialaon.fr\/#organization","name":"Com\u00e9dia Laon","url":"https:\/\/comedialaon.fr\/","logo":{"@type":"ImageObject","inLanguage":"fr-FR","@id":"https:\/\/comedialaon.fr\/#\/schema\/logo\/image\/","url":"https:\/\/comedialaon.fr\/wp-content\/uploads\/2019\/02\/LOGO-CL-et-OL.jpg","contentUrl":"https:\/\/comedialaon.fr\/wp-content\/uploads\/2019\/02\/LOGO-CL-et-OL.jpg","width":756,"height":210,"caption":"Com\u00e9dia Laon"},"image":{"@id":"https:\/\/comedialaon.fr\/#\/schema\/logo\/image\/"},"sameAs":["https:\/\/www.facebook.com\/profile.php?id=100008459438996","https:\/\/www.youtube.com\/results?search_query=comedia laon"]}]}},"_links":{"self":[{"href":"https:\/\/comedialaon.fr\/index.php?rest_route=\/wp\/v2\/pages\/4725","targetHints":{"allow":["GET"]}}],"collection":[{"href":"https:\/\/comedialaon.fr\/index.php?rest_route=\/wp\/v2\/pages"}],"about":[{"href":"https:\/\/comedialaon.fr\/index.php?rest_route=\/wp\/v2\/types\/page"}],"author":[{"embeddable":true,"href":"https:\/\/comedialaon.fr\/index.php?rest_route=\/wp\/v2\/users\/1"}],"replies":[{"embeddable":true,"href":"https:\/\/comedialaon.fr\/index.php?rest_route=%2Fwp%2Fv2%2Fcomments&post=4725"}],"version-history":[{"count":2,"href":"https:\/\/comedialaon.fr\/index.php?rest_route=\/wp\/v2\/pages\/4725\/revisions"}],"predecessor-version":[{"id":4799,"href":"https:\/\/comedialaon.fr\/index.php?rest_route=\/wp\/v2\/pages\/4725\/revisions\/4799"}],"wp:attachment":[{"href":"https:\/\/comedialaon.fr\/index.php?rest_route=%2Fwp%2Fv2%2Fmedia&parent=4725"}],"curies":[{"name":"wp","href":"https:\/\/api.w.org\/{rel}","templated":true}]}}