{"id":4705,"date":"2021-07-25T10:22:25","date_gmt":"2021-07-25T08:22:25","guid":{"rendered":"https:\/\/comedialaon.fr\/?page_id=4705"},"modified":"2021-07-25T10:22:25","modified_gmt":"2021-07-25T08:22:25","slug":"album-photos-je-veux-voir-mioussova-sissonne-le-8-fevrier-2015","status":"publish","type":"page","link":"https:\/\/comedialaon.fr\/?page_id=4705","title":{"rendered":"<center>Album photos \u201cJE VEUX VOIR MIOUSSOV\u201d<br>\u00e0 SISSONNE le 8 F\u00c9VRIER 2015"},"content":{"rendered":"<style type=\"text\/css\">\n#foogallery-gallery-4704 .fg-image { width: 150px; }\n#foogallery-gallery-4704 { --fg-gutter: 10px; }<\/style>\n\t\t\t<div class=\"foogallery foogallery-container foogallery-default foogallery-lightbox-foobox fg-center fg-default fg-ready fg-light fg-border-thin fg-shadow-outline fg-loading-default fg-loaded-fade-in fg-caption-hover fg-hover-fade fg-hover-zoom\" id=\"foogallery-gallery-4704\" data-foogallery=\"{&quot;item&quot;:{&quot;showCaptionTitle&quot;:true,&quot;showCaptionDescription&quot;:true},&quot;lazy&quot;:true}\" style=\"--fg-title-line-clamp: 0; --fg-description-line-clamp: 0;\" >\n\t<div class=\"fg-item fg-type-image fg-idle\"><figure class=\"fg-item-inner\"><a href=\"https:\/\/comedialaon.fr\/wp-content\/uploads\/2015\/02\/2015-07-02-11.jpg\" data-caption-title=\"\u201cJE VEUX VOIR MIOUSSOV\u201d : Bernard et Patrice le 8 f\u00e9vrier 2015 \u00e0 SISSONNE\" data-attachment-id=\"421\" data-type=\"image\" class=\"fg-thumb\"><span class=\"fg-image-wrap\"><img decoding=\"async\" title=\"\u201cJE VEUX VOIR MIOUSSOV\u201d : Bernard et Patrice le 8 f\u00e9vrier 2015 \u00e0 SISSONNE\" width=\"150\" height=\"150\" class=\"skip-lazy fg-image\" data-src-fg=\"https:\/\/comedialaon.fr\/wp-content\/uploads\/cache\/2015\/02\/2015-07-02-11\/390018451.jpg\" src=\"data:image\/svg+xml,%3Csvg%20xmlns%3D%22http%3A%2F%2Fwww.w3.org%2F2000%2Fsvg%22%20width%3D%22150%22%20height%3D%22150%22%20viewBox%3D%220%200%20150%20150%22%3E%3C%2Fsvg%3E\" loading=\"eager\"><\/span><span class=\"fg-image-overlay\"><\/span><\/a><figcaption class=\"fg-caption\"><div class=\"fg-caption-inner\"><div class=\"fg-caption-title\">\u201cJE VEUX VOIR MIOUSSOV\u201d : Bernard et Patrice le 8 f\u00e9vrier 2015 \u00e0 SISSONNE<\/div><\/div><\/figcaption><\/figure><div class=\"fg-loader\"><\/div><\/div><div class=\"fg-item fg-type-image fg-idle\"><figure class=\"fg-item-inner\"><a href=\"https:\/\/comedialaon.fr\/wp-content\/uploads\/2015\/02\/2015-07-02-21.jpg\" data-caption-title=\"\u201cJE VEUX VOIR MIOUSSOV\u201d : S\u00e9verine, Bernard et Shahnaz le 8 f\u00e9vrier 2015 \u00e0 SISSONNE\" data-attachment-id=\"422\" data-type=\"image\" class=\"fg-thumb\"><span class=\"fg-image-wrap\"><img decoding=\"async\" title=\"\u201cJE VEUX VOIR MIOUSSOV\u201d : S\u00e9verine, Bernard et Shahnaz le 8 f\u00e9vrier 2015 \u00e0 SISSONNE\" width=\"150\" height=\"150\" class=\"skip-lazy fg-image\" data-src-fg=\"https:\/\/comedialaon.fr\/wp-content\/uploads\/cache\/2015\/02\/2015-07-02-21\/2189390522.jpg\" src=\"data:image\/svg+xml,%3Csvg%20xmlns%3D%22http%3A%2F%2Fwww.w3.org%2F2000%2Fsvg%22%20width%3D%22150%22%20height%3D%22150%22%20viewBox%3D%220%200%20150%20150%22%3E%3C%2Fsvg%3E\" loading=\"eager\"><\/span><span class=\"fg-image-overlay\"><\/span><\/a><figcaption class=\"fg-caption\"><div class=\"fg-caption-inner\"><div class=\"fg-caption-title\">\u201cJE VEUX VOIR MIOUSSOV\u201d : S\u00e9verine, Bernard et Shahnaz le 8 f\u00e9vrier 2015 \u00e0 SISSONNE<\/div><\/div><\/figcaption><\/figure><div class=\"fg-loader\"><\/div><\/div><div class=\"fg-item fg-type-image fg-idle\"><figure class=\"fg-item-inner\"><a href=\"https:\/\/comedialaon.fr\/wp-content\/uploads\/2015\/02\/2015-07-02-31.jpg\" data-caption-title=\"\u201cJE VEUX VOIR MIOUSSOV\u201d : Bernard et Bernadette le 8 f\u00e9vrier 2015 \u00e0 SISSONNE\" data-attachment-id=\"423\" data-type=\"image\" class=\"fg-thumb\"><span class=\"fg-image-wrap\"><img decoding=\"async\" title=\"\u201cJE VEUX VOIR MIOUSSOV\u201d : Bernard et Bernadette le 8 f\u00e9vrier 2015 \u00e0 SISSONNE\" width=\"150\" height=\"150\" class=\"skip-lazy fg-image\" data-src-fg=\"https:\/\/comedialaon.fr\/wp-content\/uploads\/cache\/2015\/02\/2015-07-02-31\/4047548509.jpg\" src=\"data:image\/svg+xml,%3Csvg%20xmlns%3D%22http%3A%2F%2Fwww.w3.org%2F2000%2Fsvg%22%20width%3D%22150%22%20height%3D%22150%22%20viewBox%3D%220%200%20150%20150%22%3E%3C%2Fsvg%3E\" loading=\"eager\"><\/span><span class=\"fg-image-overlay\"><\/span><\/a><figcaption class=\"fg-caption\"><div class=\"fg-caption-inner\"><div class=\"fg-caption-title\">\u201cJE VEUX VOIR MIOUSSOV\u201d : Bernard et Bernadette le 8 f\u00e9vrier 2015 \u00e0 SISSONNE<\/div><\/div><\/figcaption><\/figure><div class=\"fg-loader\"><\/div><\/div><div class=\"fg-item fg-type-image fg-idle\"><figure class=\"fg-item-inner\"><a href=\"https:\/\/comedialaon.fr\/wp-content\/uploads\/2015\/02\/2015-07-02-41.jpg\" data-caption-title=\"\u201cJE VEUX VOIR MIOUSSOV\u201d : Sabelline et S\u00e9verine le 8 f\u00e9vrier 2015 \u00e0 SISSONNE\" data-attachment-id=\"424\" data-type=\"image\" class=\"fg-thumb\"><span class=\"fg-image-wrap\"><img decoding=\"async\" title=\"\u201cJE VEUX VOIR MIOUSSOV\u201d : Sabelline et S\u00e9verine le 8 f\u00e9vrier 2015 \u00e0 SISSONNE\" width=\"150\" height=\"150\" class=\"skip-lazy fg-image\" data-src-fg=\"https:\/\/comedialaon.fr\/wp-content\/uploads\/cache\/2015\/02\/2015-07-02-41\/1938750121.jpg\" src=\"data:image\/svg+xml,%3Csvg%20xmlns%3D%22http%3A%2F%2Fwww.w3.org%2F2000%2Fsvg%22%20width%3D%22150%22%20height%3D%22150%22%20viewBox%3D%220%200%20150%20150%22%3E%3C%2Fsvg%3E\" loading=\"eager\"><\/span><span class=\"fg-image-overlay\"><\/span><\/a><figcaption class=\"fg-caption\"><div class=\"fg-caption-inner\"><div class=\"fg-caption-title\">\u201cJE VEUX VOIR MIOUSSOV\u201d : Sabelline et S\u00e9verine le 8 f\u00e9vrier 2015 \u00e0 SISSONNE<\/div><\/div><\/figcaption><\/figure><div class=\"fg-loader\"><\/div><\/div><div class=\"fg-item fg-type-image fg-idle\"><figure class=\"fg-item-inner\"><a href=\"https:\/\/comedialaon.fr\/wp-content\/uploads\/2015\/02\/2015-07-02-51.jpg\" data-caption-title=\"\u201cJE VEUX VOIR MIOUSSOV\u201d : S\u00e9verine et Sylvie le 8 f\u00e9vrier 2015 \u00e0 SISSONNE\" data-attachment-id=\"425\" data-type=\"image\" class=\"fg-thumb\"><span class=\"fg-image-wrap\"><img decoding=\"async\" title=\"\u201cJE VEUX VOIR MIOUSSOV\u201d : S\u00e9verine et Sylvie le 8 f\u00e9vrier 2015 \u00e0 SISSONNE\" width=\"150\" height=\"150\" class=\"skip-lazy fg-image\" data-src-fg=\"https:\/\/comedialaon.fr\/wp-content\/uploads\/cache\/2015\/02\/2015-07-02-51\/11614286.jpg\" src=\"data:image\/svg+xml,%3Csvg%20xmlns%3D%22http%3A%2F%2Fwww.w3.org%2F2000%2Fsvg%22%20width%3D%22150%22%20height%3D%22150%22%20viewBox%3D%220%200%20150%20150%22%3E%3C%2Fsvg%3E\" loading=\"eager\"><\/span><span class=\"fg-image-overlay\"><\/span><\/a><figcaption class=\"fg-caption\"><div class=\"fg-caption-inner\"><div class=\"fg-caption-title\">\u201cJE VEUX VOIR MIOUSSOV\u201d : S\u00e9verine et Sylvie le 8 f\u00e9vrier 2015 \u00e0 SISSONNE<\/div><\/div><\/figcaption><\/figure><div class=\"fg-loader\"><\/div><\/div><div class=\"fg-item fg-type-image fg-idle\"><figure class=\"fg-item-inner\"><a href=\"https:\/\/comedialaon.fr\/wp-content\/uploads\/2015\/02\/2015-07-02-61.jpg\" data-caption-title=\"\u201cJE VEUX VOIR MIOUSSOV\u201d : Sabelline et S\u00e9verine le 8 f\u00e9vrier 2015 \u00e0 SISSONNE\" data-attachment-id=\"426\" data-type=\"image\" class=\"fg-thumb\"><span class=\"fg-image-wrap\"><img decoding=\"async\" title=\"\u201cJE VEUX VOIR MIOUSSOV\u201d : Sabelline et S\u00e9verine le 8 f\u00e9vrier 2015 \u00e0 SISSONNE\" width=\"150\" height=\"150\" class=\"skip-lazy fg-image\" data-src-fg=\"https:\/\/comedialaon.fr\/wp-content\/uploads\/cache\/2015\/02\/2015-07-02-61\/2515631975.jpg\" src=\"data:image\/svg+xml,%3Csvg%20xmlns%3D%22http%3A%2F%2Fwww.w3.org%2F2000%2Fsvg%22%20width%3D%22150%22%20height%3D%22150%22%20viewBox%3D%220%200%20150%20150%22%3E%3C%2Fsvg%3E\" loading=\"eager\"><\/span><span class=\"fg-image-overlay\"><\/span><\/a><figcaption class=\"fg-caption\"><div class=\"fg-caption-inner\"><div class=\"fg-caption-title\">\u201cJE VEUX VOIR MIOUSSOV\u201d : Sabelline et S\u00e9verine le 8 f\u00e9vrier 2015 \u00e0 SISSONNE<\/div><\/div><\/figcaption><\/figure><div class=\"fg-loader\"><\/div><\/div><div class=\"fg-item fg-type-image fg-idle\"><figure class=\"fg-item-inner\"><a href=\"https:\/\/comedialaon.fr\/wp-content\/uploads\/2015\/02\/2015-07-02-71.jpg\" data-caption-title=\"\u201cJE VEUX VOIR MIOUSSOV\u201d : Sabelline et Sylvie le 8 f\u00e9vrier 2015 \u00e0 SISSONNE\" data-attachment-id=\"427\" data-type=\"image\" class=\"fg-thumb\"><span class=\"fg-image-wrap\"><img decoding=\"async\" title=\"\u201cJE VEUX VOIR MIOUSSOV\u201d : Sabelline et Sylvie le 8 f\u00e9vrier 2015 \u00e0 SISSONNE\" width=\"150\" height=\"150\" class=\"skip-lazy fg-image\" data-src-fg=\"https:\/\/comedialaon.fr\/wp-content\/uploads\/cache\/2015\/02\/2015-07-02-71\/3872308608.jpg\" src=\"data:image\/svg+xml,%3Csvg%20xmlns%3D%22http%3A%2F%2Fwww.w3.org%2F2000%2Fsvg%22%20width%3D%22150%22%20height%3D%22150%22%20viewBox%3D%220%200%20150%20150%22%3E%3C%2Fsvg%3E\" loading=\"eager\"><\/span><span class=\"fg-image-overlay\"><\/span><\/a><figcaption class=\"fg-caption\"><div class=\"fg-caption-inner\"><div class=\"fg-caption-title\">\u201cJE VEUX VOIR MIOUSSOV\u201d : Sabelline et Sylvie le 8 f\u00e9vrier 2015 \u00e0 SISSONNE<\/div><\/div><\/figcaption><\/figure><div class=\"fg-loader\"><\/div><\/div><div class=\"fg-item fg-type-image fg-idle\"><figure class=\"fg-item-inner\"><a href=\"https:\/\/comedialaon.fr\/wp-content\/uploads\/2015\/02\/DSC_5594.jpg\" data-caption-title=\"\u201cJE VEUX VOIR MIOUSSOV\u201d : Patrice et Bernadette le 8 f\u00e9vrier 2015 \u00e0 SISSONNE\" data-attachment-id=\"432\" data-type=\"image\" class=\"fg-thumb\"><span class=\"fg-image-wrap\"><img decoding=\"async\" title=\"\u201cJE VEUX VOIR MIOUSSOV\u201d : Patrice et Bernadette le 8 f\u00e9vrier 2015 \u00e0 SISSONNE\" width=\"150\" height=\"150\" class=\"skip-lazy fg-image\" data-src-fg=\"https:\/\/comedialaon.fr\/wp-content\/uploads\/cache\/2015\/02\/DSC_5594\/1897856986.jpg\" src=\"data:image\/svg+xml,%3Csvg%20xmlns%3D%22http%3A%2F%2Fwww.w3.org%2F2000%2Fsvg%22%20width%3D%22150%22%20height%3D%22150%22%20viewBox%3D%220%200%20150%20150%22%3E%3C%2Fsvg%3E\" loading=\"eager\"><\/span><span class=\"fg-image-overlay\"><\/span><\/a><figcaption class=\"fg-caption\"><div class=\"fg-caption-inner\"><div class=\"fg-caption-title\">\u201cJE VEUX VOIR MIOUSSOV\u201d : Patrice et Bernadette le 8 f\u00e9vrier 2015 \u00e0 SISSONNE<\/div><\/div><\/figcaption><\/figure><div class=\"fg-loader\"><\/div><\/div><div class=\"fg-item fg-type-image fg-idle\"><figure class=\"fg-item-inner\"><a href=\"https:\/\/comedialaon.fr\/wp-content\/uploads\/2015\/02\/DSC_5600.jpg\" data-caption-title=\"\u201cJE VEUX VOIR MIOUSSOV\u201d : S\u00e9verine, Bernard et Shahnaz le 8 f\u00e9vrier 2015 \u00e0 SISSONNE\" data-attachment-id=\"433\" data-type=\"image\" class=\"fg-thumb\"><span class=\"fg-image-wrap\"><img decoding=\"async\" title=\"\u201cJE VEUX VOIR MIOUSSOV\u201d : S\u00e9verine, Bernard et Shahnaz le 8 f\u00e9vrier 2015 \u00e0 SISSONNE\" width=\"150\" height=\"150\" class=\"skip-lazy fg-image\" data-src-fg=\"https:\/\/comedialaon.fr\/wp-content\/uploads\/cache\/2015\/02\/DSC_5600\/1572144612.jpg\" src=\"data:image\/svg+xml,%3Csvg%20xmlns%3D%22http%3A%2F%2Fwww.w3.org%2F2000%2Fsvg%22%20width%3D%22150%22%20height%3D%22150%22%20viewBox%3D%220%200%20150%20150%22%3E%3C%2Fsvg%3E\" loading=\"eager\"><\/span><span class=\"fg-image-overlay\"><\/span><\/a><figcaption class=\"fg-caption\"><div class=\"fg-caption-inner\"><div class=\"fg-caption-title\">\u201cJE VEUX VOIR MIOUSSOV\u201d : S\u00e9verine, Bernard et Shahnaz le 8 f\u00e9vrier 2015 \u00e0 SISSONNE<\/div><\/div><\/figcaption><\/figure><div class=\"fg-loader\"><\/div><\/div><div class=\"fg-item fg-type-image fg-idle\"><figure class=\"fg-item-inner\"><a href=\"https:\/\/comedialaon.fr\/wp-content\/uploads\/2015\/02\/DSC_5604.jpg\" data-caption-title=\"\u201cJE VEUX VOIR MIOUSSOV\u201d : S\u00e9verine, Bernard et Shahnaz le 8 f\u00e9vrier 2015 \u00e0 SISSONNE\" data-attachment-id=\"434\" data-type=\"image\" class=\"fg-thumb\"><span class=\"fg-image-wrap\"><img decoding=\"async\" title=\"\u201cJE VEUX VOIR MIOUSSOV\u201d : S\u00e9verine, Bernard et Shahnaz le 8 f\u00e9vrier 2015 \u00e0 SISSONNE\" width=\"150\" height=\"150\" class=\"skip-lazy fg-image\" data-src-fg=\"https:\/\/comedialaon.fr\/wp-content\/uploads\/cache\/2015\/02\/DSC_5604\/942009609.jpg\" src=\"data:image\/svg+xml,%3Csvg%20xmlns%3D%22http%3A%2F%2Fwww.w3.org%2F2000%2Fsvg%22%20width%3D%22150%22%20height%3D%22150%22%20viewBox%3D%220%200%20150%20150%22%3E%3C%2Fsvg%3E\" loading=\"eager\"><\/span><span class=\"fg-image-overlay\"><\/span><\/a><figcaption class=\"fg-caption\"><div class=\"fg-caption-inner\"><div class=\"fg-caption-title\">\u201cJE VEUX VOIR MIOUSSOV\u201d : S\u00e9verine, Bernard et Shahnaz le 8 f\u00e9vrier 2015 \u00e0 SISSONNE<\/div><\/div><\/figcaption><\/figure><div class=\"fg-loader\"><\/div><\/div><div class=\"fg-item fg-type-image fg-idle\"><figure class=\"fg-item-inner\"><a href=\"https:\/\/comedialaon.fr\/wp-content\/uploads\/2015\/02\/DSC_5620.jpg\" data-caption-title=\"\u201cJE VEUX VOIR MIOUSSOV\u201d : Sabelline et Patrice le 8 f\u00e9vrier 2015 \u00e0 SISSONNE\" data-attachment-id=\"435\" data-type=\"image\" class=\"fg-thumb\"><span class=\"fg-image-wrap\"><img decoding=\"async\" title=\"\u201cJE VEUX VOIR MIOUSSOV\u201d : Sabelline et Patrice le 8 f\u00e9vrier 2015 \u00e0 SISSONNE\" width=\"150\" height=\"150\" class=\"skip-lazy fg-image\" data-src-fg=\"https:\/\/comedialaon.fr\/wp-content\/uploads\/cache\/2015\/02\/DSC_5620\/2112631529.jpg\" src=\"data:image\/svg+xml,%3Csvg%20xmlns%3D%22http%3A%2F%2Fwww.w3.org%2F2000%2Fsvg%22%20width%3D%22150%22%20height%3D%22150%22%20viewBox%3D%220%200%20150%20150%22%3E%3C%2Fsvg%3E\" loading=\"eager\"><\/span><span class=\"fg-image-overlay\"><\/span><\/a><figcaption class=\"fg-caption\"><div class=\"fg-caption-inner\"><div class=\"fg-caption-title\">\u201cJE VEUX VOIR MIOUSSOV\u201d : Sabelline et Patrice le 8 f\u00e9vrier 2015 \u00e0 SISSONNE<\/div><\/div><\/figcaption><\/figure><div class=\"fg-loader\"><\/div><\/div><div class=\"fg-item fg-type-image fg-idle\"><figure class=\"fg-item-inner\"><a href=\"https:\/\/comedialaon.fr\/wp-content\/uploads\/2015\/02\/DSC_5631.jpg\" data-caption-title=\"\u201cJE VEUX VOIR MIOUSSOV\u201d : Christian et Patrice le 8 f\u00e9vrier 2015 \u00e0 SISSONNE\" data-attachment-id=\"436\" data-type=\"image\" class=\"fg-thumb\"><span class=\"fg-image-wrap\"><img decoding=\"async\" title=\"\u201cJE VEUX VOIR MIOUSSOV\u201d : Christian et Patrice le 8 f\u00e9vrier 2015 \u00e0 SISSONNE\" width=\"150\" height=\"150\" class=\"skip-lazy fg-image\" data-src-fg=\"https:\/\/comedialaon.fr\/wp-content\/uploads\/cache\/2015\/02\/DSC_5631\/1288841937.jpg\" src=\"data:image\/svg+xml,%3Csvg%20xmlns%3D%22http%3A%2F%2Fwww.w3.org%2F2000%2Fsvg%22%20width%3D%22150%22%20height%3D%22150%22%20viewBox%3D%220%200%20150%20150%22%3E%3C%2Fsvg%3E\" loading=\"eager\"><\/span><span class=\"fg-image-overlay\"><\/span><\/a><figcaption class=\"fg-caption\"><div class=\"fg-caption-inner\"><div class=\"fg-caption-title\">\u201cJE VEUX VOIR MIOUSSOV\u201d : Christian et Patrice le 8 f\u00e9vrier 2015 \u00e0 SISSONNE<\/div><\/div><\/figcaption><\/figure><div class=\"fg-loader\"><\/div><\/div><div class=\"fg-item fg-type-image fg-idle\"><figure class=\"fg-item-inner\"><a href=\"https:\/\/comedialaon.fr\/wp-content\/uploads\/2015\/02\/DSC_5648.jpg\" data-caption-title=\"\u201cJE VEUX VOIR MIOUSSOV\u201d : Christian le 8 f\u00e9vrier 2015 \u00e0 SISSONNE\" data-attachment-id=\"437\" data-type=\"image\" class=\"fg-thumb\"><span class=\"fg-image-wrap\"><img decoding=\"async\" title=\"\u201cJE VEUX VOIR MIOUSSOV\u201d : Christian le 8 f\u00e9vrier 2015 \u00e0 SISSONNE\" width=\"150\" height=\"150\" class=\"skip-lazy fg-image\" data-src-fg=\"https:\/\/comedialaon.fr\/wp-content\/uploads\/cache\/2015\/02\/DSC_5648\/3632899503.jpg\" src=\"data:image\/svg+xml,%3Csvg%20xmlns%3D%22http%3A%2F%2Fwww.w3.org%2F2000%2Fsvg%22%20width%3D%22150%22%20height%3D%22150%22%20viewBox%3D%220%200%20150%20150%22%3E%3C%2Fsvg%3E\" loading=\"eager\"><\/span><span class=\"fg-image-overlay\"><\/span><\/a><figcaption class=\"fg-caption\"><div class=\"fg-caption-inner\"><div class=\"fg-caption-title\">\u201cJE VEUX VOIR MIOUSSOV\u201d : Christian le 8 f\u00e9vrier 2015 \u00e0 SISSONNE<\/div><\/div><\/figcaption><\/figure><div class=\"fg-loader\"><\/div><\/div><div class=\"fg-item fg-type-image fg-idle\"><figure class=\"fg-item-inner\"><a href=\"https:\/\/comedialaon.fr\/wp-content\/uploads\/2015\/02\/DSC_5662.jpg\" data-caption-title=\"\u201cJE VEUX VOIR MIOUSSOV\u201d : S\u00e9verine, et Bernadette le 8 f\u00e9vrier 2015 \u00e0 SISSONNE\" data-attachment-id=\"438\" data-type=\"image\" class=\"fg-thumb\"><span class=\"fg-image-wrap\"><img decoding=\"async\" title=\"\u201cJE VEUX VOIR MIOUSSOV\u201d : S\u00e9verine, et Bernadette le 8 f\u00e9vrier 2015 \u00e0 SISSONNE\" width=\"150\" height=\"150\" class=\"skip-lazy fg-image\" data-src-fg=\"https:\/\/comedialaon.fr\/wp-content\/uploads\/cache\/2015\/02\/DSC_5662\/2416878098.jpg\" src=\"data:image\/svg+xml,%3Csvg%20xmlns%3D%22http%3A%2F%2Fwww.w3.org%2F2000%2Fsvg%22%20width%3D%22150%22%20height%3D%22150%22%20viewBox%3D%220%200%20150%20150%22%3E%3C%2Fsvg%3E\" loading=\"eager\"><\/span><span class=\"fg-image-overlay\"><\/span><\/a><figcaption class=\"fg-caption\"><div class=\"fg-caption-inner\"><div class=\"fg-caption-title\">\u201cJE VEUX VOIR MIOUSSOV\u201d : S\u00e9verine, et Bernadette le 8 f\u00e9vrier 2015 \u00e0 SISSONNE<\/div><\/div><\/figcaption><\/figure><div class=\"fg-loader\"><\/div><\/div><div class=\"fg-item fg-type-image fg-idle\"><figure class=\"fg-item-inner\"><a href=\"https:\/\/comedialaon.fr\/wp-content\/uploads\/2015\/02\/DSC_5690.jpg\" data-caption-title=\"\u201cJE VEUX VOIR MIOUSSOV\u201d : Christian et Sabelline le 8 f\u00e9vrier 2015 \u00e0 SISSONNE\" data-attachment-id=\"439\" data-type=\"image\" class=\"fg-thumb\"><span class=\"fg-image-wrap\"><img decoding=\"async\" title=\"\u201cJE VEUX VOIR MIOUSSOV\u201d : Christian et Sabelline le 8 f\u00e9vrier 2015 \u00e0 SISSONNE\" width=\"150\" height=\"150\" class=\"skip-lazy fg-image\" data-src-fg=\"https:\/\/comedialaon.fr\/wp-content\/uploads\/cache\/2015\/02\/DSC_5690\/3806827298.jpg\" src=\"data:image\/svg+xml,%3Csvg%20xmlns%3D%22http%3A%2F%2Fwww.w3.org%2F2000%2Fsvg%22%20width%3D%22150%22%20height%3D%22150%22%20viewBox%3D%220%200%20150%20150%22%3E%3C%2Fsvg%3E\" loading=\"eager\"><\/span><span class=\"fg-image-overlay\"><\/span><\/a><figcaption class=\"fg-caption\"><div class=\"fg-caption-inner\"><div class=\"fg-caption-title\">\u201cJE VEUX VOIR MIOUSSOV\u201d : Christian et Sabelline le 8 f\u00e9vrier 2015 \u00e0 SISSONNE<\/div><\/div><\/figcaption><\/figure><div class=\"fg-loader\"><\/div><\/div><div class=\"fg-item fg-type-image fg-idle\"><figure class=\"fg-item-inner\"><a href=\"https:\/\/comedialaon.fr\/wp-content\/uploads\/2015\/02\/DSC_5747.jpg\" data-caption-title=\"\u201cJE VEUX VOIR MIOUSSOV\u201d : Shahnaz et S\u00e9verine le 8 f\u00e9vrier 2015 \u00e0 SISSONNE\" data-attachment-id=\"440\" data-type=\"image\" class=\"fg-thumb\"><span class=\"fg-image-wrap\"><img decoding=\"async\" title=\"\u201cJE VEUX VOIR MIOUSSOV\u201d : Shahnaz et S\u00e9verine le 8 f\u00e9vrier 2015 \u00e0 SISSONNE\" width=\"150\" height=\"150\" class=\"skip-lazy fg-image\" data-src-fg=\"https:\/\/comedialaon.fr\/wp-content\/uploads\/cache\/2015\/02\/DSC_5747\/2357421323.jpg\" src=\"data:image\/svg+xml,%3Csvg%20xmlns%3D%22http%3A%2F%2Fwww.w3.org%2F2000%2Fsvg%22%20width%3D%22150%22%20height%3D%22150%22%20viewBox%3D%220%200%20150%20150%22%3E%3C%2Fsvg%3E\" loading=\"eager\"><\/span><span class=\"fg-image-overlay\"><\/span><\/a><figcaption class=\"fg-caption\"><div class=\"fg-caption-inner\"><div class=\"fg-caption-title\">\u201cJE VEUX VOIR MIOUSSOV\u201d : Shahnaz et S\u00e9verine le 8 f\u00e9vrier 2015 \u00e0 SISSONNE<\/div><\/div><\/figcaption><\/figure><div class=\"fg-loader\"><\/div><\/div><div class=\"fg-item fg-type-image fg-idle\"><figure class=\"fg-item-inner\"><a href=\"https:\/\/comedialaon.fr\/wp-content\/uploads\/2015\/02\/DSC_5774.jpg\" data-caption-title=\"\u201cJE VEUX VOIR MIOUSSOV\u201d : Shahnaz, Patrice, Bernard, S\u00e9verine, Sylvie et Bernadette le 8 f\u00e9vrier 2015 \u00e0 SISSONNE\" data-attachment-id=\"441\" data-type=\"image\" class=\"fg-thumb\"><span class=\"fg-image-wrap\"><img decoding=\"async\" title=\"\u201cJE VEUX VOIR MIOUSSOV\u201d : Shahnaz, Patrice, Bernard, S\u00e9verine, Sylvie et Bernadette le 8 f\u00e9vrier 2015 \u00e0 SISSONNE\" width=\"150\" height=\"150\" class=\"skip-lazy fg-image\" data-src-fg=\"https:\/\/comedialaon.fr\/wp-content\/uploads\/cache\/2015\/02\/DSC_5774\/3572803505.jpg\" src=\"data:image\/svg+xml,%3Csvg%20xmlns%3D%22http%3A%2F%2Fwww.w3.org%2F2000%2Fsvg%22%20width%3D%22150%22%20height%3D%22150%22%20viewBox%3D%220%200%20150%20150%22%3E%3C%2Fsvg%3E\" loading=\"eager\"><\/span><span class=\"fg-image-overlay\"><\/span><\/a><figcaption class=\"fg-caption\"><div class=\"fg-caption-inner\"><div class=\"fg-caption-title\">\u201cJE VEUX VOIR MIOUSSOV\u201d : Shahnaz, Patrice, Bernard, S\u00e9verine, Sylvie et Bernadette le 8 f\u00e9vrier 2015 \u00e0 SISSONNE<\/div><\/div><\/figcaption><\/figure><div class=\"fg-loader\"><\/div><\/div><div class=\"fg-item fg-type-image fg-idle\"><figure class=\"fg-item-inner\"><a href=\"https:\/\/comedialaon.fr\/wp-content\/uploads\/2015\/02\/DSC_5778.jpg\" data-caption-title=\"\u201cJE VEUX VOIR MIOUSSOV\u201d : Patrice, Bernard et Christian le 8 f\u00e9vrier 2015 \u00e0 SISSONNE\" data-attachment-id=\"442\" data-type=\"image\" class=\"fg-thumb\"><span class=\"fg-image-wrap\"><img decoding=\"async\" title=\"\u201cJE VEUX VOIR MIOUSSOV\u201d : Patrice, Bernard et Christian le 8 f\u00e9vrier 2015 \u00e0 SISSONNE\" width=\"150\" height=\"150\" class=\"skip-lazy fg-image\" data-src-fg=\"https:\/\/comedialaon.fr\/wp-content\/uploads\/cache\/2015\/02\/DSC_5778\/1773452827.jpg\" src=\"data:image\/svg+xml,%3Csvg%20xmlns%3D%22http%3A%2F%2Fwww.w3.org%2F2000%2Fsvg%22%20width%3D%22150%22%20height%3D%22150%22%20viewBox%3D%220%200%20150%20150%22%3E%3C%2Fsvg%3E\" loading=\"eager\"><\/span><span class=\"fg-image-overlay\"><\/span><\/a><figcaption class=\"fg-caption\"><div class=\"fg-caption-inner\"><div class=\"fg-caption-title\">\u201cJE VEUX VOIR MIOUSSOV\u201d : Patrice, Bernard et Christian le 8 f\u00e9vrier 2015 \u00e0 SISSONNE<\/div><\/div><\/figcaption><\/figure><div class=\"fg-loader\"><\/div><\/div><div class=\"fg-item fg-type-image fg-idle\"><figure class=\"fg-item-inner\"><a href=\"https:\/\/comedialaon.fr\/wp-content\/uploads\/2015\/02\/DSC_5800.jpg\" data-caption-title=\"\u201cJE VEUX VOIR MIOUSSOV\u201d : Shahnaz, Sylvie, Bernard, S\u00e9verine, Christian, Sabelline, Bernadette et Patrice le 8 f\u00e9vrier 2015 \u00e0 SISSONNE\" data-attachment-id=\"443\" data-type=\"image\" class=\"fg-thumb\"><span class=\"fg-image-wrap\"><img decoding=\"async\" title=\"\u201cJE VEUX VOIR MIOUSSOV\u201d : Shahnaz, Sylvie, Bernard, S\u00e9verine, Christian, Sabelline, Bernadette et Patrice le 8 f\u00e9vrier 2015 \u00e0 SISSONNE\" width=\"150\" height=\"150\" class=\"skip-lazy fg-image\" data-src-fg=\"https:\/\/comedialaon.fr\/wp-content\/uploads\/cache\/2015\/02\/DSC_5800\/3226364534.jpg\" src=\"data:image\/svg+xml,%3Csvg%20xmlns%3D%22http%3A%2F%2Fwww.w3.org%2F2000%2Fsvg%22%20width%3D%22150%22%20height%3D%22150%22%20viewBox%3D%220%200%20150%20150%22%3E%3C%2Fsvg%3E\" loading=\"eager\"><\/span><span class=\"fg-image-overlay\"><\/span><\/a><figcaption class=\"fg-caption\"><div class=\"fg-caption-inner\"><div class=\"fg-caption-title\">\u201cJE VEUX VOIR MIOUSSOV\u201d : Shahnaz, Sylvie, Bernard, S\u00e9verine, Christian, Sabelline, Bernadette et Patrice le 8 f\u00e9vrier 2015 \u00e0 SISSONNE<\/div><\/div><\/figcaption><\/figure><div class=\"fg-loader\"><\/div><\/div><\/div>\n\n","protected":false},"excerpt":{"rendered":"","protected":false},"author":1,"featured_media":0,"parent":0,"menu_order":0,"comment_status":"closed","ping_status":"closed","template":"","meta":{"footnotes":""},"class_list":["post-4705","page","type-page","status-publish","hentry"],"yoast_head":"<!-- This site is optimized with the Yoast SEO plugin v27.5 - https:\/\/yoast.com\/product\/yoast-seo-wordpress\/ -->\n<title>Album photos \u201cJE VEUX VOIR MIOUSSOV\u201d\u00e0 SISSONNE le 8 F\u00c9VRIER 2015 &#8226; Com\u00e9dia Laon<\/title>\n<meta name=\"robots\" content=\"index, follow, max-snippet:-1, max-image-preview:large, max-video-preview:-1\" \/>\n<link rel=\"canonical\" href=\"https:\/\/comedialaon.fr\/?page_id=4705\" \/>\n<meta property=\"og:locale\" content=\"fr_FR\" \/>\n<meta property=\"og:type\" content=\"article\" \/>\n<meta property=\"og:title\" content=\"Album photos \u201cJE VEUX VOIR MIOUSSOV\u201d\u00e0 SISSONNE le 8 F\u00c9VRIER 2015 &#8226; Com\u00e9dia Laon\" \/>\n<meta property=\"og:url\" content=\"https:\/\/comedialaon.fr\/?page_id=4705\" \/>\n<meta property=\"og:site_name\" content=\"Com\u00e9dia Laon\" \/>\n<meta property=\"article:publisher\" content=\"https:\/\/www.facebook.com\/profile.php?id=100008459438996\" \/>\n<script type=\"application\/ld+json\" class=\"yoast-schema-graph\">{\"@context\":\"https:\\\/\\\/schema.org\",\"@graph\":[{\"@type\":\"WebPage\",\"@id\":\"https:\\\/\\\/comedialaon.fr\\\/?page_id=4705\",\"url\":\"https:\\\/\\\/comedialaon.fr\\\/?page_id=4705\",\"name\":\"Album photos \u201cJE VEUX VOIR MIOUSSOV\u201d \u00e0 SISSONNE le 8 F\u00c9VRIER 2015 &#8226; Com\u00e9dia Laon\",\"isPartOf\":{\"@id\":\"https:\\\/\\\/comedialaon.fr\\\/#website\"},\"datePublished\":\"2021-07-25T08:22:25+00:00\",\"breadcrumb\":{\"@id\":\"https:\\\/\\\/comedialaon.fr\\\/?page_id=4705#breadcrumb\"},\"inLanguage\":\"fr-FR\",\"potentialAction\":[{\"@type\":\"ReadAction\",\"target\":[\"https:\\\/\\\/comedialaon.fr\\\/?page_id=4705\"]}]},{\"@type\":\"BreadcrumbList\",\"@id\":\"https:\\\/\\\/comedialaon.fr\\\/?page_id=4705#breadcrumb\",\"itemListElement\":[{\"@type\":\"ListItem\",\"position\":1,\"name\":\"Accueil\",\"item\":\"https:\\\/\\\/comedialaon.fr\\\/\"},{\"@type\":\"ListItem\",\"position\":2,\"name\":\"Album photos \u201cJE VEUX VOIR MIOUSSOV\u201d\u00e0 SISSONNE le 8 F\u00c9VRIER 2015\"}]},{\"@type\":\"WebSite\",\"@id\":\"https:\\\/\\\/comedialaon.fr\\\/#website\",\"url\":\"https:\\\/\\\/comedialaon.fr\\\/\",\"name\":\"Com\u00e9dia Laon\",\"description\":\"Prendre et donner du PLAISIR ... !!! ;-)\",\"publisher\":{\"@id\":\"https:\\\/\\\/comedialaon.fr\\\/#organization\"},\"potentialAction\":[{\"@type\":\"SearchAction\",\"target\":{\"@type\":\"EntryPoint\",\"urlTemplate\":\"https:\\\/\\\/comedialaon.fr\\\/?s={search_term_string}\"},\"query-input\":{\"@type\":\"PropertyValueSpecification\",\"valueRequired\":true,\"valueName\":\"search_term_string\"}}],\"inLanguage\":\"fr-FR\"},{\"@type\":\"Organization\",\"@id\":\"https:\\\/\\\/comedialaon.fr\\\/#organization\",\"name\":\"Com\u00e9dia Laon\",\"url\":\"https:\\\/\\\/comedialaon.fr\\\/\",\"logo\":{\"@type\":\"ImageObject\",\"inLanguage\":\"fr-FR\",\"@id\":\"https:\\\/\\\/comedialaon.fr\\\/#\\\/schema\\\/logo\\\/image\\\/\",\"url\":\"https:\\\/\\\/comedialaon.fr\\\/wp-content\\\/uploads\\\/2019\\\/02\\\/LOGO-CL-et-OL.jpg\",\"contentUrl\":\"https:\\\/\\\/comedialaon.fr\\\/wp-content\\\/uploads\\\/2019\\\/02\\\/LOGO-CL-et-OL.jpg\",\"width\":756,\"height\":210,\"caption\":\"Com\u00e9dia Laon\"},\"image\":{\"@id\":\"https:\\\/\\\/comedialaon.fr\\\/#\\\/schema\\\/logo\\\/image\\\/\"},\"sameAs\":[\"https:\\\/\\\/www.facebook.com\\\/profile.php?id=100008459438996\",\"https:\\\/\\\/www.youtube.com\\\/results?search_query=comedia laon\"]}]}<\/script>\n<!-- \/ Yoast SEO plugin. -->","yoast_head_json":{"title":"Album photos \u201cJE VEUX VOIR MIOUSSOV\u201d\u00e0 SISSONNE le 8 F\u00c9VRIER 2015 &#8226; Com\u00e9dia Laon","robots":{"index":"index","follow":"follow","max-snippet":"max-snippet:-1","max-image-preview":"max-image-preview:large","max-video-preview":"max-video-preview:-1"},"canonical":"https:\/\/comedialaon.fr\/?page_id=4705","og_locale":"fr_FR","og_type":"article","og_title":"Album photos \u201cJE VEUX VOIR MIOUSSOV\u201d\u00e0 SISSONNE le 8 F\u00c9VRIER 2015 &#8226; Com\u00e9dia Laon","og_url":"https:\/\/comedialaon.fr\/?page_id=4705","og_site_name":"Com\u00e9dia Laon","article_publisher":"https:\/\/www.facebook.com\/profile.php?id=100008459438996","schema":{"@context":"https:\/\/schema.org","@graph":[{"@type":"WebPage","@id":"https:\/\/comedialaon.fr\/?page_id=4705","url":"https:\/\/comedialaon.fr\/?page_id=4705","name":"Album photos \u201cJE VEUX VOIR MIOUSSOV\u201d \u00e0 SISSONNE le 8 F\u00c9VRIER 2015 &#8226; Com\u00e9dia Laon","isPartOf":{"@id":"https:\/\/comedialaon.fr\/#website"},"datePublished":"2021-07-25T08:22:25+00:00","breadcrumb":{"@id":"https:\/\/comedialaon.fr\/?page_id=4705#breadcrumb"},"inLanguage":"fr-FR","potentialAction":[{"@type":"ReadAction","target":["https:\/\/comedialaon.fr\/?page_id=4705"]}]},{"@type":"BreadcrumbList","@id":"https:\/\/comedialaon.fr\/?page_id=4705#breadcrumb","itemListElement":[{"@type":"ListItem","position":1,"name":"Accueil","item":"https:\/\/comedialaon.fr\/"},{"@type":"ListItem","position":2,"name":"Album photos \u201cJE VEUX VOIR MIOUSSOV\u201d\u00e0 SISSONNE le 8 F\u00c9VRIER 2015"}]},{"@type":"WebSite","@id":"https:\/\/comedialaon.fr\/#website","url":"https:\/\/comedialaon.fr\/","name":"Com\u00e9dia Laon","description":"Prendre et donner du PLAISIR ... !!! ;-)","publisher":{"@id":"https:\/\/comedialaon.fr\/#organization"},"potentialAction":[{"@type":"SearchAction","target":{"@type":"EntryPoint","urlTemplate":"https:\/\/comedialaon.fr\/?s={search_term_string}"},"query-input":{"@type":"PropertyValueSpecification","valueRequired":true,"valueName":"search_term_string"}}],"inLanguage":"fr-FR"},{"@type":"Organization","@id":"https:\/\/comedialaon.fr\/#organization","name":"Com\u00e9dia Laon","url":"https:\/\/comedialaon.fr\/","logo":{"@type":"ImageObject","inLanguage":"fr-FR","@id":"https:\/\/comedialaon.fr\/#\/schema\/logo\/image\/","url":"https:\/\/comedialaon.fr\/wp-content\/uploads\/2019\/02\/LOGO-CL-et-OL.jpg","contentUrl":"https:\/\/comedialaon.fr\/wp-content\/uploads\/2019\/02\/LOGO-CL-et-OL.jpg","width":756,"height":210,"caption":"Com\u00e9dia Laon"},"image":{"@id":"https:\/\/comedialaon.fr\/#\/schema\/logo\/image\/"},"sameAs":["https:\/\/www.facebook.com\/profile.php?id=100008459438996","https:\/\/www.youtube.com\/results?search_query=comedia laon"]}]}},"_links":{"self":[{"href":"https:\/\/comedialaon.fr\/index.php?rest_route=\/wp\/v2\/pages\/4705","targetHints":{"allow":["GET"]}}],"collection":[{"href":"https:\/\/comedialaon.fr\/index.php?rest_route=\/wp\/v2\/pages"}],"about":[{"href":"https:\/\/comedialaon.fr\/index.php?rest_route=\/wp\/v2\/types\/page"}],"author":[{"embeddable":true,"href":"https:\/\/comedialaon.fr\/index.php?rest_route=\/wp\/v2\/users\/1"}],"replies":[{"embeddable":true,"href":"https:\/\/comedialaon.fr\/index.php?rest_route=%2Fwp%2Fv2%2Fcomments&post=4705"}],"version-history":[{"count":1,"href":"https:\/\/comedialaon.fr\/index.php?rest_route=\/wp\/v2\/pages\/4705\/revisions"}],"predecessor-version":[{"id":4706,"href":"https:\/\/comedialaon.fr\/index.php?rest_route=\/wp\/v2\/pages\/4705\/revisions\/4706"}],"wp:attachment":[{"href":"https:\/\/comedialaon.fr\/index.php?rest_route=%2Fwp%2Fv2%2Fmedia&parent=4705"}],"curies":[{"name":"wp","href":"https:\/\/api.w.org\/{rel}","templated":true}]}}