{"id":4696,"date":"2021-07-25T10:10:26","date_gmt":"2021-07-25T08:10:26","guid":{"rendered":"https:\/\/comedialaon.fr\/?page_id=4696"},"modified":"2021-07-25T10:10:26","modified_gmt":"2021-07-25T08:10:26","slug":"album-photos-faux-et-usage-de-fou-par-montloon-compagnie-a-la-salle-de-la-maison-de-retraite-le-9-octobre-2015","status":"publish","type":"page","link":"https:\/\/comedialaon.fr\/?page_id=4696","title":{"rendered":"<center>Album photos \u201cFAUX ET USAGE DE FOU\u201d <br>par MONTLOON COMPAGNIE <br>\u00e0 la salle de la Maison de Retraite le 9 octobre 2015"},"content":{"rendered":"<style type=\"text\/css\">\n#foogallery-gallery-4695 .fg-image { width: 150px; }\n#foogallery-gallery-4695 { --fg-gutter: 10px; }<\/style>\n\t\t\t<div class=\"foogallery foogallery-container foogallery-default foogallery-lightbox-foobox fg-center fg-default fg-ready fg-light fg-border-thin fg-shadow-outline fg-loading-default fg-loaded-fade-in fg-caption-hover fg-hover-fade fg-hover-zoom\" id=\"foogallery-gallery-4695\" data-foogallery=\"{&quot;item&quot;:{&quot;showCaptionTitle&quot;:true,&quot;showCaptionDescription&quot;:true},&quot;lazy&quot;:true}\" style=\"--fg-title-line-clamp: 0; --fg-description-line-clamp: 0;\" >\n\t<div class=\"fg-item fg-type-image fg-idle\"><figure class=\"fg-item-inner\"><a href=\"https:\/\/comedialaon.fr\/wp-content\/uploads\/2015\/10\/01-Patrice-Jean-Pierre-R\u00e9p\u00e9tition.jpg\" data-caption-title=\"\u201cFAUX ET USAGE DE FOU\u201d : Patrice et Jean Pierre r\u00e9p\u00e9tition le 9 octobre 2015 \u00e0 la Maison de Retraite de LAON\" data-attachment-id=\"969\" data-type=\"image\" class=\"fg-thumb\"><span class=\"fg-image-wrap\"><img decoding=\"async\" title=\"\u201cFAUX ET USAGE DE FOU\u201d : Patrice et Jean Pierre r\u00e9p\u00e9tition le 9 octobre 2015 \u00e0 la Maison de Retraite de LAON\" width=\"150\" height=\"150\" class=\"skip-lazy fg-image\" data-src-fg=\"https:\/\/comedialaon.fr\/wp-content\/uploads\/cache\/2015\/10\/01-Patrice-Jean-Pierre-R\u00e9p\u00e9tition\/712662123.jpg\" src=\"data:image\/svg+xml,%3Csvg%20xmlns%3D%22http%3A%2F%2Fwww.w3.org%2F2000%2Fsvg%22%20width%3D%22150%22%20height%3D%22150%22%20viewBox%3D%220%200%20150%20150%22%3E%3C%2Fsvg%3E\" loading=\"eager\"><\/span><span class=\"fg-image-overlay\"><\/span><\/a><figcaption class=\"fg-caption\"><div class=\"fg-caption-inner\"><div class=\"fg-caption-title\">\u201cFAUX ET USAGE DE FOU\u201d : Patrice et Jean Pierre r\u00e9p\u00e9tition le 9 octobre 2015 \u00e0 la Maison de Retraite de LAON<\/div><\/div><\/figcaption><\/figure><div class=\"fg-loader\"><\/div><\/div><div class=\"fg-item fg-type-image fg-idle\"><figure class=\"fg-item-inner\"><a href=\"https:\/\/comedialaon.fr\/wp-content\/uploads\/2015\/10\/02-Patrice-Jean-Pierre-R\u00e9p\u00e9tition.jpg\" data-caption-title=\"\u201cFAUX ET USAGE DE FOU\u201d : Patrice et Jean Pierre r\u00e9p\u00e9tition le 9 octobre 2015 \u00e0 la Maison de Retraite de LAON\" data-attachment-id=\"970\" data-type=\"image\" class=\"fg-thumb\"><span class=\"fg-image-wrap\"><img decoding=\"async\" title=\"\u201cFAUX ET USAGE DE FOU\u201d : Patrice et Jean Pierre r\u00e9p\u00e9tition le 9 octobre 2015 \u00e0 la Maison de Retraite de LAON\" width=\"150\" height=\"150\" class=\"skip-lazy fg-image\" data-src-fg=\"https:\/\/comedialaon.fr\/wp-content\/uploads\/cache\/2015\/10\/02-Patrice-Jean-Pierre-R\u00e9p\u00e9tition\/3450458280.jpg\" src=\"data:image\/svg+xml,%3Csvg%20xmlns%3D%22http%3A%2F%2Fwww.w3.org%2F2000%2Fsvg%22%20width%3D%22150%22%20height%3D%22150%22%20viewBox%3D%220%200%20150%20150%22%3E%3C%2Fsvg%3E\" loading=\"eager\"><\/span><span class=\"fg-image-overlay\"><\/span><\/a><figcaption class=\"fg-caption\"><div class=\"fg-caption-inner\"><div class=\"fg-caption-title\">\u201cFAUX ET USAGE DE FOU\u201d : Patrice et Jean Pierre r\u00e9p\u00e9tition le 9 octobre 2015 \u00e0 la Maison de Retraite de LAON<\/div><\/div><\/figcaption><\/figure><div class=\"fg-loader\"><\/div><\/div><div class=\"fg-item fg-type-image fg-idle\"><figure class=\"fg-item-inner\"><a href=\"https:\/\/comedialaon.fr\/wp-content\/uploads\/2015\/10\/03-Patrice-Jean-Pierre-R\u00e9p\u00e9tition.jpg\" data-caption-title=\"\u201cFAUX ET USAGE DE FOU\u201d : Patrice et Jean Pierre r\u00e9p\u00e9tition le 9 octobre 2015 \u00e0 la Maison de Retraite de LAON\" data-attachment-id=\"971\" data-type=\"image\" class=\"fg-thumb\"><span class=\"fg-image-wrap\"><img decoding=\"async\" title=\"\u201cFAUX ET USAGE DE FOU\u201d : Patrice et Jean Pierre r\u00e9p\u00e9tition le 9 octobre 2015 \u00e0 la Maison de Retraite de LAON\" width=\"150\" height=\"150\" class=\"skip-lazy fg-image\" data-src-fg=\"https:\/\/comedialaon.fr\/wp-content\/uploads\/cache\/2015\/10\/03-Patrice-Jean-Pierre-R\u00e9p\u00e9tition\/1008147436.jpg\" src=\"data:image\/svg+xml,%3Csvg%20xmlns%3D%22http%3A%2F%2Fwww.w3.org%2F2000%2Fsvg%22%20width%3D%22150%22%20height%3D%22150%22%20viewBox%3D%220%200%20150%20150%22%3E%3C%2Fsvg%3E\" loading=\"eager\"><\/span><span class=\"fg-image-overlay\"><\/span><\/a><figcaption class=\"fg-caption\"><div class=\"fg-caption-inner\"><div class=\"fg-caption-title\">\u201cFAUX ET USAGE DE FOU\u201d : Patrice et Jean Pierre r\u00e9p\u00e9tition le 9 octobre 2015 \u00e0 la Maison de Retraite de LAON<\/div><\/div><\/figcaption><\/figure><div class=\"fg-loader\"><\/div><\/div><div class=\"fg-item fg-type-image fg-idle\"><figure class=\"fg-item-inner\"><a href=\"https:\/\/comedialaon.fr\/wp-content\/uploads\/2015\/10\/04-Catherine-Pr\u00e9paratifs.jpg\" data-caption-title=\"\u201cFAUX ET USAGE DE FOU\u201d : Catherine pr\u00e9paratifs le 9 octobre 2015 \u00e0 la Maison de Retraite de LAON\" data-attachment-id=\"972\" data-type=\"image\" class=\"fg-thumb\"><span class=\"fg-image-wrap\"><img decoding=\"async\" title=\"\u201cFAUX ET USAGE DE FOU\u201d : Catherine pr\u00e9paratifs le 9 octobre 2015 \u00e0 la Maison de Retraite de LAON\" width=\"150\" height=\"150\" class=\"skip-lazy fg-image\" data-src-fg=\"https:\/\/comedialaon.fr\/wp-content\/uploads\/cache\/2015\/10\/04-Catherine-Pr\u00e9paratifs\/977556391.jpg\" src=\"data:image\/svg+xml,%3Csvg%20xmlns%3D%22http%3A%2F%2Fwww.w3.org%2F2000%2Fsvg%22%20width%3D%22150%22%20height%3D%22150%22%20viewBox%3D%220%200%20150%20150%22%3E%3C%2Fsvg%3E\" loading=\"eager\"><\/span><span class=\"fg-image-overlay\"><\/span><\/a><figcaption class=\"fg-caption\"><div class=\"fg-caption-inner\"><div class=\"fg-caption-title\">\u201cFAUX ET USAGE DE FOU\u201d : Catherine pr\u00e9paratifs le 9 octobre 2015 \u00e0 la Maison de Retraite de LAON<\/div><\/div><\/figcaption><\/figure><div class=\"fg-loader\"><\/div><\/div><div class=\"fg-item fg-type-image fg-idle\"><figure class=\"fg-item-inner\"><a href=\"https:\/\/comedialaon.fr\/wp-content\/uploads\/2015\/10\/05-Christian-Patrice-Pr\u00e9paratifs.jpg\" data-caption-title=\"\u201cFAUX ET USAGE DE FOU\u201d : Christian et Patrice pr\u00e9paratifs le 9 octobre 2015 \u00e0 la Maison de Retraite de LAON\" data-attachment-id=\"973\" data-type=\"image\" class=\"fg-thumb\"><span class=\"fg-image-wrap\"><img decoding=\"async\" title=\"\u201cFAUX ET USAGE DE FOU\u201d : Christian et Patrice pr\u00e9paratifs le 9 octobre 2015 \u00e0 la Maison de Retraite de LAON\" width=\"150\" height=\"150\" class=\"skip-lazy fg-image\" data-src-fg=\"https:\/\/comedialaon.fr\/wp-content\/uploads\/cache\/2015\/10\/05-Christian-Patrice-Pr\u00e9paratifs\/3564184229.jpg\" src=\"data:image\/svg+xml,%3Csvg%20xmlns%3D%22http%3A%2F%2Fwww.w3.org%2F2000%2Fsvg%22%20width%3D%22150%22%20height%3D%22150%22%20viewBox%3D%220%200%20150%20150%22%3E%3C%2Fsvg%3E\" loading=\"eager\"><\/span><span class=\"fg-image-overlay\"><\/span><\/a><figcaption class=\"fg-caption\"><div class=\"fg-caption-inner\"><div class=\"fg-caption-title\">\u201cFAUX ET USAGE DE FOU\u201d : Christian et Patrice pr\u00e9paratifs le 9 octobre 2015 \u00e0 la Maison de Retraite de LAON<\/div><\/div><\/figcaption><\/figure><div class=\"fg-loader\"><\/div><\/div><div class=\"fg-item fg-type-image fg-idle\"><figure class=\"fg-item-inner\"><a href=\"https:\/\/comedialaon.fr\/wp-content\/uploads\/2015\/10\/06-Jean-Pierre.jpg\" data-caption-title=\"\u201cFAUX ET USAGE DE FOU\u201d : Jean Pierre le 9 octobre 2015 \u00e0 la Maison de Retraite de LAON\" data-attachment-id=\"974\" data-type=\"image\" class=\"fg-thumb\"><span class=\"fg-image-wrap\"><img decoding=\"async\" title=\"\u201cFAUX ET USAGE DE FOU\u201d : Jean Pierre le 9 octobre 2015 \u00e0 la Maison de Retraite de LAON\" width=\"150\" height=\"150\" class=\"skip-lazy fg-image\" data-src-fg=\"https:\/\/comedialaon.fr\/wp-content\/uploads\/cache\/2015\/10\/06-Jean-Pierre\/1469938414.jpg\" src=\"data:image\/svg+xml,%3Csvg%20xmlns%3D%22http%3A%2F%2Fwww.w3.org%2F2000%2Fsvg%22%20width%3D%22150%22%20height%3D%22150%22%20viewBox%3D%220%200%20150%20150%22%3E%3C%2Fsvg%3E\" loading=\"eager\"><\/span><span class=\"fg-image-overlay\"><\/span><\/a><figcaption class=\"fg-caption\"><div class=\"fg-caption-inner\"><div class=\"fg-caption-title\">\u201cFAUX ET USAGE DE FOU\u201d : Jean Pierre le 9 octobre 2015 \u00e0 la Maison de Retraite de LAON<\/div><\/div><\/figcaption><\/figure><div class=\"fg-loader\"><\/div><\/div><div class=\"fg-item fg-type-image fg-idle\"><figure class=\"fg-item-inner\"><a href=\"https:\/\/comedialaon.fr\/wp-content\/uploads\/2015\/10\/07-Jean-Pierre.jpg\" data-caption-title=\"\u201cFAUX ET USAGE DE FOU\u201d : Jean Pierre le 9 octobre 2015 \u00e0 la Maison de Retraite de LAON\" data-attachment-id=\"975\" data-type=\"image\" class=\"fg-thumb\"><span class=\"fg-image-wrap\"><img decoding=\"async\" title=\"\u201cFAUX ET USAGE DE FOU\u201d : Jean Pierre le 9 octobre 2015 \u00e0 la Maison de Retraite de LAON\" width=\"150\" height=\"150\" class=\"skip-lazy fg-image\" data-src-fg=\"https:\/\/comedialaon.fr\/wp-content\/uploads\/cache\/2015\/10\/07-Jean-Pierre\/3810878095.jpg\" src=\"data:image\/svg+xml,%3Csvg%20xmlns%3D%22http%3A%2F%2Fwww.w3.org%2F2000%2Fsvg%22%20width%3D%22150%22%20height%3D%22150%22%20viewBox%3D%220%200%20150%20150%22%3E%3C%2Fsvg%3E\" loading=\"eager\"><\/span><span class=\"fg-image-overlay\"><\/span><\/a><figcaption class=\"fg-caption\"><div class=\"fg-caption-inner\"><div class=\"fg-caption-title\">\u201cFAUX ET USAGE DE FOU\u201d : Jean Pierre le 9 octobre 2015 \u00e0 la Maison de Retraite de LAON<\/div><\/div><\/figcaption><\/figure><div class=\"fg-loader\"><\/div><\/div><div class=\"fg-item fg-type-image fg-idle\"><figure class=\"fg-item-inner\"><a href=\"https:\/\/comedialaon.fr\/wp-content\/uploads\/2015\/10\/08-Jean-Pierre.jpg\" data-caption-title=\"\u201cFAUX ET USAGE DE FOU\u201d : Jean Pierre le 9 octobre 2015 \u00e0 la Maison de Retraite de LAON\" data-attachment-id=\"976\" data-type=\"image\" class=\"fg-thumb\"><span class=\"fg-image-wrap\"><img decoding=\"async\" title=\"\u201cFAUX ET USAGE DE FOU\u201d : Jean Pierre le 9 octobre 2015 \u00e0 la Maison de Retraite de LAON\" width=\"150\" height=\"150\" class=\"skip-lazy fg-image\" data-src-fg=\"https:\/\/comedialaon.fr\/wp-content\/uploads\/cache\/2015\/10\/08-Jean-Pierre\/917139846.jpg\" src=\"data:image\/svg+xml,%3Csvg%20xmlns%3D%22http%3A%2F%2Fwww.w3.org%2F2000%2Fsvg%22%20width%3D%22150%22%20height%3D%22150%22%20viewBox%3D%220%200%20150%20150%22%3E%3C%2Fsvg%3E\" loading=\"eager\"><\/span><span class=\"fg-image-overlay\"><\/span><\/a><figcaption class=\"fg-caption\"><div class=\"fg-caption-inner\"><div class=\"fg-caption-title\">\u201cFAUX ET USAGE DE FOU\u201d : Jean Pierre le 9 octobre 2015 \u00e0 la Maison de Retraite de LAON<\/div><\/div><\/figcaption><\/figure><div class=\"fg-loader\"><\/div><\/div><div class=\"fg-item fg-type-image fg-idle\"><figure class=\"fg-item-inner\"><a href=\"https:\/\/comedialaon.fr\/wp-content\/uploads\/2015\/10\/09-Jean-Pierre.jpg\" data-caption-title=\"\u201cFAUX ET USAGE DE FOU\u201d : Jean Pierre le 9 octobre 2015 \u00e0 la Maison de Retraite de LAON\" data-attachment-id=\"977\" data-type=\"image\" class=\"fg-thumb\"><span class=\"fg-image-wrap\"><img decoding=\"async\" title=\"\u201cFAUX ET USAGE DE FOU\u201d : Jean Pierre le 9 octobre 2015 \u00e0 la Maison de Retraite de LAON\" width=\"150\" height=\"150\" class=\"skip-lazy fg-image\" data-src-fg=\"https:\/\/comedialaon.fr\/wp-content\/uploads\/cache\/2015\/10\/09-Jean-Pierre\/2182244839.jpg\" src=\"data:image\/svg+xml,%3Csvg%20xmlns%3D%22http%3A%2F%2Fwww.w3.org%2F2000%2Fsvg%22%20width%3D%22150%22%20height%3D%22150%22%20viewBox%3D%220%200%20150%20150%22%3E%3C%2Fsvg%3E\" loading=\"eager\"><\/span><span class=\"fg-image-overlay\"><\/span><\/a><figcaption class=\"fg-caption\"><div class=\"fg-caption-inner\"><div class=\"fg-caption-title\">\u201cFAUX ET USAGE DE FOU\u201d : Jean Pierre le 9 octobre 2015 \u00e0 la Maison de Retraite de LAON<\/div><\/div><\/figcaption><\/figure><div class=\"fg-loader\"><\/div><\/div><div class=\"fg-item fg-type-image fg-idle\"><figure class=\"fg-item-inner\"><a href=\"https:\/\/comedialaon.fr\/wp-content\/uploads\/2015\/10\/10-Patrice-Jean-Pierre.jpg\" data-caption-title=\"\u201cFAUX ET USAGE DE FOU\u201d : Patrice et Jean Pierre le 9 octobre 2015 \u00e0 la Maison de Retraite de LAON\" data-attachment-id=\"978\" data-type=\"image\" class=\"fg-thumb\"><span class=\"fg-image-wrap\"><img decoding=\"async\" title=\"\u201cFAUX ET USAGE DE FOU\u201d : Patrice et Jean Pierre le 9 octobre 2015 \u00e0 la Maison de Retraite de LAON\" width=\"150\" height=\"150\" class=\"skip-lazy fg-image\" data-src-fg=\"https:\/\/comedialaon.fr\/wp-content\/uploads\/cache\/2015\/10\/10-Patrice-Jean-Pierre\/624388363.jpg\" src=\"data:image\/svg+xml,%3Csvg%20xmlns%3D%22http%3A%2F%2Fwww.w3.org%2F2000%2Fsvg%22%20width%3D%22150%22%20height%3D%22150%22%20viewBox%3D%220%200%20150%20150%22%3E%3C%2Fsvg%3E\" loading=\"eager\"><\/span><span class=\"fg-image-overlay\"><\/span><\/a><figcaption class=\"fg-caption\"><div class=\"fg-caption-inner\"><div class=\"fg-caption-title\">\u201cFAUX ET USAGE DE FOU\u201d : Patrice et Jean Pierre le 9 octobre 2015 \u00e0 la Maison de Retraite de LAON<\/div><\/div><\/figcaption><\/figure><div class=\"fg-loader\"><\/div><\/div><div class=\"fg-item fg-type-image fg-idle\"><figure class=\"fg-item-inner\"><a href=\"https:\/\/comedialaon.fr\/wp-content\/uploads\/2015\/10\/11-Patrice-Jean-Pierre.jpg\" data-caption-title=\"\u201cFAUX ET USAGE DE FOU\u201d : Patrice et Jean Pierre le 9 octobre 2015 \u00e0 la Maison de Retraite de LAON\" data-attachment-id=\"979\" data-type=\"image\" class=\"fg-thumb\"><span class=\"fg-image-wrap\"><img decoding=\"async\" title=\"\u201cFAUX ET USAGE DE FOU\u201d : Patrice et Jean Pierre le 9 octobre 2015 \u00e0 la Maison de Retraite de LAON\" width=\"150\" height=\"150\" class=\"skip-lazy fg-image\" data-src-fg=\"https:\/\/comedialaon.fr\/wp-content\/uploads\/cache\/2015\/10\/11-Patrice-Jean-Pierre\/2123965515.jpg\" src=\"data:image\/svg+xml,%3Csvg%20xmlns%3D%22http%3A%2F%2Fwww.w3.org%2F2000%2Fsvg%22%20width%3D%22150%22%20height%3D%22150%22%20viewBox%3D%220%200%20150%20150%22%3E%3C%2Fsvg%3E\" loading=\"eager\"><\/span><span class=\"fg-image-overlay\"><\/span><\/a><figcaption class=\"fg-caption\"><div class=\"fg-caption-inner\"><div class=\"fg-caption-title\">\u201cFAUX ET USAGE DE FOU\u201d : Patrice et Jean Pierre le 9 octobre 2015 \u00e0 la Maison de Retraite de LAON<\/div><\/div><\/figcaption><\/figure><div class=\"fg-loader\"><\/div><\/div><div class=\"fg-item fg-type-image fg-idle\"><figure class=\"fg-item-inner\"><a href=\"https:\/\/comedialaon.fr\/wp-content\/uploads\/2015\/10\/12-Patrice-Jean-Pierre.jpg\" data-caption-title=\"\u201cFAUX ET USAGE DE FOU\u201d : Patrice et Jean Pierre le 9 octobre 2015 \u00e0 la Maison de Retraite de LAON\" data-attachment-id=\"980\" data-type=\"image\" class=\"fg-thumb\"><span class=\"fg-image-wrap\"><img decoding=\"async\" title=\"\u201cFAUX ET USAGE DE FOU\u201d : Patrice et Jean Pierre le 9 octobre 2015 \u00e0 la Maison de Retraite de LAON\" width=\"150\" height=\"150\" class=\"skip-lazy fg-image\" data-src-fg=\"https:\/\/comedialaon.fr\/wp-content\/uploads\/cache\/2015\/10\/12-Patrice-Jean-Pierre\/1603480637.jpg\" src=\"data:image\/svg+xml,%3Csvg%20xmlns%3D%22http%3A%2F%2Fwww.w3.org%2F2000%2Fsvg%22%20width%3D%22150%22%20height%3D%22150%22%20viewBox%3D%220%200%20150%20150%22%3E%3C%2Fsvg%3E\" loading=\"eager\"><\/span><span class=\"fg-image-overlay\"><\/span><\/a><figcaption class=\"fg-caption\"><div class=\"fg-caption-inner\"><div class=\"fg-caption-title\">\u201cFAUX ET USAGE DE FOU\u201d : Patrice et Jean Pierre le 9 octobre 2015 \u00e0 la Maison de Retraite de LAON<\/div><\/div><\/figcaption><\/figure><div class=\"fg-loader\"><\/div><\/div><div class=\"fg-item fg-type-image fg-idle\"><figure class=\"fg-item-inner\"><a href=\"https:\/\/comedialaon.fr\/wp-content\/uploads\/2015\/10\/13-Patrice-Jean-Pierre.jpg\" data-caption-title=\"\u201cFAUX ET USAGE DE FOU\u201d : Patrice et Jean Pierre le 9 octobre 2015 \u00e0 la Maison de Retraite de LAON\" data-attachment-id=\"981\" data-type=\"image\" class=\"fg-thumb\"><span class=\"fg-image-wrap\"><img decoding=\"async\" title=\"\u201cFAUX ET USAGE DE FOU\u201d : Patrice et Jean Pierre le 9 octobre 2015 \u00e0 la Maison de Retraite de LAON\" width=\"150\" height=\"150\" class=\"skip-lazy fg-image\" data-src-fg=\"https:\/\/comedialaon.fr\/wp-content\/uploads\/cache\/2015\/10\/13-Patrice-Jean-Pierre\/71131517.jpg\" src=\"data:image\/svg+xml,%3Csvg%20xmlns%3D%22http%3A%2F%2Fwww.w3.org%2F2000%2Fsvg%22%20width%3D%22150%22%20height%3D%22150%22%20viewBox%3D%220%200%20150%20150%22%3E%3C%2Fsvg%3E\" loading=\"eager\"><\/span><span class=\"fg-image-overlay\"><\/span><\/a><figcaption class=\"fg-caption\"><div class=\"fg-caption-inner\"><div class=\"fg-caption-title\">\u201cFAUX ET USAGE DE FOU\u201d : Patrice et Jean Pierre le 9 octobre 2015 \u00e0 la Maison de Retraite de LAON<\/div><\/div><\/figcaption><\/figure><div class=\"fg-loader\"><\/div><\/div><div class=\"fg-item fg-type-image fg-idle\"><figure class=\"fg-item-inner\"><a href=\"https:\/\/comedialaon.fr\/wp-content\/uploads\/2015\/10\/14-Patrice-Jean-Pierre.jpg\" data-caption-title=\"\u201cFAUX ET USAGE DE FOU\u201d : Patrice et Jean Pierre le 9 octobre 2015 \u00e0 la Maison de Retraite de LAON\" data-attachment-id=\"982\" data-type=\"image\" class=\"fg-thumb\"><span class=\"fg-image-wrap\"><img decoding=\"async\" title=\"\u201cFAUX ET USAGE DE FOU\u201d : Patrice et Jean Pierre le 9 octobre 2015 \u00e0 la Maison de Retraite de LAON\" width=\"150\" height=\"150\" class=\"skip-lazy fg-image\" data-src-fg=\"https:\/\/comedialaon.fr\/wp-content\/uploads\/cache\/2015\/10\/14-Patrice-Jean-Pierre\/3994567369.jpg\" src=\"data:image\/svg+xml,%3Csvg%20xmlns%3D%22http%3A%2F%2Fwww.w3.org%2F2000%2Fsvg%22%20width%3D%22150%22%20height%3D%22150%22%20viewBox%3D%220%200%20150%20150%22%3E%3C%2Fsvg%3E\" loading=\"eager\"><\/span><span class=\"fg-image-overlay\"><\/span><\/a><figcaption class=\"fg-caption\"><div class=\"fg-caption-inner\"><div class=\"fg-caption-title\">\u201cFAUX ET USAGE DE FOU\u201d : Patrice et Jean Pierre le 9 octobre 2015 \u00e0 la Maison de Retraite de LAON<\/div><\/div><\/figcaption><\/figure><div class=\"fg-loader\"><\/div><\/div><div class=\"fg-item fg-type-image fg-idle\"><figure class=\"fg-item-inner\"><a href=\"https:\/\/comedialaon.fr\/wp-content\/uploads\/2015\/10\/15-Patrice-Jean-Pierre.jpg\" data-caption-title=\"\u201cFAUX ET USAGE DE FOU\u201d : Patrice le 9 octobre 2015 \u00e0 la Maison de Retraite de LAON\" data-attachment-id=\"983\" data-type=\"image\" class=\"fg-thumb\"><span class=\"fg-image-wrap\"><img decoding=\"async\" title=\"\u201cFAUX ET USAGE DE FOU\u201d : Patrice le 9 octobre 2015 \u00e0 la Maison de Retraite de LAON\" width=\"150\" height=\"150\" class=\"skip-lazy fg-image\" data-src-fg=\"https:\/\/comedialaon.fr\/wp-content\/uploads\/cache\/2015\/10\/15-Patrice-Jean-Pierre\/3048607625.jpg\" src=\"data:image\/svg+xml,%3Csvg%20xmlns%3D%22http%3A%2F%2Fwww.w3.org%2F2000%2Fsvg%22%20width%3D%22150%22%20height%3D%22150%22%20viewBox%3D%220%200%20150%20150%22%3E%3C%2Fsvg%3E\" loading=\"eager\"><\/span><span class=\"fg-image-overlay\"><\/span><\/a><figcaption class=\"fg-caption\"><div class=\"fg-caption-inner\"><div class=\"fg-caption-title\">\u201cFAUX ET USAGE DE FOU\u201d : Patrice le 9 octobre 2015 \u00e0 la Maison de Retraite de LAON<\/div><\/div><\/figcaption><\/figure><div class=\"fg-loader\"><\/div><\/div><div class=\"fg-item fg-type-image fg-idle\"><figure class=\"fg-item-inner\"><a href=\"https:\/\/comedialaon.fr\/wp-content\/uploads\/2015\/10\/16-Patrice-Jean-Pierre.jpg\" data-caption-title=\"\u201cFAUX ET USAGE DE FOU\u201d : Jean Pierre le 9 octobre 2015 \u00e0 la Maison de Retraite de LAON\" data-attachment-id=\"984\" data-type=\"image\" class=\"fg-thumb\"><span class=\"fg-image-wrap\"><img decoding=\"async\" title=\"\u201cFAUX ET USAGE DE FOU\u201d : Jean Pierre le 9 octobre 2015 \u00e0 la Maison de Retraite de LAON\" width=\"150\" height=\"150\" class=\"skip-lazy fg-image\" data-src-fg=\"https:\/\/comedialaon.fr\/wp-content\/uploads\/cache\/2015\/10\/16-Patrice-Jean-Pierre\/3931840380.jpg\" src=\"data:image\/svg+xml,%3Csvg%20xmlns%3D%22http%3A%2F%2Fwww.w3.org%2F2000%2Fsvg%22%20width%3D%22150%22%20height%3D%22150%22%20viewBox%3D%220%200%20150%20150%22%3E%3C%2Fsvg%3E\" loading=\"eager\"><\/span><span class=\"fg-image-overlay\"><\/span><\/a><figcaption class=\"fg-caption\"><div class=\"fg-caption-inner\"><div class=\"fg-caption-title\">\u201cFAUX ET USAGE DE FOU\u201d : Jean Pierre le 9 octobre 2015 \u00e0 la Maison de Retraite de LAON<\/div><\/div><\/figcaption><\/figure><div class=\"fg-loader\"><\/div><\/div><div class=\"fg-item fg-type-image fg-idle\"><figure class=\"fg-item-inner\"><a href=\"https:\/\/comedialaon.fr\/wp-content\/uploads\/2015\/10\/17-Patrice-Jean-Pierre.jpg\" data-caption-title=\"\u201cFAUX ET USAGE DE FOU\u201d : Patrice et Jean Pierre le 9 octobre 2015 \u00e0 la Maison de Retraite de LAON\" data-attachment-id=\"985\" data-type=\"image\" class=\"fg-thumb\"><span class=\"fg-image-wrap\"><img decoding=\"async\" title=\"\u201cFAUX ET USAGE DE FOU\u201d : Patrice et Jean Pierre le 9 octobre 2015 \u00e0 la Maison de Retraite de LAON\" width=\"150\" height=\"150\" class=\"skip-lazy fg-image\" data-src-fg=\"https:\/\/comedialaon.fr\/wp-content\/uploads\/cache\/2015\/10\/17-Patrice-Jean-Pierre\/2985644604.jpg\" src=\"data:image\/svg+xml,%3Csvg%20xmlns%3D%22http%3A%2F%2Fwww.w3.org%2F2000%2Fsvg%22%20width%3D%22150%22%20height%3D%22150%22%20viewBox%3D%220%200%20150%20150%22%3E%3C%2Fsvg%3E\" loading=\"eager\"><\/span><span class=\"fg-image-overlay\"><\/span><\/a><figcaption class=\"fg-caption\"><div class=\"fg-caption-inner\"><div class=\"fg-caption-title\">\u201cFAUX ET USAGE DE FOU\u201d : Patrice et Jean Pierre le 9 octobre 2015 \u00e0 la Maison de Retraite de LAON<\/div><\/div><\/figcaption><\/figure><div class=\"fg-loader\"><\/div><\/div><div class=\"fg-item fg-type-image fg-idle\"><figure class=\"fg-item-inner\"><a href=\"https:\/\/comedialaon.fr\/wp-content\/uploads\/2015\/10\/18-Patrice-Jean-Pierre.jpg\" data-caption-title=\"\u201cFAUX ET USAGE DE FOU\u201d : Patrice et Jean Pierre le 9 octobre 2015 \u00e0 la Maison de Retraite de LAON\" data-attachment-id=\"986\" data-type=\"image\" class=\"fg-thumb\"><span class=\"fg-image-wrap\"><img decoding=\"async\" title=\"\u201cFAUX ET USAGE DE FOU\u201d : Patrice et Jean Pierre le 9 octobre 2015 \u00e0 la Maison de Retraite de LAON\" width=\"150\" height=\"150\" class=\"skip-lazy fg-image\" data-src-fg=\"https:\/\/comedialaon.fr\/wp-content\/uploads\/cache\/2015\/10\/18-Patrice-Jean-Pierre\/1451202912.jpg\" src=\"data:image\/svg+xml,%3Csvg%20xmlns%3D%22http%3A%2F%2Fwww.w3.org%2F2000%2Fsvg%22%20width%3D%22150%22%20height%3D%22150%22%20viewBox%3D%220%200%20150%20150%22%3E%3C%2Fsvg%3E\" loading=\"eager\"><\/span><span class=\"fg-image-overlay\"><\/span><\/a><figcaption class=\"fg-caption\"><div class=\"fg-caption-inner\"><div class=\"fg-caption-title\">\u201cFAUX ET USAGE DE FOU\u201d : Patrice et Jean Pierre le 9 octobre 2015 \u00e0 la Maison de Retraite de LAON<\/div><\/div><\/figcaption><\/figure><div class=\"fg-loader\"><\/div><\/div><div class=\"fg-item fg-type-image fg-idle\"><figure class=\"fg-item-inner\"><a href=\"https:\/\/comedialaon.fr\/wp-content\/uploads\/2015\/10\/19-Patrice-Jean-Pierre.jpg\" data-caption-title=\"\u201cFAUX ET USAGE DE FOU\u201d : Patrice et Jean Pierre le 9 octobre 2015 \u00e0 la Maison de Retraite de LAON\" data-attachment-id=\"987\" data-type=\"image\" class=\"fg-thumb\"><span class=\"fg-image-wrap\"><img decoding=\"async\" title=\"\u201cFAUX ET USAGE DE FOU\u201d : Patrice et Jean Pierre le 9 octobre 2015 \u00e0 la Maison de Retraite de LAON\" width=\"150\" height=\"150\" class=\"skip-lazy fg-image\" data-src-fg=\"https:\/\/comedialaon.fr\/wp-content\/uploads\/cache\/2015\/10\/19-Patrice-Jean-Pierre\/231855136.jpg\" src=\"data:image\/svg+xml,%3Csvg%20xmlns%3D%22http%3A%2F%2Fwww.w3.org%2F2000%2Fsvg%22%20width%3D%22150%22%20height%3D%22150%22%20viewBox%3D%220%200%20150%20150%22%3E%3C%2Fsvg%3E\" loading=\"eager\"><\/span><span class=\"fg-image-overlay\"><\/span><\/a><figcaption class=\"fg-caption\"><div class=\"fg-caption-inner\"><div class=\"fg-caption-title\">\u201cFAUX ET USAGE DE FOU\u201d : Patrice et Jean Pierre le 9 octobre 2015 \u00e0 la Maison de Retraite de LAON<\/div><\/div><\/figcaption><\/figure><div class=\"fg-loader\"><\/div><\/div><div class=\"fg-item fg-type-image fg-idle\"><figure class=\"fg-item-inner\"><a href=\"https:\/\/comedialaon.fr\/wp-content\/uploads\/2015\/10\/20-Patrice-Jean-Pierre.jpg\" data-caption-title=\"\u201cFAUX ET USAGE DE FOU\u201d : Patrice et Jean Pierre le 9 octobre 2015 \u00e0 la Maison de Retraite de LAON\" data-attachment-id=\"988\" data-type=\"image\" class=\"fg-thumb\"><span class=\"fg-image-wrap\"><img decoding=\"async\" title=\"\u201cFAUX ET USAGE DE FOU\u201d : Patrice et Jean Pierre le 9 octobre 2015 \u00e0 la Maison de Retraite de LAON\" width=\"150\" height=\"150\" class=\"skip-lazy fg-image\" data-src-fg=\"https:\/\/comedialaon.fr\/wp-content\/uploads\/cache\/2015\/10\/20-Patrice-Jean-Pierre\/1153316160.jpg\" src=\"data:image\/svg+xml,%3Csvg%20xmlns%3D%22http%3A%2F%2Fwww.w3.org%2F2000%2Fsvg%22%20width%3D%22150%22%20height%3D%22150%22%20viewBox%3D%220%200%20150%20150%22%3E%3C%2Fsvg%3E\" loading=\"eager\"><\/span><span class=\"fg-image-overlay\"><\/span><\/a><figcaption class=\"fg-caption\"><div class=\"fg-caption-inner\"><div class=\"fg-caption-title\">\u201cFAUX ET USAGE DE FOU\u201d : Patrice et Jean Pierre le 9 octobre 2015 \u00e0 la Maison de Retraite de LAON<\/div><\/div><\/figcaption><\/figure><div class=\"fg-loader\"><\/div><\/div><div class=\"fg-item fg-type-image fg-idle\"><figure class=\"fg-item-inner\"><a href=\"https:\/\/comedialaon.fr\/wp-content\/uploads\/2015\/10\/21-Patrice-Jean-Pierre.jpg\" data-caption-title=\"\u201cFAUX ET USAGE DE FOU\u201d : Patrice et Jean Pierre le 9 octobre 2015 \u00e0 la Maison de Retraite de LAON\" data-attachment-id=\"989\" data-type=\"image\" class=\"fg-thumb\"><span class=\"fg-image-wrap\"><img decoding=\"async\" title=\"\u201cFAUX ET USAGE DE FOU\u201d : Patrice et Jean Pierre le 9 octobre 2015 \u00e0 la Maison de Retraite de LAON\" width=\"150\" height=\"150\" class=\"skip-lazy fg-image\" data-src-fg=\"https:\/\/comedialaon.fr\/wp-content\/uploads\/cache\/2015\/10\/21-Patrice-Jean-Pierre\/521172992.jpg\" src=\"data:image\/svg+xml,%3Csvg%20xmlns%3D%22http%3A%2F%2Fwww.w3.org%2F2000%2Fsvg%22%20width%3D%22150%22%20height%3D%22150%22%20viewBox%3D%220%200%20150%20150%22%3E%3C%2Fsvg%3E\" loading=\"eager\"><\/span><span class=\"fg-image-overlay\"><\/span><\/a><figcaption class=\"fg-caption\"><div class=\"fg-caption-inner\"><div class=\"fg-caption-title\">\u201cFAUX ET USAGE DE FOU\u201d : Patrice et Jean Pierre le 9 octobre 2015 \u00e0 la Maison de Retraite de LAON<\/div><\/div><\/figcaption><\/figure><div class=\"fg-loader\"><\/div><\/div><\/div>\n\n","protected":false},"excerpt":{"rendered":"","protected":false},"author":1,"featured_media":0,"parent":0,"menu_order":0,"comment_status":"closed","ping_status":"closed","template":"","meta":{"footnotes":""},"class_list":["post-4696","page","type-page","status-publish","hentry"],"yoast_head":"<!-- This site is optimized with the Yoast SEO plugin v27.5 - https:\/\/yoast.com\/product\/yoast-seo-wordpress\/ -->\n<title>Album photos \u201cFAUX ET USAGE DE FOU\u201d par MONTLOON COMPAGNIE \u00e0 la salle de la Maison de Retraite le 9 octobre 2015 &#8226; Com\u00e9dia Laon<\/title>\n<meta name=\"robots\" content=\"index, follow, max-snippet:-1, max-image-preview:large, max-video-preview:-1\" \/>\n<link rel=\"canonical\" href=\"https:\/\/comedialaon.fr\/?page_id=4696\" \/>\n<meta property=\"og:locale\" content=\"fr_FR\" \/>\n<meta property=\"og:type\" content=\"article\" \/>\n<meta property=\"og:title\" content=\"Album photos \u201cFAUX ET USAGE DE FOU\u201d par MONTLOON COMPAGNIE \u00e0 la salle de la Maison de Retraite le 9 octobre 2015 &#8226; Com\u00e9dia Laon\" \/>\n<meta property=\"og:url\" content=\"https:\/\/comedialaon.fr\/?page_id=4696\" \/>\n<meta property=\"og:site_name\" content=\"Com\u00e9dia Laon\" \/>\n<meta property=\"article:publisher\" content=\"https:\/\/www.facebook.com\/profile.php?id=100008459438996\" \/>\n<script type=\"application\/ld+json\" class=\"yoast-schema-graph\">{\"@context\":\"https:\\\/\\\/schema.org\",\"@graph\":[{\"@type\":\"WebPage\",\"@id\":\"https:\\\/\\\/comedialaon.fr\\\/?page_id=4696\",\"url\":\"https:\\\/\\\/comedialaon.fr\\\/?page_id=4696\",\"name\":\"Album photos \u201cFAUX ET USAGE DE FOU\u201d par MONTLOON COMPAGNIE \u00e0 la salle de la Maison de Retraite le 9 octobre 2015 &#8226; Com\u00e9dia Laon\",\"isPartOf\":{\"@id\":\"https:\\\/\\\/comedialaon.fr\\\/#website\"},\"datePublished\":\"2021-07-25T08:10:26+00:00\",\"breadcrumb\":{\"@id\":\"https:\\\/\\\/comedialaon.fr\\\/?page_id=4696#breadcrumb\"},\"inLanguage\":\"fr-FR\",\"potentialAction\":[{\"@type\":\"ReadAction\",\"target\":[\"https:\\\/\\\/comedialaon.fr\\\/?page_id=4696\"]}]},{\"@type\":\"BreadcrumbList\",\"@id\":\"https:\\\/\\\/comedialaon.fr\\\/?page_id=4696#breadcrumb\",\"itemListElement\":[{\"@type\":\"ListItem\",\"position\":1,\"name\":\"Accueil\",\"item\":\"https:\\\/\\\/comedialaon.fr\\\/\"},{\"@type\":\"ListItem\",\"position\":2,\"name\":\"Album photos \u201cFAUX ET USAGE DE FOU\u201d par MONTLOON COMPAGNIE \u00e0 la salle de la Maison de Retraite le 9 octobre 2015\"}]},{\"@type\":\"WebSite\",\"@id\":\"https:\\\/\\\/comedialaon.fr\\\/#website\",\"url\":\"https:\\\/\\\/comedialaon.fr\\\/\",\"name\":\"Com\u00e9dia Laon\",\"description\":\"Prendre et donner du PLAISIR ... !!! ;-)\",\"publisher\":{\"@id\":\"https:\\\/\\\/comedialaon.fr\\\/#organization\"},\"potentialAction\":[{\"@type\":\"SearchAction\",\"target\":{\"@type\":\"EntryPoint\",\"urlTemplate\":\"https:\\\/\\\/comedialaon.fr\\\/?s={search_term_string}\"},\"query-input\":{\"@type\":\"PropertyValueSpecification\",\"valueRequired\":true,\"valueName\":\"search_term_string\"}}],\"inLanguage\":\"fr-FR\"},{\"@type\":\"Organization\",\"@id\":\"https:\\\/\\\/comedialaon.fr\\\/#organization\",\"name\":\"Com\u00e9dia Laon\",\"url\":\"https:\\\/\\\/comedialaon.fr\\\/\",\"logo\":{\"@type\":\"ImageObject\",\"inLanguage\":\"fr-FR\",\"@id\":\"https:\\\/\\\/comedialaon.fr\\\/#\\\/schema\\\/logo\\\/image\\\/\",\"url\":\"https:\\\/\\\/comedialaon.fr\\\/wp-content\\\/uploads\\\/2019\\\/02\\\/LOGO-CL-et-OL.jpg\",\"contentUrl\":\"https:\\\/\\\/comedialaon.fr\\\/wp-content\\\/uploads\\\/2019\\\/02\\\/LOGO-CL-et-OL.jpg\",\"width\":756,\"height\":210,\"caption\":\"Com\u00e9dia Laon\"},\"image\":{\"@id\":\"https:\\\/\\\/comedialaon.fr\\\/#\\\/schema\\\/logo\\\/image\\\/\"},\"sameAs\":[\"https:\\\/\\\/www.facebook.com\\\/profile.php?id=100008459438996\",\"https:\\\/\\\/www.youtube.com\\\/results?search_query=comedia laon\"]}]}<\/script>\n<!-- \/ Yoast SEO plugin. -->","yoast_head_json":{"title":"Album photos \u201cFAUX ET USAGE DE FOU\u201d par MONTLOON COMPAGNIE \u00e0 la salle de la Maison de Retraite le 9 octobre 2015 &#8226; Com\u00e9dia Laon","robots":{"index":"index","follow":"follow","max-snippet":"max-snippet:-1","max-image-preview":"max-image-preview:large","max-video-preview":"max-video-preview:-1"},"canonical":"https:\/\/comedialaon.fr\/?page_id=4696","og_locale":"fr_FR","og_type":"article","og_title":"Album photos \u201cFAUX ET USAGE DE FOU\u201d par MONTLOON COMPAGNIE \u00e0 la salle de la Maison de Retraite le 9 octobre 2015 &#8226; Com\u00e9dia Laon","og_url":"https:\/\/comedialaon.fr\/?page_id=4696","og_site_name":"Com\u00e9dia Laon","article_publisher":"https:\/\/www.facebook.com\/profile.php?id=100008459438996","schema":{"@context":"https:\/\/schema.org","@graph":[{"@type":"WebPage","@id":"https:\/\/comedialaon.fr\/?page_id=4696","url":"https:\/\/comedialaon.fr\/?page_id=4696","name":"Album photos \u201cFAUX ET USAGE DE FOU\u201d par MONTLOON COMPAGNIE \u00e0 la salle de la Maison de Retraite le 9 octobre 2015 &#8226; Com\u00e9dia Laon","isPartOf":{"@id":"https:\/\/comedialaon.fr\/#website"},"datePublished":"2021-07-25T08:10:26+00:00","breadcrumb":{"@id":"https:\/\/comedialaon.fr\/?page_id=4696#breadcrumb"},"inLanguage":"fr-FR","potentialAction":[{"@type":"ReadAction","target":["https:\/\/comedialaon.fr\/?page_id=4696"]}]},{"@type":"BreadcrumbList","@id":"https:\/\/comedialaon.fr\/?page_id=4696#breadcrumb","itemListElement":[{"@type":"ListItem","position":1,"name":"Accueil","item":"https:\/\/comedialaon.fr\/"},{"@type":"ListItem","position":2,"name":"Album photos \u201cFAUX ET USAGE DE FOU\u201d par MONTLOON COMPAGNIE \u00e0 la salle de la Maison de Retraite le 9 octobre 2015"}]},{"@type":"WebSite","@id":"https:\/\/comedialaon.fr\/#website","url":"https:\/\/comedialaon.fr\/","name":"Com\u00e9dia Laon","description":"Prendre et donner du PLAISIR ... !!! ;-)","publisher":{"@id":"https:\/\/comedialaon.fr\/#organization"},"potentialAction":[{"@type":"SearchAction","target":{"@type":"EntryPoint","urlTemplate":"https:\/\/comedialaon.fr\/?s={search_term_string}"},"query-input":{"@type":"PropertyValueSpecification","valueRequired":true,"valueName":"search_term_string"}}],"inLanguage":"fr-FR"},{"@type":"Organization","@id":"https:\/\/comedialaon.fr\/#organization","name":"Com\u00e9dia Laon","url":"https:\/\/comedialaon.fr\/","logo":{"@type":"ImageObject","inLanguage":"fr-FR","@id":"https:\/\/comedialaon.fr\/#\/schema\/logo\/image\/","url":"https:\/\/comedialaon.fr\/wp-content\/uploads\/2019\/02\/LOGO-CL-et-OL.jpg","contentUrl":"https:\/\/comedialaon.fr\/wp-content\/uploads\/2019\/02\/LOGO-CL-et-OL.jpg","width":756,"height":210,"caption":"Com\u00e9dia Laon"},"image":{"@id":"https:\/\/comedialaon.fr\/#\/schema\/logo\/image\/"},"sameAs":["https:\/\/www.facebook.com\/profile.php?id=100008459438996","https:\/\/www.youtube.com\/results?search_query=comedia laon"]}]}},"_links":{"self":[{"href":"https:\/\/comedialaon.fr\/index.php?rest_route=\/wp\/v2\/pages\/4696","targetHints":{"allow":["GET"]}}],"collection":[{"href":"https:\/\/comedialaon.fr\/index.php?rest_route=\/wp\/v2\/pages"}],"about":[{"href":"https:\/\/comedialaon.fr\/index.php?rest_route=\/wp\/v2\/types\/page"}],"author":[{"embeddable":true,"href":"https:\/\/comedialaon.fr\/index.php?rest_route=\/wp\/v2\/users\/1"}],"replies":[{"embeddable":true,"href":"https:\/\/comedialaon.fr\/index.php?rest_route=%2Fwp%2Fv2%2Fcomments&post=4696"}],"version-history":[{"count":1,"href":"https:\/\/comedialaon.fr\/index.php?rest_route=\/wp\/v2\/pages\/4696\/revisions"}],"predecessor-version":[{"id":4697,"href":"https:\/\/comedialaon.fr\/index.php?rest_route=\/wp\/v2\/pages\/4696\/revisions\/4697"}],"wp:attachment":[{"href":"https:\/\/comedialaon.fr\/index.php?rest_route=%2Fwp%2Fv2%2Fmedia&parent=4696"}],"curies":[{"name":"wp","href":"https:\/\/api.w.org\/{rel}","templated":true}]}}