{"id":4649,"date":"2021-07-21T11:07:43","date_gmt":"2021-07-21T09:07:43","guid":{"rendered":"https:\/\/comedialaon.fr\/?page_id=4649"},"modified":"2021-07-21T11:07:59","modified_gmt":"2021-07-21T09:07:59","slug":"album-photos-si-guitry-metait-joue-a-la-fere-le-21-avril-2018-2","status":"publish","type":"page","link":"https:\/\/comedialaon.fr\/?page_id=4649","title":{"rendered":"<center>Album photos \u201cSI GUITRY M&rsquo;\u00c9TAIT JOU\u00c9\u201d <br>\u00e0 LA F\u00c8RE le 21 avril 2018"},"content":{"rendered":"<style type=\"text\/css\">\n#foogallery-gallery-4648 .fg-image { width: 150px; }\n#foogallery-gallery-4648 { --fg-gutter: 10px; }<\/style>\n\t\t\t<div class=\"foogallery foogallery-container foogallery-default foogallery-lightbox-foobox fg-center fg-default fg-ready fg-light fg-border-thin fg-shadow-outline fg-loading-default fg-loaded-fade-in fg-caption-hover fg-hover-fade fg-hover-zoom\" id=\"foogallery-gallery-4648\" data-foogallery=\"{&quot;item&quot;:{&quot;showCaptionTitle&quot;:true,&quot;showCaptionDescription&quot;:true},&quot;lazy&quot;:true}\" style=\"--fg-title-line-clamp: 0; --fg-description-line-clamp: 0;\" >\n\t<div class=\"fg-item fg-type-image fg-idle\"><figure class=\"fg-item-inner\"><a href=\"https:\/\/comedialaon.fr\/wp-content\/uploads\/2018\/04\/La-F\u00e8re-1.jpg\" data-caption-title=\"\u201cSI GUITRY M&#039;\u00c9TAIT JOU\u00c9\u201d : La salle de l&#039;Espace DROUOT le 21 avril 2018 \u00e0 LA F\u00c8RE\" data-attachment-id=\"2593\" data-type=\"image\" class=\"fg-thumb\"><span class=\"fg-image-wrap\"><img decoding=\"async\" title=\"\u201cSI GUITRY M&#039;\u00c9TAIT JOU\u00c9\u201d : La salle de l&#039;Espace DROUOT le 21 avril 2018 \u00e0 LA F\u00c8RE\" width=\"150\" height=\"150\" class=\"skip-lazy fg-image\" data-src-fg=\"https:\/\/comedialaon.fr\/wp-content\/uploads\/cache\/2018\/04\/La-F\u00e8re-1\/2922123633.jpg\" src=\"data:image\/svg+xml,%3Csvg%20xmlns%3D%22http%3A%2F%2Fwww.w3.org%2F2000%2Fsvg%22%20width%3D%22150%22%20height%3D%22150%22%20viewBox%3D%220%200%20150%20150%22%3E%3C%2Fsvg%3E\" loading=\"eager\"><\/span><span class=\"fg-image-overlay\"><\/span><\/a><figcaption class=\"fg-caption\"><div class=\"fg-caption-inner\"><div class=\"fg-caption-title\">\u201cSI GUITRY M'\u00c9TAIT JOU\u00c9\u201d : La salle de l'Espace DROUOT le 21 avril 2018 \u00e0 LA F\u00c8RE<\/div><\/div><\/figcaption><\/figure><div class=\"fg-loader\"><\/div><\/div><div class=\"fg-item fg-type-image fg-idle\"><figure class=\"fg-item-inner\"><a href=\"https:\/\/comedialaon.fr\/wp-content\/uploads\/2018\/04\/La-F\u00e8re-2.jpg\" data-caption-title=\"\u201cSI GUITRY M&#039;\u00c9TAIT JOU\u00c9\u201d : La salle de l&#039;Espace DROUOT le 21 avril 2018 \u00e0 LA F\u00c8RE\" data-attachment-id=\"2594\" data-type=\"image\" class=\"fg-thumb\"><span class=\"fg-image-wrap\"><img decoding=\"async\" title=\"\u201cSI GUITRY M&#039;\u00c9TAIT JOU\u00c9\u201d : La salle de l&#039;Espace DROUOT le 21 avril 2018 \u00e0 LA F\u00c8RE\" width=\"150\" height=\"150\" class=\"skip-lazy fg-image\" data-src-fg=\"https:\/\/comedialaon.fr\/wp-content\/uploads\/cache\/2018\/04\/La-F\u00e8re-2\/1816736915.jpg\" src=\"data:image\/svg+xml,%3Csvg%20xmlns%3D%22http%3A%2F%2Fwww.w3.org%2F2000%2Fsvg%22%20width%3D%22150%22%20height%3D%22150%22%20viewBox%3D%220%200%20150%20150%22%3E%3C%2Fsvg%3E\" loading=\"eager\"><\/span><span class=\"fg-image-overlay\"><\/span><\/a><figcaption class=\"fg-caption\"><div class=\"fg-caption-inner\"><div class=\"fg-caption-title\">\u201cSI GUITRY M'\u00c9TAIT JOU\u00c9\u201d : La salle de l'Espace DROUOT le 21 avril 2018 \u00e0 LA F\u00c8RE<\/div><\/div><\/figcaption><\/figure><div class=\"fg-loader\"><\/div><\/div><div class=\"fg-item fg-type-image fg-idle\"><figure class=\"fg-item-inner\"><a href=\"https:\/\/comedialaon.fr\/wp-content\/uploads\/2018\/04\/La-F\u00e8re-3.jpg\" data-caption-title=\"\u201cSI GUITRY M&#039;\u00c9TAIT JOU\u00c9\u201d : La salle de l&#039;Espace DROUOT le 21 avril 2018 \u00e0 LA F\u00c8RE\" data-attachment-id=\"2595\" data-type=\"image\" class=\"fg-thumb\"><span class=\"fg-image-wrap\"><img decoding=\"async\" title=\"\u201cSI GUITRY M&#039;\u00c9TAIT JOU\u00c9\u201d : La salle de l&#039;Espace DROUOT le 21 avril 2018 \u00e0 LA F\u00c8RE\" width=\"150\" height=\"150\" class=\"skip-lazy fg-image\" data-src-fg=\"https:\/\/comedialaon.fr\/wp-content\/uploads\/cache\/2018\/04\/La-F\u00e8re-3\/3111539926.jpg\" src=\"data:image\/svg+xml,%3Csvg%20xmlns%3D%22http%3A%2F%2Fwww.w3.org%2F2000%2Fsvg%22%20width%3D%22150%22%20height%3D%22150%22%20viewBox%3D%220%200%20150%20150%22%3E%3C%2Fsvg%3E\" loading=\"eager\"><\/span><span class=\"fg-image-overlay\"><\/span><\/a><figcaption class=\"fg-caption\"><div class=\"fg-caption-inner\"><div class=\"fg-caption-title\">\u201cSI GUITRY M'\u00c9TAIT JOU\u00c9\u201d : La salle de l'Espace DROUOT le 21 avril 2018 \u00e0 LA F\u00c8RE<\/div><\/div><\/figcaption><\/figure><div class=\"fg-loader\"><\/div><\/div><div class=\"fg-item fg-type-image fg-idle\"><figure class=\"fg-item-inner\"><a href=\"https:\/\/comedialaon.fr\/wp-content\/uploads\/2018\/04\/La-F\u00e8re-4.jpg\" data-caption-title=\"\u201cSI GUITRY M&#039;\u00c9TAIT JOU\u00c9\u201d : La salle de l&#039;Espace DROUOT le 21 avril 2018 \u00e0 LA F\u00c8RE\" data-attachment-id=\"2596\" data-type=\"image\" class=\"fg-thumb\"><span class=\"fg-image-wrap\"><img decoding=\"async\" title=\"\u201cSI GUITRY M&#039;\u00c9TAIT JOU\u00c9\u201d : La salle de l&#039;Espace DROUOT le 21 avril 2018 \u00e0 LA F\u00c8RE\" width=\"150\" height=\"150\" class=\"skip-lazy fg-image\" data-src-fg=\"https:\/\/comedialaon.fr\/wp-content\/uploads\/cache\/2018\/04\/La-F\u00e8re-4\/2567765154.jpg\" src=\"data:image\/svg+xml,%3Csvg%20xmlns%3D%22http%3A%2F%2Fwww.w3.org%2F2000%2Fsvg%22%20width%3D%22150%22%20height%3D%22150%22%20viewBox%3D%220%200%20150%20150%22%3E%3C%2Fsvg%3E\" loading=\"eager\"><\/span><span class=\"fg-image-overlay\"><\/span><\/a><figcaption class=\"fg-caption\"><div class=\"fg-caption-inner\"><div class=\"fg-caption-title\">\u201cSI GUITRY M'\u00c9TAIT JOU\u00c9\u201d : La salle de l'Espace DROUOT le 21 avril 2018 \u00e0 LA F\u00c8RE<\/div><\/div><\/figcaption><\/figure><div class=\"fg-loader\"><\/div><\/div><div class=\"fg-item fg-type-image fg-idle\"><figure class=\"fg-item-inner\"><a href=\"https:\/\/comedialaon.fr\/wp-content\/uploads\/2018\/04\/La-F\u00e8re-6.jpg\" data-caption-title=\"\u201cSI GUITRY M&#039;\u00c9TAIT JOU\u00c9\u201d : Bernadette et Bernard le 21 avril 2018 \u00e0 LA F\u00c8RE\" data-attachment-id=\"2598\" data-type=\"image\" class=\"fg-thumb\"><span class=\"fg-image-wrap\"><img decoding=\"async\" title=\"\u201cSI GUITRY M&#039;\u00c9TAIT JOU\u00c9\u201d : Bernadette et Bernard le 21 avril 2018 \u00e0 LA F\u00c8RE\" width=\"150\" height=\"150\" class=\"skip-lazy fg-image\" data-src-fg=\"https:\/\/comedialaon.fr\/wp-content\/uploads\/cache\/2018\/04\/La-F\u00e8re-6\/1123925981.jpg\" src=\"data:image\/svg+xml,%3Csvg%20xmlns%3D%22http%3A%2F%2Fwww.w3.org%2F2000%2Fsvg%22%20width%3D%22150%22%20height%3D%22150%22%20viewBox%3D%220%200%20150%20150%22%3E%3C%2Fsvg%3E\" loading=\"eager\"><\/span><span class=\"fg-image-overlay\"><\/span><\/a><figcaption class=\"fg-caption\"><div class=\"fg-caption-inner\"><div class=\"fg-caption-title\">\u201cSI GUITRY M'\u00c9TAIT JOU\u00c9\u201d : Bernadette et Bernard le 21 avril 2018 \u00e0 LA F\u00c8RE<\/div><\/div><\/figcaption><\/figure><div class=\"fg-loader\"><\/div><\/div><div class=\"fg-item fg-type-image fg-idle\"><figure class=\"fg-item-inner\"><a href=\"https:\/\/comedialaon.fr\/wp-content\/uploads\/2018\/04\/La-F\u00e8re-7.jpg\" data-caption-title=\"\u201cSI GUITRY M&#039;\u00c9TAIT JOU\u00c9\u201d : Bernadette et Bernard le 21 avril 2018 \u00e0 LA F\u00c8RE\" data-attachment-id=\"2599\" data-type=\"image\" class=\"fg-thumb\"><span class=\"fg-image-wrap\"><img decoding=\"async\" title=\"\u201cSI GUITRY M&#039;\u00c9TAIT JOU\u00c9\u201d : Bernadette et Bernard le 21 avril 2018 \u00e0 LA F\u00c8RE\" width=\"150\" height=\"150\" class=\"skip-lazy fg-image\" data-src-fg=\"https:\/\/comedialaon.fr\/wp-content\/uploads\/cache\/2018\/04\/La-F\u00e8re-7\/2546130840.jpg\" src=\"data:image\/svg+xml,%3Csvg%20xmlns%3D%22http%3A%2F%2Fwww.w3.org%2F2000%2Fsvg%22%20width%3D%22150%22%20height%3D%22150%22%20viewBox%3D%220%200%20150%20150%22%3E%3C%2Fsvg%3E\" loading=\"eager\"><\/span><span class=\"fg-image-overlay\"><\/span><\/a><figcaption class=\"fg-caption\"><div class=\"fg-caption-inner\"><div class=\"fg-caption-title\">\u201cSI GUITRY M'\u00c9TAIT JOU\u00c9\u201d : Bernadette et Bernard le 21 avril 2018 \u00e0 LA F\u00c8RE<\/div><\/div><\/figcaption><\/figure><div class=\"fg-loader\"><\/div><\/div><div class=\"fg-item fg-type-image fg-idle\"><figure class=\"fg-item-inner\"><a href=\"https:\/\/comedialaon.fr\/wp-content\/uploads\/2018\/04\/La-F\u00e8re-8.jpg\" data-caption-title=\"\u201cSI GUITRY M&#039;\u00c9TAIT JOU\u00c9\u201d : Bernadette et Bernard le 21 avril 2018 \u00e0 LA F\u00c8RE\" data-attachment-id=\"2600\" data-type=\"image\" class=\"fg-thumb\"><span class=\"fg-image-wrap\"><img decoding=\"async\" title=\"\u201cSI GUITRY M&#039;\u00c9TAIT JOU\u00c9\u201d : Bernadette et Bernard le 21 avril 2018 \u00e0 LA F\u00c8RE\" width=\"150\" height=\"150\" class=\"skip-lazy fg-image\" data-src-fg=\"https:\/\/comedialaon.fr\/wp-content\/uploads\/cache\/2018\/04\/La-F\u00e8re-8\/1937926336.jpg\" src=\"data:image\/svg+xml,%3Csvg%20xmlns%3D%22http%3A%2F%2Fwww.w3.org%2F2000%2Fsvg%22%20width%3D%22150%22%20height%3D%22150%22%20viewBox%3D%220%200%20150%20150%22%3E%3C%2Fsvg%3E\" loading=\"eager\"><\/span><span class=\"fg-image-overlay\"><\/span><\/a><figcaption class=\"fg-caption\"><div class=\"fg-caption-inner\"><div class=\"fg-caption-title\">\u201cSI GUITRY M'\u00c9TAIT JOU\u00c9\u201d : Bernadette et Bernard le 21 avril 2018 \u00e0 LA F\u00c8RE<\/div><\/div><\/figcaption><\/figure><div class=\"fg-loader\"><\/div><\/div><div class=\"fg-item fg-type-image fg-idle\"><figure class=\"fg-item-inner\"><a href=\"https:\/\/comedialaon.fr\/wp-content\/uploads\/2018\/04\/La-F\u00e8re-9.jpg\" data-caption-title=\"\u201cSI GUITRY M&#039;\u00c9TAIT JOU\u00c9\u201d : Christian et S\u00e9verine le 21 avril 2018 \u00e0 LA F\u00c8RE\" data-attachment-id=\"2601\" data-type=\"image\" class=\"fg-thumb\"><span class=\"fg-image-wrap\"><img decoding=\"async\" title=\"\u201cSI GUITRY M&#039;\u00c9TAIT JOU\u00c9\u201d : Christian et S\u00e9verine le 21 avril 2018 \u00e0 LA F\u00c8RE\" width=\"150\" height=\"150\" class=\"skip-lazy fg-image\" data-src-fg=\"https:\/\/comedialaon.fr\/wp-content\/uploads\/cache\/2018\/04\/La-F\u00e8re-9\/2797406341.jpg\" src=\"data:image\/svg+xml,%3Csvg%20xmlns%3D%22http%3A%2F%2Fwww.w3.org%2F2000%2Fsvg%22%20width%3D%22150%22%20height%3D%22150%22%20viewBox%3D%220%200%20150%20150%22%3E%3C%2Fsvg%3E\" loading=\"eager\"><\/span><span class=\"fg-image-overlay\"><\/span><\/a><figcaption class=\"fg-caption\"><div class=\"fg-caption-inner\"><div class=\"fg-caption-title\">\u201cSI GUITRY M'\u00c9TAIT JOU\u00c9\u201d : Christian et S\u00e9verine le 21 avril 2018 \u00e0 LA F\u00c8RE<\/div><\/div><\/figcaption><\/figure><div class=\"fg-loader\"><\/div><\/div><div class=\"fg-item fg-type-image fg-idle\"><figure class=\"fg-item-inner\"><a href=\"https:\/\/comedialaon.fr\/wp-content\/uploads\/2018\/04\/La-F\u00e8re-10.jpg\" data-caption-title=\"\u201cSI GUITRY M&#039;\u00c9TAIT JOU\u00c9\u201d : Christian et S\u00e9verine le 21 avril 2018 \u00e0 LA F\u00c8RE\" data-attachment-id=\"2602\" data-type=\"image\" class=\"fg-thumb\"><span class=\"fg-image-wrap\"><img decoding=\"async\" title=\"\u201cSI GUITRY M&#039;\u00c9TAIT JOU\u00c9\u201d : Christian et S\u00e9verine le 21 avril 2018 \u00e0 LA F\u00c8RE\" width=\"150\" height=\"150\" class=\"skip-lazy fg-image\" data-src-fg=\"https:\/\/comedialaon.fr\/wp-content\/uploads\/cache\/2018\/04\/La-F\u00e8re-10\/2362479844.jpg\" src=\"data:image\/svg+xml,%3Csvg%20xmlns%3D%22http%3A%2F%2Fwww.w3.org%2F2000%2Fsvg%22%20width%3D%22150%22%20height%3D%22150%22%20viewBox%3D%220%200%20150%20150%22%3E%3C%2Fsvg%3E\" loading=\"eager\"><\/span><span class=\"fg-image-overlay\"><\/span><\/a><figcaption class=\"fg-caption\"><div class=\"fg-caption-inner\"><div class=\"fg-caption-title\">\u201cSI GUITRY M'\u00c9TAIT JOU\u00c9\u201d : Christian et S\u00e9verine le 21 avril 2018 \u00e0 LA F\u00c8RE<\/div><\/div><\/figcaption><\/figure><div class=\"fg-loader\"><\/div><\/div><div class=\"fg-item fg-type-image fg-idle\"><figure class=\"fg-item-inner\"><a href=\"https:\/\/comedialaon.fr\/wp-content\/uploads\/2018\/04\/La-F\u00e8re-11.jpg\" data-caption-title=\"\u201cSI GUITRY M&#039;\u00c9TAIT JOU\u00c9\u201d : Christian et S\u00e9verine le 21 avril 2018 \u00e0 LA F\u00c8RE\" data-attachment-id=\"2603\" data-type=\"image\" class=\"fg-thumb\"><span class=\"fg-image-wrap\"><img decoding=\"async\" title=\"\u201cSI GUITRY M&#039;\u00c9TAIT JOU\u00c9\u201d : Christian et S\u00e9verine le 21 avril 2018 \u00e0 LA F\u00c8RE\" width=\"150\" height=\"150\" class=\"skip-lazy fg-image\" data-src-fg=\"https:\/\/comedialaon.fr\/wp-content\/uploads\/cache\/2018\/04\/La-F\u00e8re-11\/1365379654.jpg\" src=\"data:image\/svg+xml,%3Csvg%20xmlns%3D%22http%3A%2F%2Fwww.w3.org%2F2000%2Fsvg%22%20width%3D%22150%22%20height%3D%22150%22%20viewBox%3D%220%200%20150%20150%22%3E%3C%2Fsvg%3E\" loading=\"eager\"><\/span><span class=\"fg-image-overlay\"><\/span><\/a><figcaption class=\"fg-caption\"><div class=\"fg-caption-inner\"><div class=\"fg-caption-title\">\u201cSI GUITRY M'\u00c9TAIT JOU\u00c9\u201d : Christian et S\u00e9verine le 21 avril 2018 \u00e0 LA F\u00c8RE<\/div><\/div><\/figcaption><\/figure><div class=\"fg-loader\"><\/div><\/div><div class=\"fg-item fg-type-image fg-idle\"><figure class=\"fg-item-inner\"><a href=\"https:\/\/comedialaon.fr\/wp-content\/uploads\/2018\/04\/La-F\u00e8re-12.jpg\" data-caption-title=\"\u201cSI GUITRY M&#039;\u00c9TAIT JOU\u00c9\u201d : Christian, Bernard et S\u00e9verine le 21 avril 2018 \u00e0 LA F\u00c8RE\" data-attachment-id=\"2604\" data-type=\"image\" class=\"fg-thumb\"><span class=\"fg-image-wrap\"><img decoding=\"async\" title=\"\u201cSI GUITRY M&#039;\u00c9TAIT JOU\u00c9\u201d : Christian, Bernard et S\u00e9verine le 21 avril 2018 \u00e0 LA F\u00c8RE\" width=\"150\" height=\"150\" class=\"skip-lazy fg-image\" data-src-fg=\"https:\/\/comedialaon.fr\/wp-content\/uploads\/cache\/2018\/04\/La-F\u00e8re-12\/2829506321.jpg\" src=\"data:image\/svg+xml,%3Csvg%20xmlns%3D%22http%3A%2F%2Fwww.w3.org%2F2000%2Fsvg%22%20width%3D%22150%22%20height%3D%22150%22%20viewBox%3D%220%200%20150%20150%22%3E%3C%2Fsvg%3E\" loading=\"eager\"><\/span><span class=\"fg-image-overlay\"><\/span><\/a><figcaption class=\"fg-caption\"><div class=\"fg-caption-inner\"><div class=\"fg-caption-title\">\u201cSI GUITRY M'\u00c9TAIT JOU\u00c9\u201d : Christian, Bernard et S\u00e9verine le 21 avril 2018 \u00e0 LA F\u00c8RE<\/div><\/div><\/figcaption><\/figure><div class=\"fg-loader\"><\/div><\/div><div class=\"fg-item fg-type-image fg-idle\"><figure class=\"fg-item-inner\"><a href=\"https:\/\/comedialaon.fr\/wp-content\/uploads\/2018\/04\/La-F\u00e8re-13.jpg\" data-caption-title=\"\u201cSI GUITRY M&#039;\u00c9TAIT JOU\u00c9\u201d : Bernadette et Patrice le 21 avril 2018 \u00e0 LA F\u00c8RE\" data-attachment-id=\"2605\" data-type=\"image\" class=\"fg-thumb\"><span class=\"fg-image-wrap\"><img decoding=\"async\" title=\"\u201cSI GUITRY M&#039;\u00c9TAIT JOU\u00c9\u201d : Bernadette et Patrice le 21 avril 2018 \u00e0 LA F\u00c8RE\" width=\"150\" height=\"150\" class=\"skip-lazy fg-image\" data-src-fg=\"https:\/\/comedialaon.fr\/wp-content\/uploads\/cache\/2018\/04\/La-F\u00e8re-13\/1964263859.jpg\" src=\"data:image\/svg+xml,%3Csvg%20xmlns%3D%22http%3A%2F%2Fwww.w3.org%2F2000%2Fsvg%22%20width%3D%22150%22%20height%3D%22150%22%20viewBox%3D%220%200%20150%20150%22%3E%3C%2Fsvg%3E\" loading=\"eager\"><\/span><span class=\"fg-image-overlay\"><\/span><\/a><figcaption class=\"fg-caption\"><div class=\"fg-caption-inner\"><div class=\"fg-caption-title\">\u201cSI GUITRY M'\u00c9TAIT JOU\u00c9\u201d : Bernadette et Patrice le 21 avril 2018 \u00e0 LA F\u00c8RE<\/div><\/div><\/figcaption><\/figure><div class=\"fg-loader\"><\/div><\/div><div class=\"fg-item fg-type-image fg-idle\"><figure class=\"fg-item-inner\"><a href=\"https:\/\/comedialaon.fr\/wp-content\/uploads\/2018\/04\/La-F\u00e8re-14.jpg\" data-caption-title=\"\u201cSI GUITRY M&#039;\u00c9TAIT JOU\u00c9\u201d : Bernadette et Patrice le 21 avril 2018 \u00e0 LA F\u00c8RE\" data-attachment-id=\"2606\" data-type=\"image\" class=\"fg-thumb\"><span class=\"fg-image-wrap\"><img decoding=\"async\" title=\"\u201cSI GUITRY M&#039;\u00c9TAIT JOU\u00c9\u201d : Bernadette et Patrice le 21 avril 2018 \u00e0 LA F\u00c8RE\" width=\"150\" height=\"150\" class=\"skip-lazy fg-image\" data-src-fg=\"https:\/\/comedialaon.fr\/wp-content\/uploads\/cache\/2018\/04\/La-F\u00e8re-14\/1291379438.jpg\" src=\"data:image\/svg+xml,%3Csvg%20xmlns%3D%22http%3A%2F%2Fwww.w3.org%2F2000%2Fsvg%22%20width%3D%22150%22%20height%3D%22150%22%20viewBox%3D%220%200%20150%20150%22%3E%3C%2Fsvg%3E\" loading=\"eager\"><\/span><span class=\"fg-image-overlay\"><\/span><\/a><figcaption class=\"fg-caption\"><div class=\"fg-caption-inner\"><div class=\"fg-caption-title\">\u201cSI GUITRY M'\u00c9TAIT JOU\u00c9\u201d : Bernadette et Patrice le 21 avril 2018 \u00e0 LA F\u00c8RE<\/div><\/div><\/figcaption><\/figure><div class=\"fg-loader\"><\/div><\/div><div class=\"fg-item fg-type-image fg-idle\"><figure class=\"fg-item-inner\"><a href=\"https:\/\/comedialaon.fr\/wp-content\/uploads\/2018\/04\/La-F\u00e8re-16.jpg\" data-caption-title=\"\u201cSI GUITRY M&#039;\u00c9TAIT JOU\u00c9\u201d : Patrice et Bernadette le 21 avril 2018 \u00e0 LA F\u00c8RE\" data-attachment-id=\"2608\" data-type=\"image\" class=\"fg-thumb\"><span class=\"fg-image-wrap\"><img decoding=\"async\" title=\"\u201cSI GUITRY M&#039;\u00c9TAIT JOU\u00c9\u201d : Patrice et Bernadette le 21 avril 2018 \u00e0 LA F\u00c8RE\" width=\"150\" height=\"150\" class=\"skip-lazy fg-image\" data-src-fg=\"https:\/\/comedialaon.fr\/wp-content\/uploads\/cache\/2018\/04\/La-F\u00e8re-16\/3762966779.jpg\" src=\"data:image\/svg+xml,%3Csvg%20xmlns%3D%22http%3A%2F%2Fwww.w3.org%2F2000%2Fsvg%22%20width%3D%22150%22%20height%3D%22150%22%20viewBox%3D%220%200%20150%20150%22%3E%3C%2Fsvg%3E\" loading=\"eager\"><\/span><span class=\"fg-image-overlay\"><\/span><\/a><figcaption class=\"fg-caption\"><div class=\"fg-caption-inner\"><div class=\"fg-caption-title\">\u201cSI GUITRY M'\u00c9TAIT JOU\u00c9\u201d : Patrice et Bernadette le 21 avril 2018 \u00e0 LA F\u00c8RE<\/div><\/div><\/figcaption><\/figure><div class=\"fg-loader\"><\/div><\/div><div class=\"fg-item fg-type-image fg-idle\"><figure class=\"fg-item-inner\"><a href=\"https:\/\/comedialaon.fr\/wp-content\/uploads\/2018\/04\/La-F\u00e8re-17.jpg\" data-caption-title=\"\u201cSI GUITRY M&#039;\u00c9TAIT JOU\u00c9\u201d : Patrice et Bernadette le 21 avril 2018 \u00e0 LA F\u00c8RE\" data-attachment-id=\"2609\" data-type=\"image\" class=\"fg-thumb\"><span class=\"fg-image-wrap\"><img decoding=\"async\" title=\"\u201cSI GUITRY M&#039;\u00c9TAIT JOU\u00c9\u201d : Patrice et Bernadette le 21 avril 2018 \u00e0 LA F\u00c8RE\" width=\"150\" height=\"150\" class=\"skip-lazy fg-image\" data-src-fg=\"https:\/\/comedialaon.fr\/wp-content\/uploads\/cache\/2018\/04\/La-F\u00e8re-17\/1039715929.jpg\" src=\"data:image\/svg+xml,%3Csvg%20xmlns%3D%22http%3A%2F%2Fwww.w3.org%2F2000%2Fsvg%22%20width%3D%22150%22%20height%3D%22150%22%20viewBox%3D%220%200%20150%20150%22%3E%3C%2Fsvg%3E\" loading=\"eager\"><\/span><span class=\"fg-image-overlay\"><\/span><\/a><figcaption class=\"fg-caption\"><div class=\"fg-caption-inner\"><div class=\"fg-caption-title\">\u201cSI GUITRY M'\u00c9TAIT JOU\u00c9\u201d : Patrice et Bernadette le 21 avril 2018 \u00e0 LA F\u00c8RE<\/div><\/div><\/figcaption><\/figure><div class=\"fg-loader\"><\/div><\/div><div class=\"fg-item fg-type-image fg-idle\"><figure class=\"fg-item-inner\"><a href=\"https:\/\/comedialaon.fr\/wp-content\/uploads\/2018\/04\/La-F\u00e8re-18.jpg\" data-caption-title=\"\u201cSI GUITRY M&#039;\u00c9TAIT JOU\u00c9\u201d : Josiane et Christian le 21 avril 2018 \u00e0 LA F\u00c8RE\" data-attachment-id=\"2610\" data-type=\"image\" class=\"fg-thumb\"><span class=\"fg-image-wrap\"><img decoding=\"async\" title=\"\u201cSI GUITRY M&#039;\u00c9TAIT JOU\u00c9\u201d : Josiane et Christian le 21 avril 2018 \u00e0 LA F\u00c8RE\" width=\"150\" height=\"150\" class=\"skip-lazy fg-image\" data-src-fg=\"https:\/\/comedialaon.fr\/wp-content\/uploads\/cache\/2018\/04\/La-F\u00e8re-18\/1383782192.jpg\" src=\"data:image\/svg+xml,%3Csvg%20xmlns%3D%22http%3A%2F%2Fwww.w3.org%2F2000%2Fsvg%22%20width%3D%22150%22%20height%3D%22150%22%20viewBox%3D%220%200%20150%20150%22%3E%3C%2Fsvg%3E\" loading=\"eager\"><\/span><span class=\"fg-image-overlay\"><\/span><\/a><figcaption class=\"fg-caption\"><div class=\"fg-caption-inner\"><div class=\"fg-caption-title\">\u201cSI GUITRY M'\u00c9TAIT JOU\u00c9\u201d : Josiane et Christian le 21 avril 2018 \u00e0 LA F\u00c8RE<\/div><\/div><\/figcaption><\/figure><div class=\"fg-loader\"><\/div><\/div><div class=\"fg-item fg-type-image fg-idle\"><figure class=\"fg-item-inner\"><a href=\"https:\/\/comedialaon.fr\/wp-content\/uploads\/2018\/04\/La-F\u00e8re-19.jpg\" data-caption-title=\"\u201cSI GUITRY M&#039;\u00c9TAIT JOU\u00c9\u201d : Josiane et Christian le 21 avril 2018 \u00e0 LA F\u00c8RE\" data-attachment-id=\"2611\" data-type=\"image\" class=\"fg-thumb\"><span class=\"fg-image-wrap\"><img decoding=\"async\" title=\"\u201cSI GUITRY M&#039;\u00c9TAIT JOU\u00c9\u201d : Josiane et Christian le 21 avril 2018 \u00e0 LA F\u00c8RE\" width=\"150\" height=\"150\" class=\"skip-lazy fg-image\" data-src-fg=\"https:\/\/comedialaon.fr\/wp-content\/uploads\/cache\/2018\/04\/La-F\u00e8re-19\/2412267922.jpg\" src=\"data:image\/svg+xml,%3Csvg%20xmlns%3D%22http%3A%2F%2Fwww.w3.org%2F2000%2Fsvg%22%20width%3D%22150%22%20height%3D%22150%22%20viewBox%3D%220%200%20150%20150%22%3E%3C%2Fsvg%3E\" loading=\"eager\"><\/span><span class=\"fg-image-overlay\"><\/span><\/a><figcaption class=\"fg-caption\"><div class=\"fg-caption-inner\"><div class=\"fg-caption-title\">\u201cSI GUITRY M'\u00c9TAIT JOU\u00c9\u201d : Josiane et Christian le 21 avril 2018 \u00e0 LA F\u00c8RE<\/div><\/div><\/figcaption><\/figure><div class=\"fg-loader\"><\/div><\/div><div class=\"fg-item fg-type-image fg-idle\"><figure class=\"fg-item-inner\"><a href=\"https:\/\/comedialaon.fr\/wp-content\/uploads\/2018\/04\/La-F\u00e8re-20.jpg\" data-caption-title=\"\u201cSI GUITRY M&#039;\u00c9TAIT JOU\u00c9\u201d : Josiane et Christian le 21 avril 2018 \u00e0 LA F\u00c8RE\" data-attachment-id=\"2612\" data-type=\"image\" class=\"fg-thumb\"><span class=\"fg-image-wrap\"><img decoding=\"async\" title=\"\u201cSI GUITRY M&#039;\u00c9TAIT JOU\u00c9\u201d : Josiane et Christian le 21 avril 2018 \u00e0 LA F\u00c8RE\" width=\"150\" height=\"150\" class=\"skip-lazy fg-image\" data-src-fg=\"https:\/\/comedialaon.fr\/wp-content\/uploads\/cache\/2018\/04\/La-F\u00e8re-20\/2586037304.jpg\" src=\"data:image\/svg+xml,%3Csvg%20xmlns%3D%22http%3A%2F%2Fwww.w3.org%2F2000%2Fsvg%22%20width%3D%22150%22%20height%3D%22150%22%20viewBox%3D%220%200%20150%20150%22%3E%3C%2Fsvg%3E\" loading=\"eager\"><\/span><span class=\"fg-image-overlay\"><\/span><\/a><figcaption class=\"fg-caption\"><div class=\"fg-caption-inner\"><div class=\"fg-caption-title\">\u201cSI GUITRY M'\u00c9TAIT JOU\u00c9\u201d : Josiane et Christian le 21 avril 2018 \u00e0 LA F\u00c8RE<\/div><\/div><\/figcaption><\/figure><div class=\"fg-loader\"><\/div><\/div><div class=\"fg-item fg-type-image fg-idle\"><figure class=\"fg-item-inner\"><a href=\"https:\/\/comedialaon.fr\/wp-content\/uploads\/2018\/04\/La-F\u00e8re-21.jpg\" data-caption-title=\"\u201cSI GUITRY M&#039;\u00c9TAIT JOU\u00c9\u201d : S\u00e9verine et Christian le 21 avril 2018 \u00e0 LA F\u00c8RE\" data-attachment-id=\"2613\" data-type=\"image\" class=\"fg-thumb\"><span class=\"fg-image-wrap\"><img decoding=\"async\" title=\"\u201cSI GUITRY M&#039;\u00c9TAIT JOU\u00c9\u201d : S\u00e9verine et Christian le 21 avril 2018 \u00e0 LA F\u00c8RE\" width=\"150\" height=\"150\" class=\"skip-lazy fg-image\" data-src-fg=\"https:\/\/comedialaon.fr\/wp-content\/uploads\/cache\/2018\/04\/La-F\u00e8re-21\/1200706202.jpg\" src=\"data:image\/svg+xml,%3Csvg%20xmlns%3D%22http%3A%2F%2Fwww.w3.org%2F2000%2Fsvg%22%20width%3D%22150%22%20height%3D%22150%22%20viewBox%3D%220%200%20150%20150%22%3E%3C%2Fsvg%3E\" loading=\"eager\"><\/span><span class=\"fg-image-overlay\"><\/span><\/a><figcaption class=\"fg-caption\"><div class=\"fg-caption-inner\"><div class=\"fg-caption-title\">\u201cSI GUITRY M'\u00c9TAIT JOU\u00c9\u201d : S\u00e9verine et Christian le 21 avril 2018 \u00e0 LA F\u00c8RE<\/div><\/div><\/figcaption><\/figure><div class=\"fg-loader\"><\/div><\/div><div class=\"fg-item fg-type-image fg-idle\"><figure class=\"fg-item-inner\"><a href=\"https:\/\/comedialaon.fr\/wp-content\/uploads\/2018\/04\/La-F\u00e8re-22.jpg\" data-caption-title=\"\u201cSI GUITRY M&#039;\u00c9TAIT JOU\u00c9\u201d : S\u00e9verine et Christian le 21 avril 2018 \u00e0 LA F\u00c8RE\" data-attachment-id=\"2614\" data-type=\"image\" class=\"fg-thumb\"><span class=\"fg-image-wrap\"><img decoding=\"async\" title=\"\u201cSI GUITRY M&#039;\u00c9TAIT JOU\u00c9\u201d : S\u00e9verine et Christian le 21 avril 2018 \u00e0 LA F\u00c8RE\" width=\"150\" height=\"150\" class=\"skip-lazy fg-image\" data-src-fg=\"https:\/\/comedialaon.fr\/wp-content\/uploads\/cache\/2018\/04\/La-F\u00e8re-22\/3193278413.jpg\" src=\"data:image\/svg+xml,%3Csvg%20xmlns%3D%22http%3A%2F%2Fwww.w3.org%2F2000%2Fsvg%22%20width%3D%22150%22%20height%3D%22150%22%20viewBox%3D%220%200%20150%20150%22%3E%3C%2Fsvg%3E\" loading=\"eager\"><\/span><span class=\"fg-image-overlay\"><\/span><\/a><figcaption class=\"fg-caption\"><div class=\"fg-caption-inner\"><div class=\"fg-caption-title\">\u201cSI GUITRY M'\u00c9TAIT JOU\u00c9\u201d : S\u00e9verine et Christian le 21 avril 2018 \u00e0 LA F\u00c8RE<\/div><\/div><\/figcaption><\/figure><div class=\"fg-loader\"><\/div><\/div><div class=\"fg-item fg-type-image fg-idle\"><figure class=\"fg-item-inner\"><a href=\"https:\/\/comedialaon.fr\/wp-content\/uploads\/2018\/04\/La-F\u00e8re-23.jpg\" data-caption-title=\"\u201cSI GUITRY M&#039;\u00c9TAIT JOU\u00c9\u201d : Christian et S\u00e9verine le 21 avril 2018 \u00e0 LA F\u00c8RE\" data-attachment-id=\"2615\" data-type=\"image\" class=\"fg-thumb\"><span class=\"fg-image-wrap\"><img decoding=\"async\" title=\"\u201cSI GUITRY M&#039;\u00c9TAIT JOU\u00c9\u201d : Christian et S\u00e9verine le 21 avril 2018 \u00e0 LA F\u00c8RE\" width=\"150\" height=\"150\" class=\"skip-lazy fg-image\" data-src-fg=\"https:\/\/comedialaon.fr\/wp-content\/uploads\/cache\/2018\/04\/La-F\u00e8re-23\/1676087663.jpg\" src=\"data:image\/svg+xml,%3Csvg%20xmlns%3D%22http%3A%2F%2Fwww.w3.org%2F2000%2Fsvg%22%20width%3D%22150%22%20height%3D%22150%22%20viewBox%3D%220%200%20150%20150%22%3E%3C%2Fsvg%3E\" loading=\"eager\"><\/span><span class=\"fg-image-overlay\"><\/span><\/a><figcaption class=\"fg-caption\"><div class=\"fg-caption-inner\"><div class=\"fg-caption-title\">\u201cSI GUITRY M'\u00c9TAIT JOU\u00c9\u201d : Christian et S\u00e9verine le 21 avril 2018 \u00e0 LA F\u00c8RE<\/div><\/div><\/figcaption><\/figure><div class=\"fg-loader\"><\/div><\/div><div class=\"fg-item fg-type-image fg-idle\"><figure class=\"fg-item-inner\"><a href=\"https:\/\/comedialaon.fr\/wp-content\/uploads\/2018\/04\/La-F\u00e8re-24.jpg\" data-caption-title=\"\u201cSI GUITRY M&#039;\u00c9TAIT JOU\u00c9\u201d : Bernard et Bernadette le 21 avril 2018 \u00e0 LA F\u00c8RE\" data-attachment-id=\"2616\" data-type=\"image\" class=\"fg-thumb\"><span class=\"fg-image-wrap\"><img decoding=\"async\" title=\"\u201cSI GUITRY M&#039;\u00c9TAIT JOU\u00c9\u201d : Bernard et Bernadette le 21 avril 2018 \u00e0 LA F\u00c8RE\" width=\"150\" height=\"150\" class=\"skip-lazy fg-image\" data-src-fg=\"https:\/\/comedialaon.fr\/wp-content\/uploads\/cache\/2018\/04\/La-F\u00e8re-24\/1510718002.jpg\" src=\"data:image\/svg+xml,%3Csvg%20xmlns%3D%22http%3A%2F%2Fwww.w3.org%2F2000%2Fsvg%22%20width%3D%22150%22%20height%3D%22150%22%20viewBox%3D%220%200%20150%20150%22%3E%3C%2Fsvg%3E\" loading=\"eager\"><\/span><span class=\"fg-image-overlay\"><\/span><\/a><figcaption class=\"fg-caption\"><div class=\"fg-caption-inner\"><div class=\"fg-caption-title\">\u201cSI GUITRY M'\u00c9TAIT JOU\u00c9\u201d : Bernard et Bernadette le 21 avril 2018 \u00e0 LA F\u00c8RE<\/div><\/div><\/figcaption><\/figure><div class=\"fg-loader\"><\/div><\/div><div class=\"fg-item fg-type-image fg-idle\"><figure class=\"fg-item-inner\"><a href=\"https:\/\/comedialaon.fr\/wp-content\/uploads\/2018\/04\/La-F\u00e8re-26.jpg\" data-caption-title=\"\u201cSI GUITRY M&#039;\u00c9TAIT JOU\u00c9\u201d : Bernard et Bernadette le 21 avril 2018 \u00e0 LA F\u00c8RE\" data-attachment-id=\"2618\" data-type=\"image\" class=\"fg-thumb\"><span class=\"fg-image-wrap\"><img decoding=\"async\" title=\"\u201cSI GUITRY M&#039;\u00c9TAIT JOU\u00c9\u201d : Bernard et Bernadette le 21 avril 2018 \u00e0 LA F\u00c8RE\" width=\"150\" height=\"150\" class=\"skip-lazy fg-image\" data-src-fg=\"https:\/\/comedialaon.fr\/wp-content\/uploads\/cache\/2018\/04\/La-F\u00e8re-26\/4139321383.jpg\" src=\"data:image\/svg+xml,%3Csvg%20xmlns%3D%22http%3A%2F%2Fwww.w3.org%2F2000%2Fsvg%22%20width%3D%22150%22%20height%3D%22150%22%20viewBox%3D%220%200%20150%20150%22%3E%3C%2Fsvg%3E\" loading=\"eager\"><\/span><span class=\"fg-image-overlay\"><\/span><\/a><figcaption class=\"fg-caption\"><div class=\"fg-caption-inner\"><div class=\"fg-caption-title\">\u201cSI GUITRY M'\u00c9TAIT JOU\u00c9\u201d : Bernard et Bernadette le 21 avril 2018 \u00e0 LA F\u00c8RE<\/div><\/div><\/figcaption><\/figure><div class=\"fg-loader\"><\/div><\/div><div class=\"fg-item fg-type-image fg-idle\"><figure class=\"fg-item-inner\"><a href=\"https:\/\/comedialaon.fr\/wp-content\/uploads\/2018\/04\/La-F\u00e8re-27.jpg\" data-caption-title=\"\u201cSI GUITRY M&#039;\u00c9TAIT JOU\u00c9\u201d : Patrice et Bernard le 21 avril 2018 \u00e0 LA F\u00c8RE\" data-attachment-id=\"2619\" data-type=\"image\" class=\"fg-thumb\"><span class=\"fg-image-wrap\"><img decoding=\"async\" title=\"\u201cSI GUITRY M&#039;\u00c9TAIT JOU\u00c9\u201d : Patrice et Bernard le 21 avril 2018 \u00e0 LA F\u00c8RE\" width=\"150\" height=\"150\" class=\"skip-lazy fg-image\" data-src-fg=\"https:\/\/comedialaon.fr\/wp-content\/uploads\/cache\/2018\/04\/La-F\u00e8re-27\/722179717.jpg\" src=\"data:image\/svg+xml,%3Csvg%20xmlns%3D%22http%3A%2F%2Fwww.w3.org%2F2000%2Fsvg%22%20width%3D%22150%22%20height%3D%22150%22%20viewBox%3D%220%200%20150%20150%22%3E%3C%2Fsvg%3E\" loading=\"eager\"><\/span><span class=\"fg-image-overlay\"><\/span><\/a><figcaption class=\"fg-caption\"><div class=\"fg-caption-inner\"><div class=\"fg-caption-title\">\u201cSI GUITRY M'\u00c9TAIT JOU\u00c9\u201d : Patrice et Bernard le 21 avril 2018 \u00e0 LA F\u00c8RE<\/div><\/div><\/figcaption><\/figure><div class=\"fg-loader\"><\/div><\/div><div class=\"fg-item fg-type-image fg-idle\"><figure class=\"fg-item-inner\"><a href=\"https:\/\/comedialaon.fr\/wp-content\/uploads\/2018\/04\/La-F\u00e8re-28.jpg\" data-caption-title=\"\u201cSI GUITRY M&#039;\u00c9TAIT JOU\u00c9\u201d : Shahnaz, Patrice et Bernard le 21 avril 2018 \u00e0 LA F\u00c8RE\" data-attachment-id=\"2620\" data-type=\"image\" class=\"fg-thumb\"><span class=\"fg-image-wrap\"><img decoding=\"async\" title=\"\u201cSI GUITRY M&#039;\u00c9TAIT JOU\u00c9\u201d : Shahnaz, Patrice et Bernard le 21 avril 2018 \u00e0 LA F\u00c8RE\" width=\"150\" height=\"150\" class=\"skip-lazy fg-image\" data-src-fg=\"https:\/\/comedialaon.fr\/wp-content\/uploads\/cache\/2018\/04\/La-F\u00e8re-28\/443893726.jpg\" src=\"data:image\/svg+xml,%3Csvg%20xmlns%3D%22http%3A%2F%2Fwww.w3.org%2F2000%2Fsvg%22%20width%3D%22150%22%20height%3D%22150%22%20viewBox%3D%220%200%20150%20150%22%3E%3C%2Fsvg%3E\" loading=\"eager\"><\/span><span class=\"fg-image-overlay\"><\/span><\/a><figcaption class=\"fg-caption\"><div class=\"fg-caption-inner\"><div class=\"fg-caption-title\">\u201cSI GUITRY M'\u00c9TAIT JOU\u00c9\u201d : Shahnaz, Patrice et Bernard le 21 avril 2018 \u00e0 LA F\u00c8RE<\/div><\/div><\/figcaption><\/figure><div class=\"fg-loader\"><\/div><\/div><div class=\"fg-item fg-type-image fg-idle\"><figure class=\"fg-item-inner\"><a href=\"https:\/\/comedialaon.fr\/wp-content\/uploads\/2018\/04\/La-F\u00e8re-29.jpg\" data-caption-title=\"\u201cSI GUITRY M&#039;\u00c9TAIT JOU\u00c9\u201d : Shahnaz, Josiane, S\u00e9verine et Bernadette le 21 avril 2018 \u00e0 LA F\u00c8RE\" data-attachment-id=\"2621\" data-type=\"image\" class=\"fg-thumb\"><span class=\"fg-image-wrap\"><img decoding=\"async\" title=\"\u201cSI GUITRY M&#039;\u00c9TAIT JOU\u00c9\u201d : Shahnaz, Josiane, S\u00e9verine et Bernadette le 21 avril 2018 \u00e0 LA F\u00c8RE\" width=\"150\" height=\"150\" class=\"skip-lazy fg-image\" data-src-fg=\"https:\/\/comedialaon.fr\/wp-content\/uploads\/cache\/2018\/04\/La-F\u00e8re-29\/3351763324.jpg\" src=\"data:image\/svg+xml,%3Csvg%20xmlns%3D%22http%3A%2F%2Fwww.w3.org%2F2000%2Fsvg%22%20width%3D%22150%22%20height%3D%22150%22%20viewBox%3D%220%200%20150%20150%22%3E%3C%2Fsvg%3E\" loading=\"eager\"><\/span><span class=\"fg-image-overlay\"><\/span><\/a><figcaption class=\"fg-caption\"><div class=\"fg-caption-inner\"><div class=\"fg-caption-title\">\u201cSI GUITRY M'\u00c9TAIT JOU\u00c9\u201d : Shahnaz, Josiane, S\u00e9verine et Bernadette le 21 avril 2018 \u00e0 LA F\u00c8RE<\/div><\/div><\/figcaption><\/figure><div class=\"fg-loader\"><\/div><\/div><div class=\"fg-item fg-type-image fg-idle\"><figure class=\"fg-item-inner\"><a href=\"https:\/\/comedialaon.fr\/wp-content\/uploads\/2018\/04\/La-F\u00e8re-30.jpg\" data-caption-title=\"\u201cSI GUITRY M&#039;\u00c9TAIT JOU\u00c9\u201d : Shahnaz, Josiane, S\u00e9verine, Bernadette, Patrice, Christian et Bernard le 21 avril 2018 \u00e0 LA F\u00c8RE\" data-attachment-id=\"2622\" data-type=\"image\" class=\"fg-thumb\"><span class=\"fg-image-wrap\"><img decoding=\"async\" title=\"\u201cSI GUITRY M&#039;\u00c9TAIT JOU\u00c9\u201d : Shahnaz, Josiane, S\u00e9verine, Bernadette, Patrice, Christian et Bernard le 21 avril 2018 \u00e0 LA F\u00c8RE\" width=\"150\" height=\"150\" class=\"skip-lazy fg-image\" data-src-fg=\"https:\/\/comedialaon.fr\/wp-content\/uploads\/cache\/2018\/04\/La-F\u00e8re-30\/4242175056.jpg\" src=\"data:image\/svg+xml,%3Csvg%20xmlns%3D%22http%3A%2F%2Fwww.w3.org%2F2000%2Fsvg%22%20width%3D%22150%22%20height%3D%22150%22%20viewBox%3D%220%200%20150%20150%22%3E%3C%2Fsvg%3E\" loading=\"eager\"><\/span><span class=\"fg-image-overlay\"><\/span><\/a><figcaption class=\"fg-caption\"><div class=\"fg-caption-inner\"><div class=\"fg-caption-title\">\u201cSI GUITRY M'\u00c9TAIT JOU\u00c9\u201d : Shahnaz, Josiane, S\u00e9verine, Bernadette, Patrice, Christian et Bernard le 21 avril 2018 \u00e0 LA F\u00c8RE<\/div><\/div><\/figcaption><\/figure><div class=\"fg-loader\"><\/div><\/div><div class=\"fg-item fg-type-image fg-idle\"><figure class=\"fg-item-inner\"><a href=\"https:\/\/comedialaon.fr\/wp-content\/uploads\/2018\/04\/La-F\u00e8re-31.jpg\" data-caption-title=\"\u201cSI GUITRY M&#039;\u00c9TAIT JOU\u00c9\u201d : Patrice, Shahnaz, Josiane, Christian, S\u00e9verine, Bernard et Bernadette le 21 avril 2018 \u00e0 LA F\u00c8RE\" data-attachment-id=\"2623\" data-type=\"image\" class=\"fg-thumb\"><span class=\"fg-image-wrap\"><img decoding=\"async\" title=\"\u201cSI GUITRY M&#039;\u00c9TAIT JOU\u00c9\u201d : Patrice, Shahnaz, Josiane, Christian, S\u00e9verine, Bernard et Bernadette le 21 avril 2018 \u00e0 LA F\u00c8RE\" width=\"150\" height=\"150\" class=\"skip-lazy fg-image\" data-src-fg=\"https:\/\/comedialaon.fr\/wp-content\/uploads\/cache\/2018\/04\/La-F\u00e8re-31\/560524018.jpg\" src=\"data:image\/svg+xml,%3Csvg%20xmlns%3D%22http%3A%2F%2Fwww.w3.org%2F2000%2Fsvg%22%20width%3D%22150%22%20height%3D%22150%22%20viewBox%3D%220%200%20150%20150%22%3E%3C%2Fsvg%3E\" loading=\"eager\"><\/span><span class=\"fg-image-overlay\"><\/span><\/a><figcaption class=\"fg-caption\"><div class=\"fg-caption-inner\"><div class=\"fg-caption-title\">\u201cSI GUITRY M'\u00c9TAIT JOU\u00c9\u201d : Patrice, Shahnaz, Josiane, Christian, S\u00e9verine, Bernard et Bernadette le 21 avril 2018 \u00e0 LA F\u00c8RE<\/div><\/div><\/figcaption><\/figure><div class=\"fg-loader\"><\/div><\/div><div class=\"fg-item fg-type-image fg-idle\"><figure class=\"fg-item-inner\"><a href=\"https:\/\/comedialaon.fr\/wp-content\/uploads\/2018\/04\/La-F\u00e8re-32.jpg\" data-caption-title=\"\u201cSI GUITRY M&#039;\u00c9TAIT JOU\u00c9\u201d : Patrice, Shahnaz, Josiane, Christian, S\u00e9verine, Bernard et Bernadette le 21 avril 2018 \u00e0 LA F\u00c8RE\" data-attachment-id=\"2624\" data-type=\"image\" class=\"fg-thumb\"><span class=\"fg-image-wrap\"><img decoding=\"async\" title=\"\u201cSI GUITRY M&#039;\u00c9TAIT JOU\u00c9\u201d : Patrice, Shahnaz, Josiane, Christian, S\u00e9verine, Bernard et Bernadette le 21 avril 2018 \u00e0 LA F\u00c8RE\" width=\"150\" height=\"150\" class=\"skip-lazy fg-image\" data-src-fg=\"https:\/\/comedialaon.fr\/wp-content\/uploads\/cache\/2018\/04\/La-F\u00e8re-32\/3635165093.jpg\" src=\"data:image\/svg+xml,%3Csvg%20xmlns%3D%22http%3A%2F%2Fwww.w3.org%2F2000%2Fsvg%22%20width%3D%22150%22%20height%3D%22150%22%20viewBox%3D%220%200%20150%20150%22%3E%3C%2Fsvg%3E\" loading=\"eager\"><\/span><span class=\"fg-image-overlay\"><\/span><\/a><figcaption class=\"fg-caption\"><div class=\"fg-caption-inner\"><div class=\"fg-caption-title\">\u201cSI GUITRY M'\u00c9TAIT JOU\u00c9\u201d : Patrice, Shahnaz, Josiane, Christian, S\u00e9verine, Bernard et Bernadette le 21 avril 2018 \u00e0 LA F\u00c8RE<\/div><\/div><\/figcaption><\/figure><div class=\"fg-loader\"><\/div><\/div><div class=\"fg-item fg-type-image fg-idle\"><figure class=\"fg-item-inner\"><a href=\"https:\/\/comedialaon.fr\/wp-content\/uploads\/2018\/04\/La-F\u00e8re-33.jpg\" data-caption-title=\"\u201cSI GUITRY M&#039;\u00c9TAIT JOU\u00c9\u201d : Patrice, Shahnaz, Josiane, Christian, S\u00e9verine et Bernadette le 21 avril 2018 \u00e0 LA F\u00c8RE\" data-attachment-id=\"2625\" data-type=\"image\" class=\"fg-thumb\"><span class=\"fg-image-wrap\"><img decoding=\"async\" title=\"\u201cSI GUITRY M&#039;\u00c9TAIT JOU\u00c9\u201d : Patrice, Shahnaz, Josiane, Christian, S\u00e9verine et Bernadette le 21 avril 2018 \u00e0 LA F\u00c8RE\" width=\"150\" height=\"150\" class=\"skip-lazy fg-image\" data-src-fg=\"https:\/\/comedialaon.fr\/wp-content\/uploads\/cache\/2018\/04\/La-F\u00e8re-33\/85895431.jpg\" src=\"data:image\/svg+xml,%3Csvg%20xmlns%3D%22http%3A%2F%2Fwww.w3.org%2F2000%2Fsvg%22%20width%3D%22150%22%20height%3D%22150%22%20viewBox%3D%220%200%20150%20150%22%3E%3C%2Fsvg%3E\" loading=\"eager\"><\/span><span class=\"fg-image-overlay\"><\/span><\/a><figcaption class=\"fg-caption\"><div class=\"fg-caption-inner\"><div class=\"fg-caption-title\">\u201cSI GUITRY M'\u00c9TAIT JOU\u00c9\u201d : Patrice, Shahnaz, Josiane, Christian, S\u00e9verine et Bernadette le 21 avril 2018 \u00e0 LA F\u00c8RE<\/div><\/div><\/figcaption><\/figure><div class=\"fg-loader\"><\/div><\/div><div class=\"fg-item fg-type-image fg-idle\"><figure class=\"fg-item-inner\"><a href=\"https:\/\/comedialaon.fr\/wp-content\/uploads\/2018\/04\/La-F\u00e8re-34.jpg\" data-caption-title=\"\u201cSI GUITRY M&#039;\u00c9TAIT JOU\u00c9\u201d : Patrice, Shahnaz, Josiane, Bernard, S\u00e9verine, Christian et Bernadette le 21 avril 2018 \u00e0 LA F\u00c8RE\" data-attachment-id=\"2626\" data-type=\"image\" class=\"fg-thumb\"><span class=\"fg-image-wrap\"><img decoding=\"async\" title=\"\u201cSI GUITRY M&#039;\u00c9TAIT JOU\u00c9\u201d : Patrice, Shahnaz, Josiane, Bernard, S\u00e9verine, Christian et Bernadette le 21 avril 2018 \u00e0 LA F\u00c8RE\" width=\"150\" height=\"150\" class=\"skip-lazy fg-image\" data-src-fg=\"https:\/\/comedialaon.fr\/wp-content\/uploads\/cache\/2018\/04\/La-F\u00e8re-34\/1022493274.jpg\" src=\"data:image\/svg+xml,%3Csvg%20xmlns%3D%22http%3A%2F%2Fwww.w3.org%2F2000%2Fsvg%22%20width%3D%22150%22%20height%3D%22150%22%20viewBox%3D%220%200%20150%20150%22%3E%3C%2Fsvg%3E\" loading=\"eager\"><\/span><span class=\"fg-image-overlay\"><\/span><\/a><figcaption class=\"fg-caption\"><div class=\"fg-caption-inner\"><div class=\"fg-caption-title\">\u201cSI GUITRY M'\u00c9TAIT JOU\u00c9\u201d : Patrice, Shahnaz, Josiane, Bernard, S\u00e9verine, Christian et Bernadette le 21 avril 2018 \u00e0 LA F\u00c8RE<\/div><\/div><\/figcaption><\/figure><div class=\"fg-loader\"><\/div><\/div><\/div>\n\n","protected":false},"excerpt":{"rendered":"","protected":false},"author":1,"featured_media":0,"parent":0,"menu_order":0,"comment_status":"closed","ping_status":"closed","template":"","meta":{"footnotes":""},"class_list":["post-4649","page","type-page","status-publish","hentry"],"yoast_head":"<!-- This site is optimized with the Yoast SEO plugin v27.5 - https:\/\/yoast.com\/product\/yoast-seo-wordpress\/ -->\n<title>Album photos \u201cSI GUITRY M&#039;\u00c9TAIT JOU\u00c9\u201d \u00e0 LA F\u00c8RE le 21 avril 2018 &#8226; Com\u00e9dia Laon<\/title>\n<meta name=\"robots\" content=\"index, follow, max-snippet:-1, max-image-preview:large, max-video-preview:-1\" \/>\n<link rel=\"canonical\" href=\"https:\/\/comedialaon.fr\/?page_id=4649\" \/>\n<meta property=\"og:locale\" content=\"fr_FR\" \/>\n<meta property=\"og:type\" content=\"article\" \/>\n<meta property=\"og:title\" content=\"Album photos \u201cSI GUITRY M&#039;\u00c9TAIT JOU\u00c9\u201d \u00e0 LA F\u00c8RE le 21 avril 2018 &#8226; Com\u00e9dia Laon\" \/>\n<meta property=\"og:url\" content=\"https:\/\/comedialaon.fr\/?page_id=4649\" \/>\n<meta property=\"og:site_name\" content=\"Com\u00e9dia Laon\" \/>\n<meta property=\"article:publisher\" content=\"https:\/\/www.facebook.com\/profile.php?id=100008459438996\" \/>\n<meta property=\"article:modified_time\" content=\"2021-07-21T09:07:59+00:00\" \/>\n<script type=\"application\/ld+json\" class=\"yoast-schema-graph\">{\"@context\":\"https:\\\/\\\/schema.org\",\"@graph\":[{\"@type\":\"WebPage\",\"@id\":\"https:\\\/\\\/comedialaon.fr\\\/?page_id=4649\",\"url\":\"https:\\\/\\\/comedialaon.fr\\\/?page_id=4649\",\"name\":\"Album photos \u201cSI GUITRY M'\u00c9TAIT JOU\u00c9\u201d \u00e0 LA F\u00c8RE le 21 avril 2018 &#8226; Com\u00e9dia Laon\",\"isPartOf\":{\"@id\":\"https:\\\/\\\/comedialaon.fr\\\/#website\"},\"datePublished\":\"2021-07-21T09:07:43+00:00\",\"dateModified\":\"2021-07-21T09:07:59+00:00\",\"breadcrumb\":{\"@id\":\"https:\\\/\\\/comedialaon.fr\\\/?page_id=4649#breadcrumb\"},\"inLanguage\":\"fr-FR\",\"potentialAction\":[{\"@type\":\"ReadAction\",\"target\":[\"https:\\\/\\\/comedialaon.fr\\\/?page_id=4649\"]}]},{\"@type\":\"BreadcrumbList\",\"@id\":\"https:\\\/\\\/comedialaon.fr\\\/?page_id=4649#breadcrumb\",\"itemListElement\":[{\"@type\":\"ListItem\",\"position\":1,\"name\":\"Accueil\",\"item\":\"https:\\\/\\\/comedialaon.fr\\\/\"},{\"@type\":\"ListItem\",\"position\":2,\"name\":\"Album photos \u201cSI GUITRY M&rsquo;\u00c9TAIT JOU\u00c9\u201d \u00e0 LA F\u00c8RE le 21 avril 2018\"}]},{\"@type\":\"WebSite\",\"@id\":\"https:\\\/\\\/comedialaon.fr\\\/#website\",\"url\":\"https:\\\/\\\/comedialaon.fr\\\/\",\"name\":\"Com\u00e9dia Laon\",\"description\":\"Prendre et donner du PLAISIR ... !!! ;-)\",\"publisher\":{\"@id\":\"https:\\\/\\\/comedialaon.fr\\\/#organization\"},\"potentialAction\":[{\"@type\":\"SearchAction\",\"target\":{\"@type\":\"EntryPoint\",\"urlTemplate\":\"https:\\\/\\\/comedialaon.fr\\\/?s={search_term_string}\"},\"query-input\":{\"@type\":\"PropertyValueSpecification\",\"valueRequired\":true,\"valueName\":\"search_term_string\"}}],\"inLanguage\":\"fr-FR\"},{\"@type\":\"Organization\",\"@id\":\"https:\\\/\\\/comedialaon.fr\\\/#organization\",\"name\":\"Com\u00e9dia Laon\",\"url\":\"https:\\\/\\\/comedialaon.fr\\\/\",\"logo\":{\"@type\":\"ImageObject\",\"inLanguage\":\"fr-FR\",\"@id\":\"https:\\\/\\\/comedialaon.fr\\\/#\\\/schema\\\/logo\\\/image\\\/\",\"url\":\"https:\\\/\\\/comedialaon.fr\\\/wp-content\\\/uploads\\\/2019\\\/02\\\/LOGO-CL-et-OL.jpg\",\"contentUrl\":\"https:\\\/\\\/comedialaon.fr\\\/wp-content\\\/uploads\\\/2019\\\/02\\\/LOGO-CL-et-OL.jpg\",\"width\":756,\"height\":210,\"caption\":\"Com\u00e9dia Laon\"},\"image\":{\"@id\":\"https:\\\/\\\/comedialaon.fr\\\/#\\\/schema\\\/logo\\\/image\\\/\"},\"sameAs\":[\"https:\\\/\\\/www.facebook.com\\\/profile.php?id=100008459438996\",\"https:\\\/\\\/www.youtube.com\\\/results?search_query=comedia laon\"]}]}<\/script>\n<!-- \/ Yoast SEO plugin. -->","yoast_head_json":{"title":"Album photos \u201cSI GUITRY M'\u00c9TAIT JOU\u00c9\u201d \u00e0 LA F\u00c8RE le 21 avril 2018 &#8226; Com\u00e9dia Laon","robots":{"index":"index","follow":"follow","max-snippet":"max-snippet:-1","max-image-preview":"max-image-preview:large","max-video-preview":"max-video-preview:-1"},"canonical":"https:\/\/comedialaon.fr\/?page_id=4649","og_locale":"fr_FR","og_type":"article","og_title":"Album photos \u201cSI GUITRY M'\u00c9TAIT JOU\u00c9\u201d \u00e0 LA F\u00c8RE le 21 avril 2018 &#8226; Com\u00e9dia Laon","og_url":"https:\/\/comedialaon.fr\/?page_id=4649","og_site_name":"Com\u00e9dia Laon","article_publisher":"https:\/\/www.facebook.com\/profile.php?id=100008459438996","article_modified_time":"2021-07-21T09:07:59+00:00","schema":{"@context":"https:\/\/schema.org","@graph":[{"@type":"WebPage","@id":"https:\/\/comedialaon.fr\/?page_id=4649","url":"https:\/\/comedialaon.fr\/?page_id=4649","name":"Album photos \u201cSI GUITRY M'\u00c9TAIT JOU\u00c9\u201d \u00e0 LA F\u00c8RE le 21 avril 2018 &#8226; Com\u00e9dia Laon","isPartOf":{"@id":"https:\/\/comedialaon.fr\/#website"},"datePublished":"2021-07-21T09:07:43+00:00","dateModified":"2021-07-21T09:07:59+00:00","breadcrumb":{"@id":"https:\/\/comedialaon.fr\/?page_id=4649#breadcrumb"},"inLanguage":"fr-FR","potentialAction":[{"@type":"ReadAction","target":["https:\/\/comedialaon.fr\/?page_id=4649"]}]},{"@type":"BreadcrumbList","@id":"https:\/\/comedialaon.fr\/?page_id=4649#breadcrumb","itemListElement":[{"@type":"ListItem","position":1,"name":"Accueil","item":"https:\/\/comedialaon.fr\/"},{"@type":"ListItem","position":2,"name":"Album photos \u201cSI GUITRY M&rsquo;\u00c9TAIT JOU\u00c9\u201d \u00e0 LA F\u00c8RE le 21 avril 2018"}]},{"@type":"WebSite","@id":"https:\/\/comedialaon.fr\/#website","url":"https:\/\/comedialaon.fr\/","name":"Com\u00e9dia Laon","description":"Prendre et donner du PLAISIR ... !!! ;-)","publisher":{"@id":"https:\/\/comedialaon.fr\/#organization"},"potentialAction":[{"@type":"SearchAction","target":{"@type":"EntryPoint","urlTemplate":"https:\/\/comedialaon.fr\/?s={search_term_string}"},"query-input":{"@type":"PropertyValueSpecification","valueRequired":true,"valueName":"search_term_string"}}],"inLanguage":"fr-FR"},{"@type":"Organization","@id":"https:\/\/comedialaon.fr\/#organization","name":"Com\u00e9dia Laon","url":"https:\/\/comedialaon.fr\/","logo":{"@type":"ImageObject","inLanguage":"fr-FR","@id":"https:\/\/comedialaon.fr\/#\/schema\/logo\/image\/","url":"https:\/\/comedialaon.fr\/wp-content\/uploads\/2019\/02\/LOGO-CL-et-OL.jpg","contentUrl":"https:\/\/comedialaon.fr\/wp-content\/uploads\/2019\/02\/LOGO-CL-et-OL.jpg","width":756,"height":210,"caption":"Com\u00e9dia Laon"},"image":{"@id":"https:\/\/comedialaon.fr\/#\/schema\/logo\/image\/"},"sameAs":["https:\/\/www.facebook.com\/profile.php?id=100008459438996","https:\/\/www.youtube.com\/results?search_query=comedia laon"]}]}},"_links":{"self":[{"href":"https:\/\/comedialaon.fr\/index.php?rest_route=\/wp\/v2\/pages\/4649","targetHints":{"allow":["GET"]}}],"collection":[{"href":"https:\/\/comedialaon.fr\/index.php?rest_route=\/wp\/v2\/pages"}],"about":[{"href":"https:\/\/comedialaon.fr\/index.php?rest_route=\/wp\/v2\/types\/page"}],"author":[{"embeddable":true,"href":"https:\/\/comedialaon.fr\/index.php?rest_route=\/wp\/v2\/users\/1"}],"replies":[{"embeddable":true,"href":"https:\/\/comedialaon.fr\/index.php?rest_route=%2Fwp%2Fv2%2Fcomments&post=4649"}],"version-history":[{"count":2,"href":"https:\/\/comedialaon.fr\/index.php?rest_route=\/wp\/v2\/pages\/4649\/revisions"}],"predecessor-version":[{"id":4651,"href":"https:\/\/comedialaon.fr\/index.php?rest_route=\/wp\/v2\/pages\/4649\/revisions\/4651"}],"wp:attachment":[{"href":"https:\/\/comedialaon.fr\/index.php?rest_route=%2Fwp%2Fv2%2Fmedia&parent=4649"}],"curies":[{"name":"wp","href":"https:\/\/api.w.org\/{rel}","templated":true}]}}