{"id":4628,"date":"2021-07-20T15:52:58","date_gmt":"2021-07-20T13:52:58","guid":{"rendered":"https:\/\/comedialaon.fr\/?page_id=4628"},"modified":"2021-07-20T16:00:56","modified_gmt":"2021-07-20T14:00:56","slug":"album-photos-de-la-generale-la-symphonie-des-faux-culs-a-pinon-le-23-fevrier-2019","status":"publish","type":"page","link":"https:\/\/comedialaon.fr\/?page_id=4628","title":{"rendered":"<center>Album photos de la G\u00c9N\u00c9RALE \u201cLA SYMPHONIE DES FAUX CULS\u201d <br>\u00e0 PINON le 23 F\u00c9VRIER 2019"},"content":{"rendered":"<style type=\"text\/css\">\n#foogallery-gallery-4624 .fg-image { width: 150px; }\n#foogallery-gallery-4624 { --fg-gutter: 10px; }<\/style>\n\t\t\t<div class=\"foogallery foogallery-container foogallery-default foogallery-lightbox-foobox fg-center fg-default fg-ready fg-light fg-border-thin fg-shadow-outline fg-loading-default fg-loaded-fade-in fg-caption-hover fg-hover-fade fg-hover-zoom\" id=\"foogallery-gallery-4624\" data-foogallery=\"{&quot;item&quot;:{&quot;showCaptionTitle&quot;:true,&quot;showCaptionDescription&quot;:true},&quot;lazy&quot;:true}\" style=\"--fg-title-line-clamp: 0; --fg-description-line-clamp: 0;\" >\n\t<div class=\"fg-item fg-type-image fg-idle\"><figure class=\"fg-item-inner\"><a href=\"https:\/\/comedialaon.fr\/wp-content\/uploads\/2019\/02\/1-Bernadette-...-Derni\u00e8re-retouche.jpg\" data-caption-title=\"\u201cLA SYMPHONIE DES FAUX CULS\u201d : Bernadette ... Derni\u00e8re retouche le 23 F\u00c9VRIER 2019 \u00e0 PINON\" data-attachment-id=\"3076\" data-type=\"image\" class=\"fg-thumb\"><span class=\"fg-image-wrap\"><img decoding=\"async\" title=\"\u201cLA SYMPHONIE DES FAUX CULS\u201d : Bernadette ... Derni\u00e8re retouche le 23 F\u00c9VRIER 2019 \u00e0 PINON\" width=\"150\" height=\"150\" class=\"skip-lazy fg-image\" data-src-fg=\"https:\/\/comedialaon.fr\/wp-content\/uploads\/cache\/2019\/02\/1-Bernadette-___-Derni\u00e8re-retouche\/1321348358.jpg\" src=\"data:image\/svg+xml,%3Csvg%20xmlns%3D%22http%3A%2F%2Fwww.w3.org%2F2000%2Fsvg%22%20width%3D%22150%22%20height%3D%22150%22%20viewBox%3D%220%200%20150%20150%22%3E%3C%2Fsvg%3E\" loading=\"eager\"><\/span><span class=\"fg-image-overlay\"><\/span><\/a><figcaption class=\"fg-caption\"><div class=\"fg-caption-inner\"><div class=\"fg-caption-title\">\u201cLA SYMPHONIE DES FAUX CULS\u201d : Bernadette ... Derni\u00e8re retouche le 23 F\u00c9VRIER 2019 \u00e0 PINON<\/div><\/div><\/figcaption><\/figure><div class=\"fg-loader\"><\/div><\/div><div class=\"fg-item fg-type-image fg-idle\"><figure class=\"fg-item-inner\"><a href=\"https:\/\/comedialaon.fr\/wp-content\/uploads\/2019\/02\/2-Catherine-...-Dernier-nettoyage-.jpg\" data-caption-title=\"\u201cLA SYMPHONIE DES FAUX CULS\u201d : Catherine ... Dernier nettoyage le 23 F\u00c9VRIER 2019 \u00e0 PINON\" data-attachment-id=\"3077\" data-type=\"image\" class=\"fg-thumb\"><span class=\"fg-image-wrap\"><img decoding=\"async\" title=\"\u201cLA SYMPHONIE DES FAUX CULS\u201d : Catherine ... Dernier nettoyage le 23 F\u00c9VRIER 2019 \u00e0 PINON\" width=\"150\" height=\"150\" class=\"skip-lazy fg-image\" data-src-fg=\"https:\/\/comedialaon.fr\/wp-content\/uploads\/cache\/2019\/02\/2-Catherine-___-Dernier-nettoyage-\/1266843747.jpg\" src=\"data:image\/svg+xml,%3Csvg%20xmlns%3D%22http%3A%2F%2Fwww.w3.org%2F2000%2Fsvg%22%20width%3D%22150%22%20height%3D%22150%22%20viewBox%3D%220%200%20150%20150%22%3E%3C%2Fsvg%3E\" loading=\"eager\"><\/span><span class=\"fg-image-overlay\"><\/span><\/a><figcaption class=\"fg-caption\"><div class=\"fg-caption-inner\"><div class=\"fg-caption-title\">\u201cLA SYMPHONIE DES FAUX CULS\u201d : Catherine ... Dernier nettoyage le 23 F\u00c9VRIER 2019 \u00e0 PINON<\/div><\/div><\/figcaption><\/figure><div class=\"fg-loader\"><\/div><\/div><div class=\"fg-item fg-type-image fg-idle\"><figure class=\"fg-item-inner\"><a href=\"https:\/\/comedialaon.fr\/wp-content\/uploads\/2019\/02\/3-D\u00e9co-...-.jpg\" data-caption-title=\"\u201cLA SYMPHONIE DES FAUX CULS\u201d : D\u00e9co ... ! Derni\u00e8re retouche le 23 F\u00c9VRIER 2019 \u00e0 PINON\" data-attachment-id=\"3078\" data-type=\"image\" class=\"fg-thumb\"><span class=\"fg-image-wrap\"><img decoding=\"async\" title=\"\u201cLA SYMPHONIE DES FAUX CULS\u201d : D\u00e9co ... ! Derni\u00e8re retouche le 23 F\u00c9VRIER 2019 \u00e0 PINON\" width=\"150\" height=\"150\" class=\"skip-lazy fg-image\" data-src-fg=\"https:\/\/comedialaon.fr\/wp-content\/uploads\/cache\/2019\/02\/3-D\u00e9co-___-\/2966367323.jpg\" src=\"data:image\/svg+xml,%3Csvg%20xmlns%3D%22http%3A%2F%2Fwww.w3.org%2F2000%2Fsvg%22%20width%3D%22150%22%20height%3D%22150%22%20viewBox%3D%220%200%20150%20150%22%3E%3C%2Fsvg%3E\" loading=\"eager\"><\/span><span class=\"fg-image-overlay\"><\/span><\/a><figcaption class=\"fg-caption\"><div class=\"fg-caption-inner\"><div class=\"fg-caption-title\">\u201cLA SYMPHONIE DES FAUX CULS\u201d : D\u00e9co ... ! Derni\u00e8re retouche le 23 F\u00c9VRIER 2019 \u00e0 PINON<\/div><\/div><\/figcaption><\/figure><div class=\"fg-loader\"><\/div><\/div><div class=\"fg-item fg-type-image fg-idle\"><figure class=\"fg-item-inner\"><a href=\"https:\/\/comedialaon.fr\/wp-content\/uploads\/2019\/02\/4-Ludwig-...-Attention-au-destin-.jpg\" data-caption-title=\"\u201cLA SYMPHONIE DES FAUX CULS\u201d : Ludwig ... Attention au destin ! Derni\u00e8re retouche le 23 F\u00c9VRIER 2019 \u00e0 PINON\" data-attachment-id=\"3079\" data-type=\"image\" class=\"fg-thumb\"><span class=\"fg-image-wrap\"><img decoding=\"async\" title=\"\u201cLA SYMPHONIE DES FAUX CULS\u201d : Ludwig ... Attention au destin ! Derni\u00e8re retouche le 23 F\u00c9VRIER 2019 \u00e0 PINON\" width=\"150\" height=\"150\" class=\"skip-lazy fg-image\" data-src-fg=\"https:\/\/comedialaon.fr\/wp-content\/uploads\/cache\/2019\/02\/4-Ludwig-___-Attention-au-destin-\/1450659169.jpg\" src=\"data:image\/svg+xml,%3Csvg%20xmlns%3D%22http%3A%2F%2Fwww.w3.org%2F2000%2Fsvg%22%20width%3D%22150%22%20height%3D%22150%22%20viewBox%3D%220%200%20150%20150%22%3E%3C%2Fsvg%3E\" loading=\"eager\"><\/span><span class=\"fg-image-overlay\"><\/span><\/a><figcaption class=\"fg-caption\"><div class=\"fg-caption-inner\"><div class=\"fg-caption-title\">\u201cLA SYMPHONIE DES FAUX CULS\u201d : Ludwig ... Attention au destin ! Derni\u00e8re retouche le 23 F\u00c9VRIER 2019 \u00e0 PINON<\/div><\/div><\/figcaption><\/figure><div class=\"fg-loader\"><\/div><\/div><div class=\"fg-item fg-type-image fg-idle\"><figure class=\"fg-item-inner\"><a href=\"https:\/\/comedialaon.fr\/wp-content\/uploads\/2019\/02\/5-Bernard-...-D\u00e9tente-avant-dentrer-en-sc\u00e8ne--e1551120026159.jpg\" data-caption-title=\"\u201cLA SYMPHONIE DES FAUX CULS\u201d : Bernard ... D\u00e9tente avant d&#039;entrer en sc\u00e8ne ! Derni\u00e8re retouche le 23 F\u00c9VRIER 2019 \u00e0 PINON\" data-attachment-id=\"3080\" data-type=\"image\" class=\"fg-thumb\"><span class=\"fg-image-wrap\"><img decoding=\"async\" title=\"\u201cLA SYMPHONIE DES FAUX CULS\u201d : Bernard ... D\u00e9tente avant d&#039;entrer en sc\u00e8ne ! Derni\u00e8re retouche le 23 F\u00c9VRIER 2019 \u00e0 PINON\" width=\"150\" height=\"150\" class=\"skip-lazy fg-image\" data-src-fg=\"https:\/\/comedialaon.fr\/wp-content\/uploads\/cache\/2019\/02\/5-Bernard-___-D\u00e9tente-avant-dentrer-en-sc\u00e8ne--e1551120026159\/2015302187.jpg\" src=\"data:image\/svg+xml,%3Csvg%20xmlns%3D%22http%3A%2F%2Fwww.w3.org%2F2000%2Fsvg%22%20width%3D%22150%22%20height%3D%22150%22%20viewBox%3D%220%200%20150%20150%22%3E%3C%2Fsvg%3E\" loading=\"eager\"><\/span><span class=\"fg-image-overlay\"><\/span><\/a><figcaption class=\"fg-caption\"><div class=\"fg-caption-inner\"><div class=\"fg-caption-title\">\u201cLA SYMPHONIE DES FAUX CULS\u201d : Bernard ... D\u00e9tente avant d'entrer en sc\u00e8ne ! Derni\u00e8re retouche le 23 F\u00c9VRIER 2019 \u00e0 PINON<\/div><\/div><\/figcaption><\/figure><div class=\"fg-loader\"><\/div><\/div><div class=\"fg-item fg-type-image fg-idle\"><figure class=\"fg-item-inner\"><a href=\"https:\/\/comedialaon.fr\/wp-content\/uploads\/2019\/02\/6-Bernadette-...-D\u00e9tente-avant-dentrer-en-sc\u00e8ne-.jpg\" data-caption-title=\"\u201cLA SYMPHONIE DES FAUX CULS\u201d : Bernadette ... D\u00e9tente avant d&#039;entrer en sc\u00e8ne ! le 23 F\u00c9VRIER 2019 \u00e0 PINON\" data-attachment-id=\"3081\" data-type=\"image\" class=\"fg-thumb\"><span class=\"fg-image-wrap\"><img decoding=\"async\" title=\"\u201cLA SYMPHONIE DES FAUX CULS\u201d : Bernadette ... D\u00e9tente avant d&#039;entrer en sc\u00e8ne ! le 23 F\u00c9VRIER 2019 \u00e0 PINON\" width=\"150\" height=\"150\" class=\"skip-lazy fg-image\" data-src-fg=\"https:\/\/comedialaon.fr\/wp-content\/uploads\/cache\/2019\/02\/6-Bernadette-___-D\u00e9tente-avant-dentrer-en-sc\u00e8ne-\/2267983066.jpg\" src=\"data:image\/svg+xml,%3Csvg%20xmlns%3D%22http%3A%2F%2Fwww.w3.org%2F2000%2Fsvg%22%20width%3D%22150%22%20height%3D%22150%22%20viewBox%3D%220%200%20150%20150%22%3E%3C%2Fsvg%3E\" loading=\"eager\"><\/span><span class=\"fg-image-overlay\"><\/span><\/a><figcaption class=\"fg-caption\"><div class=\"fg-caption-inner\"><div class=\"fg-caption-title\">\u201cLA SYMPHONIE DES FAUX CULS\u201d : Bernadette ... D\u00e9tente avant d'entrer en sc\u00e8ne ! le 23 F\u00c9VRIER 2019 \u00e0 PINON<\/div><\/div><\/figcaption><\/figure><div class=\"fg-loader\"><\/div><\/div><div class=\"fg-item fg-type-image fg-idle\"><figure class=\"fg-item-inner\"><a href=\"https:\/\/comedialaon.fr\/wp-content\/uploads\/2019\/02\/7-Bernard-...-Concentration-.jpg\" data-caption-title=\"\u201cLA SYMPHONIE DES FAUX CULS\u201d : Bernard ... Concentration ! Derni\u00e8re retouche le 23 F\u00c9VRIER 2019 \u00e0 PINON\" data-attachment-id=\"3082\" data-type=\"image\" class=\"fg-thumb\"><span class=\"fg-image-wrap\"><img decoding=\"async\" title=\"\u201cLA SYMPHONIE DES FAUX CULS\u201d : Bernard ... Concentration ! Derni\u00e8re retouche le 23 F\u00c9VRIER 2019 \u00e0 PINON\" width=\"150\" height=\"150\" class=\"skip-lazy fg-image\" data-src-fg=\"https:\/\/comedialaon.fr\/wp-content\/uploads\/cache\/2019\/02\/7-Bernard-___-Concentration-\/2889230461.jpg\" src=\"data:image\/svg+xml,%3Csvg%20xmlns%3D%22http%3A%2F%2Fwww.w3.org%2F2000%2Fsvg%22%20width%3D%22150%22%20height%3D%22150%22%20viewBox%3D%220%200%20150%20150%22%3E%3C%2Fsvg%3E\" loading=\"eager\"><\/span><span class=\"fg-image-overlay\"><\/span><\/a><figcaption class=\"fg-caption\"><div class=\"fg-caption-inner\"><div class=\"fg-caption-title\">\u201cLA SYMPHONIE DES FAUX CULS\u201d : Bernard ... Concentration ! Derni\u00e8re retouche le 23 F\u00c9VRIER 2019 \u00e0 PINON<\/div><\/div><\/figcaption><\/figure><div class=\"fg-loader\"><\/div><\/div><div class=\"fg-item fg-type-image fg-idle\"><figure class=\"fg-item-inner\"><a href=\"https:\/\/comedialaon.fr\/wp-content\/uploads\/2019\/02\/8-Patrice-...-Hubert-en-sc\u00e8ne-.jpg\" data-caption-title=\"\u201cLA SYMPHONIE DES FAUX CULS\u201d : Patrice ... Hubert en sc\u00e8ne ! le 23 F\u00c9VRIER 2019 \u00e0 PINON\" data-attachment-id=\"3083\" data-type=\"image\" class=\"fg-thumb\"><span class=\"fg-image-wrap\"><img decoding=\"async\" title=\"\u201cLA SYMPHONIE DES FAUX CULS\u201d : Patrice ... Hubert en sc\u00e8ne ! le 23 F\u00c9VRIER 2019 \u00e0 PINON\" width=\"150\" height=\"150\" class=\"skip-lazy fg-image\" data-src-fg=\"https:\/\/comedialaon.fr\/wp-content\/uploads\/cache\/2019\/02\/8-Patrice-___-Hubert-en-sc\u00e8ne-\/3457228853.jpg\" src=\"data:image\/svg+xml,%3Csvg%20xmlns%3D%22http%3A%2F%2Fwww.w3.org%2F2000%2Fsvg%22%20width%3D%22150%22%20height%3D%22150%22%20viewBox%3D%220%200%20150%20150%22%3E%3C%2Fsvg%3E\" loading=\"eager\"><\/span><span class=\"fg-image-overlay\"><\/span><\/a><figcaption class=\"fg-caption\"><div class=\"fg-caption-inner\"><div class=\"fg-caption-title\">\u201cLA SYMPHONIE DES FAUX CULS\u201d : Patrice ... Hubert en sc\u00e8ne ! le 23 F\u00c9VRIER 2019 \u00e0 PINON<\/div><\/div><\/figcaption><\/figure><div class=\"fg-loader\"><\/div><\/div><div class=\"fg-item fg-type-image fg-idle\"><figure class=\"fg-item-inner\"><a href=\"https:\/\/comedialaon.fr\/wp-content\/uploads\/2019\/02\/9-Yves-...-Tout-est-bien-branch\u00e9-.jpg\" data-caption-title=\"\u201cLA SYMPHONIE DES FAUX CULS\u201d : Yves ... Tout est bien branch\u00e9 ! le 23 F\u00c9VRIER 2019 \u00e0 PINON\" data-attachment-id=\"3084\" data-type=\"image\" class=\"fg-thumb\"><span class=\"fg-image-wrap\"><img decoding=\"async\" title=\"\u201cLA SYMPHONIE DES FAUX CULS\u201d : Yves ... Tout est bien branch\u00e9 ! le 23 F\u00c9VRIER 2019 \u00e0 PINON\" width=\"150\" height=\"150\" class=\"skip-lazy fg-image\" data-src-fg=\"https:\/\/comedialaon.fr\/wp-content\/uploads\/cache\/2019\/02\/9-Yves-___-Tout-est-bien-branch\u00e9-\/4028699735.jpg\" src=\"data:image\/svg+xml,%3Csvg%20xmlns%3D%22http%3A%2F%2Fwww.w3.org%2F2000%2Fsvg%22%20width%3D%22150%22%20height%3D%22150%22%20viewBox%3D%220%200%20150%20150%22%3E%3C%2Fsvg%3E\" loading=\"eager\"><\/span><span class=\"fg-image-overlay\"><\/span><\/a><figcaption class=\"fg-caption\"><div class=\"fg-caption-inner\"><div class=\"fg-caption-title\">\u201cLA SYMPHONIE DES FAUX CULS\u201d : Yves ... Tout est bien branch\u00e9 ! le 23 F\u00c9VRIER 2019 \u00e0 PINON<\/div><\/div><\/figcaption><\/figure><div class=\"fg-loader\"><\/div><\/div><div class=\"fg-item fg-type-image fg-idle\"><figure class=\"fg-item-inner\"><a href=\"https:\/\/comedialaon.fr\/wp-content\/uploads\/2019\/02\/10-Christian-...-Il-r\u00e9siste-le-bouchon-.jpg\" data-caption-title=\"\u201cLA SYMPHONIE DES FAUX CULS\u201d : Christian ... Il r\u00e9siste le bouchon ! le 23 F\u00c9VRIER 2019 \u00e0 PINON\" data-attachment-id=\"3085\" data-type=\"image\" class=\"fg-thumb\"><span class=\"fg-image-wrap\"><img decoding=\"async\" title=\"\u201cLA SYMPHONIE DES FAUX CULS\u201d : Christian ... Il r\u00e9siste le bouchon ! le 23 F\u00c9VRIER 2019 \u00e0 PINON\" width=\"150\" height=\"150\" class=\"skip-lazy fg-image\" data-src-fg=\"https:\/\/comedialaon.fr\/wp-content\/uploads\/cache\/2019\/02\/10-Christian-___-Il-r\u00e9siste-le-bouchon-\/2501633004.jpg\" src=\"data:image\/svg+xml,%3Csvg%20xmlns%3D%22http%3A%2F%2Fwww.w3.org%2F2000%2Fsvg%22%20width%3D%22150%22%20height%3D%22150%22%20viewBox%3D%220%200%20150%20150%22%3E%3C%2Fsvg%3E\" loading=\"eager\"><\/span><span class=\"fg-image-overlay\"><\/span><\/a><figcaption class=\"fg-caption\"><div class=\"fg-caption-inner\"><div class=\"fg-caption-title\">\u201cLA SYMPHONIE DES FAUX CULS\u201d : Christian ... Il r\u00e9siste le bouchon ! le 23 F\u00c9VRIER 2019 \u00e0 PINON<\/div><\/div><\/figcaption><\/figure><div class=\"fg-loader\"><\/div><\/div><div class=\"fg-item fg-type-image fg-idle\"><figure class=\"fg-item-inner\"><a href=\"https:\/\/comedialaon.fr\/wp-content\/uploads\/2019\/02\/11-Christian-...-La-diplomatie-.jpg\" data-caption-title=\"\u201cLA SYMPHONIE DES FAUX CULS\u201d : Christian ... La diplomatie ! le 23 F\u00c9VRIER 2019 \u00e0 PINON\" data-attachment-id=\"3086\" data-type=\"image\" class=\"fg-thumb\"><span class=\"fg-image-wrap\"><img decoding=\"async\" title=\"\u201cLA SYMPHONIE DES FAUX CULS\u201d : Christian ... La diplomatie ! le 23 F\u00c9VRIER 2019 \u00e0 PINON\" width=\"150\" height=\"150\" class=\"skip-lazy fg-image\" data-src-fg=\"https:\/\/comedialaon.fr\/wp-content\/uploads\/cache\/2019\/02\/11-Christian-___-La-diplomatie-\/3993081326.jpg\" src=\"data:image\/svg+xml,%3Csvg%20xmlns%3D%22http%3A%2F%2Fwww.w3.org%2F2000%2Fsvg%22%20width%3D%22150%22%20height%3D%22150%22%20viewBox%3D%220%200%20150%20150%22%3E%3C%2Fsvg%3E\" loading=\"eager\"><\/span><span class=\"fg-image-overlay\"><\/span><\/a><figcaption class=\"fg-caption\"><div class=\"fg-caption-inner\"><div class=\"fg-caption-title\">\u201cLA SYMPHONIE DES FAUX CULS\u201d : Christian ... La diplomatie ! le 23 F\u00c9VRIER 2019 \u00e0 PINON<\/div><\/div><\/figcaption><\/figure><div class=\"fg-loader\"><\/div><\/div><div class=\"fg-item fg-type-image fg-idle\"><figure class=\"fg-item-inner\"><a href=\"https:\/\/comedialaon.fr\/wp-content\/uploads\/2019\/02\/12-Christian-...-Do-r\u00e9-mi-fa-sol-la-si-do-.jpg\" data-caption-title=\"\u201cLA SYMPHONIE DES FAUX CULS\u201d : Christian ... Do r\u00e9 mi fa sol la si do ! le 23 F\u00c9VRIER 2019 \u00e0 PINON\" data-attachment-id=\"3087\" data-type=\"image\" class=\"fg-thumb\"><span class=\"fg-image-wrap\"><img decoding=\"async\" title=\"\u201cLA SYMPHONIE DES FAUX CULS\u201d : Christian ... Do r\u00e9 mi fa sol la si do ! le 23 F\u00c9VRIER 2019 \u00e0 PINON\" width=\"150\" height=\"150\" class=\"skip-lazy fg-image\" data-src-fg=\"https:\/\/comedialaon.fr\/wp-content\/uploads\/cache\/2019\/02\/12-Christian-___-Do-r\u00e9-mi-fa-sol-la-si-do-\/695550807.jpg\" src=\"data:image\/svg+xml,%3Csvg%20xmlns%3D%22http%3A%2F%2Fwww.w3.org%2F2000%2Fsvg%22%20width%3D%22150%22%20height%3D%22150%22%20viewBox%3D%220%200%20150%20150%22%3E%3C%2Fsvg%3E\" loading=\"eager\"><\/span><span class=\"fg-image-overlay\"><\/span><\/a><figcaption class=\"fg-caption\"><div class=\"fg-caption-inner\"><div class=\"fg-caption-title\">\u201cLA SYMPHONIE DES FAUX CULS\u201d : Christian ... Do r\u00e9 mi fa sol la si do ! le 23 F\u00c9VRIER 2019 \u00e0 PINON<\/div><\/div><\/figcaption><\/figure><div class=\"fg-loader\"><\/div><\/div><div class=\"fg-item fg-type-image fg-idle\"><figure class=\"fg-item-inner\"><a href=\"https:\/\/comedialaon.fr\/wp-content\/uploads\/2019\/02\/13-Patrice-...-Pauvre-sceptre-impuissant-.jpg\" data-caption-title=\"\u201cLA SYMPHONIE DES FAUX CULS\u201d : Patrice ... Pauvre sceptre impuissant ! le 23 F\u00c9VRIER 2019 \u00e0 PINON\" data-attachment-id=\"3088\" data-type=\"image\" class=\"fg-thumb\"><span class=\"fg-image-wrap\"><img decoding=\"async\" title=\"\u201cLA SYMPHONIE DES FAUX CULS\u201d : Patrice ... Pauvre sceptre impuissant ! le 23 F\u00c9VRIER 2019 \u00e0 PINON\" width=\"150\" height=\"150\" class=\"skip-lazy fg-image\" data-src-fg=\"https:\/\/comedialaon.fr\/wp-content\/uploads\/cache\/2019\/02\/13-Patrice-___-Pauvre-sceptre-impuissant-\/2090376592.jpg\" src=\"data:image\/svg+xml,%3Csvg%20xmlns%3D%22http%3A%2F%2Fwww.w3.org%2F2000%2Fsvg%22%20width%3D%22150%22%20height%3D%22150%22%20viewBox%3D%220%200%20150%20150%22%3E%3C%2Fsvg%3E\" loading=\"eager\"><\/span><span class=\"fg-image-overlay\"><\/span><\/a><figcaption class=\"fg-caption\"><div class=\"fg-caption-inner\"><div class=\"fg-caption-title\">\u201cLA SYMPHONIE DES FAUX CULS\u201d : Patrice ... Pauvre sceptre impuissant ! le 23 F\u00c9VRIER 2019 \u00e0 PINON<\/div><\/div><\/figcaption><\/figure><div class=\"fg-loader\"><\/div><\/div><div class=\"fg-item fg-type-image fg-idle\"><figure class=\"fg-item-inner\"><a href=\"https:\/\/comedialaon.fr\/wp-content\/uploads\/2019\/02\/14-Patrice-...-Couacs-sur-couacs-.jpg\" data-caption-title=\"\u201cLA SYMPHONIE DES FAUX CULS\u201d : Patrice ... Couacs sur couacs ! le 23 F\u00c9VRIER 2019 \u00e0 PINON\" data-attachment-id=\"3089\" data-type=\"image\" class=\"fg-thumb\"><span class=\"fg-image-wrap\"><img decoding=\"async\" title=\"\u201cLA SYMPHONIE DES FAUX CULS\u201d : Patrice ... Couacs sur couacs ! le 23 F\u00c9VRIER 2019 \u00e0 PINON\" width=\"150\" height=\"150\" class=\"skip-lazy fg-image\" data-src-fg=\"https:\/\/comedialaon.fr\/wp-content\/uploads\/cache\/2019\/02\/14-Patrice-___-Couacs-sur-couacs-\/3037830216.jpg\" src=\"data:image\/svg+xml,%3Csvg%20xmlns%3D%22http%3A%2F%2Fwww.w3.org%2F2000%2Fsvg%22%20width%3D%22150%22%20height%3D%22150%22%20viewBox%3D%220%200%20150%20150%22%3E%3C%2Fsvg%3E\" loading=\"eager\"><\/span><span class=\"fg-image-overlay\"><\/span><\/a><figcaption class=\"fg-caption\"><div class=\"fg-caption-inner\"><div class=\"fg-caption-title\">\u201cLA SYMPHONIE DES FAUX CULS\u201d : Patrice ... Couacs sur couacs ! le 23 F\u00c9VRIER 2019 \u00e0 PINON<\/div><\/div><\/figcaption><\/figure><div class=\"fg-loader\"><\/div><\/div><div class=\"fg-item fg-type-image fg-idle\"><figure class=\"fg-item-inner\"><a href=\"https:\/\/comedialaon.fr\/wp-content\/uploads\/2019\/02\/15-Patrice-...-Cest-bien-connu-je-nai-aucun-talent-.jpg\" data-caption-title=\"\u201cLA SYMPHONIE DES FAUX CULS\u201d : Patrice ... C&#039;est bien connu, je n&#039;ai aucun talent ! le 23 F\u00c9VRIER 2019 \u00e0 PINON\" data-attachment-id=\"3090\" data-type=\"image\" class=\"fg-thumb\"><span class=\"fg-image-wrap\"><img decoding=\"async\" title=\"\u201cLA SYMPHONIE DES FAUX CULS\u201d : Patrice ... C&#039;est bien connu, je n&#039;ai aucun talent ! le 23 F\u00c9VRIER 2019 \u00e0 PINON\" width=\"150\" height=\"150\" class=\"skip-lazy fg-image\" data-src-fg=\"https:\/\/comedialaon.fr\/wp-content\/uploads\/cache\/2019\/02\/15-Patrice-___-Cest-bien-connu-je-nai-aucun-talent-\/2957765692.jpg\" src=\"data:image\/svg+xml,%3Csvg%20xmlns%3D%22http%3A%2F%2Fwww.w3.org%2F2000%2Fsvg%22%20width%3D%22150%22%20height%3D%22150%22%20viewBox%3D%220%200%20150%20150%22%3E%3C%2Fsvg%3E\" loading=\"eager\"><\/span><span class=\"fg-image-overlay\"><\/span><\/a><figcaption class=\"fg-caption\"><div class=\"fg-caption-inner\"><div class=\"fg-caption-title\">\u201cLA SYMPHONIE DES FAUX CULS\u201d : Patrice ... C'est bien connu, je n'ai aucun talent ! le 23 F\u00c9VRIER 2019 \u00e0 PINON<\/div><\/div><\/figcaption><\/figure><div class=\"fg-loader\"><\/div><\/div><div class=\"fg-item fg-type-image fg-idle\"><figure class=\"fg-item-inner\"><a href=\"https:\/\/comedialaon.fr\/wp-content\/uploads\/2019\/02\/16-Patrice-...-Une-douche-froide--e1551119997518.jpg\" data-caption-title=\"\u201cLA SYMPHONIE DES FAUX CULS\u201d : Patrice ... Une douche froide ! le 23 F\u00c9VRIER 2019 \u00e0 PINON\" data-attachment-id=\"3091\" data-type=\"image\" class=\"fg-thumb\"><span class=\"fg-image-wrap\"><img decoding=\"async\" title=\"\u201cLA SYMPHONIE DES FAUX CULS\u201d : Patrice ... Une douche froide ! le 23 F\u00c9VRIER 2019 \u00e0 PINON\" width=\"150\" height=\"150\" class=\"skip-lazy fg-image\" data-src-fg=\"https:\/\/comedialaon.fr\/wp-content\/uploads\/cache\/2019\/02\/16-Patrice-___-Une-douche-froide--e1551119997518\/3365201440.jpg\" src=\"data:image\/svg+xml,%3Csvg%20xmlns%3D%22http%3A%2F%2Fwww.w3.org%2F2000%2Fsvg%22%20width%3D%22150%22%20height%3D%22150%22%20viewBox%3D%220%200%20150%20150%22%3E%3C%2Fsvg%3E\" loading=\"eager\"><\/span><span class=\"fg-image-overlay\"><\/span><\/a><figcaption class=\"fg-caption\"><div class=\"fg-caption-inner\"><div class=\"fg-caption-title\">\u201cLA SYMPHONIE DES FAUX CULS\u201d : Patrice ... Une douche froide ! le 23 F\u00c9VRIER 2019 \u00e0 PINON<\/div><\/div><\/figcaption><\/figure><div class=\"fg-loader\"><\/div><\/div><div class=\"fg-item fg-type-image fg-idle\"><figure class=\"fg-item-inner\"><a href=\"https:\/\/comedialaon.fr\/wp-content\/uploads\/2019\/02\/17-S\u00e9verine-...-Tu-permets-.jpg\" data-caption-title=\"\u201cLA SYMPHONIE DES FAUX CULS\u201d : S\u00e9verine ... Tu permets ! le 23 F\u00c9VRIER 2019 \u00e0 PINON\" data-attachment-id=\"3092\" data-type=\"image\" class=\"fg-thumb\"><span class=\"fg-image-wrap\"><img decoding=\"async\" title=\"\u201cLA SYMPHONIE DES FAUX CULS\u201d : S\u00e9verine ... Tu permets ! le 23 F\u00c9VRIER 2019 \u00e0 PINON\" width=\"150\" height=\"150\" class=\"skip-lazy fg-image\" data-src-fg=\"https:\/\/comedialaon.fr\/wp-content\/uploads\/cache\/2019\/02\/17-S\u00e9verine-___-Tu-permets-\/400399330.jpg\" src=\"data:image\/svg+xml,%3Csvg%20xmlns%3D%22http%3A%2F%2Fwww.w3.org%2F2000%2Fsvg%22%20width%3D%22150%22%20height%3D%22150%22%20viewBox%3D%220%200%20150%20150%22%3E%3C%2Fsvg%3E\" loading=\"eager\"><\/span><span class=\"fg-image-overlay\"><\/span><\/a><figcaption class=\"fg-caption\"><div class=\"fg-caption-inner\"><div class=\"fg-caption-title\">\u201cLA SYMPHONIE DES FAUX CULS\u201d : S\u00e9verine ... Tu permets ! le 23 F\u00c9VRIER 2019 \u00e0 PINON<\/div><\/div><\/figcaption><\/figure><div class=\"fg-loader\"><\/div><\/div><div class=\"fg-item fg-type-image fg-idle\"><figure class=\"fg-item-inner\"><a href=\"https:\/\/comedialaon.fr\/wp-content\/uploads\/2019\/02\/18-S\u00e9verine-Christian-...-Jai-trouv\u00e9-la-cr\u00e8me-Ma\u00eetre-.jpg\" data-caption-title=\"\u201cLA SYMPHONIE DES FAUX CULS\u201d : S\u00e9verine &amp;amp; Christian ... J&#039;ai trouv\u00e9 la cr\u00e8me Ma\u00eetre ! le 23 F\u00c9VRIER 2019 \u00e0 PINON\" data-attachment-id=\"3093\" data-type=\"image\" class=\"fg-thumb\"><span class=\"fg-image-wrap\"><img decoding=\"async\" title=\"\u201cLA SYMPHONIE DES FAUX CULS\u201d : S\u00e9verine &amp; Christian ... J&#039;ai trouv\u00e9 la cr\u00e8me Ma\u00eetre ! le 23 F\u00c9VRIER 2019 \u00e0 PINON\" width=\"150\" height=\"150\" class=\"skip-lazy fg-image\" data-src-fg=\"https:\/\/comedialaon.fr\/wp-content\/uploads\/cache\/2019\/02\/18-S\u00e9verine-Christian-___-Jai-trouv\u00e9-la-cr\u00e8me-Ma\u00eetre-\/2323461103.jpg\" src=\"data:image\/svg+xml,%3Csvg%20xmlns%3D%22http%3A%2F%2Fwww.w3.org%2F2000%2Fsvg%22%20width%3D%22150%22%20height%3D%22150%22%20viewBox%3D%220%200%20150%20150%22%3E%3C%2Fsvg%3E\" loading=\"eager\"><\/span><span class=\"fg-image-overlay\"><\/span><\/a><figcaption class=\"fg-caption\"><div class=\"fg-caption-inner\"><div class=\"fg-caption-title\">\u201cLA SYMPHONIE DES FAUX CULS\u201d : S\u00e9verine &amp; Christian ... J'ai trouv\u00e9 la cr\u00e8me Ma\u00eetre ! le 23 F\u00c9VRIER 2019 \u00e0 PINON<\/div><\/div><\/figcaption><\/figure><div class=\"fg-loader\"><\/div><\/div><div class=\"fg-item fg-type-image fg-idle\"><figure class=\"fg-item-inner\"><a href=\"https:\/\/comedialaon.fr\/wp-content\/uploads\/2019\/02\/19-Patrice-...-1566-pourquoi-.jpg\" data-caption-title=\"\u201cLA SYMPHONIE DES FAUX CULS\u201d : Patrice ... 1566 pourquoi ! le 23 F\u00c9VRIER 2019 \u00e0 PINON\" data-attachment-id=\"3094\" data-type=\"image\" class=\"fg-thumb\"><span class=\"fg-image-wrap\"><img decoding=\"async\" title=\"\u201cLA SYMPHONIE DES FAUX CULS\u201d : Patrice ... 1566 pourquoi ! le 23 F\u00c9VRIER 2019 \u00e0 PINON\" width=\"150\" height=\"150\" class=\"skip-lazy fg-image\" data-src-fg=\"https:\/\/comedialaon.fr\/wp-content\/uploads\/cache\/2019\/02\/19-Patrice-___-1566-pourquoi-\/3324461766.jpg\" src=\"data:image\/svg+xml,%3Csvg%20xmlns%3D%22http%3A%2F%2Fwww.w3.org%2F2000%2Fsvg%22%20width%3D%22150%22%20height%3D%22150%22%20viewBox%3D%220%200%20150%20150%22%3E%3C%2Fsvg%3E\" loading=\"eager\"><\/span><span class=\"fg-image-overlay\"><\/span><\/a><figcaption class=\"fg-caption\"><div class=\"fg-caption-inner\"><div class=\"fg-caption-title\">\u201cLA SYMPHONIE DES FAUX CULS\u201d : Patrice ... 1566 pourquoi ! le 23 F\u00c9VRIER 2019 \u00e0 PINON<\/div><\/div><\/figcaption><\/figure><div class=\"fg-loader\"><\/div><\/div><div class=\"fg-item fg-type-image fg-idle\"><figure class=\"fg-item-inner\"><a href=\"https:\/\/comedialaon.fr\/wp-content\/uploads\/2019\/02\/20-S\u00e9verine-Patrice-...-Pourquoi-Fa-di\u00e8se-.jpg\" data-caption-title=\"\u201cLA SYMPHONIE DES FAUX CULS\u201d : S\u00e9verine et Patrice ... Pourquoi Fa di\u00e8se ! le 23 F\u00c9VRIER 2019 \u00e0 PINON\" data-attachment-id=\"3123\" data-type=\"image\" class=\"fg-thumb\"><span class=\"fg-image-wrap\"><img decoding=\"async\" title=\"\u201cLA SYMPHONIE DES FAUX CULS\u201d : S\u00e9verine et Patrice ... Pourquoi Fa di\u00e8se ! le 23 F\u00c9VRIER 2019 \u00e0 PINON\" width=\"150\" height=\"150\" class=\"skip-lazy fg-image\" data-src-fg=\"https:\/\/comedialaon.fr\/wp-content\/uploads\/cache\/2019\/02\/20-S\u00e9verine-Patrice-___-Pourquoi-Fa-di\u00e8se-\/1452274745.jpg\" src=\"data:image\/svg+xml,%3Csvg%20xmlns%3D%22http%3A%2F%2Fwww.w3.org%2F2000%2Fsvg%22%20width%3D%22150%22%20height%3D%22150%22%20viewBox%3D%220%200%20150%20150%22%3E%3C%2Fsvg%3E\" loading=\"eager\"><\/span><span class=\"fg-image-overlay\"><\/span><\/a><figcaption class=\"fg-caption\"><div class=\"fg-caption-inner\"><div class=\"fg-caption-title\">\u201cLA SYMPHONIE DES FAUX CULS\u201d : S\u00e9verine et Patrice ... Pourquoi Fa di\u00e8se ! le 23 F\u00c9VRIER 2019 \u00e0 PINON<\/div><\/div><\/figcaption><\/figure><div class=\"fg-loader\"><\/div><\/div><div class=\"fg-item fg-type-image fg-idle\"><figure class=\"fg-item-inner\"><a href=\"https:\/\/comedialaon.fr\/wp-content\/uploads\/2019\/02\/21-Christian-...-.jpg\" data-caption-title=\"\u201cLA SYMPHONIE DES FAUX CULS\u201d : Christian ... ! le 23 F\u00c9VRIER 2019 \u00e0 PINON\" data-attachment-id=\"3095\" data-type=\"image\" class=\"fg-thumb\"><span class=\"fg-image-wrap\"><img decoding=\"async\" title=\"\u201cLA SYMPHONIE DES FAUX CULS\u201d : Christian ... ! le 23 F\u00c9VRIER 2019 \u00e0 PINON\" width=\"150\" height=\"150\" class=\"skip-lazy fg-image\" data-src-fg=\"https:\/\/comedialaon.fr\/wp-content\/uploads\/cache\/2019\/02\/21-Christian-___-\/3390485127.jpg\" src=\"data:image\/svg+xml,%3Csvg%20xmlns%3D%22http%3A%2F%2Fwww.w3.org%2F2000%2Fsvg%22%20width%3D%22150%22%20height%3D%22150%22%20viewBox%3D%220%200%20150%20150%22%3E%3C%2Fsvg%3E\" loading=\"eager\"><\/span><span class=\"fg-image-overlay\"><\/span><\/a><figcaption class=\"fg-caption\"><div class=\"fg-caption-inner\"><div class=\"fg-caption-title\">\u201cLA SYMPHONIE DES FAUX CULS\u201d : Christian ... ! le 23 F\u00c9VRIER 2019 \u00e0 PINON<\/div><\/div><\/figcaption><\/figure><div class=\"fg-loader\"><\/div><\/div><div class=\"fg-item fg-type-image fg-idle\"><figure class=\"fg-item-inner\"><a href=\"https:\/\/comedialaon.fr\/wp-content\/uploads\/2019\/02\/22-S\u00e9verine-Patrice-...-Sublime-cadeau-.jpg\" data-caption-title=\"\u201cLA SYMPHONIE DES FAUX CULS\u201d : S\u00e9verine et Patrice ... Sublime cadeau ! le 23 F\u00c9VRIER 2019 \u00e0 PINON\" data-attachment-id=\"3096\" data-type=\"image\" class=\"fg-thumb\"><span class=\"fg-image-wrap\"><img decoding=\"async\" title=\"\u201cLA SYMPHONIE DES FAUX CULS\u201d : S\u00e9verine et Patrice ... Sublime cadeau ! le 23 F\u00c9VRIER 2019 \u00e0 PINON\" width=\"150\" height=\"150\" class=\"skip-lazy fg-image\" data-src-fg=\"https:\/\/comedialaon.fr\/wp-content\/uploads\/cache\/2019\/02\/22-S\u00e9verine-Patrice-___-Sublime-cadeau-\/265623533.jpg\" src=\"data:image\/svg+xml,%3Csvg%20xmlns%3D%22http%3A%2F%2Fwww.w3.org%2F2000%2Fsvg%22%20width%3D%22150%22%20height%3D%22150%22%20viewBox%3D%220%200%20150%20150%22%3E%3C%2Fsvg%3E\" loading=\"eager\"><\/span><span class=\"fg-image-overlay\"><\/span><\/a><figcaption class=\"fg-caption\"><div class=\"fg-caption-inner\"><div class=\"fg-caption-title\">\u201cLA SYMPHONIE DES FAUX CULS\u201d : S\u00e9verine et Patrice ... Sublime cadeau ! le 23 F\u00c9VRIER 2019 \u00e0 PINON<\/div><\/div><\/figcaption><\/figure><div class=\"fg-loader\"><\/div><\/div><div class=\"fg-item fg-type-image fg-idle\"><figure class=\"fg-item-inner\"><a href=\"https:\/\/comedialaon.fr\/wp-content\/uploads\/2019\/02\/23-S\u00e9verine-Patrice-...-D\u00e9di\u00e9-\u00e0-Rebecca-Croche-.jpg\" data-caption-title=\"\u201cLA SYMPHONIE DES FAUX CULS\u201d : S\u00e9verine et Patrice ... D\u00e9di\u00e9 \u00e0 Rebecca Croche ! le 23 F\u00c9VRIER 2019 \u00e0 PINON\" data-attachment-id=\"3097\" data-type=\"image\" class=\"fg-thumb\"><span class=\"fg-image-wrap\"><img decoding=\"async\" title=\"\u201cLA SYMPHONIE DES FAUX CULS\u201d : S\u00e9verine et Patrice ... D\u00e9di\u00e9 \u00e0 Rebecca Croche ! le 23 F\u00c9VRIER 2019 \u00e0 PINON\" width=\"150\" height=\"150\" class=\"skip-lazy fg-image\" data-src-fg=\"https:\/\/comedialaon.fr\/wp-content\/uploads\/cache\/2019\/02\/23-S\u00e9verine-Patrice-___-D\u00e9di\u00e9-\u00e0-Rebecca-Croche-\/3079314245.jpg\" src=\"data:image\/svg+xml,%3Csvg%20xmlns%3D%22http%3A%2F%2Fwww.w3.org%2F2000%2Fsvg%22%20width%3D%22150%22%20height%3D%22150%22%20viewBox%3D%220%200%20150%20150%22%3E%3C%2Fsvg%3E\" loading=\"eager\"><\/span><span class=\"fg-image-overlay\"><\/span><\/a><figcaption class=\"fg-caption\"><div class=\"fg-caption-inner\"><div class=\"fg-caption-title\">\u201cLA SYMPHONIE DES FAUX CULS\u201d : S\u00e9verine et Patrice ... D\u00e9di\u00e9 \u00e0 Rebecca Croche ! le 23 F\u00c9VRIER 2019 \u00e0 PINON<\/div><\/div><\/figcaption><\/figure><div class=\"fg-loader\"><\/div><\/div><div class=\"fg-item fg-type-image fg-idle\"><figure class=\"fg-item-inner\"><a href=\"https:\/\/comedialaon.fr\/wp-content\/uploads\/2019\/02\/24-S\u00e9verine-Patrice-...-Des-nuits-blanches-pour-la-noircir-.jpg\" data-caption-title=\"\u201cLA SYMPHONIE DES FAUX CULS\u201d : S\u00e9verine et Patrice ... Des nuits blanches pour la noircir ! le 23 F\u00c9VRIER 2019 \u00e0 PINON\" data-attachment-id=\"3098\" data-type=\"image\" class=\"fg-thumb\"><span class=\"fg-image-wrap\"><img decoding=\"async\" title=\"\u201cLA SYMPHONIE DES FAUX CULS\u201d : S\u00e9verine et Patrice ... Des nuits blanches pour la noircir ! le 23 F\u00c9VRIER 2019 \u00e0 PINON\" width=\"150\" height=\"150\" class=\"skip-lazy fg-image\" data-src-fg=\"https:\/\/comedialaon.fr\/wp-content\/uploads\/cache\/2019\/02\/24-S\u00e9verine-Patrice-___-Des-nuits-blanches-pour-la-noircir-\/3224793459.jpg\" src=\"data:image\/svg+xml,%3Csvg%20xmlns%3D%22http%3A%2F%2Fwww.w3.org%2F2000%2Fsvg%22%20width%3D%22150%22%20height%3D%22150%22%20viewBox%3D%220%200%20150%20150%22%3E%3C%2Fsvg%3E\" loading=\"eager\"><\/span><span class=\"fg-image-overlay\"><\/span><\/a><figcaption class=\"fg-caption\"><div class=\"fg-caption-inner\"><div class=\"fg-caption-title\">\u201cLA SYMPHONIE DES FAUX CULS\u201d : S\u00e9verine et Patrice ... Des nuits blanches pour la noircir ! le 23 F\u00c9VRIER 2019 \u00e0 PINON<\/div><\/div><\/figcaption><\/figure><div class=\"fg-loader\"><\/div><\/div><div class=\"fg-item fg-type-image fg-idle\"><figure class=\"fg-item-inner\"><a href=\"https:\/\/comedialaon.fr\/wp-content\/uploads\/2019\/02\/25-S\u00e9verine-Patrice-...-Tous-ces-millions-de-petites-notes-.jpg\" data-caption-title=\"\u201cLA SYMPHONIE DES FAUX CULS\u201d : S\u00e9verine et Patrice ... Tous ces millions de petites notes ! le 23 F\u00c9VRIER 2019 \u00e0 PINON\" data-attachment-id=\"3099\" data-type=\"image\" class=\"fg-thumb\"><span class=\"fg-image-wrap\"><img decoding=\"async\" title=\"\u201cLA SYMPHONIE DES FAUX CULS\u201d : S\u00e9verine et Patrice ... Tous ces millions de petites notes ! le 23 F\u00c9VRIER 2019 \u00e0 PINON\" width=\"150\" height=\"150\" class=\"skip-lazy fg-image\" data-src-fg=\"https:\/\/comedialaon.fr\/wp-content\/uploads\/cache\/2019\/02\/25-S\u00e9verine-Patrice-___-Tous-ces-millions-de-petites-notes-\/2200060588.jpg\" src=\"data:image\/svg+xml,%3Csvg%20xmlns%3D%22http%3A%2F%2Fwww.w3.org%2F2000%2Fsvg%22%20width%3D%22150%22%20height%3D%22150%22%20viewBox%3D%220%200%20150%20150%22%3E%3C%2Fsvg%3E\" loading=\"eager\"><\/span><span class=\"fg-image-overlay\"><\/span><\/a><figcaption class=\"fg-caption\"><div class=\"fg-caption-inner\"><div class=\"fg-caption-title\">\u201cLA SYMPHONIE DES FAUX CULS\u201d : S\u00e9verine et Patrice ... Tous ces millions de petites notes ! le 23 F\u00c9VRIER 2019 \u00e0 PINON<\/div><\/div><\/figcaption><\/figure><div class=\"fg-loader\"><\/div><\/div><div class=\"fg-item fg-type-image fg-idle\"><figure class=\"fg-item-inner\"><a href=\"https:\/\/comedialaon.fr\/wp-content\/uploads\/2019\/02\/26-Patrice-...-Ne-l\u00e9pouses-pas-adoptes-la-.jpg\" data-caption-title=\"\u201cLA SYMPHONIE DES FAUX CULS\u201d : Patrice ... Ne l&#039;\u00e9pouses pas adoptes-la ! le 23 F\u00c9VRIER 2019 \u00e0 PINON\" data-attachment-id=\"3100\" data-type=\"image\" class=\"fg-thumb\"><span class=\"fg-image-wrap\"><img decoding=\"async\" title=\"\u201cLA SYMPHONIE DES FAUX CULS\u201d : Patrice ... Ne l&#039;\u00e9pouses pas adoptes-la ! le 23 F\u00c9VRIER 2019 \u00e0 PINON\" width=\"150\" height=\"150\" class=\"skip-lazy fg-image\" data-src-fg=\"https:\/\/comedialaon.fr\/wp-content\/uploads\/cache\/2019\/02\/26-Patrice-___-Ne-l\u00e9pouses-pas-adoptes-la-\/1567462163.jpg\" src=\"data:image\/svg+xml,%3Csvg%20xmlns%3D%22http%3A%2F%2Fwww.w3.org%2F2000%2Fsvg%22%20width%3D%22150%22%20height%3D%22150%22%20viewBox%3D%220%200%20150%20150%22%3E%3C%2Fsvg%3E\" loading=\"eager\"><\/span><span class=\"fg-image-overlay\"><\/span><\/a><figcaption class=\"fg-caption\"><div class=\"fg-caption-inner\"><div class=\"fg-caption-title\">\u201cLA SYMPHONIE DES FAUX CULS\u201d : Patrice ... Ne l'\u00e9pouses pas adoptes-la ! le 23 F\u00c9VRIER 2019 \u00e0 PINON<\/div><\/div><\/figcaption><\/figure><div class=\"fg-loader\"><\/div><\/div><div class=\"fg-item fg-type-image fg-idle\"><figure class=\"fg-item-inner\"><a href=\"https:\/\/comedialaon.fr\/wp-content\/uploads\/2019\/02\/27-Bernard-...-Karpett-avec-un-K-et-deux-T-.jpg\" data-caption-title=\"\u201cLA SYMPHONIE DES FAUX CULS\u201d : Bernard ... Karpett avec un K et deux T ! le 23 F\u00c9VRIER 2019 \u00e0 PINON\" data-attachment-id=\"3101\" data-type=\"image\" class=\"fg-thumb\"><span class=\"fg-image-wrap\"><img decoding=\"async\" title=\"\u201cLA SYMPHONIE DES FAUX CULS\u201d : Bernard ... Karpett avec un K et deux T ! le 23 F\u00c9VRIER 2019 \u00e0 PINON\" width=\"150\" height=\"150\" class=\"skip-lazy fg-image\" data-src-fg=\"https:\/\/comedialaon.fr\/wp-content\/uploads\/cache\/2019\/02\/27-Bernard-___-Karpett-avec-un-K-et-deux-T-\/4281343692.jpg\" src=\"data:image\/svg+xml,%3Csvg%20xmlns%3D%22http%3A%2F%2Fwww.w3.org%2F2000%2Fsvg%22%20width%3D%22150%22%20height%3D%22150%22%20viewBox%3D%220%200%20150%20150%22%3E%3C%2Fsvg%3E\" loading=\"eager\"><\/span><span class=\"fg-image-overlay\"><\/span><\/a><figcaption class=\"fg-caption\"><div class=\"fg-caption-inner\"><div class=\"fg-caption-title\">\u201cLA SYMPHONIE DES FAUX CULS\u201d : Bernard ... Karpett avec un K et deux T ! le 23 F\u00c9VRIER 2019 \u00e0 PINON<\/div><\/div><\/figcaption><\/figure><div class=\"fg-loader\"><\/div><\/div><div class=\"fg-item fg-type-image fg-idle\"><figure class=\"fg-item-inner\"><a href=\"https:\/\/comedialaon.fr\/wp-content\/uploads\/2019\/02\/28-Bernadette-Christian-S\u00e9verine-et-Patrice-...-Et-accessoirement-sa-femme-.jpg\" data-caption-title=\"\u201cLA SYMPHONIE DES FAUX CULS\u201d : Bernadette, Christian, S\u00e9verine et Patrice ... Et accessoirement sa femme ! le 23 F\u00c9VRIER 2019 \u00e0 PINON\" data-attachment-id=\"3102\" data-type=\"image\" class=\"fg-thumb\"><span class=\"fg-image-wrap\"><img decoding=\"async\" title=\"\u201cLA SYMPHONIE DES FAUX CULS\u201d : Bernadette, Christian, S\u00e9verine et Patrice ... Et accessoirement sa femme ! le 23 F\u00c9VRIER 2019 \u00e0 PINON\" width=\"150\" height=\"150\" class=\"skip-lazy fg-image\" data-src-fg=\"https:\/\/comedialaon.fr\/wp-content\/uploads\/cache\/2019\/02\/28-Bernadette-Christian-S\u00e9verine-et-Patrice-___-Et-accessoirement-sa-femme-\/3173715967.jpg\" src=\"data:image\/svg+xml,%3Csvg%20xmlns%3D%22http%3A%2F%2Fwww.w3.org%2F2000%2Fsvg%22%20width%3D%22150%22%20height%3D%22150%22%20viewBox%3D%220%200%20150%20150%22%3E%3C%2Fsvg%3E\" loading=\"eager\"><\/span><span class=\"fg-image-overlay\"><\/span><\/a><figcaption class=\"fg-caption\"><div class=\"fg-caption-inner\"><div class=\"fg-caption-title\">\u201cLA SYMPHONIE DES FAUX CULS\u201d : Bernadette, Christian, S\u00e9verine et Patrice ... Et accessoirement sa femme ! le 23 F\u00c9VRIER 2019 \u00e0 PINON<\/div><\/div><\/figcaption><\/figure><div class=\"fg-loader\"><\/div><\/div><div class=\"fg-item fg-type-image fg-idle\"><figure class=\"fg-item-inner\"><a href=\"https:\/\/comedialaon.fr\/wp-content\/uploads\/2019\/02\/29-Christian-...-Parce-que-Rebecca-...-Non-.jpg\" data-caption-title=\"\u201cLA SYMPHONIE DES FAUX CULS\u201d : Christian ... Parce que Rebecca ... Non ! le 23 F\u00c9VRIER 2019 \u00e0 PINON\" data-attachment-id=\"3103\" data-type=\"image\" class=\"fg-thumb\"><span class=\"fg-image-wrap\"><img decoding=\"async\" title=\"\u201cLA SYMPHONIE DES FAUX CULS\u201d : Christian ... Parce que Rebecca ... Non ! le 23 F\u00c9VRIER 2019 \u00e0 PINON\" width=\"150\" height=\"150\" class=\"skip-lazy fg-image\" data-src-fg=\"https:\/\/comedialaon.fr\/wp-content\/uploads\/cache\/2019\/02\/29-Christian-___-Parce-que-Rebecca-___-Non-\/4009585096.jpg\" src=\"data:image\/svg+xml,%3Csvg%20xmlns%3D%22http%3A%2F%2Fwww.w3.org%2F2000%2Fsvg%22%20width%3D%22150%22%20height%3D%22150%22%20viewBox%3D%220%200%20150%20150%22%3E%3C%2Fsvg%3E\" loading=\"eager\"><\/span><span class=\"fg-image-overlay\"><\/span><\/a><figcaption class=\"fg-caption\"><div class=\"fg-caption-inner\"><div class=\"fg-caption-title\">\u201cLA SYMPHONIE DES FAUX CULS\u201d : Christian ... Parce que Rebecca ... Non ! le 23 F\u00c9VRIER 2019 \u00e0 PINON<\/div><\/div><\/figcaption><\/figure><div class=\"fg-loader\"><\/div><\/div><div class=\"fg-item fg-type-image fg-idle\"><figure class=\"fg-item-inner\"><a href=\"https:\/\/comedialaon.fr\/wp-content\/uploads\/2019\/02\/30-Christian-Patrice-...-Elle-est-craquante-cette-petite-fl\u00fbtiste-.jpg\" data-caption-title=\"\u201cLA SYMPHONIE DES FAUX CULS\u201d : Christian et Patrice ... Elle est craquante cette petite fl\u00fbtiste ! le 23 F\u00c9VRIER 2019 \u00e0 PINON\" data-attachment-id=\"3104\" data-type=\"image\" class=\"fg-thumb\"><span class=\"fg-image-wrap\"><img decoding=\"async\" title=\"\u201cLA SYMPHONIE DES FAUX CULS\u201d : Christian et Patrice ... Elle est craquante cette petite fl\u00fbtiste ! le 23 F\u00c9VRIER 2019 \u00e0 PINON\" width=\"150\" height=\"150\" class=\"skip-lazy fg-image\" data-src-fg=\"https:\/\/comedialaon.fr\/wp-content\/uploads\/cache\/2019\/02\/30-Christian-Patrice-___-Elle-est-craquante-cette-petite-fl\u00fbtiste-\/2212175560.jpg\" src=\"data:image\/svg+xml,%3Csvg%20xmlns%3D%22http%3A%2F%2Fwww.w3.org%2F2000%2Fsvg%22%20width%3D%22150%22%20height%3D%22150%22%20viewBox%3D%220%200%20150%20150%22%3E%3C%2Fsvg%3E\" loading=\"eager\"><\/span><span class=\"fg-image-overlay\"><\/span><\/a><figcaption class=\"fg-caption\"><div class=\"fg-caption-inner\"><div class=\"fg-caption-title\">\u201cLA SYMPHONIE DES FAUX CULS\u201d : Christian et Patrice ... Elle est craquante cette petite fl\u00fbtiste ! le 23 F\u00c9VRIER 2019 \u00e0 PINON<\/div><\/div><\/figcaption><\/figure><div class=\"fg-loader\"><\/div><\/div><div class=\"fg-item fg-type-image fg-idle\"><figure class=\"fg-item-inner\"><a href=\"https:\/\/comedialaon.fr\/wp-content\/uploads\/2019\/02\/31-Christian-Patrice-...-Tel-ma\u00eetre-tel-valet-.jpg\" data-caption-title=\"\u201cLA SYMPHONIE DES FAUX CULS\u201d : Christian et Patrice ... Tel ma\u00eetre tel valet ! le 23 F\u00c9VRIER 2019 \u00e0 PINON\" data-attachment-id=\"3105\" data-type=\"image\" class=\"fg-thumb\"><span class=\"fg-image-wrap\"><img decoding=\"async\" title=\"\u201cLA SYMPHONIE DES FAUX CULS\u201d : Christian et Patrice ... Tel ma\u00eetre tel valet ! le 23 F\u00c9VRIER 2019 \u00e0 PINON\" width=\"150\" height=\"150\" class=\"skip-lazy fg-image\" data-src-fg=\"https:\/\/comedialaon.fr\/wp-content\/uploads\/cache\/2019\/02\/31-Christian-Patrice-___-Tel-ma\u00eetre-tel-valet-\/1706959210.jpg\" src=\"data:image\/svg+xml,%3Csvg%20xmlns%3D%22http%3A%2F%2Fwww.w3.org%2F2000%2Fsvg%22%20width%3D%22150%22%20height%3D%22150%22%20viewBox%3D%220%200%20150%20150%22%3E%3C%2Fsvg%3E\" loading=\"eager\"><\/span><span class=\"fg-image-overlay\"><\/span><\/a><figcaption class=\"fg-caption\"><div class=\"fg-caption-inner\"><div class=\"fg-caption-title\">\u201cLA SYMPHONIE DES FAUX CULS\u201d : Christian et Patrice ... Tel ma\u00eetre tel valet ! le 23 F\u00c9VRIER 2019 \u00e0 PINON<\/div><\/div><\/figcaption><\/figure><div class=\"fg-loader\"><\/div><\/div><div class=\"fg-item fg-type-image fg-idle\"><figure class=\"fg-item-inner\"><a href=\"https:\/\/comedialaon.fr\/wp-content\/uploads\/2019\/02\/32-Christian-Patrice-Bernadette-...-Je-vous-ai-suspect\u00e9s-di-pire-.jpg\" data-caption-title=\"\u201cLA SYMPHONIE DES FAUX CULS\u201d : Christian, Patrice et Bernadette ... Je vous ai suspect\u00e9s du pire ! le 23 F\u00c9VRIER 2019 \u00e0 PINON\" data-attachment-id=\"3106\" data-type=\"image\" class=\"fg-thumb\"><span class=\"fg-image-wrap\"><img decoding=\"async\" title=\"\u201cLA SYMPHONIE DES FAUX CULS\u201d : Christian, Patrice et Bernadette ... Je vous ai suspect\u00e9s du pire ! le 23 F\u00c9VRIER 2019 \u00e0 PINON\" width=\"150\" height=\"150\" class=\"skip-lazy fg-image\" data-src-fg=\"https:\/\/comedialaon.fr\/wp-content\/uploads\/cache\/2019\/02\/32-Christian-Patrice-Bernadette-___-Je-vous-ai-suspect\u00e9s-di-pire-\/2284300412.jpg\" src=\"data:image\/svg+xml,%3Csvg%20xmlns%3D%22http%3A%2F%2Fwww.w3.org%2F2000%2Fsvg%22%20width%3D%22150%22%20height%3D%22150%22%20viewBox%3D%220%200%20150%20150%22%3E%3C%2Fsvg%3E\" loading=\"eager\"><\/span><span class=\"fg-image-overlay\"><\/span><\/a><figcaption class=\"fg-caption\"><div class=\"fg-caption-inner\"><div class=\"fg-caption-title\">\u201cLA SYMPHONIE DES FAUX CULS\u201d : Christian, Patrice et Bernadette ... Je vous ai suspect\u00e9s du pire ! le 23 F\u00c9VRIER 2019 \u00e0 PINON<\/div><\/div><\/figcaption><\/figure><div class=\"fg-loader\"><\/div><\/div><div class=\"fg-item fg-type-image fg-idle\"><figure class=\"fg-item-inner\"><a href=\"https:\/\/comedialaon.fr\/wp-content\/uploads\/2019\/02\/33-Christian-Patrice-Bernadette-...-Vous-ma-garde-rapproch\u00e9e-.jpg\" data-caption-title=\"\u201cLA SYMPHONIE DES FAUX CULS\u201d : -Christian, Patrice et Bernadette ... Vous ma garde rapproch\u00e9e ! le 23 F\u00c9VRIER 2019 \u00e0 PINON\" data-attachment-id=\"3107\" data-type=\"image\" class=\"fg-thumb\"><span class=\"fg-image-wrap\"><img decoding=\"async\" title=\"\u201cLA SYMPHONIE DES FAUX CULS\u201d : -Christian, Patrice et Bernadette ... Vous ma garde rapproch\u00e9e ! le 23 F\u00c9VRIER 2019 \u00e0 PINON\" width=\"150\" height=\"150\" class=\"skip-lazy fg-image\" data-src-fg=\"https:\/\/comedialaon.fr\/wp-content\/uploads\/cache\/2019\/02\/33-Christian-Patrice-Bernadette-___-Vous-ma-garde-rapproch\u00e9e-\/2825170579.jpg\" src=\"data:image\/svg+xml,%3Csvg%20xmlns%3D%22http%3A%2F%2Fwww.w3.org%2F2000%2Fsvg%22%20width%3D%22150%22%20height%3D%22150%22%20viewBox%3D%220%200%20150%20150%22%3E%3C%2Fsvg%3E\" loading=\"eager\"><\/span><span class=\"fg-image-overlay\"><\/span><\/a><figcaption class=\"fg-caption\"><div class=\"fg-caption-inner\"><div class=\"fg-caption-title\">\u201cLA SYMPHONIE DES FAUX CULS\u201d : -Christian, Patrice et Bernadette ... Vous ma garde rapproch\u00e9e ! le 23 F\u00c9VRIER 2019 \u00e0 PINON<\/div><\/div><\/figcaption><\/figure><div class=\"fg-loader\"><\/div><\/div><div class=\"fg-item fg-type-image fg-idle\"><figure class=\"fg-item-inner\"><a href=\"https:\/\/comedialaon.fr\/wp-content\/uploads\/2019\/02\/34-Christian-Patrice-Bernadette-...-Tout-sauf-des-faux-culs-1-1.jpg\" data-caption-title=\"\u201cLA SYMPHONIE DES FAUX CULS\u201d : Christian, Patrice et Bernadette ... Tout sauf des faux culs ! le 23 F\u00c9VRIER 2019 \u00e0 PINON\" data-attachment-id=\"3124\" data-type=\"image\" class=\"fg-thumb\"><span class=\"fg-image-wrap\"><img decoding=\"async\" title=\"\u201cLA SYMPHONIE DES FAUX CULS\u201d : Christian, Patrice et Bernadette ... Tout sauf des faux culs ! le 23 F\u00c9VRIER 2019 \u00e0 PINON\" width=\"150\" height=\"150\" class=\"skip-lazy fg-image\" data-src-fg=\"https:\/\/comedialaon.fr\/wp-content\/uploads\/cache\/2019\/02\/34-Christian-Patrice-Bernadette-___-Tout-sauf-des-faux-culs-1-1\/827398172.jpg\" src=\"data:image\/svg+xml,%3Csvg%20xmlns%3D%22http%3A%2F%2Fwww.w3.org%2F2000%2Fsvg%22%20width%3D%22150%22%20height%3D%22150%22%20viewBox%3D%220%200%20150%20150%22%3E%3C%2Fsvg%3E\" loading=\"eager\"><\/span><span class=\"fg-image-overlay\"><\/span><\/a><figcaption class=\"fg-caption\"><div class=\"fg-caption-inner\"><div class=\"fg-caption-title\">\u201cLA SYMPHONIE DES FAUX CULS\u201d : Christian, Patrice et Bernadette ... Tout sauf des faux culs ! le 23 F\u00c9VRIER 2019 \u00e0 PINON<\/div><\/div><\/figcaption><\/figure><div class=\"fg-loader\"><\/div><\/div><div class=\"fg-item fg-type-image fg-idle\"><figure class=\"fg-item-inner\"><a href=\"https:\/\/comedialaon.fr\/wp-content\/uploads\/2019\/02\/35-S\u00e9verine-Christian-Patrice-Bernadette-Bernard-...-.jpg\" data-caption-title=\"\u201cLA SYMPHONIE DES FAUX CULS\u201d : S\u00e9verine, Christian, Patrice, Bernadette et Bernard ... ! le 23 F\u00c9VRIER 2019 \u00e0 PINON\" data-attachment-id=\"3109\" data-type=\"image\" class=\"fg-thumb\"><span class=\"fg-image-wrap\"><img decoding=\"async\" title=\"\u201cLA SYMPHONIE DES FAUX CULS\u201d : S\u00e9verine, Christian, Patrice, Bernadette et Bernard ... ! le 23 F\u00c9VRIER 2019 \u00e0 PINON\" width=\"150\" height=\"150\" class=\"skip-lazy fg-image\" data-src-fg=\"https:\/\/comedialaon.fr\/wp-content\/uploads\/cache\/2019\/02\/35-S\u00e9verine-Christian-Patrice-Bernadette-Bernard-___-\/2663249948.jpg\" src=\"data:image\/svg+xml,%3Csvg%20xmlns%3D%22http%3A%2F%2Fwww.w3.org%2F2000%2Fsvg%22%20width%3D%22150%22%20height%3D%22150%22%20viewBox%3D%220%200%20150%20150%22%3E%3C%2Fsvg%3E\" loading=\"eager\"><\/span><span class=\"fg-image-overlay\"><\/span><\/a><figcaption class=\"fg-caption\"><div class=\"fg-caption-inner\"><div class=\"fg-caption-title\">\u201cLA SYMPHONIE DES FAUX CULS\u201d : S\u00e9verine, Christian, Patrice, Bernadette et Bernard ... ! le 23 F\u00c9VRIER 2019 \u00e0 PINON<\/div><\/div><\/figcaption><\/figure><div class=\"fg-loader\"><\/div><\/div><div class=\"fg-item fg-type-image fg-idle\"><figure class=\"fg-item-inner\"><a href=\"https:\/\/comedialaon.fr\/wp-content\/uploads\/2019\/02\/36-S\u00e9verine-Christian-Patrice-Bernadette-Bernard-...-Heureux-.jpg\" data-caption-title=\"\u201cLA SYMPHONIE DES FAUX CULS\u201d : S\u00e9verine, Christian, Patrice, Bernadette et Bernard ... Heureux ! le 23 F\u00c9VRIER 2019 \u00e0 PINON\" data-attachment-id=\"3110\" data-type=\"image\" class=\"fg-thumb\"><span class=\"fg-image-wrap\"><img decoding=\"async\" title=\"\u201cLA SYMPHONIE DES FAUX CULS\u201d : S\u00e9verine, Christian, Patrice, Bernadette et Bernard ... Heureux ! le 23 F\u00c9VRIER 2019 \u00e0 PINON\" width=\"150\" height=\"150\" class=\"skip-lazy fg-image\" data-src-fg=\"https:\/\/comedialaon.fr\/wp-content\/uploads\/cache\/2019\/02\/36-S\u00e9verine-Christian-Patrice-Bernadette-Bernard-___-Heureux-\/1233849608.jpg\" src=\"data:image\/svg+xml,%3Csvg%20xmlns%3D%22http%3A%2F%2Fwww.w3.org%2F2000%2Fsvg%22%20width%3D%22150%22%20height%3D%22150%22%20viewBox%3D%220%200%20150%20150%22%3E%3C%2Fsvg%3E\" loading=\"eager\"><\/span><span class=\"fg-image-overlay\"><\/span><\/a><figcaption class=\"fg-caption\"><div class=\"fg-caption-inner\"><div class=\"fg-caption-title\">\u201cLA SYMPHONIE DES FAUX CULS\u201d : S\u00e9verine, Christian, Patrice, Bernadette et Bernard ... Heureux ! le 23 F\u00c9VRIER 2019 \u00e0 PINON<\/div><\/div><\/figcaption><\/figure><div class=\"fg-loader\"><\/div><\/div><div class=\"fg-item fg-type-image fg-idle\"><figure class=\"fg-item-inner\"><a href=\"https:\/\/comedialaon.fr\/wp-content\/uploads\/2019\/02\/37-S\u00e9verine-Christian-...-Heureux-.jpg\" data-caption-title=\"\u201cLA SYMPHONIE DES FAUX CULS\u201d : S\u00e9verine et Christian ... Heureux ! le 23 F\u00c9VRIER 2019 \u00e0 PINON\" data-attachment-id=\"3111\" data-type=\"image\" class=\"fg-thumb\"><span class=\"fg-image-wrap\"><img decoding=\"async\" title=\"\u201cLA SYMPHONIE DES FAUX CULS\u201d : S\u00e9verine et Christian ... Heureux ! le 23 F\u00c9VRIER 2019 \u00e0 PINON\" width=\"150\" height=\"150\" class=\"skip-lazy fg-image\" data-src-fg=\"https:\/\/comedialaon.fr\/wp-content\/uploads\/cache\/2019\/02\/37-S\u00e9verine-Christian-___-Heureux-\/1834816117.jpg\" src=\"data:image\/svg+xml,%3Csvg%20xmlns%3D%22http%3A%2F%2Fwww.w3.org%2F2000%2Fsvg%22%20width%3D%22150%22%20height%3D%22150%22%20viewBox%3D%220%200%20150%20150%22%3E%3C%2Fsvg%3E\" loading=\"eager\"><\/span><span class=\"fg-image-overlay\"><\/span><\/a><figcaption class=\"fg-caption\"><div class=\"fg-caption-inner\"><div class=\"fg-caption-title\">\u201cLA SYMPHONIE DES FAUX CULS\u201d : S\u00e9verine et Christian ... Heureux ! le 23 F\u00c9VRIER 2019 \u00e0 PINON<\/div><\/div><\/figcaption><\/figure><div class=\"fg-loader\"><\/div><\/div><div class=\"fg-item fg-type-image fg-idle\"><figure class=\"fg-item-inner\"><a href=\"https:\/\/comedialaon.fr\/wp-content\/uploads\/2019\/02\/38-Christian-...-Heureux-.jpg\" data-caption-title=\"\u201cLA SYMPHONIE DES FAUX CULS\u201d : Christian ... Heureux ! le 23 F\u00c9VRIER 2019 \u00e0 PINON\" data-attachment-id=\"3112\" data-type=\"image\" class=\"fg-thumb\"><span class=\"fg-image-wrap\"><img decoding=\"async\" title=\"\u201cLA SYMPHONIE DES FAUX CULS\u201d : Christian ... Heureux ! le 23 F\u00c9VRIER 2019 \u00e0 PINON\" width=\"150\" height=\"150\" class=\"skip-lazy fg-image\" data-src-fg=\"https:\/\/comedialaon.fr\/wp-content\/uploads\/cache\/2019\/02\/38-Christian-___-Heureux-\/1534396822.jpg\" src=\"data:image\/svg+xml,%3Csvg%20xmlns%3D%22http%3A%2F%2Fwww.w3.org%2F2000%2Fsvg%22%20width%3D%22150%22%20height%3D%22150%22%20viewBox%3D%220%200%20150%20150%22%3E%3C%2Fsvg%3E\" loading=\"eager\"><\/span><span class=\"fg-image-overlay\"><\/span><\/a><figcaption class=\"fg-caption\"><div class=\"fg-caption-inner\"><div class=\"fg-caption-title\">\u201cLA SYMPHONIE DES FAUX CULS\u201d : Christian ... Heureux ! le 23 F\u00c9VRIER 2019 \u00e0 PINON<\/div><\/div><\/figcaption><\/figure><div class=\"fg-loader\"><\/div><\/div><div class=\"fg-item fg-type-image fg-idle\"><figure class=\"fg-item-inner\"><a href=\"https:\/\/comedialaon.fr\/wp-content\/uploads\/2019\/02\/39-Patrice-Bernadette-et-Bernard-...-Merci-.jpg\" data-caption-title=\"\u201cLA SYMPHONIE DES FAUX CULS\u201d : Patrice, Bernadette et Bernard ... Merci ! le 23 F\u00c9VRIER 2019 \u00e0 PINON\" data-attachment-id=\"3113\" data-type=\"image\" class=\"fg-thumb\"><span class=\"fg-image-wrap\"><img decoding=\"async\" title=\"\u201cLA SYMPHONIE DES FAUX CULS\u201d : Patrice, Bernadette et Bernard ... Merci ! le 23 F\u00c9VRIER 2019 \u00e0 PINON\" width=\"150\" height=\"150\" class=\"skip-lazy fg-image\" data-src-fg=\"https:\/\/comedialaon.fr\/wp-content\/uploads\/cache\/2019\/02\/39-Patrice-Bernadette-et-Bernard-___-Merci-\/1739369072.jpg\" src=\"data:image\/svg+xml,%3Csvg%20xmlns%3D%22http%3A%2F%2Fwww.w3.org%2F2000%2Fsvg%22%20width%3D%22150%22%20height%3D%22150%22%20viewBox%3D%220%200%20150%20150%22%3E%3C%2Fsvg%3E\" loading=\"eager\"><\/span><span class=\"fg-image-overlay\"><\/span><\/a><figcaption class=\"fg-caption\"><div class=\"fg-caption-inner\"><div class=\"fg-caption-title\">\u201cLA SYMPHONIE DES FAUX CULS\u201d : Patrice, Bernadette et Bernard ... Merci ! le 23 F\u00c9VRIER 2019 \u00e0 PINON<\/div><\/div><\/figcaption><\/figure><div class=\"fg-loader\"><\/div><\/div><div class=\"fg-item fg-type-image fg-idle\"><figure class=\"fg-item-inner\"><a href=\"https:\/\/comedialaon.fr\/wp-content\/uploads\/2019\/02\/40-Bernard-S\u00e9verine-...-Merci-.jpg\" data-caption-title=\"\u201cLA SYMPHONIE DES FAUX CULS\u201d : Bernard et S\u00e9verine ... Merci ! le 23 F\u00c9VRIER 2019 \u00e0 PINON\" data-attachment-id=\"3114\" data-type=\"image\" class=\"fg-thumb\"><span class=\"fg-image-wrap\"><img decoding=\"async\" title=\"\u201cLA SYMPHONIE DES FAUX CULS\u201d : Bernard et S\u00e9verine ... Merci ! le 23 F\u00c9VRIER 2019 \u00e0 PINON\" width=\"150\" height=\"150\" class=\"skip-lazy fg-image\" data-src-fg=\"https:\/\/comedialaon.fr\/wp-content\/uploads\/cache\/2019\/02\/40-Bernard-S\u00e9verine-___-Merci-\/1697794691.jpg\" src=\"data:image\/svg+xml,%3Csvg%20xmlns%3D%22http%3A%2F%2Fwww.w3.org%2F2000%2Fsvg%22%20width%3D%22150%22%20height%3D%22150%22%20viewBox%3D%220%200%20150%20150%22%3E%3C%2Fsvg%3E\" loading=\"eager\"><\/span><span class=\"fg-image-overlay\"><\/span><\/a><figcaption class=\"fg-caption\"><div class=\"fg-caption-inner\"><div class=\"fg-caption-title\">\u201cLA SYMPHONIE DES FAUX CULS\u201d : Bernard et S\u00e9verine ... Merci ! le 23 F\u00c9VRIER 2019 \u00e0 PINON<\/div><\/div><\/figcaption><\/figure><div class=\"fg-loader\"><\/div><\/div><div class=\"fg-item fg-type-image fg-idle\"><figure class=\"fg-item-inner\"><a href=\"https:\/\/comedialaon.fr\/wp-content\/uploads\/2019\/02\/41-Yves-...-Noubiez-pas-le-T\u00e9l\u00e9thon-et-la-MAL-.jpg\" data-caption-title=\"\u201cLA SYMPHONIE DES FAUX CULS\u201d : Yves ... N&#039;oubliez pas le T\u00e9l\u00e9thon et la MAL ! le 23 F\u00c9VRIER 2019 \u00e0 PINON\" data-attachment-id=\"3115\" data-type=\"image\" class=\"fg-thumb\"><span class=\"fg-image-wrap\"><img decoding=\"async\" title=\"\u201cLA SYMPHONIE DES FAUX CULS\u201d : Yves ... N&#039;oubliez pas le T\u00e9l\u00e9thon et la MAL ! le 23 F\u00c9VRIER 2019 \u00e0 PINON\" width=\"150\" height=\"150\" class=\"skip-lazy fg-image\" data-src-fg=\"https:\/\/comedialaon.fr\/wp-content\/uploads\/cache\/2019\/02\/41-Yves-___-Noubiez-pas-le-T\u00e9l\u00e9thon-et-la-MAL-\/3249075680.jpg\" src=\"data:image\/svg+xml,%3Csvg%20xmlns%3D%22http%3A%2F%2Fwww.w3.org%2F2000%2Fsvg%22%20width%3D%22150%22%20height%3D%22150%22%20viewBox%3D%220%200%20150%20150%22%3E%3C%2Fsvg%3E\" loading=\"eager\"><\/span><span class=\"fg-image-overlay\"><\/span><\/a><figcaption class=\"fg-caption\"><div class=\"fg-caption-inner\"><div class=\"fg-caption-title\">\u201cLA SYMPHONIE DES FAUX CULS\u201d : Yves ... N'oubliez pas le T\u00e9l\u00e9thon et la MAL ! le 23 F\u00c9VRIER 2019 \u00e0 PINON<\/div><\/div><\/figcaption><\/figure><div class=\"fg-loader\"><\/div><\/div><\/div>\n\n","protected":false},"excerpt":{"rendered":"","protected":false},"author":1,"featured_media":0,"parent":0,"menu_order":0,"comment_status":"closed","ping_status":"closed","template":"","meta":{"footnotes":""},"class_list":["post-4628","page","type-page","status-publish","hentry"],"yoast_head":"<!-- This site is optimized with the Yoast SEO plugin v27.5 - https:\/\/yoast.com\/product\/yoast-seo-wordpress\/ -->\n<title>Album photos de la G\u00c9N\u00c9RALE \u201cLA SYMPHONIE DES FAUX CULS\u201d \u00e0 PINON le 23 F\u00c9VRIER 2019 &#8226; Com\u00e9dia Laon<\/title>\n<meta name=\"robots\" content=\"index, follow, max-snippet:-1, max-image-preview:large, max-video-preview:-1\" \/>\n<link rel=\"canonical\" href=\"https:\/\/comedialaon.fr\/?page_id=4628\" \/>\n<meta property=\"og:locale\" content=\"fr_FR\" \/>\n<meta property=\"og:type\" content=\"article\" \/>\n<meta property=\"og:title\" content=\"Album photos de la G\u00c9N\u00c9RALE \u201cLA SYMPHONIE DES FAUX CULS\u201d \u00e0 PINON le 23 F\u00c9VRIER 2019 &#8226; Com\u00e9dia Laon\" \/>\n<meta property=\"og:url\" content=\"https:\/\/comedialaon.fr\/?page_id=4628\" \/>\n<meta property=\"og:site_name\" content=\"Com\u00e9dia Laon\" \/>\n<meta property=\"article:publisher\" content=\"https:\/\/www.facebook.com\/profile.php?id=100008459438996\" \/>\n<meta property=\"article:modified_time\" content=\"2021-07-20T14:00:56+00:00\" \/>\n<script type=\"application\/ld+json\" class=\"yoast-schema-graph\">{\"@context\":\"https:\\\/\\\/schema.org\",\"@graph\":[{\"@type\":\"WebPage\",\"@id\":\"https:\\\/\\\/comedialaon.fr\\\/?page_id=4628\",\"url\":\"https:\\\/\\\/comedialaon.fr\\\/?page_id=4628\",\"name\":\"Album photos de la G\u00c9N\u00c9RALE \u201cLA SYMPHONIE DES FAUX CULS\u201d \u00e0 PINON le 23 F\u00c9VRIER 2019 &#8226; Com\u00e9dia Laon\",\"isPartOf\":{\"@id\":\"https:\\\/\\\/comedialaon.fr\\\/#website\"},\"datePublished\":\"2021-07-20T13:52:58+00:00\",\"dateModified\":\"2021-07-20T14:00:56+00:00\",\"breadcrumb\":{\"@id\":\"https:\\\/\\\/comedialaon.fr\\\/?page_id=4628#breadcrumb\"},\"inLanguage\":\"fr-FR\",\"potentialAction\":[{\"@type\":\"ReadAction\",\"target\":[\"https:\\\/\\\/comedialaon.fr\\\/?page_id=4628\"]}]},{\"@type\":\"BreadcrumbList\",\"@id\":\"https:\\\/\\\/comedialaon.fr\\\/?page_id=4628#breadcrumb\",\"itemListElement\":[{\"@type\":\"ListItem\",\"position\":1,\"name\":\"Accueil\",\"item\":\"https:\\\/\\\/comedialaon.fr\\\/\"},{\"@type\":\"ListItem\",\"position\":2,\"name\":\"Album photos de la G\u00c9N\u00c9RALE \u201cLA SYMPHONIE DES FAUX CULS\u201d \u00e0 PINON le 23 F\u00c9VRIER 2019\"}]},{\"@type\":\"WebSite\",\"@id\":\"https:\\\/\\\/comedialaon.fr\\\/#website\",\"url\":\"https:\\\/\\\/comedialaon.fr\\\/\",\"name\":\"Com\u00e9dia Laon\",\"description\":\"Prendre et donner du PLAISIR ... !!! ;-)\",\"publisher\":{\"@id\":\"https:\\\/\\\/comedialaon.fr\\\/#organization\"},\"potentialAction\":[{\"@type\":\"SearchAction\",\"target\":{\"@type\":\"EntryPoint\",\"urlTemplate\":\"https:\\\/\\\/comedialaon.fr\\\/?s={search_term_string}\"},\"query-input\":{\"@type\":\"PropertyValueSpecification\",\"valueRequired\":true,\"valueName\":\"search_term_string\"}}],\"inLanguage\":\"fr-FR\"},{\"@type\":\"Organization\",\"@id\":\"https:\\\/\\\/comedialaon.fr\\\/#organization\",\"name\":\"Com\u00e9dia Laon\",\"url\":\"https:\\\/\\\/comedialaon.fr\\\/\",\"logo\":{\"@type\":\"ImageObject\",\"inLanguage\":\"fr-FR\",\"@id\":\"https:\\\/\\\/comedialaon.fr\\\/#\\\/schema\\\/logo\\\/image\\\/\",\"url\":\"https:\\\/\\\/comedialaon.fr\\\/wp-content\\\/uploads\\\/2019\\\/02\\\/LOGO-CL-et-OL.jpg\",\"contentUrl\":\"https:\\\/\\\/comedialaon.fr\\\/wp-content\\\/uploads\\\/2019\\\/02\\\/LOGO-CL-et-OL.jpg\",\"width\":756,\"height\":210,\"caption\":\"Com\u00e9dia Laon\"},\"image\":{\"@id\":\"https:\\\/\\\/comedialaon.fr\\\/#\\\/schema\\\/logo\\\/image\\\/\"},\"sameAs\":[\"https:\\\/\\\/www.facebook.com\\\/profile.php?id=100008459438996\",\"https:\\\/\\\/www.youtube.com\\\/results?search_query=comedia laon\"]}]}<\/script>\n<!-- \/ Yoast SEO plugin. -->","yoast_head_json":{"title":"Album photos de la G\u00c9N\u00c9RALE \u201cLA SYMPHONIE DES FAUX CULS\u201d \u00e0 PINON le 23 F\u00c9VRIER 2019 &#8226; Com\u00e9dia Laon","robots":{"index":"index","follow":"follow","max-snippet":"max-snippet:-1","max-image-preview":"max-image-preview:large","max-video-preview":"max-video-preview:-1"},"canonical":"https:\/\/comedialaon.fr\/?page_id=4628","og_locale":"fr_FR","og_type":"article","og_title":"Album photos de la G\u00c9N\u00c9RALE \u201cLA SYMPHONIE DES FAUX CULS\u201d \u00e0 PINON le 23 F\u00c9VRIER 2019 &#8226; Com\u00e9dia Laon","og_url":"https:\/\/comedialaon.fr\/?page_id=4628","og_site_name":"Com\u00e9dia Laon","article_publisher":"https:\/\/www.facebook.com\/profile.php?id=100008459438996","article_modified_time":"2021-07-20T14:00:56+00:00","schema":{"@context":"https:\/\/schema.org","@graph":[{"@type":"WebPage","@id":"https:\/\/comedialaon.fr\/?page_id=4628","url":"https:\/\/comedialaon.fr\/?page_id=4628","name":"Album photos de la G\u00c9N\u00c9RALE \u201cLA SYMPHONIE DES FAUX CULS\u201d \u00e0 PINON le 23 F\u00c9VRIER 2019 &#8226; Com\u00e9dia Laon","isPartOf":{"@id":"https:\/\/comedialaon.fr\/#website"},"datePublished":"2021-07-20T13:52:58+00:00","dateModified":"2021-07-20T14:00:56+00:00","breadcrumb":{"@id":"https:\/\/comedialaon.fr\/?page_id=4628#breadcrumb"},"inLanguage":"fr-FR","potentialAction":[{"@type":"ReadAction","target":["https:\/\/comedialaon.fr\/?page_id=4628"]}]},{"@type":"BreadcrumbList","@id":"https:\/\/comedialaon.fr\/?page_id=4628#breadcrumb","itemListElement":[{"@type":"ListItem","position":1,"name":"Accueil","item":"https:\/\/comedialaon.fr\/"},{"@type":"ListItem","position":2,"name":"Album photos de la G\u00c9N\u00c9RALE \u201cLA SYMPHONIE DES FAUX CULS\u201d \u00e0 PINON le 23 F\u00c9VRIER 2019"}]},{"@type":"WebSite","@id":"https:\/\/comedialaon.fr\/#website","url":"https:\/\/comedialaon.fr\/","name":"Com\u00e9dia Laon","description":"Prendre et donner du PLAISIR ... !!! ;-)","publisher":{"@id":"https:\/\/comedialaon.fr\/#organization"},"potentialAction":[{"@type":"SearchAction","target":{"@type":"EntryPoint","urlTemplate":"https:\/\/comedialaon.fr\/?s={search_term_string}"},"query-input":{"@type":"PropertyValueSpecification","valueRequired":true,"valueName":"search_term_string"}}],"inLanguage":"fr-FR"},{"@type":"Organization","@id":"https:\/\/comedialaon.fr\/#organization","name":"Com\u00e9dia Laon","url":"https:\/\/comedialaon.fr\/","logo":{"@type":"ImageObject","inLanguage":"fr-FR","@id":"https:\/\/comedialaon.fr\/#\/schema\/logo\/image\/","url":"https:\/\/comedialaon.fr\/wp-content\/uploads\/2019\/02\/LOGO-CL-et-OL.jpg","contentUrl":"https:\/\/comedialaon.fr\/wp-content\/uploads\/2019\/02\/LOGO-CL-et-OL.jpg","width":756,"height":210,"caption":"Com\u00e9dia Laon"},"image":{"@id":"https:\/\/comedialaon.fr\/#\/schema\/logo\/image\/"},"sameAs":["https:\/\/www.facebook.com\/profile.php?id=100008459438996","https:\/\/www.youtube.com\/results?search_query=comedia laon"]}]}},"_links":{"self":[{"href":"https:\/\/comedialaon.fr\/index.php?rest_route=\/wp\/v2\/pages\/4628","targetHints":{"allow":["GET"]}}],"collection":[{"href":"https:\/\/comedialaon.fr\/index.php?rest_route=\/wp\/v2\/pages"}],"about":[{"href":"https:\/\/comedialaon.fr\/index.php?rest_route=\/wp\/v2\/types\/page"}],"author":[{"embeddable":true,"href":"https:\/\/comedialaon.fr\/index.php?rest_route=\/wp\/v2\/users\/1"}],"replies":[{"embeddable":true,"href":"https:\/\/comedialaon.fr\/index.php?rest_route=%2Fwp%2Fv2%2Fcomments&post=4628"}],"version-history":[{"count":2,"href":"https:\/\/comedialaon.fr\/index.php?rest_route=\/wp\/v2\/pages\/4628\/revisions"}],"predecessor-version":[{"id":4633,"href":"https:\/\/comedialaon.fr\/index.php?rest_route=\/wp\/v2\/pages\/4628\/revisions\/4633"}],"wp:attachment":[{"href":"https:\/\/comedialaon.fr\/index.php?rest_route=%2Fwp%2Fv2%2Fmedia&parent=4628"}],"curies":[{"name":"wp","href":"https:\/\/api.w.org\/{rel}","templated":true}]}}