{"id":4618,"date":"2021-07-20T15:10:31","date_gmt":"2021-07-20T13:10:31","guid":{"rendered":"https:\/\/comedialaon.fr\/?page_id=4618"},"modified":"2021-07-20T15:10:31","modified_gmt":"2021-07-20T13:10:31","slug":"album-photos-especes-menacees-a-mons-en-laonnois-le-9-fevrier-2020-telethon","status":"publish","type":"page","link":"https:\/\/comedialaon.fr\/?page_id=4618","title":{"rendered":"<center>Album photos \u201cESP\u00c8CES MENAC\u00c9ES\u201d <br>\u00e0 MONS EN LAONNOIS le 9 F\u00c9VRIER 2020 : T\u00c9L\u00c9THON"},"content":{"rendered":"<style type=\"text\/css\">\n#foogallery-gallery-4617 .fg-image { width: 150px; }\n#foogallery-gallery-4617 { --fg-gutter: 10px; }<\/style>\n\t\t\t<div class=\"foogallery foogallery-container foogallery-default foogallery-lightbox-foobox fg-center fg-default fg-ready fg-light fg-border-thin fg-shadow-outline fg-loading-default fg-loaded-fade-in fg-caption-hover fg-hover-fade fg-hover-zoom\" id=\"foogallery-gallery-4617\" data-foogallery=\"{&quot;item&quot;:{&quot;showCaptionTitle&quot;:true,&quot;showCaptionDescription&quot;:true},&quot;lazy&quot;:true}\" style=\"--fg-title-line-clamp: 0; --fg-description-line-clamp: 0;\" >\n\t<div class=\"fg-item fg-type-image fg-idle\"><figure class=\"fg-item-inner\"><a href=\"https:\/\/comedialaon.fr\/wp-content\/uploads\/2020\/02\/Mons-9-f\u00e9vrier-2020_2.jpg\" data-caption-title=\"\u201cESP\u00c8CES MENAC\u00c9ES\u201d : Josiane pour le T\u00e9l\u00e9thon le 9 f\u00e9vrier 2020 \u00e0 MONS EN LAONNOIS\" data-attachment-id=\"3716\" data-type=\"image\" class=\"fg-thumb\"><span class=\"fg-image-wrap\"><img decoding=\"async\" title=\"\u201cESP\u00c8CES MENAC\u00c9ES\u201d : Josiane pour le T\u00e9l\u00e9thon le 9 f\u00e9vrier 2020 \u00e0 MONS EN LAONNOIS\" width=\"150\" height=\"150\" class=\"skip-lazy fg-image\" data-src-fg=\"https:\/\/comedialaon.fr\/wp-content\/uploads\/cache\/2020\/02\/Mons-9-f\u00e9vrier-2020_2\/1612163894.jpg\" src=\"data:image\/svg+xml,%3Csvg%20xmlns%3D%22http%3A%2F%2Fwww.w3.org%2F2000%2Fsvg%22%20width%3D%22150%22%20height%3D%22150%22%20viewBox%3D%220%200%20150%20150%22%3E%3C%2Fsvg%3E\" loading=\"eager\"><\/span><span class=\"fg-image-overlay\"><\/span><\/a><figcaption class=\"fg-caption\"><div class=\"fg-caption-inner\"><div class=\"fg-caption-title\">\u201cESP\u00c8CES MENAC\u00c9ES\u201d : Josiane pour le T\u00e9l\u00e9thon le 9 f\u00e9vrier 2020 \u00e0 MONS EN LAONNOIS<\/div><\/div><\/figcaption><\/figure><div class=\"fg-loader\"><\/div><\/div><div class=\"fg-item fg-type-image fg-idle\"><figure class=\"fg-item-inner\"><a href=\"https:\/\/comedialaon.fr\/wp-content\/uploads\/2020\/02\/Mons-9-f\u00e9vrier-2020_3.jpg\" data-caption-title=\"\u201cESP\u00c8CES MENAC\u00c9ES\u201d : Patrice pour le T\u00e9l\u00e9thon le 9 f\u00e9vrier 2020 \u00e0 MONS EN LAONNOIS\" data-attachment-id=\"3717\" data-type=\"image\" class=\"fg-thumb\"><span class=\"fg-image-wrap\"><img decoding=\"async\" title=\"\u201cESP\u00c8CES MENAC\u00c9ES\u201d : Patrice pour le T\u00e9l\u00e9thon le 9 f\u00e9vrier 2020 \u00e0 MONS EN LAONNOIS\" width=\"150\" height=\"150\" class=\"skip-lazy fg-image\" data-src-fg=\"https:\/\/comedialaon.fr\/wp-content\/uploads\/cache\/2020\/02\/Mons-9-f\u00e9vrier-2020_3\/4138081269.jpg\" src=\"data:image\/svg+xml,%3Csvg%20xmlns%3D%22http%3A%2F%2Fwww.w3.org%2F2000%2Fsvg%22%20width%3D%22150%22%20height%3D%22150%22%20viewBox%3D%220%200%20150%20150%22%3E%3C%2Fsvg%3E\" loading=\"eager\"><\/span><span class=\"fg-image-overlay\"><\/span><\/a><figcaption class=\"fg-caption\"><div class=\"fg-caption-inner\"><div class=\"fg-caption-title\">\u201cESP\u00c8CES MENAC\u00c9ES\u201d : Patrice pour le T\u00e9l\u00e9thon le 9 f\u00e9vrier 2020 \u00e0 MONS EN LAONNOIS<\/div><\/div><\/figcaption><\/figure><div class=\"fg-loader\"><\/div><\/div><div class=\"fg-item fg-type-image fg-idle\"><figure class=\"fg-item-inner\"><a href=\"https:\/\/comedialaon.fr\/wp-content\/uploads\/2020\/02\/Mons-9-f\u00e9vrier-2020_4.jpg\" data-caption-title=\"\u201cESP\u00c8CES MENAC\u00c9ES\u201d : Patrice pour le T\u00e9l\u00e9thon le 9 f\u00e9vrier 2020 \u00e0 MONS EN LAONNOIS\" data-attachment-id=\"3718\" data-type=\"image\" class=\"fg-thumb\"><span class=\"fg-image-wrap\"><img decoding=\"async\" title=\"\u201cESP\u00c8CES MENAC\u00c9ES\u201d : Patrice pour le T\u00e9l\u00e9thon le 9 f\u00e9vrier 2020 \u00e0 MONS EN LAONNOIS\" width=\"150\" height=\"150\" class=\"skip-lazy fg-image\" data-src-fg=\"https:\/\/comedialaon.fr\/wp-content\/uploads\/cache\/2020\/02\/Mons-9-f\u00e9vrier-2020_4\/471764245.jpg\" src=\"data:image\/svg+xml,%3Csvg%20xmlns%3D%22http%3A%2F%2Fwww.w3.org%2F2000%2Fsvg%22%20width%3D%22150%22%20height%3D%22150%22%20viewBox%3D%220%200%20150%20150%22%3E%3C%2Fsvg%3E\" loading=\"eager\"><\/span><span class=\"fg-image-overlay\"><\/span><\/a><figcaption class=\"fg-caption\"><div class=\"fg-caption-inner\"><div class=\"fg-caption-title\">\u201cESP\u00c8CES MENAC\u00c9ES\u201d : Patrice pour le T\u00e9l\u00e9thon le 9 f\u00e9vrier 2020 \u00e0 MONS EN LAONNOIS<\/div><\/div><\/figcaption><\/figure><div class=\"fg-loader\"><\/div><\/div><div class=\"fg-item fg-type-image fg-idle\"><figure class=\"fg-item-inner\"><a href=\"https:\/\/comedialaon.fr\/wp-content\/uploads\/2020\/02\/Mons-9-f\u00e9vrier-2020_5.jpg\" data-caption-title=\"\u201cESP\u00c8CES MENAC\u00c9ES\u201d : Patrice pour le T\u00e9l\u00e9thon le 9 f\u00e9vrier 2020 \u00e0 MONS EN LAONNOIS\" data-attachment-id=\"3719\" data-type=\"image\" class=\"fg-thumb\"><span class=\"fg-image-wrap\"><img decoding=\"async\" title=\"\u201cESP\u00c8CES MENAC\u00c9ES\u201d : Patrice pour le T\u00e9l\u00e9thon le 9 f\u00e9vrier 2020 \u00e0 MONS EN LAONNOIS\" width=\"150\" height=\"150\" class=\"skip-lazy fg-image\" data-src-fg=\"https:\/\/comedialaon.fr\/wp-content\/uploads\/cache\/2020\/02\/Mons-9-f\u00e9vrier-2020_5\/2326740438.jpg\" src=\"data:image\/svg+xml,%3Csvg%20xmlns%3D%22http%3A%2F%2Fwww.w3.org%2F2000%2Fsvg%22%20width%3D%22150%22%20height%3D%22150%22%20viewBox%3D%220%200%20150%20150%22%3E%3C%2Fsvg%3E\" loading=\"eager\"><\/span><span class=\"fg-image-overlay\"><\/span><\/a><figcaption class=\"fg-caption\"><div class=\"fg-caption-inner\"><div class=\"fg-caption-title\">\u201cESP\u00c8CES MENAC\u00c9ES\u201d : Patrice pour le T\u00e9l\u00e9thon le 9 f\u00e9vrier 2020 \u00e0 MONS EN LAONNOIS<\/div><\/div><\/figcaption><\/figure><div class=\"fg-loader\"><\/div><\/div><div class=\"fg-item fg-type-image fg-idle\"><figure class=\"fg-item-inner\"><a href=\"https:\/\/comedialaon.fr\/wp-content\/uploads\/2020\/02\/Mons-9-f\u00e9vrier-2020_6.jpg\" data-caption-title=\"\u201cESP\u00c8CES MENAC\u00c9ES\u201d : Patrice pour le T\u00e9l\u00e9thon le 9 f\u00e9vrier 2020 \u00e0 MONS EN LAONNOIS\" data-attachment-id=\"3720\" data-type=\"image\" class=\"fg-thumb\"><span class=\"fg-image-wrap\"><img decoding=\"async\" title=\"\u201cESP\u00c8CES MENAC\u00c9ES\u201d : Patrice pour le T\u00e9l\u00e9thon le 9 f\u00e9vrier 2020 \u00e0 MONS EN LAONNOIS\" width=\"150\" height=\"150\" class=\"skip-lazy fg-image\" data-src-fg=\"https:\/\/comedialaon.fr\/wp-content\/uploads\/cache\/2020\/02\/Mons-9-f\u00e9vrier-2020_6\/3723843912.jpg\" src=\"data:image\/svg+xml,%3Csvg%20xmlns%3D%22http%3A%2F%2Fwww.w3.org%2F2000%2Fsvg%22%20width%3D%22150%22%20height%3D%22150%22%20viewBox%3D%220%200%20150%20150%22%3E%3C%2Fsvg%3E\" loading=\"eager\"><\/span><span class=\"fg-image-overlay\"><\/span><\/a><figcaption class=\"fg-caption\"><div class=\"fg-caption-inner\"><div class=\"fg-caption-title\">\u201cESP\u00c8CES MENAC\u00c9ES\u201d : Patrice pour le T\u00e9l\u00e9thon le 9 f\u00e9vrier 2020 \u00e0 MONS EN LAONNOIS<\/div><\/div><\/figcaption><\/figure><div class=\"fg-loader\"><\/div><\/div><div class=\"fg-item fg-type-image fg-idle\"><figure class=\"fg-item-inner\"><a href=\"https:\/\/comedialaon.fr\/wp-content\/uploads\/2020\/02\/Mons-9-f\u00e9vrier-2020_7.jpg\" data-caption-title=\"\u201cESP\u00c8CES MENAC\u00c9ES\u201d : Patrice pour le T\u00e9l\u00e9thon le 9 f\u00e9vrier 2020 \u00e0 MONS EN LAONNOIS\" data-attachment-id=\"3721\" data-type=\"image\" class=\"fg-thumb\"><span class=\"fg-image-wrap\"><img decoding=\"async\" title=\"\u201cESP\u00c8CES MENAC\u00c9ES\u201d : Patrice pour le T\u00e9l\u00e9thon le 9 f\u00e9vrier 2020 \u00e0 MONS EN LAONNOIS\" width=\"150\" height=\"150\" class=\"skip-lazy fg-image\" data-src-fg=\"https:\/\/comedialaon.fr\/wp-content\/uploads\/cache\/2020\/02\/Mons-9-f\u00e9vrier-2020_7\/1262807435.jpg\" src=\"data:image\/svg+xml,%3Csvg%20xmlns%3D%22http%3A%2F%2Fwww.w3.org%2F2000%2Fsvg%22%20width%3D%22150%22%20height%3D%22150%22%20viewBox%3D%220%200%20150%20150%22%3E%3C%2Fsvg%3E\" loading=\"eager\"><\/span><span class=\"fg-image-overlay\"><\/span><\/a><figcaption class=\"fg-caption\"><div class=\"fg-caption-inner\"><div class=\"fg-caption-title\">\u201cESP\u00c8CES MENAC\u00c9ES\u201d : Patrice pour le T\u00e9l\u00e9thon le 9 f\u00e9vrier 2020 \u00e0 MONS EN LAONNOIS<\/div><\/div><\/figcaption><\/figure><div class=\"fg-loader\"><\/div><\/div><div class=\"fg-item fg-type-image fg-idle\"><figure class=\"fg-item-inner\"><a href=\"https:\/\/comedialaon.fr\/wp-content\/uploads\/2020\/02\/Mons-9-f\u00e9vrier-2020_8.jpg\" data-caption-title=\"\u201cESP\u00c8CES MENAC\u00c9ES\u201d : Josiane pour le T\u00e9l\u00e9thon le 9 f\u00e9vrier 2020 \u00e0 MONS EN LAONNOIS\" data-attachment-id=\"3722\" data-type=\"image\" class=\"fg-thumb\"><span class=\"fg-image-wrap\"><img decoding=\"async\" title=\"\u201cESP\u00c8CES MENAC\u00c9ES\u201d : Josiane pour le T\u00e9l\u00e9thon le 9 f\u00e9vrier 2020 \u00e0 MONS EN LAONNOIS\" width=\"150\" height=\"150\" class=\"skip-lazy fg-image\" data-src-fg=\"https:\/\/comedialaon.fr\/wp-content\/uploads\/cache\/2020\/02\/Mons-9-f\u00e9vrier-2020_8\/2085104576.jpg\" src=\"data:image\/svg+xml,%3Csvg%20xmlns%3D%22http%3A%2F%2Fwww.w3.org%2F2000%2Fsvg%22%20width%3D%22150%22%20height%3D%22150%22%20viewBox%3D%220%200%20150%20150%22%3E%3C%2Fsvg%3E\" loading=\"eager\"><\/span><span class=\"fg-image-overlay\"><\/span><\/a><figcaption class=\"fg-caption\"><div class=\"fg-caption-inner\"><div class=\"fg-caption-title\">\u201cESP\u00c8CES MENAC\u00c9ES\u201d : Josiane pour le T\u00e9l\u00e9thon le 9 f\u00e9vrier 2020 \u00e0 MONS EN LAONNOIS<\/div><\/div><\/figcaption><\/figure><div class=\"fg-loader\"><\/div><\/div><div class=\"fg-item fg-type-image fg-idle\"><figure class=\"fg-item-inner\"><a href=\"https:\/\/comedialaon.fr\/wp-content\/uploads\/2020\/02\/Mons-9-f\u00e9vrier-2020_9.jpg\" data-caption-title=\"\u201cESP\u00c8CES MENAC\u00c9ES\u201d : Patrice pour le T\u00e9l\u00e9thon le 9 f\u00e9vrier 2020 \u00e0 MONS EN LAONNOIS\" data-attachment-id=\"3723\" data-type=\"image\" class=\"fg-thumb\"><span class=\"fg-image-wrap\"><img decoding=\"async\" title=\"\u201cESP\u00c8CES MENAC\u00c9ES\u201d : Patrice pour le T\u00e9l\u00e9thon le 9 f\u00e9vrier 2020 \u00e0 MONS EN LAONNOIS\" width=\"150\" height=\"150\" class=\"skip-lazy fg-image\" data-src-fg=\"https:\/\/comedialaon.fr\/wp-content\/uploads\/cache\/2020\/02\/Mons-9-f\u00e9vrier-2020_9\/3942226691.jpg\" src=\"data:image\/svg+xml,%3Csvg%20xmlns%3D%22http%3A%2F%2Fwww.w3.org%2F2000%2Fsvg%22%20width%3D%22150%22%20height%3D%22150%22%20viewBox%3D%220%200%20150%20150%22%3E%3C%2Fsvg%3E\" loading=\"eager\"><\/span><span class=\"fg-image-overlay\"><\/span><\/a><figcaption class=\"fg-caption\"><div class=\"fg-caption-inner\"><div class=\"fg-caption-title\">\u201cESP\u00c8CES MENAC\u00c9ES\u201d : Patrice pour le T\u00e9l\u00e9thon le 9 f\u00e9vrier 2020 \u00e0 MONS EN LAONNOIS<\/div><\/div><\/figcaption><\/figure><div class=\"fg-loader\"><\/div><\/div><div class=\"fg-item fg-type-image fg-idle\"><figure class=\"fg-item-inner\"><a href=\"https:\/\/comedialaon.fr\/wp-content\/uploads\/2020\/02\/Mons-9-f\u00e9vrier-2020_10.jpg\" data-caption-title=\"\u201cESP\u00c8CES MENAC\u00c9ES\u201d : Patrice pour le T\u00e9l\u00e9thon le 9 f\u00e9vrier 2020 \u00e0 MONS EN LAONNOIS\" data-attachment-id=\"3724\" data-type=\"image\" class=\"fg-thumb\"><span class=\"fg-image-wrap\"><img decoding=\"async\" title=\"\u201cESP\u00c8CES MENAC\u00c9ES\u201d : Patrice pour le T\u00e9l\u00e9thon le 9 f\u00e9vrier 2020 \u00e0 MONS EN LAONNOIS\" width=\"150\" height=\"150\" class=\"skip-lazy fg-image\" data-src-fg=\"https:\/\/comedialaon.fr\/wp-content\/uploads\/cache\/2020\/02\/Mons-9-f\u00e9vrier-2020_10\/1797942214.jpg\" src=\"data:image\/svg+xml,%3Csvg%20xmlns%3D%22http%3A%2F%2Fwww.w3.org%2F2000%2Fsvg%22%20width%3D%22150%22%20height%3D%22150%22%20viewBox%3D%220%200%20150%20150%22%3E%3C%2Fsvg%3E\" loading=\"eager\"><\/span><span class=\"fg-image-overlay\"><\/span><\/a><figcaption class=\"fg-caption\"><div class=\"fg-caption-inner\"><div class=\"fg-caption-title\">\u201cESP\u00c8CES MENAC\u00c9ES\u201d : Patrice pour le T\u00e9l\u00e9thon le 9 f\u00e9vrier 2020 \u00e0 MONS EN LAONNOIS<\/div><\/div><\/figcaption><\/figure><div class=\"fg-loader\"><\/div><\/div><div class=\"fg-item fg-type-image fg-idle\"><figure class=\"fg-item-inner\"><a href=\"https:\/\/comedialaon.fr\/wp-content\/uploads\/2020\/02\/Mons-9-f\u00e9vrier-2020_11.jpg\" data-caption-title=\"\u201cESP\u00c8CES MENAC\u00c9ES\u201d : Josiane et Patrice pour le T\u00e9l\u00e9thon le 9 f\u00e9vrier 2020 \u00e0 MONS EN LAONNOIS\" data-attachment-id=\"3725\" data-type=\"image\" class=\"fg-thumb\"><span class=\"fg-image-wrap\"><img decoding=\"async\" title=\"\u201cESP\u00c8CES MENAC\u00c9ES\u201d : Josiane et Patrice pour le T\u00e9l\u00e9thon le 9 f\u00e9vrier 2020 \u00e0 MONS EN LAONNOIS\" width=\"150\" height=\"150\" class=\"skip-lazy fg-image\" data-src-fg=\"https:\/\/comedialaon.fr\/wp-content\/uploads\/cache\/2020\/02\/Mons-9-f\u00e9vrier-2020_11\/2986368417.jpg\" src=\"data:image\/svg+xml,%3Csvg%20xmlns%3D%22http%3A%2F%2Fwww.w3.org%2F2000%2Fsvg%22%20width%3D%22150%22%20height%3D%22150%22%20viewBox%3D%220%200%20150%20150%22%3E%3C%2Fsvg%3E\" loading=\"eager\"><\/span><span class=\"fg-image-overlay\"><\/span><\/a><figcaption class=\"fg-caption\"><div class=\"fg-caption-inner\"><div class=\"fg-caption-title\">\u201cESP\u00c8CES MENAC\u00c9ES\u201d : Josiane et Patrice pour le T\u00e9l\u00e9thon le 9 f\u00e9vrier 2020 \u00e0 MONS EN LAONNOIS<\/div><\/div><\/figcaption><\/figure><div class=\"fg-loader\"><\/div><\/div><div class=\"fg-item fg-type-image fg-idle\"><figure class=\"fg-item-inner\"><a href=\"https:\/\/comedialaon.fr\/wp-content\/uploads\/2020\/02\/Mons-9-f\u00e9vrier-2020_12.jpg\" data-caption-title=\"\u201cESP\u00c8CES MENAC\u00c9ES\u201d : Patrice et Josiane pour le T\u00e9l\u00e9thon le 9 f\u00e9vrier 2020 \u00e0 MONS EN LAONNOIS\" data-attachment-id=\"3726\" data-type=\"image\" class=\"fg-thumb\"><span class=\"fg-image-wrap\"><img decoding=\"async\" title=\"\u201cESP\u00c8CES MENAC\u00c9ES\u201d : Patrice et Josiane pour le T\u00e9l\u00e9thon le 9 f\u00e9vrier 2020 \u00e0 MONS EN LAONNOIS\" width=\"150\" height=\"150\" class=\"skip-lazy fg-image\" data-src-fg=\"https:\/\/comedialaon.fr\/wp-content\/uploads\/cache\/2020\/02\/Mons-9-f\u00e9vrier-2020_12\/34537801.jpg\" src=\"data:image\/svg+xml,%3Csvg%20xmlns%3D%22http%3A%2F%2Fwww.w3.org%2F2000%2Fsvg%22%20width%3D%22150%22%20height%3D%22150%22%20viewBox%3D%220%200%20150%20150%22%3E%3C%2Fsvg%3E\" loading=\"eager\"><\/span><span class=\"fg-image-overlay\"><\/span><\/a><figcaption class=\"fg-caption\"><div class=\"fg-caption-inner\"><div class=\"fg-caption-title\">\u201cESP\u00c8CES MENAC\u00c9ES\u201d : Patrice et Josiane pour le T\u00e9l\u00e9thon le 9 f\u00e9vrier 2020 \u00e0 MONS EN LAONNOIS<\/div><\/div><\/figcaption><\/figure><div class=\"fg-loader\"><\/div><\/div><div class=\"fg-item fg-type-image fg-idle\"><figure class=\"fg-item-inner\"><a href=\"https:\/\/comedialaon.fr\/wp-content\/uploads\/2020\/02\/Mons-9-f\u00e9vrier-2020_13.jpg\" data-caption-title=\"\u201cESP\u00c8CES MENAC\u00c9ES\u201d : Patrice et Josiane pour le T\u00e9l\u00e9thon le 9 f\u00e9vrier 2020 \u00e0 MONS EN LAONNOIS\" data-attachment-id=\"3727\" data-type=\"image\" class=\"fg-thumb\"><span class=\"fg-image-wrap\"><img decoding=\"async\" title=\"\u201cESP\u00c8CES MENAC\u00c9ES\u201d : Patrice et Josiane pour le T\u00e9l\u00e9thon le 9 f\u00e9vrier 2020 \u00e0 MONS EN LAONNOIS\" width=\"150\" height=\"150\" class=\"skip-lazy fg-image\" data-src-fg=\"https:\/\/comedialaon.fr\/wp-content\/uploads\/cache\/2020\/02\/Mons-9-f\u00e9vrier-2020_13\/3676649262.jpg\" src=\"data:image\/svg+xml,%3Csvg%20xmlns%3D%22http%3A%2F%2Fwww.w3.org%2F2000%2Fsvg%22%20width%3D%22150%22%20height%3D%22150%22%20viewBox%3D%220%200%20150%20150%22%3E%3C%2Fsvg%3E\" loading=\"eager\"><\/span><span class=\"fg-image-overlay\"><\/span><\/a><figcaption class=\"fg-caption\"><div class=\"fg-caption-inner\"><div class=\"fg-caption-title\">\u201cESP\u00c8CES MENAC\u00c9ES\u201d : Patrice et Josiane pour le T\u00e9l\u00e9thon le 9 f\u00e9vrier 2020 \u00e0 MONS EN LAONNOIS<\/div><\/div><\/figcaption><\/figure><div class=\"fg-loader\"><\/div><\/div><div class=\"fg-item fg-type-image fg-idle\"><figure class=\"fg-item-inner\"><a href=\"https:\/\/comedialaon.fr\/wp-content\/uploads\/2020\/02\/Mons-9-f\u00e9vrier-2020_14.jpg\" data-caption-title=\"\u201cESP\u00c8CES MENAC\u00c9ES\u201d : Patrice pour le T\u00e9l\u00e9thon le 9 f\u00e9vrier 2020 \u00e0 MONS EN LAONNOIS\" data-attachment-id=\"3728\" data-type=\"image\" class=\"fg-thumb\"><span class=\"fg-image-wrap\"><img decoding=\"async\" title=\"\u201cESP\u00c8CES MENAC\u00c9ES\u201d : Patrice pour le T\u00e9l\u00e9thon le 9 f\u00e9vrier 2020 \u00e0 MONS EN LAONNOIS\" width=\"150\" height=\"150\" class=\"skip-lazy fg-image\" data-src-fg=\"https:\/\/comedialaon.fr\/wp-content\/uploads\/cache\/2020\/02\/Mons-9-f\u00e9vrier-2020_14\/358680848.jpg\" src=\"data:image\/svg+xml,%3Csvg%20xmlns%3D%22http%3A%2F%2Fwww.w3.org%2F2000%2Fsvg%22%20width%3D%22150%22%20height%3D%22150%22%20viewBox%3D%220%200%20150%20150%22%3E%3C%2Fsvg%3E\" loading=\"eager\"><\/span><span class=\"fg-image-overlay\"><\/span><\/a><figcaption class=\"fg-caption\"><div class=\"fg-caption-inner\"><div class=\"fg-caption-title\">\u201cESP\u00c8CES MENAC\u00c9ES\u201d : Patrice pour le T\u00e9l\u00e9thon le 9 f\u00e9vrier 2020 \u00e0 MONS EN LAONNOIS<\/div><\/div><\/figcaption><\/figure><div class=\"fg-loader\"><\/div><\/div><div class=\"fg-item fg-type-image fg-idle\"><figure class=\"fg-item-inner\"><a href=\"https:\/\/comedialaon.fr\/wp-content\/uploads\/2020\/02\/Mons-9-f\u00e9vrier-2020_15.jpg\" data-caption-title=\"\u201cESP\u00c8CES MENAC\u00c9ES\u201d : Josiane pour le T\u00e9l\u00e9thon le 9 f\u00e9vrier 2020 \u00e0 MONS EN LAONNOIS\" data-attachment-id=\"3729\" data-type=\"image\" class=\"fg-thumb\"><span class=\"fg-image-wrap\"><img decoding=\"async\" title=\"\u201cESP\u00c8CES MENAC\u00c9ES\u201d : Josiane pour le T\u00e9l\u00e9thon le 9 f\u00e9vrier 2020 \u00e0 MONS EN LAONNOIS\" width=\"150\" height=\"150\" class=\"skip-lazy fg-image\" data-src-fg=\"https:\/\/comedialaon.fr\/wp-content\/uploads\/cache\/2020\/02\/Mons-9-f\u00e9vrier-2020_15\/3427483511.jpg\" src=\"data:image\/svg+xml,%3Csvg%20xmlns%3D%22http%3A%2F%2Fwww.w3.org%2F2000%2Fsvg%22%20width%3D%22150%22%20height%3D%22150%22%20viewBox%3D%220%200%20150%20150%22%3E%3C%2Fsvg%3E\" loading=\"eager\"><\/span><span class=\"fg-image-overlay\"><\/span><\/a><figcaption class=\"fg-caption\"><div class=\"fg-caption-inner\"><div class=\"fg-caption-title\">\u201cESP\u00c8CES MENAC\u00c9ES\u201d : Josiane pour le T\u00e9l\u00e9thon le 9 f\u00e9vrier 2020 \u00e0 MONS EN LAONNOIS<\/div><\/div><\/figcaption><\/figure><div class=\"fg-loader\"><\/div><\/div><div class=\"fg-item fg-type-image fg-idle\"><figure class=\"fg-item-inner\"><a href=\"https:\/\/comedialaon.fr\/wp-content\/uploads\/2020\/02\/Mons-9-f\u00e9vrier-2020_16.jpg\" data-caption-title=\"\u201cESP\u00c8CES MENAC\u00c9ES\u201d : Patrice pour le T\u00e9l\u00e9thon le 9 f\u00e9vrier 2020 \u00e0 MONS EN LAONNOIS\" data-attachment-id=\"3730\" data-type=\"image\" class=\"fg-thumb\"><span class=\"fg-image-wrap\"><img decoding=\"async\" title=\"\u201cESP\u00c8CES MENAC\u00c9ES\u201d : Patrice pour le T\u00e9l\u00e9thon le 9 f\u00e9vrier 2020 \u00e0 MONS EN LAONNOIS\" width=\"150\" height=\"150\" class=\"skip-lazy fg-image\" data-src-fg=\"https:\/\/comedialaon.fr\/wp-content\/uploads\/cache\/2020\/02\/Mons-9-f\u00e9vrier-2020_16\/1060205355.jpg\" src=\"data:image\/svg+xml,%3Csvg%20xmlns%3D%22http%3A%2F%2Fwww.w3.org%2F2000%2Fsvg%22%20width%3D%22150%22%20height%3D%22150%22%20viewBox%3D%220%200%20150%20150%22%3E%3C%2Fsvg%3E\" loading=\"eager\"><\/span><span class=\"fg-image-overlay\"><\/span><\/a><figcaption class=\"fg-caption\"><div class=\"fg-caption-inner\"><div class=\"fg-caption-title\">\u201cESP\u00c8CES MENAC\u00c9ES\u201d : Patrice pour le T\u00e9l\u00e9thon le 9 f\u00e9vrier 2020 \u00e0 MONS EN LAONNOIS<\/div><\/div><\/figcaption><\/figure><div class=\"fg-loader\"><\/div><\/div><div class=\"fg-item fg-type-image fg-idle\"><figure class=\"fg-item-inner\"><a href=\"https:\/\/comedialaon.fr\/wp-content\/uploads\/2020\/02\/Mons-9-f\u00e9vrier-2020_17.jpg\" data-caption-title=\"\u201cESP\u00c8CES MENAC\u00c9ES\u201d : Patrice et Josiane pour le T\u00e9l\u00e9thon le 9 f\u00e9vrier 2020 \u00e0 MONS EN LAONNOIS\" data-attachment-id=\"3731\" data-type=\"image\" class=\"fg-thumb\"><span class=\"fg-image-wrap\"><img decoding=\"async\" title=\"\u201cESP\u00c8CES MENAC\u00c9ES\u201d : Patrice et Josiane pour le T\u00e9l\u00e9thon le 9 f\u00e9vrier 2020 \u00e0 MONS EN LAONNOIS\" width=\"150\" height=\"150\" class=\"skip-lazy fg-image\" data-src-fg=\"https:\/\/comedialaon.fr\/wp-content\/uploads\/cache\/2020\/02\/Mons-9-f\u00e9vrier-2020_17\/3860546892.jpg\" src=\"data:image\/svg+xml,%3Csvg%20xmlns%3D%22http%3A%2F%2Fwww.w3.org%2F2000%2Fsvg%22%20width%3D%22150%22%20height%3D%22150%22%20viewBox%3D%220%200%20150%20150%22%3E%3C%2Fsvg%3E\" loading=\"eager\"><\/span><span class=\"fg-image-overlay\"><\/span><\/a><figcaption class=\"fg-caption\"><div class=\"fg-caption-inner\"><div class=\"fg-caption-title\">\u201cESP\u00c8CES MENAC\u00c9ES\u201d : Patrice et Josiane pour le T\u00e9l\u00e9thon le 9 f\u00e9vrier 2020 \u00e0 MONS EN LAONNOIS<\/div><\/div><\/figcaption><\/figure><div class=\"fg-loader\"><\/div><\/div><div class=\"fg-item fg-type-image fg-idle\"><figure class=\"fg-item-inner\"><a href=\"https:\/\/comedialaon.fr\/wp-content\/uploads\/2020\/02\/Mons-9-f\u00e9vrier-2020_18.jpg\" data-caption-title=\"\u201cESP\u00c8CES MENAC\u00c9ES\u201d : Patrice pour le T\u00e9l\u00e9thon le 9 f\u00e9vrier 2020 \u00e0 MONS EN LAONNOIS\" data-attachment-id=\"3732\" data-type=\"image\" class=\"fg-thumb\"><span class=\"fg-image-wrap\"><img decoding=\"async\" title=\"\u201cESP\u00c8CES MENAC\u00c9ES\u201d : Patrice pour le T\u00e9l\u00e9thon le 9 f\u00e9vrier 2020 \u00e0 MONS EN LAONNOIS\" width=\"150\" height=\"150\" class=\"skip-lazy fg-image\" data-src-fg=\"https:\/\/comedialaon.fr\/wp-content\/uploads\/cache\/2020\/02\/Mons-9-f\u00e9vrier-2020_18\/29035755.jpg\" src=\"data:image\/svg+xml,%3Csvg%20xmlns%3D%22http%3A%2F%2Fwww.w3.org%2F2000%2Fsvg%22%20width%3D%22150%22%20height%3D%22150%22%20viewBox%3D%220%200%20150%20150%22%3E%3C%2Fsvg%3E\" loading=\"eager\"><\/span><span class=\"fg-image-overlay\"><\/span><\/a><figcaption class=\"fg-caption\"><div class=\"fg-caption-inner\"><div class=\"fg-caption-title\">\u201cESP\u00c8CES MENAC\u00c9ES\u201d : Patrice pour le T\u00e9l\u00e9thon le 9 f\u00e9vrier 2020 \u00e0 MONS EN LAONNOIS<\/div><\/div><\/figcaption><\/figure><div class=\"fg-loader\"><\/div><\/div><div class=\"fg-item fg-type-image fg-idle\"><figure class=\"fg-item-inner\"><a href=\"https:\/\/comedialaon.fr\/wp-content\/uploads\/2020\/02\/Mons-9-f\u00e9vrier-2020_19.jpg\" data-caption-title=\"\u201cESP\u00c8CES MENAC\u00c9ES\u201d : Patrice et Josiane pour le T\u00e9l\u00e9thon le 9 f\u00e9vrier 2020 \u00e0 MONS EN LAONNOIS\" data-attachment-id=\"3733\" data-type=\"image\" class=\"fg-thumb\"><span class=\"fg-image-wrap\"><img decoding=\"async\" title=\"\u201cESP\u00c8CES MENAC\u00c9ES\u201d : Patrice et Josiane pour le T\u00e9l\u00e9thon le 9 f\u00e9vrier 2020 \u00e0 MONS EN LAONNOIS\" width=\"150\" height=\"150\" class=\"skip-lazy fg-image\" data-src-fg=\"https:\/\/comedialaon.fr\/wp-content\/uploads\/cache\/2020\/02\/Mons-9-f\u00e9vrier-2020_19\/3633396364.jpg\" src=\"data:image\/svg+xml,%3Csvg%20xmlns%3D%22http%3A%2F%2Fwww.w3.org%2F2000%2Fsvg%22%20width%3D%22150%22%20height%3D%22150%22%20viewBox%3D%220%200%20150%20150%22%3E%3C%2Fsvg%3E\" loading=\"eager\"><\/span><span class=\"fg-image-overlay\"><\/span><\/a><figcaption class=\"fg-caption\"><div class=\"fg-caption-inner\"><div class=\"fg-caption-title\">\u201cESP\u00c8CES MENAC\u00c9ES\u201d : Patrice et Josiane pour le T\u00e9l\u00e9thon le 9 f\u00e9vrier 2020 \u00e0 MONS EN LAONNOIS<\/div><\/div><\/figcaption><\/figure><div class=\"fg-loader\"><\/div><\/div><div class=\"fg-item fg-type-image fg-idle\"><figure class=\"fg-item-inner\"><a href=\"https:\/\/comedialaon.fr\/wp-content\/uploads\/2020\/02\/Mons-9-f\u00e9vrier-2020_20.jpg\" data-caption-title=\"\u201cESP\u00c8CES MENAC\u00c9ES\u201d : Patrice pour le T\u00e9l\u00e9thon le 9 f\u00e9vrier 2020 \u00e0 MONS EN LAONNOIS\" data-attachment-id=\"3734\" data-type=\"image\" class=\"fg-thumb\"><span class=\"fg-image-wrap\"><img decoding=\"async\" title=\"\u201cESP\u00c8CES MENAC\u00c9ES\u201d : Patrice pour le T\u00e9l\u00e9thon le 9 f\u00e9vrier 2020 \u00e0 MONS EN LAONNOIS\" width=\"150\" height=\"150\" class=\"skip-lazy fg-image\" data-src-fg=\"https:\/\/comedialaon.fr\/wp-content\/uploads\/cache\/2020\/02\/Mons-9-f\u00e9vrier-2020_20\/2530450829.jpg\" src=\"data:image\/svg+xml,%3Csvg%20xmlns%3D%22http%3A%2F%2Fwww.w3.org%2F2000%2Fsvg%22%20width%3D%22150%22%20height%3D%22150%22%20viewBox%3D%220%200%20150%20150%22%3E%3C%2Fsvg%3E\" loading=\"eager\"><\/span><span class=\"fg-image-overlay\"><\/span><\/a><figcaption class=\"fg-caption\"><div class=\"fg-caption-inner\"><div class=\"fg-caption-title\">\u201cESP\u00c8CES MENAC\u00c9ES\u201d : Patrice pour le T\u00e9l\u00e9thon le 9 f\u00e9vrier 2020 \u00e0 MONS EN LAONNOIS<\/div><\/div><\/figcaption><\/figure><div class=\"fg-loader\"><\/div><\/div><div class=\"fg-item fg-type-image fg-idle\"><figure class=\"fg-item-inner\"><a href=\"https:\/\/comedialaon.fr\/wp-content\/uploads\/2020\/02\/Mons-9-f\u00e9vrier-2020_21.jpg\" data-caption-title=\"\u201cESP\u00c8CES MENAC\u00c9ES\u201d : Patrice pour le T\u00e9l\u00e9thon le 9 f\u00e9vrier 2020 \u00e0 MONS EN LAONNOIS\" data-attachment-id=\"3735\" data-type=\"image\" class=\"fg-thumb\"><span class=\"fg-image-wrap\"><img decoding=\"async\" title=\"\u201cESP\u00c8CES MENAC\u00c9ES\u201d : Patrice pour le T\u00e9l\u00e9thon le 9 f\u00e9vrier 2020 \u00e0 MONS EN LAONNOIS\" width=\"150\" height=\"150\" class=\"skip-lazy fg-image\" data-src-fg=\"https:\/\/comedialaon.fr\/wp-content\/uploads\/cache\/2020\/02\/Mons-9-f\u00e9vrier-2020_21\/1341762538.jpg\" src=\"data:image\/svg+xml,%3Csvg%20xmlns%3D%22http%3A%2F%2Fwww.w3.org%2F2000%2Fsvg%22%20width%3D%22150%22%20height%3D%22150%22%20viewBox%3D%220%200%20150%20150%22%3E%3C%2Fsvg%3E\" loading=\"eager\"><\/span><span class=\"fg-image-overlay\"><\/span><\/a><figcaption class=\"fg-caption\"><div class=\"fg-caption-inner\"><div class=\"fg-caption-title\">\u201cESP\u00c8CES MENAC\u00c9ES\u201d : Patrice pour le T\u00e9l\u00e9thon le 9 f\u00e9vrier 2020 \u00e0 MONS EN LAONNOIS<\/div><\/div><\/figcaption><\/figure><div class=\"fg-loader\"><\/div><\/div><div class=\"fg-item fg-type-image fg-idle\"><figure class=\"fg-item-inner\"><a href=\"https:\/\/comedialaon.fr\/wp-content\/uploads\/2020\/02\/Mons-9-f\u00e9vrier-2020_22.jpg\" data-caption-title=\"\u201cESP\u00c8CES MENAC\u00c9ES\u201d : Patrice et Josiane pour le T\u00e9l\u00e9thon le 9 f\u00e9vrier 2020 \u00e0 MONS EN LAONNOIS\" data-attachment-id=\"3736\" data-type=\"image\" class=\"fg-thumb\"><span class=\"fg-image-wrap\"><img decoding=\"async\" title=\"\u201cESP\u00c8CES MENAC\u00c9ES\u201d : Patrice et Josiane pour le T\u00e9l\u00e9thon le 9 f\u00e9vrier 2020 \u00e0 MONS EN LAONNOIS\" width=\"150\" height=\"150\" class=\"skip-lazy fg-image\" data-src-fg=\"https:\/\/comedialaon.fr\/wp-content\/uploads\/cache\/2020\/02\/Mons-9-f\u00e9vrier-2020_22\/4294375170.jpg\" src=\"data:image\/svg+xml,%3Csvg%20xmlns%3D%22http%3A%2F%2Fwww.w3.org%2F2000%2Fsvg%22%20width%3D%22150%22%20height%3D%22150%22%20viewBox%3D%220%200%20150%20150%22%3E%3C%2Fsvg%3E\" loading=\"eager\"><\/span><span class=\"fg-image-overlay\"><\/span><\/a><figcaption class=\"fg-caption\"><div class=\"fg-caption-inner\"><div class=\"fg-caption-title\">\u201cESP\u00c8CES MENAC\u00c9ES\u201d : Patrice et Josiane pour le T\u00e9l\u00e9thon le 9 f\u00e9vrier 2020 \u00e0 MONS EN LAONNOIS<\/div><\/div><\/figcaption><\/figure><div class=\"fg-loader\"><\/div><\/div><div class=\"fg-item fg-type-image fg-idle\"><figure class=\"fg-item-inner\"><a href=\"https:\/\/comedialaon.fr\/wp-content\/uploads\/2020\/02\/Mons-9-f\u00e9vrier-2020_23.jpg\" data-caption-title=\"\u201cESP\u00c8CES MENAC\u00c9ES\u201d : Shahnaz pour le T\u00e9l\u00e9thon le 9 f\u00e9vrier 2020 \u00e0 MONS EN LAONNOIS\" data-attachment-id=\"3737\" data-type=\"image\" class=\"fg-thumb\"><span class=\"fg-image-wrap\"><img decoding=\"async\" title=\"\u201cESP\u00c8CES MENAC\u00c9ES\u201d : Shahnaz pour le T\u00e9l\u00e9thon le 9 f\u00e9vrier 2020 \u00e0 MONS EN LAONNOIS\" width=\"150\" height=\"150\" class=\"skip-lazy fg-image\" data-src-fg=\"https:\/\/comedialaon.fr\/wp-content\/uploads\/cache\/2020\/02\/Mons-9-f\u00e9vrier-2020_23\/652001637.jpg\" src=\"data:image\/svg+xml,%3Csvg%20xmlns%3D%22http%3A%2F%2Fwww.w3.org%2F2000%2Fsvg%22%20width%3D%22150%22%20height%3D%22150%22%20viewBox%3D%220%200%20150%20150%22%3E%3C%2Fsvg%3E\" loading=\"eager\"><\/span><span class=\"fg-image-overlay\"><\/span><\/a><figcaption class=\"fg-caption\"><div class=\"fg-caption-inner\"><div class=\"fg-caption-title\">\u201cESP\u00c8CES MENAC\u00c9ES\u201d : Shahnaz pour le T\u00e9l\u00e9thon le 9 f\u00e9vrier 2020 \u00e0 MONS EN LAONNOIS<\/div><\/div><\/figcaption><\/figure><div class=\"fg-loader\"><\/div><\/div><div class=\"fg-item fg-type-image fg-idle\"><figure class=\"fg-item-inner\"><a href=\"https:\/\/comedialaon.fr\/wp-content\/uploads\/2020\/02\/Mons-9-f\u00e9vrier-2020_24.jpg\" data-caption-title=\"\u201cESP\u00c8CES MENAC\u00c9ES\u201d : Bernard pour le T\u00e9l\u00e9thon le 9 f\u00e9vrier 2020 \u00e0 MONS EN LAONNOIS\" data-attachment-id=\"3738\" data-type=\"image\" class=\"fg-thumb\"><span class=\"fg-image-wrap\"><img decoding=\"async\" title=\"\u201cESP\u00c8CES MENAC\u00c9ES\u201d : Bernard pour le T\u00e9l\u00e9thon le 9 f\u00e9vrier 2020 \u00e0 MONS EN LAONNOIS\" width=\"150\" height=\"150\" class=\"skip-lazy fg-image\" data-src-fg=\"https:\/\/comedialaon.fr\/wp-content\/uploads\/cache\/2020\/02\/Mons-9-f\u00e9vrier-2020_24\/3902340955.jpg\" src=\"data:image\/svg+xml,%3Csvg%20xmlns%3D%22http%3A%2F%2Fwww.w3.org%2F2000%2Fsvg%22%20width%3D%22150%22%20height%3D%22150%22%20viewBox%3D%220%200%20150%20150%22%3E%3C%2Fsvg%3E\" loading=\"eager\"><\/span><span class=\"fg-image-overlay\"><\/span><\/a><figcaption class=\"fg-caption\"><div class=\"fg-caption-inner\"><div class=\"fg-caption-title\">\u201cESP\u00c8CES MENAC\u00c9ES\u201d : Bernard pour le T\u00e9l\u00e9thon le 9 f\u00e9vrier 2020 \u00e0 MONS EN LAONNOIS<\/div><\/div><\/figcaption><\/figure><div class=\"fg-loader\"><\/div><\/div><div class=\"fg-item fg-type-image fg-idle\"><figure class=\"fg-item-inner\"><a href=\"https:\/\/comedialaon.fr\/wp-content\/uploads\/2020\/02\/Mons-9-f\u00e9vrier-2020_25.jpg\" data-caption-title=\"\u201cESP\u00c8CES MENAC\u00c9ES\u201d : Patrice et Bernard pour le T\u00e9l\u00e9thon le 9 f\u00e9vrier 2020 \u00e0 MONS EN LAONNOIS\" data-attachment-id=\"3739\" data-type=\"image\" class=\"fg-thumb\"><span class=\"fg-image-wrap\"><img decoding=\"async\" title=\"\u201cESP\u00c8CES MENAC\u00c9ES\u201d : Patrice et Bernard pour le T\u00e9l\u00e9thon le 9 f\u00e9vrier 2020 \u00e0 MONS EN LAONNOIS\" width=\"150\" height=\"150\" class=\"skip-lazy fg-image\" data-src-fg=\"https:\/\/comedialaon.fr\/wp-content\/uploads\/cache\/2020\/02\/Mons-9-f\u00e9vrier-2020_25\/833800508.jpg\" src=\"data:image\/svg+xml,%3Csvg%20xmlns%3D%22http%3A%2F%2Fwww.w3.org%2F2000%2Fsvg%22%20width%3D%22150%22%20height%3D%22150%22%20viewBox%3D%220%200%20150%20150%22%3E%3C%2Fsvg%3E\" loading=\"eager\"><\/span><span class=\"fg-image-overlay\"><\/span><\/a><figcaption class=\"fg-caption\"><div class=\"fg-caption-inner\"><div class=\"fg-caption-title\">\u201cESP\u00c8CES MENAC\u00c9ES\u201d : Patrice et Bernard pour le T\u00e9l\u00e9thon le 9 f\u00e9vrier 2020 \u00e0 MONS EN LAONNOIS<\/div><\/div><\/figcaption><\/figure><div class=\"fg-loader\"><\/div><\/div><div class=\"fg-item fg-type-image fg-idle\"><figure class=\"fg-item-inner\"><a href=\"https:\/\/comedialaon.fr\/wp-content\/uploads\/2020\/02\/Mons-9-f\u00e9vrier-2020_26.jpg\" data-caption-title=\"\u201cESP\u00c8CES MENAC\u00c9ES\u201d : Josiane pour le T\u00e9l\u00e9thon le 9 f\u00e9vrier 2020 \u00e0 MONS EN LAONNOIS\" data-attachment-id=\"3740\" data-type=\"image\" class=\"fg-thumb\"><span class=\"fg-image-wrap\"><img decoding=\"async\" title=\"\u201cESP\u00c8CES MENAC\u00c9ES\u201d : Josiane pour le T\u00e9l\u00e9thon le 9 f\u00e9vrier 2020 \u00e0 MONS EN LAONNOIS\" width=\"150\" height=\"150\" class=\"skip-lazy fg-image\" data-src-fg=\"https:\/\/comedialaon.fr\/wp-content\/uploads\/cache\/2020\/02\/Mons-9-f\u00e9vrier-2020_26\/912339079.jpg\" src=\"data:image\/svg+xml,%3Csvg%20xmlns%3D%22http%3A%2F%2Fwww.w3.org%2F2000%2Fsvg%22%20width%3D%22150%22%20height%3D%22150%22%20viewBox%3D%220%200%20150%20150%22%3E%3C%2Fsvg%3E\" loading=\"eager\"><\/span><span class=\"fg-image-overlay\"><\/span><\/a><figcaption class=\"fg-caption\"><div class=\"fg-caption-inner\"><div class=\"fg-caption-title\">\u201cESP\u00c8CES MENAC\u00c9ES\u201d : Josiane pour le T\u00e9l\u00e9thon le 9 f\u00e9vrier 2020 \u00e0 MONS EN LAONNOIS<\/div><\/div><\/figcaption><\/figure><div class=\"fg-loader\"><\/div><\/div><div class=\"fg-item fg-type-image fg-idle\"><figure class=\"fg-item-inner\"><a href=\"https:\/\/comedialaon.fr\/wp-content\/uploads\/2020\/02\/Mons-9-f\u00e9vrier-2020_27.jpg\" data-caption-title=\"\u201cESP\u00c8CES MENAC\u00c9ES\u201d : Josiane pour le T\u00e9l\u00e9thon le 9 f\u00e9vrier 2020 \u00e0 MONS EN LAONNOIS\" data-attachment-id=\"3741\" data-type=\"image\" class=\"fg-thumb\"><span class=\"fg-image-wrap\"><img decoding=\"async\" title=\"\u201cESP\u00c8CES MENAC\u00c9ES\u201d : Josiane pour le T\u00e9l\u00e9thon le 9 f\u00e9vrier 2020 \u00e0 MONS EN LAONNOIS\" width=\"150\" height=\"150\" class=\"skip-lazy fg-image\" data-src-fg=\"https:\/\/comedialaon.fr\/wp-content\/uploads\/cache\/2020\/02\/Mons-9-f\u00e9vrier-2020_27\/4014671584.jpg\" src=\"data:image\/svg+xml,%3Csvg%20xmlns%3D%22http%3A%2F%2Fwww.w3.org%2F2000%2Fsvg%22%20width%3D%22150%22%20height%3D%22150%22%20viewBox%3D%220%200%20150%20150%22%3E%3C%2Fsvg%3E\" loading=\"eager\"><\/span><span class=\"fg-image-overlay\"><\/span><\/a><figcaption class=\"fg-caption\"><div class=\"fg-caption-inner\"><div class=\"fg-caption-title\">\u201cESP\u00c8CES MENAC\u00c9ES\u201d : Josiane pour le T\u00e9l\u00e9thon le 9 f\u00e9vrier 2020 \u00e0 MONS EN LAONNOIS<\/div><\/div><\/figcaption><\/figure><div class=\"fg-loader\"><\/div><\/div><div class=\"fg-item fg-type-image fg-idle\"><figure class=\"fg-item-inner\"><a href=\"https:\/\/comedialaon.fr\/wp-content\/uploads\/2020\/02\/Mons-9-f\u00e9vrier-2020_28.jpg\" data-caption-title=\"\u201cESP\u00c8CES MENAC\u00c9ES\u201d : S\u00e9verine et Josiane pour le T\u00e9l\u00e9thon le 9 f\u00e9vrier 2020 \u00e0 MONS EN LAONNOIS\" data-attachment-id=\"3742\" data-type=\"image\" class=\"fg-thumb\"><span class=\"fg-image-wrap\"><img decoding=\"async\" title=\"\u201cESP\u00c8CES MENAC\u00c9ES\u201d : S\u00e9verine et Josiane pour le T\u00e9l\u00e9thon le 9 f\u00e9vrier 2020 \u00e0 MONS EN LAONNOIS\" width=\"150\" height=\"150\" class=\"skip-lazy fg-image\" data-src-fg=\"https:\/\/comedialaon.fr\/wp-content\/uploads\/cache\/2020\/02\/Mons-9-f\u00e9vrier-2020_28\/149638983.jpg\" src=\"data:image\/svg+xml,%3Csvg%20xmlns%3D%22http%3A%2F%2Fwww.w3.org%2F2000%2Fsvg%22%20width%3D%22150%22%20height%3D%22150%22%20viewBox%3D%220%200%20150%20150%22%3E%3C%2Fsvg%3E\" loading=\"eager\"><\/span><span class=\"fg-image-overlay\"><\/span><\/a><figcaption class=\"fg-caption\"><div class=\"fg-caption-inner\"><div class=\"fg-caption-title\">\u201cESP\u00c8CES MENAC\u00c9ES\u201d : S\u00e9verine et Josiane pour le T\u00e9l\u00e9thon le 9 f\u00e9vrier 2020 \u00e0 MONS EN LAONNOIS<\/div><\/div><\/figcaption><\/figure><div class=\"fg-loader\"><\/div><\/div><div class=\"fg-item fg-type-image fg-idle\"><figure class=\"fg-item-inner\"><a href=\"https:\/\/comedialaon.fr\/wp-content\/uploads\/2020\/02\/Mons-9-f\u00e9vrier-2020_29.jpg\" data-caption-title=\"\u201cESP\u00c8CES MENAC\u00c9ES\u201d : S\u00e9verine pour le T\u00e9l\u00e9thon le 9 f\u00e9vrier 2020 \u00e0 MONS EN LAONNOIS\" data-attachment-id=\"3743\" data-type=\"image\" class=\"fg-thumb\"><span class=\"fg-image-wrap\"><img decoding=\"async\" title=\"\u201cESP\u00c8CES MENAC\u00c9ES\u201d : S\u00e9verine pour le T\u00e9l\u00e9thon le 9 f\u00e9vrier 2020 \u00e0 MONS EN LAONNOIS\" width=\"150\" height=\"150\" class=\"skip-lazy fg-image\" data-src-fg=\"https:\/\/comedialaon.fr\/wp-content\/uploads\/cache\/2020\/02\/Mons-9-f\u00e9vrier-2020_29\/3519117600.jpg\" src=\"data:image\/svg+xml,%3Csvg%20xmlns%3D%22http%3A%2F%2Fwww.w3.org%2F2000%2Fsvg%22%20width%3D%22150%22%20height%3D%22150%22%20viewBox%3D%220%200%20150%20150%22%3E%3C%2Fsvg%3E\" loading=\"eager\"><\/span><span class=\"fg-image-overlay\"><\/span><\/a><figcaption class=\"fg-caption\"><div class=\"fg-caption-inner\"><div class=\"fg-caption-title\">\u201cESP\u00c8CES MENAC\u00c9ES\u201d : S\u00e9verine pour le T\u00e9l\u00e9thon le 9 f\u00e9vrier 2020 \u00e0 MONS EN LAONNOIS<\/div><\/div><\/figcaption><\/figure><div class=\"fg-loader\"><\/div><\/div><div class=\"fg-item fg-type-image fg-idle\"><figure class=\"fg-item-inner\"><a href=\"https:\/\/comedialaon.fr\/wp-content\/uploads\/2020\/02\/Mons-9-f\u00e9vrier-2020_30.jpg\" data-caption-title=\"\u201cESP\u00c8CES MENAC\u00c9ES\u201d : S\u00e9verine pour le T\u00e9l\u00e9thon le 9 f\u00e9vrier 2020 \u00e0 MONS EN LAONNOIS\" data-attachment-id=\"3744\" data-type=\"image\" class=\"fg-thumb\"><span class=\"fg-image-wrap\"><img decoding=\"async\" title=\"\u201cESP\u00c8CES MENAC\u00c9ES\u201d : S\u00e9verine pour le T\u00e9l\u00e9thon le 9 f\u00e9vrier 2020 \u00e0 MONS EN LAONNOIS\" width=\"150\" height=\"150\" class=\"skip-lazy fg-image\" data-src-fg=\"https:\/\/comedialaon.fr\/wp-content\/uploads\/cache\/2020\/02\/Mons-9-f\u00e9vrier-2020_30\/2977298087.jpg\" src=\"data:image\/svg+xml,%3Csvg%20xmlns%3D%22http%3A%2F%2Fwww.w3.org%2F2000%2Fsvg%22%20width%3D%22150%22%20height%3D%22150%22%20viewBox%3D%220%200%20150%20150%22%3E%3C%2Fsvg%3E\" loading=\"eager\"><\/span><span class=\"fg-image-overlay\"><\/span><\/a><figcaption class=\"fg-caption\"><div class=\"fg-caption-inner\"><div class=\"fg-caption-title\">\u201cESP\u00c8CES MENAC\u00c9ES\u201d : S\u00e9verine pour le T\u00e9l\u00e9thon le 9 f\u00e9vrier 2020 \u00e0 MONS EN LAONNOIS<\/div><\/div><\/figcaption><\/figure><div class=\"fg-loader\"><\/div><\/div><div class=\"fg-item fg-type-image fg-idle\"><figure class=\"fg-item-inner\"><a href=\"https:\/\/comedialaon.fr\/wp-content\/uploads\/2020\/02\/Mons-9-f\u00e9vrier-2020_31.jpg\" data-caption-title=\"\u201cESP\u00c8CES MENAC\u00c9ES\u201d : Christian et S\u00e9verine pour le T\u00e9l\u00e9thon le 9 f\u00e9vrier 2020 \u00e0 MONS EN LAONNOIS\" data-attachment-id=\"3745\" data-type=\"image\" class=\"fg-thumb\"><span class=\"fg-image-wrap\"><img decoding=\"async\" title=\"\u201cESP\u00c8CES MENAC\u00c9ES\u201d : Christian et S\u00e9verine pour le T\u00e9l\u00e9thon le 9 f\u00e9vrier 2020 \u00e0 MONS EN LAONNOIS\" width=\"150\" height=\"150\" class=\"skip-lazy fg-image\" data-src-fg=\"https:\/\/comedialaon.fr\/wp-content\/uploads\/cache\/2020\/02\/Mons-9-f\u00e9vrier-2020_31\/1751105728.jpg\" src=\"data:image\/svg+xml,%3Csvg%20xmlns%3D%22http%3A%2F%2Fwww.w3.org%2F2000%2Fsvg%22%20width%3D%22150%22%20height%3D%22150%22%20viewBox%3D%220%200%20150%20150%22%3E%3C%2Fsvg%3E\" loading=\"eager\"><\/span><span class=\"fg-image-overlay\"><\/span><\/a><figcaption class=\"fg-caption\"><div class=\"fg-caption-inner\"><div class=\"fg-caption-title\">\u201cESP\u00c8CES MENAC\u00c9ES\u201d : Christian et S\u00e9verine pour le T\u00e9l\u00e9thon le 9 f\u00e9vrier 2020 \u00e0 MONS EN LAONNOIS<\/div><\/div><\/figcaption><\/figure><div class=\"fg-loader\"><\/div><\/div><div class=\"fg-item fg-type-image fg-idle\"><figure class=\"fg-item-inner\"><a href=\"https:\/\/comedialaon.fr\/wp-content\/uploads\/2020\/02\/Mons-9-f\u00e9vrier-2020_32.jpg\" data-caption-title=\"\u201cESP\u00c8CES MENAC\u00c9ES\u201d : Christian pour le T\u00e9l\u00e9thon le 9 f\u00e9vrier 2020 \u00e0 MONS EN LAONNOIS\" data-attachment-id=\"3746\" data-type=\"image\" class=\"fg-thumb\"><span class=\"fg-image-wrap\"><img decoding=\"async\" title=\"\u201cESP\u00c8CES MENAC\u00c9ES\u201d : Christian pour le T\u00e9l\u00e9thon le 9 f\u00e9vrier 2020 \u00e0 MONS EN LAONNOIS\" width=\"150\" height=\"150\" class=\"skip-lazy fg-image\" data-src-fg=\"https:\/\/comedialaon.fr\/wp-content\/uploads\/cache\/2020\/02\/Mons-9-f\u00e9vrier-2020_32\/3629161512.jpg\" src=\"data:image\/svg+xml,%3Csvg%20xmlns%3D%22http%3A%2F%2Fwww.w3.org%2F2000%2Fsvg%22%20width%3D%22150%22%20height%3D%22150%22%20viewBox%3D%220%200%20150%20150%22%3E%3C%2Fsvg%3E\" loading=\"eager\"><\/span><span class=\"fg-image-overlay\"><\/span><\/a><figcaption class=\"fg-caption\"><div class=\"fg-caption-inner\"><div class=\"fg-caption-title\">\u201cESP\u00c8CES MENAC\u00c9ES\u201d : Christian pour le T\u00e9l\u00e9thon le 9 f\u00e9vrier 2020 \u00e0 MONS EN LAONNOIS<\/div><\/div><\/figcaption><\/figure><div class=\"fg-loader\"><\/div><\/div><div class=\"fg-item fg-type-image fg-idle\"><figure class=\"fg-item-inner\"><a href=\"https:\/\/comedialaon.fr\/wp-content\/uploads\/2020\/02\/Mons-9-f\u00e9vrier-2020_33.jpg\" data-caption-title=\"\u201cESP\u00c8CES MENAC\u00c9ES\u201d : Christian pour le T\u00e9l\u00e9thon le 9 f\u00e9vrier 2020 \u00e0 MONS EN LAONNOIS\" data-attachment-id=\"3747\" data-type=\"image\" class=\"fg-thumb\"><span class=\"fg-image-wrap\"><img decoding=\"async\" title=\"\u201cESP\u00c8CES MENAC\u00c9ES\u201d : Christian pour le T\u00e9l\u00e9thon le 9 f\u00e9vrier 2020 \u00e0 MONS EN LAONNOIS\" width=\"150\" height=\"150\" class=\"skip-lazy fg-image\" data-src-fg=\"https:\/\/comedialaon.fr\/wp-content\/uploads\/cache\/2020\/02\/Mons-9-f\u00e9vrier-2020_33\/24816207.jpg\" src=\"data:image\/svg+xml,%3Csvg%20xmlns%3D%22http%3A%2F%2Fwww.w3.org%2F2000%2Fsvg%22%20width%3D%22150%22%20height%3D%22150%22%20viewBox%3D%220%200%20150%20150%22%3E%3C%2Fsvg%3E\" loading=\"eager\"><\/span><span class=\"fg-image-overlay\"><\/span><\/a><figcaption class=\"fg-caption\"><div class=\"fg-caption-inner\"><div class=\"fg-caption-title\">\u201cESP\u00c8CES MENAC\u00c9ES\u201d : Christian pour le T\u00e9l\u00e9thon le 9 f\u00e9vrier 2020 \u00e0 MONS EN LAONNOIS<\/div><\/div><\/figcaption><\/figure><div class=\"fg-loader\"><\/div><\/div><div class=\"fg-item fg-type-image fg-idle\"><figure class=\"fg-item-inner\"><a href=\"https:\/\/comedialaon.fr\/wp-content\/uploads\/2020\/02\/Mons-9-f\u00e9vrier-2020_34.jpg\" data-caption-title=\"\u201cESP\u00c8CES MENAC\u00c9ES\u201d : Josiane, Christian et S\u00e9verine pour le T\u00e9l\u00e9thon le 9 f\u00e9vrier 2020 \u00e0 MONS EN LAONNOIS\" data-attachment-id=\"3748\" data-type=\"image\" class=\"fg-thumb\"><span class=\"fg-image-wrap\"><img decoding=\"async\" title=\"\u201cESP\u00c8CES MENAC\u00c9ES\u201d : Josiane, Christian et S\u00e9verine pour le T\u00e9l\u00e9thon le 9 f\u00e9vrier 2020 \u00e0 MONS EN LAONNOIS\" width=\"150\" height=\"150\" class=\"skip-lazy fg-image\" data-src-fg=\"https:\/\/comedialaon.fr\/wp-content\/uploads\/cache\/2020\/02\/Mons-9-f\u00e9vrier-2020_34\/3476984945.jpg\" src=\"data:image\/svg+xml,%3Csvg%20xmlns%3D%22http%3A%2F%2Fwww.w3.org%2F2000%2Fsvg%22%20width%3D%22150%22%20height%3D%22150%22%20viewBox%3D%220%200%20150%20150%22%3E%3C%2Fsvg%3E\" loading=\"eager\"><\/span><span class=\"fg-image-overlay\"><\/span><\/a><figcaption class=\"fg-caption\"><div class=\"fg-caption-inner\"><div class=\"fg-caption-title\">\u201cESP\u00c8CES MENAC\u00c9ES\u201d : Josiane, Christian et S\u00e9verine pour le T\u00e9l\u00e9thon le 9 f\u00e9vrier 2020 \u00e0 MONS EN LAONNOIS<\/div><\/div><\/figcaption><\/figure><div class=\"fg-loader\"><\/div><\/div><div class=\"fg-item fg-type-image fg-idle\"><figure class=\"fg-item-inner\"><a href=\"https:\/\/comedialaon.fr\/wp-content\/uploads\/2020\/02\/Mons-9-f\u00e9vrier-2020_35.jpg\" data-caption-title=\"\u201cESP\u00c8CES MENAC\u00c9ES\u201d : Patrice, Christian, Josiane et S\u00e9verine pour le T\u00e9l\u00e9thon le 9 f\u00e9vrier 2020 \u00e0 MONS EN LAONNOIS\" data-attachment-id=\"3749\" data-type=\"image\" class=\"fg-thumb\"><span class=\"fg-image-wrap\"><img decoding=\"async\" title=\"\u201cESP\u00c8CES MENAC\u00c9ES\u201d : Patrice, Christian, Josiane et S\u00e9verine pour le T\u00e9l\u00e9thon le 9 f\u00e9vrier 2020 \u00e0 MONS EN LAONNOIS\" width=\"150\" height=\"150\" class=\"skip-lazy fg-image\" data-src-fg=\"https:\/\/comedialaon.fr\/wp-content\/uploads\/cache\/2020\/02\/Mons-9-f\u00e9vrier-2020_35\/370450966.jpg\" src=\"data:image\/svg+xml,%3Csvg%20xmlns%3D%22http%3A%2F%2Fwww.w3.org%2F2000%2Fsvg%22%20width%3D%22150%22%20height%3D%22150%22%20viewBox%3D%220%200%20150%20150%22%3E%3C%2Fsvg%3E\" loading=\"eager\"><\/span><span class=\"fg-image-overlay\"><\/span><\/a><figcaption class=\"fg-caption\"><div class=\"fg-caption-inner\"><div class=\"fg-caption-title\">\u201cESP\u00c8CES MENAC\u00c9ES\u201d : Patrice, Christian, Josiane et S\u00e9verine pour le T\u00e9l\u00e9thon le 9 f\u00e9vrier 2020 \u00e0 MONS EN LAONNOIS<\/div><\/div><\/figcaption><\/figure><div class=\"fg-loader\"><\/div><\/div><div class=\"fg-item fg-type-image fg-idle\"><figure class=\"fg-item-inner\"><a href=\"https:\/\/comedialaon.fr\/wp-content\/uploads\/2020\/02\/Mons-9-f\u00e9vrier-2020_36.jpg\" data-caption-title=\"\u201cESP\u00c8CES MENAC\u00c9ES\u201d : S\u00e9verine pour le T\u00e9l\u00e9thon le 9 f\u00e9vrier 2020 \u00e0 MONS EN LAONNOIS\" data-attachment-id=\"3750\" data-type=\"image\" class=\"fg-thumb\"><span class=\"fg-image-wrap\"><img decoding=\"async\" title=\"\u201cESP\u00c8CES MENAC\u00c9ES\u201d : S\u00e9verine pour le T\u00e9l\u00e9thon le 9 f\u00e9vrier 2020 \u00e0 MONS EN LAONNOIS\" width=\"150\" height=\"150\" class=\"skip-lazy fg-image\" data-src-fg=\"https:\/\/comedialaon.fr\/wp-content\/uploads\/cache\/2020\/02\/Mons-9-f\u00e9vrier-2020_36\/3849252426.jpg\" src=\"data:image\/svg+xml,%3Csvg%20xmlns%3D%22http%3A%2F%2Fwww.w3.org%2F2000%2Fsvg%22%20width%3D%22150%22%20height%3D%22150%22%20viewBox%3D%220%200%20150%20150%22%3E%3C%2Fsvg%3E\" loading=\"eager\"><\/span><span class=\"fg-image-overlay\"><\/span><\/a><figcaption class=\"fg-caption\"><div class=\"fg-caption-inner\"><div class=\"fg-caption-title\">\u201cESP\u00c8CES MENAC\u00c9ES\u201d : S\u00e9verine pour le T\u00e9l\u00e9thon le 9 f\u00e9vrier 2020 \u00e0 MONS EN LAONNOIS<\/div><\/div><\/figcaption><\/figure><div class=\"fg-loader\"><\/div><\/div><div class=\"fg-item fg-type-image fg-idle\"><figure class=\"fg-item-inner\"><a href=\"https:\/\/comedialaon.fr\/wp-content\/uploads\/2020\/02\/Mons-9-f\u00e9vrier-2020_37.jpg\" data-caption-title=\"\u201cESP\u00c8CES MENAC\u00c9ES\u201d : Christian pour le T\u00e9l\u00e9thon le 9 f\u00e9vrier 2020 \u00e0 MONS EN LAONNOIS\" data-attachment-id=\"3751\" data-type=\"image\" class=\"fg-thumb\"><span class=\"fg-image-wrap\"><img decoding=\"async\" title=\"\u201cESP\u00c8CES MENAC\u00c9ES\u201d : Christian pour le T\u00e9l\u00e9thon le 9 f\u00e9vrier 2020 \u00e0 MONS EN LAONNOIS\" width=\"150\" height=\"150\" class=\"skip-lazy fg-image\" data-src-fg=\"https:\/\/comedialaon.fr\/wp-content\/uploads\/cache\/2020\/02\/Mons-9-f\u00e9vrier-2020_37\/1011144749.jpg\" src=\"data:image\/svg+xml,%3Csvg%20xmlns%3D%22http%3A%2F%2Fwww.w3.org%2F2000%2Fsvg%22%20width%3D%22150%22%20height%3D%22150%22%20viewBox%3D%220%200%20150%20150%22%3E%3C%2Fsvg%3E\" loading=\"eager\"><\/span><span class=\"fg-image-overlay\"><\/span><\/a><figcaption class=\"fg-caption\"><div class=\"fg-caption-inner\"><div class=\"fg-caption-title\">\u201cESP\u00c8CES MENAC\u00c9ES\u201d : Christian pour le T\u00e9l\u00e9thon le 9 f\u00e9vrier 2020 \u00e0 MONS EN LAONNOIS<\/div><\/div><\/figcaption><\/figure><div class=\"fg-loader\"><\/div><\/div><div class=\"fg-item fg-type-image fg-idle\"><figure class=\"fg-item-inner\"><a href=\"https:\/\/comedialaon.fr\/wp-content\/uploads\/2020\/02\/Mons-9-f\u00e9vrier-2020_38.jpg\" data-caption-title=\"\u201cESP\u00c8CES MENAC\u00c9ES\u201d : Josiane pour le T\u00e9l\u00e9thon le 9 f\u00e9vrier 2020 \u00e0 MONS EN LAONNOIS\" data-attachment-id=\"3752\" data-type=\"image\" class=\"fg-thumb\"><span class=\"fg-image-wrap\"><img decoding=\"async\" title=\"\u201cESP\u00c8CES MENAC\u00c9ES\u201d : Josiane pour le T\u00e9l\u00e9thon le 9 f\u00e9vrier 2020 \u00e0 MONS EN LAONNOIS\" width=\"150\" height=\"150\" class=\"skip-lazy fg-image\" data-src-fg=\"https:\/\/comedialaon.fr\/wp-content\/uploads\/cache\/2020\/02\/Mons-9-f\u00e9vrier-2020_38\/3689189770.jpg\" src=\"data:image\/svg+xml,%3Csvg%20xmlns%3D%22http%3A%2F%2Fwww.w3.org%2F2000%2Fsvg%22%20width%3D%22150%22%20height%3D%22150%22%20viewBox%3D%220%200%20150%20150%22%3E%3C%2Fsvg%3E\" loading=\"eager\"><\/span><span class=\"fg-image-overlay\"><\/span><\/a><figcaption class=\"fg-caption\"><div class=\"fg-caption-inner\"><div class=\"fg-caption-title\">\u201cESP\u00c8CES MENAC\u00c9ES\u201d : Josiane pour le T\u00e9l\u00e9thon le 9 f\u00e9vrier 2020 \u00e0 MONS EN LAONNOIS<\/div><\/div><\/figcaption><\/figure><div class=\"fg-loader\"><\/div><\/div><div class=\"fg-item fg-type-image fg-idle\"><figure class=\"fg-item-inner\"><a href=\"https:\/\/comedialaon.fr\/wp-content\/uploads\/2020\/02\/Mons-9-f\u00e9vrier-2020_39.jpg\" data-caption-title=\"\u201cESP\u00c8CES MENAC\u00c9ES\u201d : Shahnaz et Christian pour le T\u00e9l\u00e9thon le 9 f\u00e9vrier 2020 \u00e0 MONS EN LAONNOIS\" data-attachment-id=\"3753\" data-type=\"image\" class=\"fg-thumb\"><span class=\"fg-image-wrap\"><img decoding=\"async\" title=\"\u201cESP\u00c8CES MENAC\u00c9ES\u201d : Shahnaz et Christian pour le T\u00e9l\u00e9thon le 9 f\u00e9vrier 2020 \u00e0 MONS EN LAONNOIS\" width=\"150\" height=\"150\" class=\"skip-lazy fg-image\" data-src-fg=\"https:\/\/comedialaon.fr\/wp-content\/uploads\/cache\/2020\/02\/Mons-9-f\u00e9vrier-2020_39\/47097837.jpg\" src=\"data:image\/svg+xml,%3Csvg%20xmlns%3D%22http%3A%2F%2Fwww.w3.org%2F2000%2Fsvg%22%20width%3D%22150%22%20height%3D%22150%22%20viewBox%3D%220%200%20150%20150%22%3E%3C%2Fsvg%3E\" loading=\"eager\"><\/span><span class=\"fg-image-overlay\"><\/span><\/a><figcaption class=\"fg-caption\"><div class=\"fg-caption-inner\"><div class=\"fg-caption-title\">\u201cESP\u00c8CES MENAC\u00c9ES\u201d : Shahnaz et Christian pour le T\u00e9l\u00e9thon le 9 f\u00e9vrier 2020 \u00e0 MONS EN LAONNOIS<\/div><\/div><\/figcaption><\/figure><div class=\"fg-loader\"><\/div><\/div><div class=\"fg-item fg-type-image fg-idle\"><figure class=\"fg-item-inner\"><a href=\"https:\/\/comedialaon.fr\/wp-content\/uploads\/2020\/02\/Mons-9-f\u00e9vrier-2020_40.jpg\" data-caption-title=\"\u201cESP\u00c8CES MENAC\u00c9ES\u201d : Bernadette pour le T\u00e9l\u00e9thon le 9 f\u00e9vrier 2020 \u00e0 MONS EN LAONNOIS\" data-attachment-id=\"3754\" data-type=\"image\" class=\"fg-thumb\"><span class=\"fg-image-wrap\"><img decoding=\"async\" title=\"\u201cESP\u00c8CES MENAC\u00c9ES\u201d : Bernadette pour le T\u00e9l\u00e9thon le 9 f\u00e9vrier 2020 \u00e0 MONS EN LAONNOIS\" width=\"150\" height=\"150\" class=\"skip-lazy fg-image\" data-src-fg=\"https:\/\/comedialaon.fr\/wp-content\/uploads\/cache\/2020\/02\/Mons-9-f\u00e9vrier-2020_40\/291525088.jpg\" src=\"data:image\/svg+xml,%3Csvg%20xmlns%3D%22http%3A%2F%2Fwww.w3.org%2F2000%2Fsvg%22%20width%3D%22150%22%20height%3D%22150%22%20viewBox%3D%220%200%20150%20150%22%3E%3C%2Fsvg%3E\" loading=\"eager\"><\/span><span class=\"fg-image-overlay\"><\/span><\/a><figcaption class=\"fg-caption\"><div class=\"fg-caption-inner\"><div class=\"fg-caption-title\">\u201cESP\u00c8CES MENAC\u00c9ES\u201d : Bernadette pour le T\u00e9l\u00e9thon le 9 f\u00e9vrier 2020 \u00e0 MONS EN LAONNOIS<\/div><\/div><\/figcaption><\/figure><div class=\"fg-loader\"><\/div><\/div><div class=\"fg-item fg-type-image fg-idle\"><figure class=\"fg-item-inner\"><a href=\"https:\/\/comedialaon.fr\/wp-content\/uploads\/2020\/02\/Mons-9-f\u00e9vrier-2020_41.jpg\" data-caption-title=\"\u201cESP\u00c8CES MENAC\u00c9ES\u201d : Josiane pour le T\u00e9l\u00e9thon le 9 f\u00e9vrier 2020 \u00e0 MONS EN LAONNOIS\" data-attachment-id=\"3755\" data-type=\"image\" class=\"fg-thumb\"><span class=\"fg-image-wrap\"><img decoding=\"async\" title=\"\u201cESP\u00c8CES MENAC\u00c9ES\u201d : Josiane pour le T\u00e9l\u00e9thon le 9 f\u00e9vrier 2020 \u00e0 MONS EN LAONNOIS\" width=\"150\" height=\"150\" class=\"skip-lazy fg-image\" data-src-fg=\"https:\/\/comedialaon.fr\/wp-content\/uploads\/cache\/2020\/02\/Mons-9-f\u00e9vrier-2020_41\/3360319367.jpg\" src=\"data:image\/svg+xml,%3Csvg%20xmlns%3D%22http%3A%2F%2Fwww.w3.org%2F2000%2Fsvg%22%20width%3D%22150%22%20height%3D%22150%22%20viewBox%3D%220%200%20150%20150%22%3E%3C%2Fsvg%3E\" loading=\"eager\"><\/span><span class=\"fg-image-overlay\"><\/span><\/a><figcaption class=\"fg-caption\"><div class=\"fg-caption-inner\"><div class=\"fg-caption-title\">\u201cESP\u00c8CES MENAC\u00c9ES\u201d : Josiane pour le T\u00e9l\u00e9thon le 9 f\u00e9vrier 2020 \u00e0 MONS EN LAONNOIS<\/div><\/div><\/figcaption><\/figure><div class=\"fg-loader\"><\/div><\/div><div class=\"fg-item fg-type-image fg-idle\"><figure class=\"fg-item-inner\"><a href=\"https:\/\/comedialaon.fr\/wp-content\/uploads\/2020\/02\/Mons-9-f\u00e9vrier-2020_42.jpg\" data-caption-title=\"\u201cESP\u00c8CES MENAC\u00c9ES\u201d : Josiane pour le T\u00e9l\u00e9thon le 9 f\u00e9vrier 2020 \u00e0 MONS EN LAONNOIS\" data-attachment-id=\"3756\" data-type=\"image\" class=\"fg-thumb\"><span class=\"fg-image-wrap\"><img decoding=\"async\" title=\"\u201cESP\u00c8CES MENAC\u00c9ES\u201d : Josiane pour le T\u00e9l\u00e9thon le 9 f\u00e9vrier 2020 \u00e0 MONS EN LAONNOIS\" width=\"150\" height=\"150\" class=\"skip-lazy fg-image\" data-src-fg=\"https:\/\/comedialaon.fr\/wp-content\/uploads\/cache\/2020\/02\/Mons-9-f\u00e9vrier-2020_42\/2017803119.jpg\" src=\"data:image\/svg+xml,%3Csvg%20xmlns%3D%22http%3A%2F%2Fwww.w3.org%2F2000%2Fsvg%22%20width%3D%22150%22%20height%3D%22150%22%20viewBox%3D%220%200%20150%20150%22%3E%3C%2Fsvg%3E\" loading=\"eager\"><\/span><span class=\"fg-image-overlay\"><\/span><\/a><figcaption class=\"fg-caption\"><div class=\"fg-caption-inner\"><div class=\"fg-caption-title\">\u201cESP\u00c8CES MENAC\u00c9ES\u201d : Josiane pour le T\u00e9l\u00e9thon le 9 f\u00e9vrier 2020 \u00e0 MONS EN LAONNOIS<\/div><\/div><\/figcaption><\/figure><div class=\"fg-loader\"><\/div><\/div><div class=\"fg-item fg-type-image fg-idle\"><figure class=\"fg-item-inner\"><a href=\"https:\/\/comedialaon.fr\/wp-content\/uploads\/2020\/02\/Mons-9-f\u00e9vrier-2020_43.jpg\" data-caption-title=\"\u201cESP\u00c8CES MENAC\u00c9ES\u201d : Josiane et Bernadette pour le T\u00e9l\u00e9thon le 9 f\u00e9vrier 2020 \u00e0 MONS EN LAONNOIS\" data-attachment-id=\"3757\" data-type=\"image\" class=\"fg-thumb\"><span class=\"fg-image-wrap\"><img decoding=\"async\" title=\"\u201cESP\u00c8CES MENAC\u00c9ES\u201d : Josiane et Bernadette pour le T\u00e9l\u00e9thon le 9 f\u00e9vrier 2020 \u00e0 MONS EN LAONNOIS\" width=\"150\" height=\"150\" class=\"skip-lazy fg-image\" data-src-fg=\"https:\/\/comedialaon.fr\/wp-content\/uploads\/cache\/2020\/02\/Mons-9-f\u00e9vrier-2020_43\/2708409608.jpg\" src=\"data:image\/svg+xml,%3Csvg%20xmlns%3D%22http%3A%2F%2Fwww.w3.org%2F2000%2Fsvg%22%20width%3D%22150%22%20height%3D%22150%22%20viewBox%3D%220%200%20150%20150%22%3E%3C%2Fsvg%3E\" loading=\"eager\"><\/span><span class=\"fg-image-overlay\"><\/span><\/a><figcaption class=\"fg-caption\"><div class=\"fg-caption-inner\"><div class=\"fg-caption-title\">\u201cESP\u00c8CES MENAC\u00c9ES\u201d : Josiane et Bernadette pour le T\u00e9l\u00e9thon le 9 f\u00e9vrier 2020 \u00e0 MONS EN LAONNOIS<\/div><\/div><\/figcaption><\/figure><div class=\"fg-loader\"><\/div><\/div><div class=\"fg-item fg-type-image fg-idle\"><figure class=\"fg-item-inner\"><a href=\"https:\/\/comedialaon.fr\/wp-content\/uploads\/2020\/02\/Mons-9-f\u00e9vrier-2020_44.jpg\" data-caption-title=\"\u201cESP\u00c8CES MENAC\u00c9ES\u201d : Josiane pour le T\u00e9l\u00e9thon le 9 f\u00e9vrier 2020 \u00e0 MONS EN LAONNOIS\" data-attachment-id=\"3758\" data-type=\"image\" class=\"fg-thumb\"><span class=\"fg-image-wrap\"><img decoding=\"async\" title=\"\u201cESP\u00c8CES MENAC\u00c9ES\u201d : Josiane pour le T\u00e9l\u00e9thon le 9 f\u00e9vrier 2020 \u00e0 MONS EN LAONNOIS\" width=\"150\" height=\"150\" class=\"skip-lazy fg-image\" data-src-fg=\"https:\/\/comedialaon.fr\/wp-content\/uploads\/cache\/2020\/02\/Mons-9-f\u00e9vrier-2020_44\/1865102134.jpg\" src=\"data:image\/svg+xml,%3Csvg%20xmlns%3D%22http%3A%2F%2Fwww.w3.org%2F2000%2Fsvg%22%20width%3D%22150%22%20height%3D%22150%22%20viewBox%3D%220%200%20150%20150%22%3E%3C%2Fsvg%3E\" loading=\"eager\"><\/span><span class=\"fg-image-overlay\"><\/span><\/a><figcaption class=\"fg-caption\"><div class=\"fg-caption-inner\"><div class=\"fg-caption-title\">\u201cESP\u00c8CES MENAC\u00c9ES\u201d : Josiane pour le T\u00e9l\u00e9thon le 9 f\u00e9vrier 2020 \u00e0 MONS EN LAONNOIS<\/div><\/div><\/figcaption><\/figure><div class=\"fg-loader\"><\/div><\/div><div class=\"fg-item fg-type-image fg-idle\"><figure class=\"fg-item-inner\"><a href=\"https:\/\/comedialaon.fr\/wp-content\/uploads\/2020\/02\/Mons-9-f\u00e9vrier-2020_45.jpg\" data-caption-title=\"\u201cESP\u00c8CES MENAC\u00c9ES\u201d : Patrice et Josiane pour le T\u00e9l\u00e9thon le 9 f\u00e9vrier 2020 \u00e0 MONS EN LAONNOIS\" data-attachment-id=\"3759\" data-type=\"image\" class=\"fg-thumb\"><span class=\"fg-image-wrap\"><img decoding=\"async\" title=\"\u201cESP\u00c8CES MENAC\u00c9ES\u201d : Patrice et Josiane pour le T\u00e9l\u00e9thon le 9 f\u00e9vrier 2020 \u00e0 MONS EN LAONNOIS\" width=\"150\" height=\"150\" class=\"skip-lazy fg-image\" data-src-fg=\"https:\/\/comedialaon.fr\/wp-content\/uploads\/cache\/2020\/02\/Mons-9-f\u00e9vrier-2020_45\/3053520209.jpg\" src=\"data:image\/svg+xml,%3Csvg%20xmlns%3D%22http%3A%2F%2Fwww.w3.org%2F2000%2Fsvg%22%20width%3D%22150%22%20height%3D%22150%22%20viewBox%3D%220%200%20150%20150%22%3E%3C%2Fsvg%3E\" loading=\"eager\"><\/span><span class=\"fg-image-overlay\"><\/span><\/a><figcaption class=\"fg-caption\"><div class=\"fg-caption-inner\"><div class=\"fg-caption-title\">\u201cESP\u00c8CES MENAC\u00c9ES\u201d : Patrice et Josiane pour le T\u00e9l\u00e9thon le 9 f\u00e9vrier 2020 \u00e0 MONS EN LAONNOIS<\/div><\/div><\/figcaption><\/figure><div class=\"fg-loader\"><\/div><\/div><div class=\"fg-item fg-type-image fg-idle\"><figure class=\"fg-item-inner\"><a href=\"https:\/\/comedialaon.fr\/wp-content\/uploads\/2020\/02\/Mons-9-f\u00e9vrier-2020_46.jpg\" data-caption-title=\"\u201cESP\u00c8CES MENAC\u00c9ES\u201d : Patrice, Bernadette et Josiane pour le T\u00e9l\u00e9thon le 9 f\u00e9vrier 2020 \u00e0 MONS EN LAONNOIS\" data-attachment-id=\"3760\" data-type=\"image\" class=\"fg-thumb\"><span class=\"fg-image-wrap\"><img decoding=\"async\" title=\"\u201cESP\u00c8CES MENAC\u00c9ES\u201d : Patrice, Bernadette et Josiane pour le T\u00e9l\u00e9thon le 9 f\u00e9vrier 2020 \u00e0 MONS EN LAONNOIS\" width=\"150\" height=\"150\" class=\"skip-lazy fg-image\" data-src-fg=\"https:\/\/comedialaon.fr\/wp-content\/uploads\/cache\/2020\/02\/Mons-9-f\u00e9vrier-2020_46\/384031312.jpg\" src=\"data:image\/svg+xml,%3Csvg%20xmlns%3D%22http%3A%2F%2Fwww.w3.org%2F2000%2Fsvg%22%20width%3D%22150%22%20height%3D%22150%22%20viewBox%3D%220%200%20150%20150%22%3E%3C%2Fsvg%3E\" loading=\"eager\"><\/span><span class=\"fg-image-overlay\"><\/span><\/a><figcaption class=\"fg-caption\"><div class=\"fg-caption-inner\"><div class=\"fg-caption-title\">\u201cESP\u00c8CES MENAC\u00c9ES\u201d : Patrice, Bernadette et Josiane pour le T\u00e9l\u00e9thon le 9 f\u00e9vrier 2020 \u00e0 MONS EN LAONNOIS<\/div><\/div><\/figcaption><\/figure><div class=\"fg-loader\"><\/div><\/div><div class=\"fg-item fg-type-image fg-idle\"><figure class=\"fg-item-inner\"><a href=\"https:\/\/comedialaon.fr\/wp-content\/uploads\/2020\/02\/Mons-9-f\u00e9vrier-2020_47.jpg\" data-caption-title=\"\u201cESP\u00c8CES MENAC\u00c9ES\u201d : Bernadette, Patrice et Josiane pour le T\u00e9l\u00e9thon le 9 f\u00e9vrier 2020 \u00e0 MONS EN LAONNOIS\" data-attachment-id=\"3761\" data-type=\"image\" class=\"fg-thumb\"><span class=\"fg-image-wrap\"><img decoding=\"async\" title=\"\u201cESP\u00c8CES MENAC\u00c9ES\u201d : Bernadette, Patrice et Josiane pour le T\u00e9l\u00e9thon le 9 f\u00e9vrier 2020 \u00e0 MONS EN LAONNOIS\" width=\"150\" height=\"150\" class=\"skip-lazy fg-image\" data-src-fg=\"https:\/\/comedialaon.fr\/wp-content\/uploads\/cache\/2020\/02\/Mons-9-f\u00e9vrier-2020_47\/3486116919.jpg\" src=\"data:image\/svg+xml,%3Csvg%20xmlns%3D%22http%3A%2F%2Fwww.w3.org%2F2000%2Fsvg%22%20width%3D%22150%22%20height%3D%22150%22%20viewBox%3D%220%200%20150%20150%22%3E%3C%2Fsvg%3E\" loading=\"eager\"><\/span><span class=\"fg-image-overlay\"><\/span><\/a><figcaption class=\"fg-caption\"><div class=\"fg-caption-inner\"><div class=\"fg-caption-title\">\u201cESP\u00c8CES MENAC\u00c9ES\u201d : Bernadette, Patrice et Josiane pour le T\u00e9l\u00e9thon le 9 f\u00e9vrier 2020 \u00e0 MONS EN LAONNOIS<\/div><\/div><\/figcaption><\/figure><div class=\"fg-loader\"><\/div><\/div><div class=\"fg-item fg-type-image fg-idle\"><figure class=\"fg-item-inner\"><a href=\"https:\/\/comedialaon.fr\/wp-content\/uploads\/2020\/02\/Mons-9-f\u00e9vrier-2020_48.jpg\" data-caption-title=\"\u201cESP\u00c8CES MENAC\u00c9ES\u201d : Patrice et Josiane pour le T\u00e9l\u00e9thon le 9 f\u00e9vrier 2020 \u00e0 MONS EN LAONNOIS\" data-attachment-id=\"3762\" data-type=\"image\" class=\"fg-thumb\"><span class=\"fg-image-wrap\"><img decoding=\"async\" title=\"\u201cESP\u00c8CES MENAC\u00c9ES\u201d : Patrice et Josiane pour le T\u00e9l\u00e9thon le 9 f\u00e9vrier 2020 \u00e0 MONS EN LAONNOIS\" width=\"150\" height=\"150\" class=\"skip-lazy fg-image\" data-src-fg=\"https:\/\/comedialaon.fr\/wp-content\/uploads\/cache\/2020\/02\/Mons-9-f\u00e9vrier-2020_48\/678012304.jpg\" src=\"data:image\/svg+xml,%3Csvg%20xmlns%3D%22http%3A%2F%2Fwww.w3.org%2F2000%2Fsvg%22%20width%3D%22150%22%20height%3D%22150%22%20viewBox%3D%220%200%20150%20150%22%3E%3C%2Fsvg%3E\" loading=\"eager\"><\/span><span class=\"fg-image-overlay\"><\/span><\/a><figcaption class=\"fg-caption\"><div class=\"fg-caption-inner\"><div class=\"fg-caption-title\">\u201cESP\u00c8CES MENAC\u00c9ES\u201d : Patrice et Josiane pour le T\u00e9l\u00e9thon le 9 f\u00e9vrier 2020 \u00e0 MONS EN LAONNOIS<\/div><\/div><\/figcaption><\/figure><div class=\"fg-loader\"><\/div><\/div><div class=\"fg-item fg-type-image fg-idle\"><figure class=\"fg-item-inner\"><a href=\"https:\/\/comedialaon.fr\/wp-content\/uploads\/2020\/02\/Mons-9-f\u00e9vrier-2020_49.jpg\" data-caption-title=\"\u201cESP\u00c8CES MENAC\u00c9ES\u201d : S\u00e9verine et Patrice pour le T\u00e9l\u00e9thon le 9 f\u00e9vrier 2020 \u00e0 MONS EN LAONNOIS\" data-attachment-id=\"3763\" data-type=\"image\" class=\"fg-thumb\"><span class=\"fg-image-wrap\"><img decoding=\"async\" title=\"\u201cESP\u00c8CES MENAC\u00c9ES\u201d : S\u00e9verine et Patrice pour le T\u00e9l\u00e9thon le 9 f\u00e9vrier 2020 \u00e0 MONS EN LAONNOIS\" width=\"150\" height=\"150\" class=\"skip-lazy fg-image\" data-src-fg=\"https:\/\/comedialaon.fr\/wp-content\/uploads\/cache\/2020\/02\/Mons-9-f\u00e9vrier-2020_49\/4047737847.jpg\" src=\"data:image\/svg+xml,%3Csvg%20xmlns%3D%22http%3A%2F%2Fwww.w3.org%2F2000%2Fsvg%22%20width%3D%22150%22%20height%3D%22150%22%20viewBox%3D%220%200%20150%20150%22%3E%3C%2Fsvg%3E\" loading=\"eager\"><\/span><span class=\"fg-image-overlay\"><\/span><\/a><figcaption class=\"fg-caption\"><div class=\"fg-caption-inner\"><div class=\"fg-caption-title\">\u201cESP\u00c8CES MENAC\u00c9ES\u201d : S\u00e9verine et Patrice pour le T\u00e9l\u00e9thon le 9 f\u00e9vrier 2020 \u00e0 MONS EN LAONNOIS<\/div><\/div><\/figcaption><\/figure><div class=\"fg-loader\"><\/div><\/div><div class=\"fg-item fg-type-image fg-idle\"><figure class=\"fg-item-inner\"><a href=\"https:\/\/comedialaon.fr\/wp-content\/uploads\/2020\/02\/Mons-9-f\u00e9vrier-2020_50.jpg\" data-caption-title=\"\u201cESP\u00c8CES MENAC\u00c9ES\u201d : Josiane pour le T\u00e9l\u00e9thon le 9 f\u00e9vrier 2020 \u00e0 MONS EN LAONNOIS\" data-attachment-id=\"3764\" data-type=\"image\" class=\"fg-thumb\"><span class=\"fg-image-wrap\"><img decoding=\"async\" title=\"\u201cESP\u00c8CES MENAC\u00c9ES\u201d : Josiane pour le T\u00e9l\u00e9thon le 9 f\u00e9vrier 2020 \u00e0 MONS EN LAONNOIS\" width=\"150\" height=\"150\" class=\"skip-lazy fg-image\" data-src-fg=\"https:\/\/comedialaon.fr\/wp-content\/uploads\/cache\/2020\/02\/Mons-9-f\u00e9vrier-2020_50\/2448890992.jpg\" src=\"data:image\/svg+xml,%3Csvg%20xmlns%3D%22http%3A%2F%2Fwww.w3.org%2F2000%2Fsvg%22%20width%3D%22150%22%20height%3D%22150%22%20viewBox%3D%220%200%20150%20150%22%3E%3C%2Fsvg%3E\" loading=\"eager\"><\/span><span class=\"fg-image-overlay\"><\/span><\/a><figcaption class=\"fg-caption\"><div class=\"fg-caption-inner\"><div class=\"fg-caption-title\">\u201cESP\u00c8CES MENAC\u00c9ES\u201d : Josiane pour le T\u00e9l\u00e9thon le 9 f\u00e9vrier 2020 \u00e0 MONS EN LAONNOIS<\/div><\/div><\/figcaption><\/figure><div class=\"fg-loader\"><\/div><\/div><div class=\"fg-item fg-type-image fg-idle\"><figure class=\"fg-item-inner\"><a href=\"https:\/\/comedialaon.fr\/wp-content\/uploads\/2020\/02\/Mons-9-f\u00e9vrier-2020_51.jpg\" data-caption-title=\"\u201cESP\u00c8CES MENAC\u00c9ES\u201d : S\u00e9verine, Josiane, Patrice et Bernard pour le T\u00e9l\u00e9thon le 9 f\u00e9vrier 2020 \u00e0 MONS EN LAONNOIS\" data-attachment-id=\"3765\" data-type=\"image\" class=\"fg-thumb\"><span class=\"fg-image-wrap\"><img decoding=\"async\" title=\"\u201cESP\u00c8CES MENAC\u00c9ES\u201d : S\u00e9verine, Josiane, Patrice et Bernard pour le T\u00e9l\u00e9thon le 9 f\u00e9vrier 2020 \u00e0 MONS EN LAONNOIS\" width=\"150\" height=\"150\" class=\"skip-lazy fg-image\" data-src-fg=\"https:\/\/comedialaon.fr\/wp-content\/uploads\/cache\/2020\/02\/Mons-9-f\u00e9vrier-2020_51\/1222453783.jpg\" src=\"data:image\/svg+xml,%3Csvg%20xmlns%3D%22http%3A%2F%2Fwww.w3.org%2F2000%2Fsvg%22%20width%3D%22150%22%20height%3D%22150%22%20viewBox%3D%220%200%20150%20150%22%3E%3C%2Fsvg%3E\" loading=\"eager\"><\/span><span class=\"fg-image-overlay\"><\/span><\/a><figcaption class=\"fg-caption\"><div class=\"fg-caption-inner\"><div class=\"fg-caption-title\">\u201cESP\u00c8CES MENAC\u00c9ES\u201d : S\u00e9verine, Josiane, Patrice et Bernard pour le T\u00e9l\u00e9thon le 9 f\u00e9vrier 2020 \u00e0 MONS EN LAONNOIS<\/div><\/div><\/figcaption><\/figure><div class=\"fg-loader\"><\/div><\/div><div class=\"fg-item fg-type-image fg-idle\"><figure class=\"fg-item-inner\"><a href=\"https:\/\/comedialaon.fr\/wp-content\/uploads\/2020\/02\/Mons-9-f\u00e9vrier-2020_52.jpg\" data-caption-title=\"\u201cESP\u00c8CES MENAC\u00c9ES\u201d : Christian, Bernadette, S\u00e9verine et Patrice pour le T\u00e9l\u00e9thon le 9 f\u00e9vrier 2020 \u00e0 MONS EN LAONNOIS\" data-attachment-id=\"3766\" data-type=\"image\" class=\"fg-thumb\"><span class=\"fg-image-wrap\"><img decoding=\"async\" title=\"\u201cESP\u00c8CES MENAC\u00c9ES\u201d : Christian, Bernadette, S\u00e9verine et Patrice pour le T\u00e9l\u00e9thon le 9 f\u00e9vrier 2020 \u00e0 MONS EN LAONNOIS\" width=\"150\" height=\"150\" class=\"skip-lazy fg-image\" data-src-fg=\"https:\/\/comedialaon.fr\/wp-content\/uploads\/cache\/2020\/02\/Mons-9-f\u00e9vrier-2020_52\/4174542591.jpg\" src=\"data:image\/svg+xml,%3Csvg%20xmlns%3D%22http%3A%2F%2Fwww.w3.org%2F2000%2Fsvg%22%20width%3D%22150%22%20height%3D%22150%22%20viewBox%3D%220%200%20150%20150%22%3E%3C%2Fsvg%3E\" loading=\"eager\"><\/span><span class=\"fg-image-overlay\"><\/span><\/a><figcaption class=\"fg-caption\"><div class=\"fg-caption-inner\"><div class=\"fg-caption-title\">\u201cESP\u00c8CES MENAC\u00c9ES\u201d : Christian, Bernadette, S\u00e9verine et Patrice pour le T\u00e9l\u00e9thon le 9 f\u00e9vrier 2020 \u00e0 MONS EN LAONNOIS<\/div><\/div><\/figcaption><\/figure><div class=\"fg-loader\"><\/div><\/div><div class=\"fg-item fg-type-image fg-idle\"><figure class=\"fg-item-inner\"><a href=\"https:\/\/comedialaon.fr\/wp-content\/uploads\/2020\/02\/Mons-9-f\u00e9vrier-2020_53.jpg\" data-caption-title=\"\u201cESP\u00c8CES MENAC\u00c9ES\u201d : Josiane pour le T\u00e9l\u00e9thon le 9 f\u00e9vrier 2020 \u00e0 MONS EN LAONNOIS\" data-attachment-id=\"3767\" data-type=\"image\" class=\"fg-thumb\"><span class=\"fg-image-wrap\"><img decoding=\"async\" title=\"\u201cESP\u00c8CES MENAC\u00c9ES\u201d : Josiane pour le T\u00e9l\u00e9thon le 9 f\u00e9vrier 2020 \u00e0 MONS EN LAONNOIS\" width=\"150\" height=\"150\" class=\"skip-lazy fg-image\" data-src-fg=\"https:\/\/comedialaon.fr\/wp-content\/uploads\/cache\/2020\/02\/Mons-9-f\u00e9vrier-2020_53\/569917592.jpg\" src=\"data:image\/svg+xml,%3Csvg%20xmlns%3D%22http%3A%2F%2Fwww.w3.org%2F2000%2Fsvg%22%20width%3D%22150%22%20height%3D%22150%22%20viewBox%3D%220%200%20150%20150%22%3E%3C%2Fsvg%3E\" loading=\"eager\"><\/span><span class=\"fg-image-overlay\"><\/span><\/a><figcaption class=\"fg-caption\"><div class=\"fg-caption-inner\"><div class=\"fg-caption-title\">\u201cESP\u00c8CES MENAC\u00c9ES\u201d : Josiane pour le T\u00e9l\u00e9thon le 9 f\u00e9vrier 2020 \u00e0 MONS EN LAONNOIS<\/div><\/div><\/figcaption><\/figure><div class=\"fg-loader\"><\/div><\/div><div class=\"fg-item fg-type-image fg-idle\"><figure class=\"fg-item-inner\"><a href=\"https:\/\/comedialaon.fr\/wp-content\/uploads\/2020\/02\/Mons-9-f\u00e9vrier-2020_54.jpg\" data-caption-title=\"\u201cESP\u00c8CES MENAC\u00c9ES\u201d : Josiane pour le T\u00e9l\u00e9thon le 9 f\u00e9vrier 2020 \u00e0 MONS EN LAONNOIS\" data-attachment-id=\"3768\" data-type=\"image\" class=\"fg-thumb\"><span class=\"fg-image-wrap\"><img decoding=\"async\" title=\"\u201cESP\u00c8CES MENAC\u00c9ES\u201d : Josiane pour le T\u00e9l\u00e9thon le 9 f\u00e9vrier 2020 \u00e0 MONS EN LAONNOIS\" width=\"150\" height=\"150\" class=\"skip-lazy fg-image\" data-src-fg=\"https:\/\/comedialaon.fr\/wp-content\/uploads\/cache\/2020\/02\/Mons-9-f\u00e9vrier-2020_54\/4022107814.jpg\" src=\"data:image\/svg+xml,%3Csvg%20xmlns%3D%22http%3A%2F%2Fwww.w3.org%2F2000%2Fsvg%22%20width%3D%22150%22%20height%3D%22150%22%20viewBox%3D%220%200%20150%20150%22%3E%3C%2Fsvg%3E\" loading=\"eager\"><\/span><span class=\"fg-image-overlay\"><\/span><\/a><figcaption class=\"fg-caption\"><div class=\"fg-caption-inner\"><div class=\"fg-caption-title\">\u201cESP\u00c8CES MENAC\u00c9ES\u201d : Josiane pour le T\u00e9l\u00e9thon le 9 f\u00e9vrier 2020 \u00e0 MONS EN LAONNOIS<\/div><\/div><\/figcaption><\/figure><div class=\"fg-loader\"><\/div><\/div><div class=\"fg-item fg-type-image fg-idle\"><figure class=\"fg-item-inner\"><a href=\"https:\/\/comedialaon.fr\/wp-content\/uploads\/2020\/02\/Mons-9-f\u00e9vrier-2020_55.jpg\" data-caption-title=\"\u201cESP\u00c8CES MENAC\u00c9ES\u201d : S\u00e9verine et Josiane pour le T\u00e9l\u00e9thon le 9 f\u00e9vrier 2020 \u00e0 MONS EN LAONNOIS\" data-attachment-id=\"3769\" data-type=\"image\" class=\"fg-thumb\"><span class=\"fg-image-wrap\"><img decoding=\"async\" title=\"\u201cESP\u00c8CES MENAC\u00c9ES\u201d : S\u00e9verine et Josiane pour le T\u00e9l\u00e9thon le 9 f\u00e9vrier 2020 \u00e0 MONS EN LAONNOIS\" width=\"150\" height=\"150\" class=\"skip-lazy fg-image\" data-src-fg=\"https:\/\/comedialaon.fr\/wp-content\/uploads\/cache\/2020\/02\/Mons-9-f\u00e9vrier-2020_55\/915818689.jpg\" src=\"data:image\/svg+xml,%3Csvg%20xmlns%3D%22http%3A%2F%2Fwww.w3.org%2F2000%2Fsvg%22%20width%3D%22150%22%20height%3D%22150%22%20viewBox%3D%220%200%20150%20150%22%3E%3C%2Fsvg%3E\" loading=\"eager\"><\/span><span class=\"fg-image-overlay\"><\/span><\/a><figcaption class=\"fg-caption\"><div class=\"fg-caption-inner\"><div class=\"fg-caption-title\">\u201cESP\u00c8CES MENAC\u00c9ES\u201d : S\u00e9verine et Josiane pour le T\u00e9l\u00e9thon le 9 f\u00e9vrier 2020 \u00e0 MONS EN LAONNOIS<\/div><\/div><\/figcaption><\/figure><div class=\"fg-loader\"><\/div><\/div><div class=\"fg-item fg-type-image fg-idle\"><figure class=\"fg-item-inner\"><a href=\"https:\/\/comedialaon.fr\/wp-content\/uploads\/2020\/02\/Mons-9-f\u00e9vrier-2020_56.jpg\" data-caption-title=\"\u201cESP\u00c8CES MENAC\u00c9ES\u201d : Christian, Patrice, S\u00e9verine et Josiane pour le T\u00e9l\u00e9thon le 9 f\u00e9vrier 2020 \u00e0 MONS EN LAONNOIS\" data-attachment-id=\"3770\" data-type=\"image\" class=\"fg-thumb\"><span class=\"fg-image-wrap\"><img decoding=\"async\" title=\"\u201cESP\u00c8CES MENAC\u00c9ES\u201d : Christian, Patrice, S\u00e9verine et Josiane pour le T\u00e9l\u00e9thon le 9 f\u00e9vrier 2020 \u00e0 MONS EN LAONNOIS\" width=\"150\" height=\"150\" class=\"skip-lazy fg-image\" data-src-fg=\"https:\/\/comedialaon.fr\/wp-content\/uploads\/cache\/2020\/02\/Mons-9-f\u00e9vrier-2020_56\/3320579229.jpg\" src=\"data:image\/svg+xml,%3Csvg%20xmlns%3D%22http%3A%2F%2Fwww.w3.org%2F2000%2Fsvg%22%20width%3D%22150%22%20height%3D%22150%22%20viewBox%3D%220%200%20150%20150%22%3E%3C%2Fsvg%3E\" loading=\"eager\"><\/span><span class=\"fg-image-overlay\"><\/span><\/a><figcaption class=\"fg-caption\"><div class=\"fg-caption-inner\"><div class=\"fg-caption-title\">\u201cESP\u00c8CES MENAC\u00c9ES\u201d : Christian, Patrice, S\u00e9verine et Josiane pour le T\u00e9l\u00e9thon le 9 f\u00e9vrier 2020 \u00e0 MONS EN LAONNOIS<\/div><\/div><\/figcaption><\/figure><div class=\"fg-loader\"><\/div><\/div><div class=\"fg-item fg-type-image fg-idle\"><figure class=\"fg-item-inner\"><a href=\"https:\/\/comedialaon.fr\/wp-content\/uploads\/2020\/02\/Mons-9-f\u00e9vrier-2020_57.jpg\" data-caption-title=\"\u201cESP\u00c8CES MENAC\u00c9ES\u201d : Christian, Patrice, S\u00e9verine et Josiane pour le T\u00e9l\u00e9thon le 9 f\u00e9vrier 2020 \u00e0 MONS EN LAONNOIS\" data-attachment-id=\"3771\" data-type=\"image\" class=\"fg-thumb\"><span class=\"fg-image-wrap\"><img decoding=\"async\" title=\"\u201cESP\u00c8CES MENAC\u00c9ES\u201d : Christian, Patrice, S\u00e9verine et Josiane pour le T\u00e9l\u00e9thon le 9 f\u00e9vrier 2020 \u00e0 MONS EN LAONNOIS\" width=\"150\" height=\"150\" class=\"skip-lazy fg-image\" data-src-fg=\"https:\/\/comedialaon.fr\/wp-content\/uploads\/cache\/2020\/02\/Mons-9-f\u00e9vrier-2020_57\/482751226.jpg\" src=\"data:image\/svg+xml,%3Csvg%20xmlns%3D%22http%3A%2F%2Fwww.w3.org%2F2000%2Fsvg%22%20width%3D%22150%22%20height%3D%22150%22%20viewBox%3D%220%200%20150%20150%22%3E%3C%2Fsvg%3E\" loading=\"eager\"><\/span><span class=\"fg-image-overlay\"><\/span><\/a><figcaption class=\"fg-caption\"><div class=\"fg-caption-inner\"><div class=\"fg-caption-title\">\u201cESP\u00c8CES MENAC\u00c9ES\u201d : Christian, Patrice, S\u00e9verine et Josiane pour le T\u00e9l\u00e9thon le 9 f\u00e9vrier 2020 \u00e0 MONS EN LAONNOIS<\/div><\/div><\/figcaption><\/figure><div class=\"fg-loader\"><\/div><\/div><div class=\"fg-item fg-type-image fg-idle\"><figure class=\"fg-item-inner\"><a href=\"https:\/\/comedialaon.fr\/wp-content\/uploads\/2020\/02\/Mons-9-f\u00e9vrier-2020_58.jpg\" data-caption-title=\"\u201cESP\u00c8CES MENAC\u00c9ES\u201d : Bernard, Christian et Patrice pour le T\u00e9l\u00e9thon le 9 f\u00e9vrier 2020 \u00e0 MONS EN LAONNOIS\" data-attachment-id=\"3772\" data-type=\"image\" class=\"fg-thumb\"><span class=\"fg-image-wrap\"><img decoding=\"async\" title=\"\u201cESP\u00c8CES MENAC\u00c9ES\u201d : Bernard, Christian et Patrice pour le T\u00e9l\u00e9thon le 9 f\u00e9vrier 2020 \u00e0 MONS EN LAONNOIS\" width=\"150\" height=\"150\" class=\"skip-lazy fg-image\" data-src-fg=\"https:\/\/comedialaon.fr\/wp-content\/uploads\/cache\/2020\/02\/Mons-9-f\u00e9vrier-2020_58\/4217797469.jpg\" src=\"data:image\/svg+xml,%3Csvg%20xmlns%3D%22http%3A%2F%2Fwww.w3.org%2F2000%2Fsvg%22%20width%3D%22150%22%20height%3D%22150%22%20viewBox%3D%220%200%20150%20150%22%3E%3C%2Fsvg%3E\" loading=\"eager\"><\/span><span class=\"fg-image-overlay\"><\/span><\/a><figcaption class=\"fg-caption\"><div class=\"fg-caption-inner\"><div class=\"fg-caption-title\">\u201cESP\u00c8CES MENAC\u00c9ES\u201d : Bernard, Christian et Patrice pour le T\u00e9l\u00e9thon le 9 f\u00e9vrier 2020 \u00e0 MONS EN LAONNOIS<\/div><\/div><\/figcaption><\/figure><div class=\"fg-loader\"><\/div><\/div><div class=\"fg-item fg-type-image fg-idle\"><figure class=\"fg-item-inner\"><a href=\"https:\/\/comedialaon.fr\/wp-content\/uploads\/2020\/02\/Mons-9-f\u00e9vrier-2020_59.jpg\" data-caption-title=\"\u201cESP\u00c8CES MENAC\u00c9ES\u201d : Christian et Patrice pour le T\u00e9l\u00e9thon le 9 f\u00e9vrier 2020 \u00e0 MONS EN LAONNOIS\" data-attachment-id=\"3773\" data-type=\"image\" class=\"fg-thumb\"><span class=\"fg-image-wrap\"><img decoding=\"async\" title=\"\u201cESP\u00c8CES MENAC\u00c9ES\u201d : Christian et Patrice pour le T\u00e9l\u00e9thon le 9 f\u00e9vrier 2020 \u00e0 MONS EN LAONNOIS\" width=\"150\" height=\"150\" class=\"skip-lazy fg-image\" data-src-fg=\"https:\/\/comedialaon.fr\/wp-content\/uploads\/cache\/2020\/02\/Mons-9-f\u00e9vrier-2020_59\/575425850.jpg\" src=\"data:image\/svg+xml,%3Csvg%20xmlns%3D%22http%3A%2F%2Fwww.w3.org%2F2000%2Fsvg%22%20width%3D%22150%22%20height%3D%22150%22%20viewBox%3D%220%200%20150%20150%22%3E%3C%2Fsvg%3E\" loading=\"eager\"><\/span><span class=\"fg-image-overlay\"><\/span><\/a><figcaption class=\"fg-caption\"><div class=\"fg-caption-inner\"><div class=\"fg-caption-title\">\u201cESP\u00c8CES MENAC\u00c9ES\u201d : Christian et Patrice pour le T\u00e9l\u00e9thon le 9 f\u00e9vrier 2020 \u00e0 MONS EN LAONNOIS<\/div><\/div><\/figcaption><\/figure><div class=\"fg-loader\"><\/div><\/div><div class=\"fg-item fg-type-image fg-idle\"><figure class=\"fg-item-inner\"><a href=\"https:\/\/comedialaon.fr\/wp-content\/uploads\/2020\/02\/Mons-9-f\u00e9vrier-2020_60.jpg\" data-caption-title=\"\u201cESP\u00c8CES MENAC\u00c9ES\u201d : Bernard, Christian et Patrice pour le T\u00e9l\u00e9thon le 9 f\u00e9vrier 2020 \u00e0 MONS EN LAONNOIS\" data-attachment-id=\"3774\" data-type=\"image\" class=\"fg-thumb\"><span class=\"fg-image-wrap\"><img decoding=\"async\" title=\"\u201cESP\u00c8CES MENAC\u00c9ES\u201d : Bernard, Christian et Patrice pour le T\u00e9l\u00e9thon le 9 f\u00e9vrier 2020 \u00e0 MONS EN LAONNOIS\" width=\"150\" height=\"150\" class=\"skip-lazy fg-image\" data-src-fg=\"https:\/\/comedialaon.fr\/wp-content\/uploads\/cache\/2020\/02\/Mons-9-f\u00e9vrier-2020_60\/1812916795.jpg\" src=\"data:image\/svg+xml,%3Csvg%20xmlns%3D%22http%3A%2F%2Fwww.w3.org%2F2000%2Fsvg%22%20width%3D%22150%22%20height%3D%22150%22%20viewBox%3D%220%200%20150%20150%22%3E%3C%2Fsvg%3E\" loading=\"eager\"><\/span><span class=\"fg-image-overlay\"><\/span><\/a><figcaption class=\"fg-caption\"><div class=\"fg-caption-inner\"><div class=\"fg-caption-title\">\u201cESP\u00c8CES MENAC\u00c9ES\u201d : Bernard, Christian et Patrice pour le T\u00e9l\u00e9thon le 9 f\u00e9vrier 2020 \u00e0 MONS EN LAONNOIS<\/div><\/div><\/figcaption><\/figure><div class=\"fg-loader\"><\/div><\/div><div class=\"fg-item fg-type-image fg-idle\"><figure class=\"fg-item-inner\"><a href=\"https:\/\/comedialaon.fr\/wp-content\/uploads\/2020\/02\/Mons-9-f\u00e9vrier-2020_61.jpg\" data-caption-title=\"\u201cESP\u00c8CES MENAC\u00c9ES\u201d : Christian, Patrice et S\u00e9verine pour le T\u00e9l\u00e9thon le 9 f\u00e9vrier 2020 \u00e0 MONS EN LAONNOIS\" data-attachment-id=\"3775\" data-type=\"image\" class=\"fg-thumb\"><span class=\"fg-image-wrap\"><img decoding=\"async\" title=\"\u201cESP\u00c8CES MENAC\u00c9ES\u201d : Christian, Patrice et S\u00e9verine pour le T\u00e9l\u00e9thon le 9 f\u00e9vrier 2020 \u00e0 MONS EN LAONNOIS\" width=\"150\" height=\"150\" class=\"skip-lazy fg-image\" data-src-fg=\"https:\/\/comedialaon.fr\/wp-content\/uploads\/cache\/2020\/02\/Mons-9-f\u00e9vrier-2020_61\/3039091804.jpg\" src=\"data:image\/svg+xml,%3Csvg%20xmlns%3D%22http%3A%2F%2Fwww.w3.org%2F2000%2Fsvg%22%20width%3D%22150%22%20height%3D%22150%22%20viewBox%3D%220%200%20150%20150%22%3E%3C%2Fsvg%3E\" loading=\"eager\"><\/span><span class=\"fg-image-overlay\"><\/span><\/a><figcaption class=\"fg-caption\"><div class=\"fg-caption-inner\"><div class=\"fg-caption-title\">\u201cESP\u00c8CES MENAC\u00c9ES\u201d : Christian, Patrice et S\u00e9verine pour le T\u00e9l\u00e9thon le 9 f\u00e9vrier 2020 \u00e0 MONS EN LAONNOIS<\/div><\/div><\/figcaption><\/figure><div class=\"fg-loader\"><\/div><\/div><div class=\"fg-item fg-type-image fg-idle\"><figure class=\"fg-item-inner\"><a href=\"https:\/\/comedialaon.fr\/wp-content\/uploads\/2020\/02\/Mons-9-f\u00e9vrier-2020_62.jpg\" data-caption-title=\"\u201cESP\u00c8CES MENAC\u00c9ES\u201d : Bernadette, S\u00e9verine, Christian et Patrice pour le T\u00e9l\u00e9thon le 9 f\u00e9vrier 2020 \u00e0 MONS EN LAONNOIS\" data-attachment-id=\"3776\" data-type=\"image\" class=\"fg-thumb\"><span class=\"fg-image-wrap\"><img decoding=\"async\" title=\"\u201cESP\u00c8CES MENAC\u00c9ES\u201d : Bernadette, S\u00e9verine, Christian et Patrice pour le T\u00e9l\u00e9thon le 9 f\u00e9vrier 2020 \u00e0 MONS EN LAONNOIS\" width=\"150\" height=\"150\" class=\"skip-lazy fg-image\" data-src-fg=\"https:\/\/comedialaon.fr\/wp-content\/uploads\/cache\/2020\/02\/Mons-9-f\u00e9vrier-2020_62\/86737076.jpg\" src=\"data:image\/svg+xml,%3Csvg%20xmlns%3D%22http%3A%2F%2Fwww.w3.org%2F2000%2Fsvg%22%20width%3D%22150%22%20height%3D%22150%22%20viewBox%3D%220%200%20150%20150%22%3E%3C%2Fsvg%3E\" loading=\"eager\"><\/span><span class=\"fg-image-overlay\"><\/span><\/a><figcaption class=\"fg-caption\"><div class=\"fg-caption-inner\"><div class=\"fg-caption-title\">\u201cESP\u00c8CES MENAC\u00c9ES\u201d : Bernadette, S\u00e9verine, Christian et Patrice pour le T\u00e9l\u00e9thon le 9 f\u00e9vrier 2020 \u00e0 MONS EN LAONNOIS<\/div><\/div><\/figcaption><\/figure><div class=\"fg-loader\"><\/div><\/div><div class=\"fg-item fg-type-image fg-idle\"><figure class=\"fg-item-inner\"><a href=\"https:\/\/comedialaon.fr\/wp-content\/uploads\/2020\/02\/Mons-9-f\u00e9vrier-2020_63.jpg\" data-caption-title=\"\u201cESP\u00c8CES MENAC\u00c9ES\u201d : Christian et Patrice, pour le T\u00e9l\u00e9thon le 9 f\u00e9vrier 2020 \u00e0 MONS EN LAONNOIS\" data-attachment-id=\"3777\" data-type=\"image\" class=\"fg-thumb\"><span class=\"fg-image-wrap\"><img decoding=\"async\" title=\"\u201cESP\u00c8CES MENAC\u00c9ES\u201d : Christian et Patrice, pour le T\u00e9l\u00e9thon le 9 f\u00e9vrier 2020 \u00e0 MONS EN LAONNOIS\" width=\"150\" height=\"150\" class=\"skip-lazy fg-image\" data-src-fg=\"https:\/\/comedialaon.fr\/wp-content\/uploads\/cache\/2020\/02\/Mons-9-f\u00e9vrier-2020_63\/3691099859.jpg\" src=\"data:image\/svg+xml,%3Csvg%20xmlns%3D%22http%3A%2F%2Fwww.w3.org%2F2000%2Fsvg%22%20width%3D%22150%22%20height%3D%22150%22%20viewBox%3D%220%200%20150%20150%22%3E%3C%2Fsvg%3E\" loading=\"eager\"><\/span><span class=\"fg-image-overlay\"><\/span><\/a><figcaption class=\"fg-caption\"><div class=\"fg-caption-inner\"><div class=\"fg-caption-title\">\u201cESP\u00c8CES MENAC\u00c9ES\u201d : Christian et Patrice, pour le T\u00e9l\u00e9thon le 9 f\u00e9vrier 2020 \u00e0 MONS EN LAONNOIS<\/div><\/div><\/figcaption><\/figure><div class=\"fg-loader\"><\/div><\/div><div class=\"fg-item fg-type-image fg-idle\"><figure class=\"fg-item-inner\"><a href=\"https:\/\/comedialaon.fr\/wp-content\/uploads\/2020\/02\/Mons-9-f\u00e9vrier-2020_64.jpg\" data-caption-title=\"\u201cESP\u00c8CES MENAC\u00c9ES\u201d : Christian et Patrice pour le T\u00e9l\u00e9thon le 9 f\u00e9vrier 2020 \u00e0 MONS EN LAONNOIS\" data-attachment-id=\"3778\" data-type=\"image\" class=\"fg-thumb\"><span class=\"fg-image-wrap\"><img decoding=\"async\" title=\"\u201cESP\u00c8CES MENAC\u00c9ES\u201d : Christian et Patrice pour le T\u00e9l\u00e9thon le 9 f\u00e9vrier 2020 \u00e0 MONS EN LAONNOIS\" width=\"150\" height=\"150\" class=\"skip-lazy fg-image\" data-src-fg=\"https:\/\/comedialaon.fr\/wp-content\/uploads\/cache\/2020\/02\/Mons-9-f\u00e9vrier-2020_64\/306546925.jpg\" src=\"data:image\/svg+xml,%3Csvg%20xmlns%3D%22http%3A%2F%2Fwww.w3.org%2F2000%2Fsvg%22%20width%3D%22150%22%20height%3D%22150%22%20viewBox%3D%220%200%20150%20150%22%3E%3C%2Fsvg%3E\" loading=\"eager\"><\/span><span class=\"fg-image-overlay\"><\/span><\/a><figcaption class=\"fg-caption\"><div class=\"fg-caption-inner\"><div class=\"fg-caption-title\">\u201cESP\u00c8CES MENAC\u00c9ES\u201d : Christian et Patrice pour le T\u00e9l\u00e9thon le 9 f\u00e9vrier 2020 \u00e0 MONS EN LAONNOIS<\/div><\/div><\/figcaption><\/figure><div class=\"fg-loader\"><\/div><\/div><div class=\"fg-item fg-type-image fg-idle\"><figure class=\"fg-item-inner\"><a href=\"https:\/\/comedialaon.fr\/wp-content\/uploads\/2020\/02\/Mons-9-f\u00e9vrier-2020_65.jpg\" data-caption-title=\"\u201cESP\u00c8CES MENAC\u00c9ES\u201d : Christian pour le T\u00e9l\u00e9thon le 9 f\u00e9vrier 2020 \u00e0 MONS EN LAONNOIS\" data-attachment-id=\"3779\" data-type=\"image\" class=\"fg-thumb\"><span class=\"fg-image-wrap\"><img decoding=\"async\" title=\"\u201cESP\u00c8CES MENAC\u00c9ES\u201d : Christian pour le T\u00e9l\u00e9thon le 9 f\u00e9vrier 2020 \u00e0 MONS EN LAONNOIS\" width=\"150\" height=\"150\" class=\"skip-lazy fg-image\" data-src-fg=\"https:\/\/comedialaon.fr\/wp-content\/uploads\/cache\/2020\/02\/Mons-9-f\u00e9vrier-2020_65\/3413098122.jpg\" src=\"data:image\/svg+xml,%3Csvg%20xmlns%3D%22http%3A%2F%2Fwww.w3.org%2F2000%2Fsvg%22%20width%3D%22150%22%20height%3D%22150%22%20viewBox%3D%220%200%20150%20150%22%3E%3C%2Fsvg%3E\" loading=\"eager\"><\/span><span class=\"fg-image-overlay\"><\/span><\/a><figcaption class=\"fg-caption\"><div class=\"fg-caption-inner\"><div class=\"fg-caption-title\">\u201cESP\u00c8CES MENAC\u00c9ES\u201d : Christian pour le T\u00e9l\u00e9thon le 9 f\u00e9vrier 2020 \u00e0 MONS EN LAONNOIS<\/div><\/div><\/figcaption><\/figure><div class=\"fg-loader\"><\/div><\/div><div class=\"fg-item fg-type-image fg-idle\"><figure class=\"fg-item-inner\"><a href=\"https:\/\/comedialaon.fr\/wp-content\/uploads\/2020\/02\/Mons-9-f\u00e9vrier-2020_66.jpg\" data-caption-title=\"\u201cESP\u00c8CES MENAC\u00c9ES\u201d : Patrice pour le T\u00e9l\u00e9thon le 9 f\u00e9vrier 2020 \u00e0 MONS EN LAONNOIS\" data-attachment-id=\"3780\" data-type=\"image\" class=\"fg-thumb\"><span class=\"fg-image-wrap\"><img decoding=\"async\" title=\"\u201cESP\u00c8CES MENAC\u00c9ES\u201d : Patrice pour le T\u00e9l\u00e9thon le 9 f\u00e9vrier 2020 \u00e0 MONS EN LAONNOIS\" width=\"150\" height=\"150\" class=\"skip-lazy fg-image\" data-src-fg=\"https:\/\/comedialaon.fr\/wp-content\/uploads\/cache\/2020\/02\/Mons-9-f\u00e9vrier-2020_66\/1504644100.jpg\" src=\"data:image\/svg+xml,%3Csvg%20xmlns%3D%22http%3A%2F%2Fwww.w3.org%2F2000%2Fsvg%22%20width%3D%22150%22%20height%3D%22150%22%20viewBox%3D%220%200%20150%20150%22%3E%3C%2Fsvg%3E\" loading=\"eager\"><\/span><span class=\"fg-image-overlay\"><\/span><\/a><figcaption class=\"fg-caption\"><div class=\"fg-caption-inner\"><div class=\"fg-caption-title\">\u201cESP\u00c8CES MENAC\u00c9ES\u201d : Patrice pour le T\u00e9l\u00e9thon le 9 f\u00e9vrier 2020 \u00e0 MONS EN LAONNOIS<\/div><\/div><\/figcaption><\/figure><div class=\"fg-loader\"><\/div><\/div><div class=\"fg-item fg-type-image fg-idle\"><figure class=\"fg-item-inner\"><a href=\"https:\/\/comedialaon.fr\/wp-content\/uploads\/2020\/02\/Mons-9-f\u00e9vrier-2020_67.jpg\" data-caption-title=\"\u201cESP\u00c8CES MENAC\u00c9ES\u201d : Bernard et Patrice pour le T\u00e9l\u00e9thon le 9 f\u00e9vrier 2020 \u00e0 MONS EN LAONNOIS\" data-attachment-id=\"3781\" data-type=\"image\" class=\"fg-thumb\"><span class=\"fg-image-wrap\"><img decoding=\"async\" title=\"\u201cESP\u00c8CES MENAC\u00c9ES\u201d : Bernard et Patrice pour le T\u00e9l\u00e9thon le 9 f\u00e9vrier 2020 \u00e0 MONS EN LAONNOIS\" width=\"150\" height=\"150\" class=\"skip-lazy fg-image\" data-src-fg=\"https:\/\/comedialaon.fr\/wp-content\/uploads\/cache\/2020\/02\/Mons-9-f\u00e9vrier-2020_67\/2156214883.jpg\" src=\"data:image\/svg+xml,%3Csvg%20xmlns%3D%22http%3A%2F%2Fwww.w3.org%2F2000%2Fsvg%22%20width%3D%22150%22%20height%3D%22150%22%20viewBox%3D%220%200%20150%20150%22%3E%3C%2Fsvg%3E\" loading=\"eager\"><\/span><span class=\"fg-image-overlay\"><\/span><\/a><figcaption class=\"fg-caption\"><div class=\"fg-caption-inner\"><div class=\"fg-caption-title\">\u201cESP\u00c8CES MENAC\u00c9ES\u201d : Bernard et Patrice pour le T\u00e9l\u00e9thon le 9 f\u00e9vrier 2020 \u00e0 MONS EN LAONNOIS<\/div><\/div><\/figcaption><\/figure><div class=\"fg-loader\"><\/div><\/div><div class=\"fg-item fg-type-image fg-idle\"><figure class=\"fg-item-inner\"><a href=\"https:\/\/comedialaon.fr\/wp-content\/uploads\/2020\/02\/Mons-9-f\u00e9vrier-2020_68.jpg\" data-caption-title=\"\u201cESP\u00c8CES MENAC\u00c9ES\u201d : Bernard, Patrice, Christian et Bernadette pour le T\u00e9l\u00e9thon le 9 f\u00e9vrier 2020 \u00e0 MONS EN LAONNOIS\" data-attachment-id=\"3782\" data-type=\"image\" class=\"fg-thumb\"><span class=\"fg-image-wrap\"><img decoding=\"async\" title=\"\u201cESP\u00c8CES MENAC\u00c9ES\u201d : Bernard, Patrice, Christian et Bernadette pour le T\u00e9l\u00e9thon le 9 f\u00e9vrier 2020 \u00e0 MONS EN LAONNOIS\" width=\"150\" height=\"150\" class=\"skip-lazy fg-image\" data-src-fg=\"https:\/\/comedialaon.fr\/wp-content\/uploads\/cache\/2020\/02\/Mons-9-f\u00e9vrier-2020_68\/1730507716.jpg\" src=\"data:image\/svg+xml,%3Csvg%20xmlns%3D%22http%3A%2F%2Fwww.w3.org%2F2000%2Fsvg%22%20width%3D%22150%22%20height%3D%22150%22%20viewBox%3D%220%200%20150%20150%22%3E%3C%2Fsvg%3E\" loading=\"eager\"><\/span><span class=\"fg-image-overlay\"><\/span><\/a><figcaption class=\"fg-caption\"><div class=\"fg-caption-inner\"><div class=\"fg-caption-title\">\u201cESP\u00c8CES MENAC\u00c9ES\u201d : Bernard, Patrice, Christian et Bernadette pour le T\u00e9l\u00e9thon le 9 f\u00e9vrier 2020 \u00e0 MONS EN LAONNOIS<\/div><\/div><\/figcaption><\/figure><div class=\"fg-loader\"><\/div><\/div><div class=\"fg-item fg-type-image fg-idle\"><figure class=\"fg-item-inner\"><a href=\"https:\/\/comedialaon.fr\/wp-content\/uploads\/2020\/02\/Mons-9-f\u00e9vrier-2020_69.jpg\" data-caption-title=\"\u201cESP\u00c8CES MENAC\u00c9ES\u201d : Bernard, Patrice, Christian et Bernadette pour le T\u00e9l\u00e9thon le 9 f\u00e9vrier 2020 \u00e0 MONS EN LAONNOIS\" data-attachment-id=\"3783\" data-type=\"image\" class=\"fg-thumb\"><span class=\"fg-image-wrap\"><img decoding=\"async\" title=\"\u201cESP\u00c8CES MENAC\u00c9ES\u201d : Bernard, Patrice, Christian et Bernadette pour le T\u00e9l\u00e9thon le 9 f\u00e9vrier 2020 \u00e0 MONS EN LAONNOIS\" width=\"150\" height=\"150\" class=\"skip-lazy fg-image\" data-src-fg=\"https:\/\/comedialaon.fr\/wp-content\/uploads\/cache\/2020\/02\/Mons-9-f\u00e9vrier-2020_69\/3188671907.jpg\" src=\"data:image\/svg+xml,%3Csvg%20xmlns%3D%22http%3A%2F%2Fwww.w3.org%2F2000%2Fsvg%22%20width%3D%22150%22%20height%3D%22150%22%20viewBox%3D%220%200%20150%20150%22%3E%3C%2Fsvg%3E\" loading=\"eager\"><\/span><span class=\"fg-image-overlay\"><\/span><\/a><figcaption class=\"fg-caption\"><div class=\"fg-caption-inner\"><div class=\"fg-caption-title\">\u201cESP\u00c8CES MENAC\u00c9ES\u201d : Bernard, Patrice, Christian et Bernadette pour le T\u00e9l\u00e9thon le 9 f\u00e9vrier 2020 \u00e0 MONS EN LAONNOIS<\/div><\/div><\/figcaption><\/figure><div class=\"fg-loader\"><\/div><\/div><div class=\"fg-item fg-type-image fg-idle\"><figure class=\"fg-item-inner\"><a href=\"https:\/\/comedialaon.fr\/wp-content\/uploads\/2020\/02\/Mons-9-f\u00e9vrier-2020_70.jpg\" data-caption-title=\"\u201cESP\u00c8CES MENAC\u00c9ES\u201d : Patrice, Bernard, Christian et Bernadette pour le T\u00e9l\u00e9thon le 9 f\u00e9vrier 2020 \u00e0 MONS EN LAONNOIS\" data-attachment-id=\"3784\" data-type=\"image\" class=\"fg-thumb\"><span class=\"fg-image-wrap\"><img decoding=\"async\" title=\"\u201cESP\u00c8CES MENAC\u00c9ES\u201d : Patrice, Bernard, Christian et Bernadette pour le T\u00e9l\u00e9thon le 9 f\u00e9vrier 2020 \u00e0 MONS EN LAONNOIS\" width=\"150\" height=\"150\" class=\"skip-lazy fg-image\" data-src-fg=\"https:\/\/comedialaon.fr\/wp-content\/uploads\/cache\/2020\/02\/Mons-9-f\u00e9vrier-2020_70\/3736848932.jpg\" src=\"data:image\/svg+xml,%3Csvg%20xmlns%3D%22http%3A%2F%2Fwww.w3.org%2F2000%2Fsvg%22%20width%3D%22150%22%20height%3D%22150%22%20viewBox%3D%220%200%20150%20150%22%3E%3C%2Fsvg%3E\" loading=\"eager\"><\/span><span class=\"fg-image-overlay\"><\/span><\/a><figcaption class=\"fg-caption\"><div class=\"fg-caption-inner\"><div class=\"fg-caption-title\">\u201cESP\u00c8CES MENAC\u00c9ES\u201d : Patrice, Bernard, Christian et Bernadette pour le T\u00e9l\u00e9thon le 9 f\u00e9vrier 2020 \u00e0 MONS EN LAONNOIS<\/div><\/div><\/figcaption><\/figure><div class=\"fg-loader\"><\/div><\/div><div class=\"fg-item fg-type-image fg-idle\"><figure class=\"fg-item-inner\"><a href=\"https:\/\/comedialaon.fr\/wp-content\/uploads\/2020\/02\/Mons-9-f\u00e9vrier-2020_71.jpg\" data-caption-title=\"\u201cESP\u00c8CES MENAC\u00c9ES\u201d : S\u00e9verine, Patrice et Christian pour le T\u00e9l\u00e9thon le 9 f\u00e9vrier 2020 \u00e0 MONS EN LAONNOIS\" data-attachment-id=\"3785\" data-type=\"image\" class=\"fg-thumb\"><span class=\"fg-image-wrap\"><img decoding=\"async\" title=\"\u201cESP\u00c8CES MENAC\u00c9ES\u201d : S\u00e9verine, Patrice et Christian pour le T\u00e9l\u00e9thon le 9 f\u00e9vrier 2020 \u00e0 MONS EN LAONNOIS\" width=\"150\" height=\"150\" class=\"skip-lazy fg-image\" data-src-fg=\"https:\/\/comedialaon.fr\/wp-content\/uploads\/cache\/2020\/02\/Mons-9-f\u00e9vrier-2020_71\/127007811.jpg\" src=\"data:image\/svg+xml,%3Csvg%20xmlns%3D%22http%3A%2F%2Fwww.w3.org%2F2000%2Fsvg%22%20width%3D%22150%22%20height%3D%22150%22%20viewBox%3D%220%200%20150%20150%22%3E%3C%2Fsvg%3E\" loading=\"eager\"><\/span><span class=\"fg-image-overlay\"><\/span><\/a><figcaption class=\"fg-caption\"><div class=\"fg-caption-inner\"><div class=\"fg-caption-title\">\u201cESP\u00c8CES MENAC\u00c9ES\u201d : S\u00e9verine, Patrice et Christian pour le T\u00e9l\u00e9thon le 9 f\u00e9vrier 2020 \u00e0 MONS EN LAONNOIS<\/div><\/div><\/figcaption><\/figure><div class=\"fg-loader\"><\/div><\/div><div class=\"fg-item fg-type-image fg-idle\"><figure class=\"fg-item-inner\"><a href=\"https:\/\/comedialaon.fr\/wp-content\/uploads\/2020\/02\/Mons-9-f\u00e9vrier-2020_72.jpg\" data-caption-title=\"\u201cESP\u00c8CES MENAC\u00c9ES\u201d : S\u00e9verine, Patrice et Christian pour le T\u00e9l\u00e9thon le 9 f\u00e9vrier 2020 \u00e0 MONS EN LAONNOIS\" data-attachment-id=\"3786\" data-type=\"image\" class=\"fg-thumb\"><span class=\"fg-image-wrap\"><img decoding=\"async\" title=\"\u201cESP\u00c8CES MENAC\u00c9ES\u201d : S\u00e9verine, Patrice et Christian pour le T\u00e9l\u00e9thon le 9 f\u00e9vrier 2020 \u00e0 MONS EN LAONNOIS\" width=\"150\" height=\"150\" class=\"skip-lazy fg-image\" data-src-fg=\"https:\/\/comedialaon.fr\/wp-content\/uploads\/cache\/2020\/02\/Mons-9-f\u00e9vrier-2020_72\/3080626347.jpg\" src=\"data:image\/svg+xml,%3Csvg%20xmlns%3D%22http%3A%2F%2Fwww.w3.org%2F2000%2Fsvg%22%20width%3D%22150%22%20height%3D%22150%22%20viewBox%3D%220%200%20150%20150%22%3E%3C%2Fsvg%3E\" loading=\"eager\"><\/span><span class=\"fg-image-overlay\"><\/span><\/a><figcaption class=\"fg-caption\"><div class=\"fg-caption-inner\"><div class=\"fg-caption-title\">\u201cESP\u00c8CES MENAC\u00c9ES\u201d : S\u00e9verine, Patrice et Christian pour le T\u00e9l\u00e9thon le 9 f\u00e9vrier 2020 \u00e0 MONS EN LAONNOIS<\/div><\/div><\/figcaption><\/figure><div class=\"fg-loader\"><\/div><\/div><div class=\"fg-item fg-type-image fg-idle\"><figure class=\"fg-item-inner\"><a href=\"https:\/\/comedialaon.fr\/wp-content\/uploads\/2020\/02\/Mons-9-f\u00e9vrier-2020_73.jpg\" data-caption-title=\"\u201cESP\u00c8CES MENAC\u00c9ES\u201d : S\u00e9verine, Christian et Patrice pour le T\u00e9l\u00e9thon le 9 f\u00e9vrier 2020 \u00e0 MONS EN LAONNOIS\" data-attachment-id=\"3787\" data-type=\"image\" class=\"fg-thumb\"><span class=\"fg-image-wrap\"><img decoding=\"async\" title=\"\u201cESP\u00c8CES MENAC\u00c9ES\u201d : S\u00e9verine, Christian et Patrice pour le T\u00e9l\u00e9thon le 9 f\u00e9vrier 2020 \u00e0 MONS EN LAONNOIS\" width=\"150\" height=\"150\" class=\"skip-lazy fg-image\" data-src-fg=\"https:\/\/comedialaon.fr\/wp-content\/uploads\/cache\/2020\/02\/Mons-9-f\u00e9vrier-2020_73\/1857328844.jpg\" src=\"data:image\/svg+xml,%3Csvg%20xmlns%3D%22http%3A%2F%2Fwww.w3.org%2F2000%2Fsvg%22%20width%3D%22150%22%20height%3D%22150%22%20viewBox%3D%220%200%20150%20150%22%3E%3C%2Fsvg%3E\" loading=\"eager\"><\/span><span class=\"fg-image-overlay\"><\/span><\/a><figcaption class=\"fg-caption\"><div class=\"fg-caption-inner\"><div class=\"fg-caption-title\">\u201cESP\u00c8CES MENAC\u00c9ES\u201d : S\u00e9verine, Christian et Patrice pour le T\u00e9l\u00e9thon le 9 f\u00e9vrier 2020 \u00e0 MONS EN LAONNOIS<\/div><\/div><\/figcaption><\/figure><div class=\"fg-loader\"><\/div><\/div><div class=\"fg-item fg-type-image fg-idle\"><figure class=\"fg-item-inner\"><a href=\"https:\/\/comedialaon.fr\/wp-content\/uploads\/2020\/02\/Mons-9-f\u00e9vrier-2020_74.jpg\" data-caption-title=\"\u201cESP\u00c8CES MENAC\u00c9ES\u201d : S\u00e9verine, Christian et Patrice pour le T\u00e9l\u00e9thon le 9 f\u00e9vrier 2020 \u00e0 MONS EN LAONNOIS\" data-attachment-id=\"3788\" data-type=\"image\" class=\"fg-thumb\"><span class=\"fg-image-wrap\"><img decoding=\"async\" title=\"\u201cESP\u00c8CES MENAC\u00c9ES\u201d : S\u00e9verine, Christian et Patrice pour le T\u00e9l\u00e9thon le 9 f\u00e9vrier 2020 \u00e0 MONS EN LAONNOIS\" width=\"150\" height=\"150\" class=\"skip-lazy fg-image\" data-src-fg=\"https:\/\/comedialaon.fr\/wp-content\/uploads\/cache\/2020\/02\/Mons-9-f\u00e9vrier-2020_74\/2700126450.jpg\" src=\"data:image\/svg+xml,%3Csvg%20xmlns%3D%22http%3A%2F%2Fwww.w3.org%2F2000%2Fsvg%22%20width%3D%22150%22%20height%3D%22150%22%20viewBox%3D%220%200%20150%20150%22%3E%3C%2Fsvg%3E\" loading=\"eager\"><\/span><span class=\"fg-image-overlay\"><\/span><\/a><figcaption class=\"fg-caption\"><div class=\"fg-caption-inner\"><div class=\"fg-caption-title\">\u201cESP\u00c8CES MENAC\u00c9ES\u201d : S\u00e9verine, Christian et Patrice pour le T\u00e9l\u00e9thon le 9 f\u00e9vrier 2020 \u00e0 MONS EN LAONNOIS<\/div><\/div><\/figcaption><\/figure><div class=\"fg-loader\"><\/div><\/div><div class=\"fg-item fg-type-image fg-idle\"><figure class=\"fg-item-inner\"><a href=\"https:\/\/comedialaon.fr\/wp-content\/uploads\/2020\/02\/Mons-9-f\u00e9vrier-2020_75.jpg\" data-caption-title=\"\u201cESP\u00c8CES MENAC\u00c9ES\u201d : S\u00e9verine, Christian et Patrice pour le T\u00e9l\u00e9thon le 9 f\u00e9vrier 2020 \u00e0 MONS EN LAONNOIS\" data-attachment-id=\"3789\" data-type=\"image\" class=\"fg-thumb\"><span class=\"fg-image-wrap\"><img decoding=\"async\" title=\"\u201cESP\u00c8CES MENAC\u00c9ES\u201d : S\u00e9verine, Christian et Patrice pour le T\u00e9l\u00e9thon le 9 f\u00e9vrier 2020 \u00e0 MONS EN LAONNOIS\" width=\"150\" height=\"150\" class=\"skip-lazy fg-image\" data-src-fg=\"https:\/\/comedialaon.fr\/wp-content\/uploads\/cache\/2020\/02\/Mons-9-f\u00e9vrier-2020_75\/2044370581.jpg\" src=\"data:image\/svg+xml,%3Csvg%20xmlns%3D%22http%3A%2F%2Fwww.w3.org%2F2000%2Fsvg%22%20width%3D%22150%22%20height%3D%22150%22%20viewBox%3D%220%200%20150%20150%22%3E%3C%2Fsvg%3E\" loading=\"eager\"><\/span><span class=\"fg-image-overlay\"><\/span><\/a><figcaption class=\"fg-caption\"><div class=\"fg-caption-inner\"><div class=\"fg-caption-title\">\u201cESP\u00c8CES MENAC\u00c9ES\u201d : S\u00e9verine, Christian et Patrice pour le T\u00e9l\u00e9thon le 9 f\u00e9vrier 2020 \u00e0 MONS EN LAONNOIS<\/div><\/div><\/figcaption><\/figure><div class=\"fg-loader\"><\/div><\/div><div class=\"fg-item fg-type-image fg-idle\"><figure class=\"fg-item-inner\"><a href=\"https:\/\/comedialaon.fr\/wp-content\/uploads\/2020\/02\/Mons-9-f\u00e9vrier-2020_76.jpg\" data-caption-title=\"\u201cESP\u00c8CES MENAC\u00c9ES\u201d : Bernadette, Christian, Patrice  et Bernard pour le T\u00e9l\u00e9thon le 9 f\u00e9vrier 2020 \u00e0 MONS EN LAONNOIS\" data-attachment-id=\"3790\" data-type=\"image\" class=\"fg-thumb\"><span class=\"fg-image-wrap\"><img decoding=\"async\" title=\"\u201cESP\u00c8CES MENAC\u00c9ES\u201d : Bernadette, Christian, Patrice  et Bernard pour le T\u00e9l\u00e9thon le 9 f\u00e9vrier 2020 \u00e0 MONS EN LAONNOIS\" width=\"150\" height=\"150\" class=\"skip-lazy fg-image\" data-src-fg=\"https:\/\/comedialaon.fr\/wp-content\/uploads\/cache\/2020\/02\/Mons-9-f\u00e9vrier-2020_76\/2325795529.jpg\" src=\"data:image\/svg+xml,%3Csvg%20xmlns%3D%22http%3A%2F%2Fwww.w3.org%2F2000%2Fsvg%22%20width%3D%22150%22%20height%3D%22150%22%20viewBox%3D%220%200%20150%20150%22%3E%3C%2Fsvg%3E\" loading=\"eager\"><\/span><span class=\"fg-image-overlay\"><\/span><\/a><figcaption class=\"fg-caption\"><div class=\"fg-caption-inner\"><div class=\"fg-caption-title\">\u201cESP\u00c8CES MENAC\u00c9ES\u201d : Bernadette, Christian, Patrice  et Bernard pour le T\u00e9l\u00e9thon le 9 f\u00e9vrier 2020 \u00e0 MONS EN LAONNOIS<\/div><\/div><\/figcaption><\/figure><div class=\"fg-loader\"><\/div><\/div><div class=\"fg-item fg-type-image fg-idle\"><figure class=\"fg-item-inner\"><a href=\"https:\/\/comedialaon.fr\/wp-content\/uploads\/2020\/02\/Mons-9-f\u00e9vrier-2020_77.jpg\" data-caption-title=\"\u201cESP\u00c8CES MENAC\u00c9ES\u201d : Bernard, Christian et Patrice pour le T\u00e9l\u00e9thon le 9 f\u00e9vrier 2020 \u00e0 MONS EN LAONNOIS\" data-attachment-id=\"3791\" data-type=\"image\" class=\"fg-thumb\"><span class=\"fg-image-wrap\"><img decoding=\"async\" title=\"\u201cESP\u00c8CES MENAC\u00c9ES\u201d : Bernard, Christian et Patrice pour le T\u00e9l\u00e9thon le 9 f\u00e9vrier 2020 \u00e0 MONS EN LAONNOIS\" width=\"150\" height=\"150\" class=\"skip-lazy fg-image\" data-src-fg=\"https:\/\/comedialaon.fr\/wp-content\/uploads\/cache\/2020\/02\/Mons-9-f\u00e9vrier-2020_77\/1401611438.jpg\" src=\"data:image\/svg+xml,%3Csvg%20xmlns%3D%22http%3A%2F%2Fwww.w3.org%2F2000%2Fsvg%22%20width%3D%22150%22%20height%3D%22150%22%20viewBox%3D%220%200%20150%20150%22%3E%3C%2Fsvg%3E\" loading=\"eager\"><\/span><span class=\"fg-image-overlay\"><\/span><\/a><figcaption class=\"fg-caption\"><div class=\"fg-caption-inner\"><div class=\"fg-caption-title\">\u201cESP\u00c8CES MENAC\u00c9ES\u201d : Bernard, Christian et Patrice pour le T\u00e9l\u00e9thon le 9 f\u00e9vrier 2020 \u00e0 MONS EN LAONNOIS<\/div><\/div><\/figcaption><\/figure><div class=\"fg-loader\"><\/div><\/div><div class=\"fg-item fg-type-image fg-idle\"><figure class=\"fg-item-inner\"><a href=\"https:\/\/comedialaon.fr\/wp-content\/uploads\/2020\/02\/Mons-9-f\u00e9vrier-2020_78.jpg\" data-caption-title=\"T\u201cESP\u00c8CES MENAC\u00c9ES\u201d : Patrice pour le T\u00e9l\u00e9thon le 9 f\u00e9vrier 2020 \u00e0 MONS EN LAONNOIS\" data-attachment-id=\"3792\" data-type=\"image\" class=\"fg-thumb\"><span class=\"fg-image-wrap\"><img decoding=\"async\" title=\"T\u201cESP\u00c8CES MENAC\u00c9ES\u201d : Patrice pour le T\u00e9l\u00e9thon le 9 f\u00e9vrier 2020 \u00e0 MONS EN LAONNOIS\" width=\"150\" height=\"150\" class=\"skip-lazy fg-image\" data-src-fg=\"https:\/\/comedialaon.fr\/wp-content\/uploads\/cache\/2020\/02\/Mons-9-f\u00e9vrier-2020_78\/3022695689.jpg\" src=\"data:image\/svg+xml,%3Csvg%20xmlns%3D%22http%3A%2F%2Fwww.w3.org%2F2000%2Fsvg%22%20width%3D%22150%22%20height%3D%22150%22%20viewBox%3D%220%200%20150%20150%22%3E%3C%2Fsvg%3E\" loading=\"eager\"><\/span><span class=\"fg-image-overlay\"><\/span><\/a><figcaption class=\"fg-caption\"><div class=\"fg-caption-inner\"><div class=\"fg-caption-title\">T\u201cESP\u00c8CES MENAC\u00c9ES\u201d : Patrice pour le T\u00e9l\u00e9thon le 9 f\u00e9vrier 2020 \u00e0 MONS EN LAONNOIS<\/div><\/div><\/figcaption><\/figure><div class=\"fg-loader\"><\/div><\/div><div class=\"fg-item fg-type-image fg-idle\"><figure class=\"fg-item-inner\"><a href=\"https:\/\/comedialaon.fr\/wp-content\/uploads\/2020\/02\/Mons-9-f\u00e9vrier-2020_79.jpg\" data-caption-title=\"\u201cESP\u00c8CES MENAC\u00c9ES\u201d : Patrice pour le T\u00e9l\u00e9thon le 9 f\u00e9vrier 2020 \u00e0 MONS EN LAONNOIS\" data-attachment-id=\"3793\" data-type=\"image\" class=\"fg-thumb\"><span class=\"fg-image-wrap\"><img decoding=\"async\" title=\"\u201cESP\u00c8CES MENAC\u00c9ES\u201d : Patrice pour le T\u00e9l\u00e9thon le 9 f\u00e9vrier 2020 \u00e0 MONS EN LAONNOIS\" width=\"150\" height=\"150\" class=\"skip-lazy fg-image\" data-src-fg=\"https:\/\/comedialaon.fr\/wp-content\/uploads\/cache\/2020\/02\/Mons-9-f\u00e9vrier-2020_79\/1828756334.jpg\" src=\"data:image\/svg+xml,%3Csvg%20xmlns%3D%22http%3A%2F%2Fwww.w3.org%2F2000%2Fsvg%22%20width%3D%22150%22%20height%3D%22150%22%20viewBox%3D%220%200%20150%20150%22%3E%3C%2Fsvg%3E\" loading=\"eager\"><\/span><span class=\"fg-image-overlay\"><\/span><\/a><figcaption class=\"fg-caption\"><div class=\"fg-caption-inner\"><div class=\"fg-caption-title\">\u201cESP\u00c8CES MENAC\u00c9ES\u201d : Patrice pour le T\u00e9l\u00e9thon le 9 f\u00e9vrier 2020 \u00e0 MONS EN LAONNOIS<\/div><\/div><\/figcaption><\/figure><div class=\"fg-loader\"><\/div><\/div><div class=\"fg-item fg-type-image fg-idle\"><figure class=\"fg-item-inner\"><a href=\"https:\/\/comedialaon.fr\/wp-content\/uploads\/2020\/02\/Mons-9-f\u00e9vrier-2020_80.jpg\" data-caption-title=\"\u201cESP\u00c8CES MENAC\u00c9ES\u201d : S\u00e9verine et Josiane pour le T\u00e9l\u00e9thon le 9 f\u00e9vrier 2020 \u00e0 MONS EN LAONNOIS\" data-attachment-id=\"3794\" data-type=\"image\" class=\"fg-thumb\"><span class=\"fg-image-wrap\"><img decoding=\"async\" title=\"\u201cESP\u00c8CES MENAC\u00c9ES\u201d : S\u00e9verine et Josiane pour le T\u00e9l\u00e9thon le 9 f\u00e9vrier 2020 \u00e0 MONS EN LAONNOIS\" width=\"150\" height=\"150\" class=\"skip-lazy fg-image\" data-src-fg=\"https:\/\/comedialaon.fr\/wp-content\/uploads\/cache\/2020\/02\/Mons-9-f\u00e9vrier-2020_80\/3312897915.jpg\" src=\"data:image\/svg+xml,%3Csvg%20xmlns%3D%22http%3A%2F%2Fwww.w3.org%2F2000%2Fsvg%22%20width%3D%22150%22%20height%3D%22150%22%20viewBox%3D%220%200%20150%20150%22%3E%3C%2Fsvg%3E\" loading=\"eager\"><\/span><span class=\"fg-image-overlay\"><\/span><\/a><figcaption class=\"fg-caption\"><div class=\"fg-caption-inner\"><div class=\"fg-caption-title\">\u201cESP\u00c8CES MENAC\u00c9ES\u201d : S\u00e9verine et Josiane pour le T\u00e9l\u00e9thon le 9 f\u00e9vrier 2020 \u00e0 MONS EN LAONNOIS<\/div><\/div><\/figcaption><\/figure><div class=\"fg-loader\"><\/div><\/div><div class=\"fg-item fg-type-image fg-idle\"><figure class=\"fg-item-inner\"><a href=\"https:\/\/comedialaon.fr\/wp-content\/uploads\/2020\/02\/Mons-9-f\u00e9vrier-2020_81.jpg\" data-caption-title=\"\u201cESP\u00c8CES MENAC\u00c9ES\u201d : Patrice, S\u00e9verine, Josiane et Christian pour le T\u00e9l\u00e9thon le 9 f\u00e9vrier 2020 \u00e0 MONS EN LAONNOIS\" data-attachment-id=\"3795\" data-type=\"image\" class=\"fg-thumb\"><span class=\"fg-image-wrap\"><img decoding=\"async\" title=\"\u201cESP\u00c8CES MENAC\u00c9ES\u201d : Patrice, S\u00e9verine, Josiane et Christian pour le T\u00e9l\u00e9thon le 9 f\u00e9vrier 2020 \u00e0 MONS EN LAONNOIS\" width=\"150\" height=\"150\" class=\"skip-lazy fg-image\" data-src-fg=\"https:\/\/comedialaon.fr\/wp-content\/uploads\/cache\/2020\/02\/Mons-9-f\u00e9vrier-2020_81\/475855132.jpg\" src=\"data:image\/svg+xml,%3Csvg%20xmlns%3D%22http%3A%2F%2Fwww.w3.org%2F2000%2Fsvg%22%20width%3D%22150%22%20height%3D%22150%22%20viewBox%3D%220%200%20150%20150%22%3E%3C%2Fsvg%3E\" loading=\"eager\"><\/span><span class=\"fg-image-overlay\"><\/span><\/a><figcaption class=\"fg-caption\"><div class=\"fg-caption-inner\"><div class=\"fg-caption-title\">\u201cESP\u00c8CES MENAC\u00c9ES\u201d : Patrice, S\u00e9verine, Josiane et Christian pour le T\u00e9l\u00e9thon le 9 f\u00e9vrier 2020 \u00e0 MONS EN LAONNOIS<\/div><\/div><\/figcaption><\/figure><div class=\"fg-loader\"><\/div><\/div><div class=\"fg-item fg-type-image fg-idle\"><figure class=\"fg-item-inner\"><a href=\"https:\/\/comedialaon.fr\/wp-content\/uploads\/2020\/02\/Mons-9-f\u00e9vrier-2020_82.jpg\" data-caption-title=\"\u201cESP\u00c8CES MENAC\u00c9ES\u201d : Josiane pour le T\u00e9l\u00e9thon le 9 f\u00e9vrier 2020 \u00e0 MONS EN LAONNOIS\" data-attachment-id=\"3796\" data-type=\"image\" class=\"fg-thumb\"><span class=\"fg-image-wrap\"><img decoding=\"async\" title=\"\u201cESP\u00c8CES MENAC\u00c9ES\u201d : Josiane pour le T\u00e9l\u00e9thon le 9 f\u00e9vrier 2020 \u00e0 MONS EN LAONNOIS\" width=\"150\" height=\"150\" class=\"skip-lazy fg-image\" data-src-fg=\"https:\/\/comedialaon.fr\/wp-content\/uploads\/cache\/2020\/02\/Mons-9-f\u00e9vrier-2020_82\/2891163124.jpg\" src=\"data:image\/svg+xml,%3Csvg%20xmlns%3D%22http%3A%2F%2Fwww.w3.org%2F2000%2Fsvg%22%20width%3D%22150%22%20height%3D%22150%22%20viewBox%3D%220%200%20150%20150%22%3E%3C%2Fsvg%3E\" loading=\"eager\"><\/span><span class=\"fg-image-overlay\"><\/span><\/a><figcaption class=\"fg-caption\"><div class=\"fg-caption-inner\"><div class=\"fg-caption-title\">\u201cESP\u00c8CES MENAC\u00c9ES\u201d : Josiane pour le T\u00e9l\u00e9thon le 9 f\u00e9vrier 2020 \u00e0 MONS EN LAONNOIS<\/div><\/div><\/figcaption><\/figure><div class=\"fg-loader\"><\/div><\/div><div class=\"fg-item fg-type-image fg-idle\"><figure class=\"fg-item-inner\"><a href=\"https:\/\/comedialaon.fr\/wp-content\/uploads\/2020\/02\/Mons-9-f\u00e9vrier-2020_83.jpg\" data-caption-title=\"\u201cESP\u00c8CES MENAC\u00c9ES\u201d : Josiane pour le T\u00e9l\u00e9thon le 9 f\u00e9vrier 2020 \u00e0 MONS EN LAONNOIS\" data-attachment-id=\"3797\" data-type=\"image\" class=\"fg-thumb\"><span class=\"fg-image-wrap\"><img decoding=\"async\" title=\"\u201cESP\u00c8CES MENAC\u00c9ES\u201d : Josiane pour le T\u00e9l\u00e9thon le 9 f\u00e9vrier 2020 \u00e0 MONS EN LAONNOIS\" width=\"150\" height=\"150\" class=\"skip-lazy fg-image\" data-src-fg=\"https:\/\/comedialaon.fr\/wp-content\/uploads\/cache\/2020\/02\/Mons-9-f\u00e9vrier-2020_83\/1970901907.jpg\" src=\"data:image\/svg+xml,%3Csvg%20xmlns%3D%22http%3A%2F%2Fwww.w3.org%2F2000%2Fsvg%22%20width%3D%22150%22%20height%3D%22150%22%20viewBox%3D%220%200%20150%20150%22%3E%3C%2Fsvg%3E\" loading=\"eager\"><\/span><span class=\"fg-image-overlay\"><\/span><\/a><figcaption class=\"fg-caption\"><div class=\"fg-caption-inner\"><div class=\"fg-caption-title\">\u201cESP\u00c8CES MENAC\u00c9ES\u201d : Josiane pour le T\u00e9l\u00e9thon le 9 f\u00e9vrier 2020 \u00e0 MONS EN LAONNOIS<\/div><\/div><\/figcaption><\/figure><div class=\"fg-loader\"><\/div><\/div><div class=\"fg-item fg-type-image fg-idle\"><figure class=\"fg-item-inner\"><a href=\"https:\/\/comedialaon.fr\/wp-content\/uploads\/2020\/02\/Mons-9-f\u00e9vrier-2020_84.jpg\" data-caption-title=\"\u201cESP\u00c8CES MENAC\u00c9ES\u201d : Josiane et Christian pour le T\u00e9l\u00e9thon le 9 f\u00e9vrier 2020 \u00e0 MONS EN LAONNOIS\" data-attachment-id=\"3798\" data-type=\"image\" class=\"fg-thumb\"><span class=\"fg-image-wrap\"><img decoding=\"async\" title=\"\u201cESP\u00c8CES MENAC\u00c9ES\u201d : Josiane et Christian pour le T\u00e9l\u00e9thon le 9 f\u00e9vrier 2020 \u00e0 MONS EN LAONNOIS\" width=\"150\" height=\"150\" class=\"skip-lazy fg-image\" data-src-fg=\"https:\/\/comedialaon.fr\/wp-content\/uploads\/cache\/2020\/02\/Mons-9-f\u00e9vrier-2020_84\/3141381549.jpg\" src=\"data:image\/svg+xml,%3Csvg%20xmlns%3D%22http%3A%2F%2Fwww.w3.org%2F2000%2Fsvg%22%20width%3D%22150%22%20height%3D%22150%22%20viewBox%3D%220%200%20150%20150%22%3E%3C%2Fsvg%3E\" loading=\"eager\"><\/span><span class=\"fg-image-overlay\"><\/span><\/a><figcaption class=\"fg-caption\"><div class=\"fg-caption-inner\"><div class=\"fg-caption-title\">\u201cESP\u00c8CES MENAC\u00c9ES\u201d : Josiane et Christian pour le T\u00e9l\u00e9thon le 9 f\u00e9vrier 2020 \u00e0 MONS EN LAONNOIS<\/div><\/div><\/figcaption><\/figure><div class=\"fg-loader\"><\/div><\/div><div class=\"fg-item fg-type-image fg-idle\"><figure class=\"fg-item-inner\"><a href=\"https:\/\/comedialaon.fr\/wp-content\/uploads\/2020\/02\/Mons-9-f\u00e9vrier-2020_85.jpg\" data-caption-title=\"\u201cESP\u00c8CES MENAC\u00c9ES\u201d : Josiane et Christian pour le T\u00e9l\u00e9thon le 9 f\u00e9vrier 2020 \u00e0 MONS EN LAONNOIS\" data-attachment-id=\"3799\" data-type=\"image\" class=\"fg-thumb\"><span class=\"fg-image-wrap\"><img decoding=\"async\" title=\"\u201cESP\u00c8CES MENAC\u00c9ES\u201d : Josiane et Christian pour le T\u00e9l\u00e9thon le 9 f\u00e9vrier 2020 \u00e0 MONS EN LAONNOIS\" width=\"150\" height=\"150\" class=\"skip-lazy fg-image\" data-src-fg=\"https:\/\/comedialaon.fr\/wp-content\/uploads\/cache\/2020\/02\/Mons-9-f\u00e9vrier-2020_85\/1645714378.jpg\" src=\"data:image\/svg+xml,%3Csvg%20xmlns%3D%22http%3A%2F%2Fwww.w3.org%2F2000%2Fsvg%22%20width%3D%22150%22%20height%3D%22150%22%20viewBox%3D%220%200%20150%20150%22%3E%3C%2Fsvg%3E\" loading=\"eager\"><\/span><span class=\"fg-image-overlay\"><\/span><\/a><figcaption class=\"fg-caption\"><div class=\"fg-caption-inner\"><div class=\"fg-caption-title\">\u201cESP\u00c8CES MENAC\u00c9ES\u201d : Josiane et Christian pour le T\u00e9l\u00e9thon le 9 f\u00e9vrier 2020 \u00e0 MONS EN LAONNOIS<\/div><\/div><\/figcaption><\/figure><div class=\"fg-loader\"><\/div><\/div><div class=\"fg-item fg-type-image fg-idle\"><figure class=\"fg-item-inner\"><a href=\"https:\/\/comedialaon.fr\/wp-content\/uploads\/2020\/02\/Mons-9-f\u00e9vrier-2020_86.jpg\" data-caption-title=\"\u201cESP\u00c8CES MENAC\u00c9ES\u201d : Patrice, S\u00e9verine, Josiane et Christian pour le T\u00e9l\u00e9thon le 9 f\u00e9vrier 2020 \u00e0 MONS EN LAONNOIS\" data-attachment-id=\"3800\" data-type=\"image\" class=\"fg-thumb\"><span class=\"fg-image-wrap\"><img decoding=\"async\" title=\"\u201cESP\u00c8CES MENAC\u00c9ES\u201d : Patrice, S\u00e9verine, Josiane et Christian pour le T\u00e9l\u00e9thon le 9 f\u00e9vrier 2020 \u00e0 MONS EN LAONNOIS\" width=\"150\" height=\"150\" class=\"skip-lazy fg-image\" data-src-fg=\"https:\/\/comedialaon.fr\/wp-content\/uploads\/cache\/2020\/02\/Mons-9-f\u00e9vrier-2020_86\/1711689544.jpg\" src=\"data:image\/svg+xml,%3Csvg%20xmlns%3D%22http%3A%2F%2Fwww.w3.org%2F2000%2Fsvg%22%20width%3D%22150%22%20height%3D%22150%22%20viewBox%3D%220%200%20150%20150%22%3E%3C%2Fsvg%3E\" loading=\"eager\"><\/span><span class=\"fg-image-overlay\"><\/span><\/a><figcaption class=\"fg-caption\"><div class=\"fg-caption-inner\"><div class=\"fg-caption-title\">\u201cESP\u00c8CES MENAC\u00c9ES\u201d : Patrice, S\u00e9verine, Josiane et Christian pour le T\u00e9l\u00e9thon le 9 f\u00e9vrier 2020 \u00e0 MONS EN LAONNOIS<\/div><\/div><\/figcaption><\/figure><div class=\"fg-loader\"><\/div><\/div><div class=\"fg-item fg-type-image fg-idle\"><figure class=\"fg-item-inner\"><a href=\"https:\/\/comedialaon.fr\/wp-content\/uploads\/2020\/02\/Mons-9-f\u00e9vrier-2020_87.jpg\" data-caption-title=\"\u201cESP\u00c8CES MENAC\u00c9ES\u201d : Patrice pour le T\u00e9l\u00e9thon le 9 f\u00e9vrier 2020 \u00e0 MONS EN LAONNOIS\" data-attachment-id=\"3801\" data-type=\"image\" class=\"fg-thumb\"><span class=\"fg-image-wrap\"><img decoding=\"async\" title=\"\u201cESP\u00c8CES MENAC\u00c9ES\u201d : Patrice pour le T\u00e9l\u00e9thon le 9 f\u00e9vrier 2020 \u00e0 MONS EN LAONNOIS\" width=\"150\" height=\"150\" class=\"skip-lazy fg-image\" data-src-fg=\"https:\/\/comedialaon.fr\/wp-content\/uploads\/cache\/2020\/02\/Mons-9-f\u00e9vrier-2020_87\/3207362863.jpg\" src=\"data:image\/svg+xml,%3Csvg%20xmlns%3D%22http%3A%2F%2Fwww.w3.org%2F2000%2Fsvg%22%20width%3D%22150%22%20height%3D%22150%22%20viewBox%3D%220%200%20150%20150%22%3E%3C%2Fsvg%3E\" loading=\"eager\"><\/span><span class=\"fg-image-overlay\"><\/span><\/a><figcaption class=\"fg-caption\"><div class=\"fg-caption-inner\"><div class=\"fg-caption-title\">\u201cESP\u00c8CES MENAC\u00c9ES\u201d : Patrice pour le T\u00e9l\u00e9thon le 9 f\u00e9vrier 2020 \u00e0 MONS EN LAONNOIS<\/div><\/div><\/figcaption><\/figure><div class=\"fg-loader\"><\/div><\/div><div class=\"fg-item fg-type-image fg-idle\"><figure class=\"fg-item-inner\"><a href=\"https:\/\/comedialaon.fr\/wp-content\/uploads\/2020\/02\/Mons-9-f\u00e9vrier-2020_88.jpg\" data-caption-title=\"\u201cESP\u00c8CES MENAC\u00c9ES\u201d : Josiane et S\u00e9verine pour le T\u00e9l\u00e9thon le 9 f\u00e9vrier 2020 \u00e0 MONS EN LAONNOIS\" data-attachment-id=\"3802\" data-type=\"image\" class=\"fg-thumb\"><span class=\"fg-image-wrap\"><img decoding=\"async\" title=\"\u201cESP\u00c8CES MENAC\u00c9ES\u201d : Josiane et S\u00e9verine pour le T\u00e9l\u00e9thon le 9 f\u00e9vrier 2020 \u00e0 MONS EN LAONNOIS\" width=\"150\" height=\"150\" class=\"skip-lazy fg-image\" data-src-fg=\"https:\/\/comedialaon.fr\/wp-content\/uploads\/cache\/2020\/02\/Mons-9-f\u00e9vrier-2020_88\/1485582472.jpg\" src=\"data:image\/svg+xml,%3Csvg%20xmlns%3D%22http%3A%2F%2Fwww.w3.org%2F2000%2Fsvg%22%20width%3D%22150%22%20height%3D%22150%22%20viewBox%3D%220%200%20150%20150%22%3E%3C%2Fsvg%3E\" loading=\"eager\"><\/span><span class=\"fg-image-overlay\"><\/span><\/a><figcaption class=\"fg-caption\"><div class=\"fg-caption-inner\"><div class=\"fg-caption-title\">\u201cESP\u00c8CES MENAC\u00c9ES\u201d : Josiane et S\u00e9verine pour le T\u00e9l\u00e9thon le 9 f\u00e9vrier 2020 \u00e0 MONS EN LAONNOIS<\/div><\/div><\/figcaption><\/figure><div class=\"fg-loader\"><\/div><\/div><div class=\"fg-item fg-type-image fg-idle\"><figure class=\"fg-item-inner\"><a href=\"https:\/\/comedialaon.fr\/wp-content\/uploads\/2020\/02\/Mons-9-f\u00e9vrier-2020_89.jpg\" data-caption-title=\"\u201cESP\u00c8CES MENAC\u00c9ES\u201d : Josiane et S\u00e9verine pour le T\u00e9l\u00e9thon le 9 f\u00e9vrier 2020 \u00e0 MONS EN LAONNOIS\" data-attachment-id=\"3803\" data-type=\"image\" class=\"fg-thumb\"><span class=\"fg-image-wrap\"><img decoding=\"async\" title=\"\u201cESP\u00c8CES MENAC\u00c9ES\u201d : Josiane et S\u00e9verine pour le T\u00e9l\u00e9thon le 9 f\u00e9vrier 2020 \u00e0 MONS EN LAONNOIS\" width=\"150\" height=\"150\" class=\"skip-lazy fg-image\" data-src-fg=\"https:\/\/comedialaon.fr\/wp-content\/uploads\/cache\/2020\/02\/Mons-9-f\u00e9vrier-2020_89\/2175141615.jpg\" src=\"data:image\/svg+xml,%3Csvg%20xmlns%3D%22http%3A%2F%2Fwww.w3.org%2F2000%2Fsvg%22%20width%3D%22150%22%20height%3D%22150%22%20viewBox%3D%220%200%20150%20150%22%3E%3C%2Fsvg%3E\" loading=\"eager\"><\/span><span class=\"fg-image-overlay\"><\/span><\/a><figcaption class=\"fg-caption\"><div class=\"fg-caption-inner\"><div class=\"fg-caption-title\">\u201cESP\u00c8CES MENAC\u00c9ES\u201d : Josiane et S\u00e9verine pour le T\u00e9l\u00e9thon le 9 f\u00e9vrier 2020 \u00e0 MONS EN LAONNOIS<\/div><\/div><\/figcaption><\/figure><div class=\"fg-loader\"><\/div><\/div><div class=\"fg-item fg-type-image fg-idle\"><figure class=\"fg-item-inner\"><a href=\"https:\/\/comedialaon.fr\/wp-content\/uploads\/2020\/02\/Mons-9-f\u00e9vrier-2020_90.jpg\" data-caption-title=\"\u201cESP\u00c8CES MENAC\u00c9ES\u201d : Shahnaz, Patrice, Josiane et S\u00e9verine pour le T\u00e9l\u00e9thon le 9 f\u00e9vrier 2020 \u00e0 MONS EN LAONNOIS\" data-attachment-id=\"3804\" data-type=\"image\" class=\"fg-thumb\"><span class=\"fg-image-wrap\"><img decoding=\"async\" title=\"\u201cESP\u00c8CES MENAC\u00c9ES\u201d : Shahnaz, Patrice, Josiane et S\u00e9verine pour le T\u00e9l\u00e9thon le 9 f\u00e9vrier 2020 \u00e0 MONS EN LAONNOIS\" width=\"150\" height=\"150\" class=\"skip-lazy fg-image\" data-src-fg=\"https:\/\/comedialaon.fr\/wp-content\/uploads\/cache\/2020\/02\/Mons-9-f\u00e9vrier-2020_90\/3776088424.jpg\" src=\"data:image\/svg+xml,%3Csvg%20xmlns%3D%22http%3A%2F%2Fwww.w3.org%2F2000%2Fsvg%22%20width%3D%22150%22%20height%3D%22150%22%20viewBox%3D%220%200%20150%20150%22%3E%3C%2Fsvg%3E\" loading=\"eager\"><\/span><span class=\"fg-image-overlay\"><\/span><\/a><figcaption class=\"fg-caption\"><div class=\"fg-caption-inner\"><div class=\"fg-caption-title\">\u201cESP\u00c8CES MENAC\u00c9ES\u201d : Shahnaz, Patrice, Josiane et S\u00e9verine pour le T\u00e9l\u00e9thon le 9 f\u00e9vrier 2020 \u00e0 MONS EN LAONNOIS<\/div><\/div><\/figcaption><\/figure><div class=\"fg-loader\"><\/div><\/div><div class=\"fg-item fg-type-image fg-idle\"><figure class=\"fg-item-inner\"><a href=\"https:\/\/comedialaon.fr\/wp-content\/uploads\/2020\/02\/Mons-9-f\u00e9vrier-2020_91.jpg\" data-caption-title=\"\u201cESP\u00c8CES MENAC\u00c9ES\u201d : Bernadette et Patrice pour le T\u00e9l\u00e9thon le 9 f\u00e9vrier 2020 \u00e0 MONS EN LAONNOIS\" data-attachment-id=\"3805\" data-type=\"image\" class=\"fg-thumb\"><span class=\"fg-image-wrap\"><img decoding=\"async\" title=\"\u201cESP\u00c8CES MENAC\u00c9ES\u201d : Bernadette et Patrice pour le T\u00e9l\u00e9thon le 9 f\u00e9vrier 2020 \u00e0 MONS EN LAONNOIS\" width=\"150\" height=\"150\" class=\"skip-lazy fg-image\" data-src-fg=\"https:\/\/comedialaon.fr\/wp-content\/uploads\/cache\/2020\/02\/Mons-9-f\u00e9vrier-2020_91\/943243023.jpg\" src=\"data:image\/svg+xml,%3Csvg%20xmlns%3D%22http%3A%2F%2Fwww.w3.org%2F2000%2Fsvg%22%20width%3D%22150%22%20height%3D%22150%22%20viewBox%3D%220%200%20150%20150%22%3E%3C%2Fsvg%3E\" loading=\"eager\"><\/span><span class=\"fg-image-overlay\"><\/span><\/a><figcaption class=\"fg-caption\"><div class=\"fg-caption-inner\"><div class=\"fg-caption-title\">\u201cESP\u00c8CES MENAC\u00c9ES\u201d : Bernadette et Patrice pour le T\u00e9l\u00e9thon le 9 f\u00e9vrier 2020 \u00e0 MONS EN LAONNOIS<\/div><\/div><\/figcaption><\/figure><div class=\"fg-loader\"><\/div><\/div><div class=\"fg-item fg-type-image fg-idle\"><figure class=\"fg-item-inner\"><a href=\"https:\/\/comedialaon.fr\/wp-content\/uploads\/2020\/02\/Mons-9-f\u00e9vrier-2020_92.jpg\" data-caption-title=\"\u201cESP\u00c8CES MENAC\u00c9ES\u201d : Bernadette, Patrice et Christian pour le T\u00e9l\u00e9thon le 9 f\u00e9vrier 2020 \u00e0 MONS EN LAONNOIS\" data-attachment-id=\"3806\" data-type=\"image\" class=\"fg-thumb\"><span class=\"fg-image-wrap\"><img decoding=\"async\" title=\"\u201cESP\u00c8CES MENAC\u00c9ES\u201d : Bernadette, Patrice et Christian pour le T\u00e9l\u00e9thon le 9 f\u00e9vrier 2020 \u00e0 MONS EN LAONNOIS\" width=\"150\" height=\"150\" class=\"skip-lazy fg-image\" data-src-fg=\"https:\/\/comedialaon.fr\/wp-content\/uploads\/cache\/2020\/02\/Mons-9-f\u00e9vrier-2020_92\/2285364199.jpg\" src=\"data:image\/svg+xml,%3Csvg%20xmlns%3D%22http%3A%2F%2Fwww.w3.org%2F2000%2Fsvg%22%20width%3D%22150%22%20height%3D%22150%22%20viewBox%3D%220%200%20150%20150%22%3E%3C%2Fsvg%3E\" loading=\"eager\"><\/span><span class=\"fg-image-overlay\"><\/span><\/a><figcaption class=\"fg-caption\"><div class=\"fg-caption-inner\"><div class=\"fg-caption-title\">\u201cESP\u00c8CES MENAC\u00c9ES\u201d : Bernadette, Patrice et Christian pour le T\u00e9l\u00e9thon le 9 f\u00e9vrier 2020 \u00e0 MONS EN LAONNOIS<\/div><\/div><\/figcaption><\/figure><div class=\"fg-loader\"><\/div><\/div><div class=\"fg-item fg-type-image fg-idle\"><figure class=\"fg-item-inner\"><a href=\"https:\/\/comedialaon.fr\/wp-content\/uploads\/2020\/02\/Mons-9-f\u00e9vrier-2020_93.jpg\" data-caption-title=\"\u201cESP\u00c8CES MENAC\u00c9ES\u201d : Bernadette, Patrice et Christian pour le T\u00e9l\u00e9thon le 9 f\u00e9vrier 2020 \u00e0 MONS EN LAONNOIS\" data-attachment-id=\"3807\" data-type=\"image\" class=\"fg-thumb\"><span class=\"fg-image-wrap\"><img decoding=\"async\" title=\"\u201cESP\u00c8CES MENAC\u00c9ES\u201d : Bernadette, Patrice et Christian pour le T\u00e9l\u00e9thon le 9 f\u00e9vrier 2020 \u00e0 MONS EN LAONNOIS\" width=\"150\" height=\"150\" class=\"skip-lazy fg-image\" data-src-fg=\"https:\/\/comedialaon.fr\/wp-content\/uploads\/cache\/2020\/02\/Mons-9-f\u00e9vrier-2020_93\/1360909696.jpg\" src=\"data:image\/svg+xml,%3Csvg%20xmlns%3D%22http%3A%2F%2Fwww.w3.org%2F2000%2Fsvg%22%20width%3D%22150%22%20height%3D%22150%22%20viewBox%3D%220%200%20150%20150%22%3E%3C%2Fsvg%3E\" loading=\"eager\"><\/span><span class=\"fg-image-overlay\"><\/span><\/a><figcaption class=\"fg-caption\"><div class=\"fg-caption-inner\"><div class=\"fg-caption-title\">\u201cESP\u00c8CES MENAC\u00c9ES\u201d : Bernadette, Patrice et Christian pour le T\u00e9l\u00e9thon le 9 f\u00e9vrier 2020 \u00e0 MONS EN LAONNOIS<\/div><\/div><\/figcaption><\/figure><div class=\"fg-loader\"><\/div><\/div><div class=\"fg-item fg-type-image fg-idle\"><figure class=\"fg-item-inner\"><a href=\"https:\/\/comedialaon.fr\/wp-content\/uploads\/2020\/02\/Mons-9-f\u00e9vrier-2020_94.jpg\" data-caption-title=\"\u201cESP\u00c8CES MENAC\u00c9ES\u201d : Christian, Patrice et Josiane pour le T\u00e9l\u00e9thon le 9 f\u00e9vrier 2020 \u00e0 MONS EN LAONNOIS\" data-attachment-id=\"3808\" data-type=\"image\" class=\"fg-thumb\"><span class=\"fg-image-wrap\"><img decoding=\"async\" title=\"\u201cESP\u00c8CES MENAC\u00c9ES\u201d : Christian, Patrice et Josiane pour le T\u00e9l\u00e9thon le 9 f\u00e9vrier 2020 \u00e0 MONS EN LAONNOIS\" width=\"150\" height=\"150\" class=\"skip-lazy fg-image\" data-src-fg=\"https:\/\/comedialaon.fr\/wp-content\/uploads\/cache\/2020\/02\/Mons-9-f\u00e9vrier-2020_94\/2673470398.jpg\" src=\"data:image\/svg+xml,%3Csvg%20xmlns%3D%22http%3A%2F%2Fwww.w3.org%2F2000%2Fsvg%22%20width%3D%22150%22%20height%3D%22150%22%20viewBox%3D%220%200%20150%20150%22%3E%3C%2Fsvg%3E\" loading=\"eager\"><\/span><span class=\"fg-image-overlay\"><\/span><\/a><figcaption class=\"fg-caption\"><div class=\"fg-caption-inner\"><div class=\"fg-caption-title\">\u201cESP\u00c8CES MENAC\u00c9ES\u201d : Christian, Patrice et Josiane pour le T\u00e9l\u00e9thon le 9 f\u00e9vrier 2020 \u00e0 MONS EN LAONNOIS<\/div><\/div><\/figcaption><\/figure><div class=\"fg-loader\"><\/div><\/div><div class=\"fg-item fg-type-image fg-idle\"><figure class=\"fg-item-inner\"><a href=\"https:\/\/comedialaon.fr\/wp-content\/uploads\/2020\/02\/Mons-9-f\u00e9vrier-2020_95.jpg\" data-caption-title=\"\u201cESP\u00c8CES MENAC\u00c9ES\u201d : Bernadette, Christian et S\u00e9verine pour le T\u00e9l\u00e9thon le 9 f\u00e9vrier 2020 \u00e0 MONS EN LAONNOIS\" data-attachment-id=\"3809\" data-type=\"image\" class=\"fg-thumb\"><span class=\"fg-image-wrap\"><img decoding=\"async\" title=\"\u201cESP\u00c8CES MENAC\u00c9ES\u201d : Bernadette, Christian et S\u00e9verine pour le T\u00e9l\u00e9thon le 9 f\u00e9vrier 2020 \u00e0 MONS EN LAONNOIS\" width=\"150\" height=\"150\" class=\"skip-lazy fg-image\" data-src-fg=\"https:\/\/comedialaon.fr\/wp-content\/uploads\/cache\/2020\/02\/Mons-9-f\u00e9vrier-2020_95\/1181998553.jpg\" src=\"data:image\/svg+xml,%3Csvg%20xmlns%3D%22http%3A%2F%2Fwww.w3.org%2F2000%2Fsvg%22%20width%3D%22150%22%20height%3D%22150%22%20viewBox%3D%220%200%20150%20150%22%3E%3C%2Fsvg%3E\" loading=\"eager\"><\/span><span class=\"fg-image-overlay\"><\/span><\/a><figcaption class=\"fg-caption\"><div class=\"fg-caption-inner\"><div class=\"fg-caption-title\">\u201cESP\u00c8CES MENAC\u00c9ES\u201d : Bernadette, Christian et S\u00e9verine pour le T\u00e9l\u00e9thon le 9 f\u00e9vrier 2020 \u00e0 MONS EN LAONNOIS<\/div><\/div><\/figcaption><\/figure><div class=\"fg-loader\"><\/div><\/div><div class=\"fg-item fg-type-image fg-idle\"><figure class=\"fg-item-inner\"><a href=\"https:\/\/comedialaon.fr\/wp-content\/uploads\/2020\/02\/Mons-9-f\u00e9vrier-2020_96.jpg\" data-caption-title=\"\u201cESP\u00c8CES MENAC\u00c9ES\u201d : Christian, S\u00e9verine et Patrice pour le T\u00e9l\u00e9thon le 9 f\u00e9vrier 2020 \u00e0 MONS EN LAONNOIS\" data-attachment-id=\"3810\" data-type=\"image\" class=\"fg-thumb\"><span class=\"fg-image-wrap\"><img decoding=\"async\" title=\"\u201cESP\u00c8CES MENAC\u00c9ES\u201d : Christian, S\u00e9verine et Patrice pour le T\u00e9l\u00e9thon le 9 f\u00e9vrier 2020 \u00e0 MONS EN LAONNOIS\" width=\"150\" height=\"150\" class=\"skip-lazy fg-image\" data-src-fg=\"https:\/\/comedialaon.fr\/wp-content\/uploads\/cache\/2020\/02\/Mons-9-f\u00e9vrier-2020_96\/3037303173.jpg\" src=\"data:image\/svg+xml,%3Csvg%20xmlns%3D%22http%3A%2F%2Fwww.w3.org%2F2000%2Fsvg%22%20width%3D%22150%22%20height%3D%22150%22%20viewBox%3D%220%200%20150%20150%22%3E%3C%2Fsvg%3E\" loading=\"eager\"><\/span><span class=\"fg-image-overlay\"><\/span><\/a><figcaption class=\"fg-caption\"><div class=\"fg-caption-inner\"><div class=\"fg-caption-title\">\u201cESP\u00c8CES MENAC\u00c9ES\u201d : Christian, S\u00e9verine et Patrice pour le T\u00e9l\u00e9thon le 9 f\u00e9vrier 2020 \u00e0 MONS EN LAONNOIS<\/div><\/div><\/figcaption><\/figure><div class=\"fg-loader\"><\/div><\/div><div class=\"fg-item fg-type-image fg-idle\"><figure class=\"fg-item-inner\"><a href=\"https:\/\/comedialaon.fr\/wp-content\/uploads\/2020\/02\/Mons-9-f\u00e9vrier-2020_97.jpg\" data-caption-title=\"\u201cESP\u00c8CES MENAC\u00c9ES\u201d : Bernadette pour le T\u00e9l\u00e9thon le 9 f\u00e9vrier 2020 \u00e0 MONS EN LAONNOIS\" data-attachment-id=\"3811\" data-type=\"image\" class=\"fg-thumb\"><span class=\"fg-image-wrap\"><img decoding=\"async\" title=\"\u201cESP\u00c8CES MENAC\u00c9ES\u201d : Bernadette pour le T\u00e9l\u00e9thon le 9 f\u00e9vrier 2020 \u00e0 MONS EN LAONNOIS\" width=\"150\" height=\"150\" class=\"skip-lazy fg-image\" data-src-fg=\"https:\/\/comedialaon.fr\/wp-content\/uploads\/cache\/2020\/02\/Mons-9-f\u00e9vrier-2020_97\/1814276066.jpg\" src=\"data:image\/svg+xml,%3Csvg%20xmlns%3D%22http%3A%2F%2Fwww.w3.org%2F2000%2Fsvg%22%20width%3D%22150%22%20height%3D%22150%22%20viewBox%3D%220%200%20150%20150%22%3E%3C%2Fsvg%3E\" loading=\"eager\"><\/span><span class=\"fg-image-overlay\"><\/span><\/a><figcaption class=\"fg-caption\"><div class=\"fg-caption-inner\"><div class=\"fg-caption-title\">\u201cESP\u00c8CES MENAC\u00c9ES\u201d : Bernadette pour le T\u00e9l\u00e9thon le 9 f\u00e9vrier 2020 \u00e0 MONS EN LAONNOIS<\/div><\/div><\/figcaption><\/figure><div class=\"fg-loader\"><\/div><\/div><div class=\"fg-item fg-type-image fg-idle\"><figure class=\"fg-item-inner\"><a href=\"https:\/\/comedialaon.fr\/wp-content\/uploads\/2020\/02\/Mons-9-f\u00e9vrier-2020_98.jpg\" data-caption-title=\"\u201cESP\u00c8CES MENAC\u00c9ES\u201d : Patrice, Christian et Bernadette pour le T\u00e9l\u00e9thon le 9 f\u00e9vrier 2020 \u00e0 MONS EN LAONNOIS\" data-attachment-id=\"3812\" data-type=\"image\" class=\"fg-thumb\"><span class=\"fg-image-wrap\"><img decoding=\"async\" title=\"\u201cESP\u00c8CES MENAC\u00c9ES\u201d : Patrice, Christian et Bernadette pour le T\u00e9l\u00e9thon le 9 f\u00e9vrier 2020 \u00e0 MONS EN LAONNOIS\" width=\"150\" height=\"150\" class=\"skip-lazy fg-image\" data-src-fg=\"https:\/\/comedialaon.fr\/wp-content\/uploads\/cache\/2020\/02\/Mons-9-f\u00e9vrier-2020_98\/2340679237.jpg\" src=\"data:image\/svg+xml,%3Csvg%20xmlns%3D%22http%3A%2F%2Fwww.w3.org%2F2000%2Fsvg%22%20width%3D%22150%22%20height%3D%22150%22%20viewBox%3D%220%200%20150%20150%22%3E%3C%2Fsvg%3E\" loading=\"eager\"><\/span><span class=\"fg-image-overlay\"><\/span><\/a><figcaption class=\"fg-caption\"><div class=\"fg-caption-inner\"><div class=\"fg-caption-title\">\u201cESP\u00c8CES MENAC\u00c9ES\u201d : Patrice, Christian et Bernadette pour le T\u00e9l\u00e9thon le 9 f\u00e9vrier 2020 \u00e0 MONS EN LAONNOIS<\/div><\/div><\/figcaption><\/figure><div class=\"fg-loader\"><\/div><\/div><div class=\"fg-item fg-type-image fg-idle\"><figure class=\"fg-item-inner\"><a href=\"https:\/\/comedialaon.fr\/wp-content\/uploads\/2020\/02\/Mons-9-f\u00e9vrier-2020_100.jpg\" data-caption-title=\"\u201cESP\u00c8CES MENAC\u00c9ES\u201d : Bernard, Christian, Patrice, Josiane et S\u00e9verine pour le T\u00e9l\u00e9thon le 9 f\u00e9vrier 2020 \u00e0 MONS EN LAONNOIS\" data-attachment-id=\"3813\" data-type=\"image\" class=\"fg-thumb\"><span class=\"fg-image-wrap\"><img decoding=\"async\" title=\"\u201cESP\u00c8CES MENAC\u00c9ES\u201d : Bernard, Christian, Patrice, Josiane et S\u00e9verine pour le T\u00e9l\u00e9thon le 9 f\u00e9vrier 2020 \u00e0 MONS EN LAONNOIS\" width=\"150\" height=\"150\" class=\"skip-lazy fg-image\" data-src-fg=\"https:\/\/comedialaon.fr\/wp-content\/uploads\/cache\/2020\/02\/Mons-9-f\u00e9vrier-2020_100\/2797934974.jpg\" src=\"data:image\/svg+xml,%3Csvg%20xmlns%3D%22http%3A%2F%2Fwww.w3.org%2F2000%2Fsvg%22%20width%3D%22150%22%20height%3D%22150%22%20viewBox%3D%220%200%20150%20150%22%3E%3C%2Fsvg%3E\" loading=\"eager\"><\/span><span class=\"fg-image-overlay\"><\/span><\/a><figcaption class=\"fg-caption\"><div class=\"fg-caption-inner\"><div class=\"fg-caption-title\">\u201cESP\u00c8CES MENAC\u00c9ES\u201d : Bernard, Christian, Patrice, Josiane et S\u00e9verine pour le T\u00e9l\u00e9thon le 9 f\u00e9vrier 2020 \u00e0 MONS EN LAONNOIS<\/div><\/div><\/figcaption><\/figure><div class=\"fg-loader\"><\/div><\/div><div class=\"fg-item fg-type-image fg-idle\"><figure class=\"fg-item-inner\"><a href=\"https:\/\/comedialaon.fr\/wp-content\/uploads\/2020\/02\/Mons-9-f\u00e9vrier-2020_101.jpg\" data-caption-title=\"\u201cESP\u00c8CES MENAC\u00c9ES\u201d : Christian, Patrice, Josiane, Bernard et S\u00e9verine pour le T\u00e9l\u00e9thon le 9 f\u00e9vrier 2020 \u00e0 MONS EN LAONNOIS\" data-attachment-id=\"3814\" data-type=\"image\" class=\"fg-thumb\"><span class=\"fg-image-wrap\"><img decoding=\"async\" title=\"\u201cESP\u00c8CES MENAC\u00c9ES\u201d : Christian, Patrice, Josiane, Bernard et S\u00e9verine pour le T\u00e9l\u00e9thon le 9 f\u00e9vrier 2020 \u00e0 MONS EN LAONNOIS\" width=\"150\" height=\"150\" class=\"skip-lazy fg-image\" data-src-fg=\"https:\/\/comedialaon.fr\/wp-content\/uploads\/cache\/2020\/02\/Mons-9-f\u00e9vrier-2020_101\/1521641097.jpg\" src=\"data:image\/svg+xml,%3Csvg%20xmlns%3D%22http%3A%2F%2Fwww.w3.org%2F2000%2Fsvg%22%20width%3D%22150%22%20height%3D%22150%22%20viewBox%3D%220%200%20150%20150%22%3E%3C%2Fsvg%3E\" loading=\"eager\"><\/span><span class=\"fg-image-overlay\"><\/span><\/a><figcaption class=\"fg-caption\"><div class=\"fg-caption-inner\"><div class=\"fg-caption-title\">\u201cESP\u00c8CES MENAC\u00c9ES\u201d : Christian, Patrice, Josiane, Bernard et S\u00e9verine pour le T\u00e9l\u00e9thon le 9 f\u00e9vrier 2020 \u00e0 MONS EN LAONNOIS<\/div><\/div><\/figcaption><\/figure><div class=\"fg-loader\"><\/div><\/div><div class=\"fg-item fg-type-image fg-idle\"><figure class=\"fg-item-inner\"><a href=\"https:\/\/comedialaon.fr\/wp-content\/uploads\/2020\/02\/Mons-9-f\u00e9vrier-2020_102.jpg\" data-caption-title=\"\u201cESP\u00c8CES MENAC\u00c9ES\u201d : Shahnaz et Patrice pour le T\u00e9l\u00e9thon le 9 f\u00e9vrier 2020 \u00e0 MONS EN LAONNOIS\" data-attachment-id=\"3815\" data-type=\"image\" class=\"fg-thumb\"><span class=\"fg-image-wrap\"><img decoding=\"async\" title=\"\u201cESP\u00c8CES MENAC\u00c9ES\u201d : Shahnaz et Patrice pour le T\u00e9l\u00e9thon le 9 f\u00e9vrier 2020 \u00e0 MONS EN LAONNOIS\" width=\"150\" height=\"150\" class=\"skip-lazy fg-image\" data-src-fg=\"https:\/\/comedialaon.fr\/wp-content\/uploads\/cache\/2020\/02\/Mons-9-f\u00e9vrier-2020_102\/273263588.jpg\" src=\"data:image\/svg+xml,%3Csvg%20xmlns%3D%22http%3A%2F%2Fwww.w3.org%2F2000%2Fsvg%22%20width%3D%22150%22%20height%3D%22150%22%20viewBox%3D%220%200%20150%20150%22%3E%3C%2Fsvg%3E\" loading=\"eager\"><\/span><span class=\"fg-image-overlay\"><\/span><\/a><figcaption class=\"fg-caption\"><div class=\"fg-caption-inner\"><div class=\"fg-caption-title\">\u201cESP\u00c8CES MENAC\u00c9ES\u201d : Shahnaz et Patrice pour le T\u00e9l\u00e9thon le 9 f\u00e9vrier 2020 \u00e0 MONS EN LAONNOIS<\/div><\/div><\/figcaption><\/figure><div class=\"fg-loader\"><\/div><\/div><div class=\"fg-item fg-type-image fg-idle\"><figure class=\"fg-item-inner\"><a href=\"https:\/\/comedialaon.fr\/wp-content\/uploads\/2020\/02\/Mons-9-f\u00e9vrier-2020_103.jpg\" data-caption-title=\"\u201cESP\u00c8CES MENAC\u00c9ES\u201d : Christian, Patrice et Daniel pour le T\u00e9l\u00e9thon le 9 f\u00e9vrier 2020 \u00e0 MONS EN LAONNOIS\" data-attachment-id=\"3816\" data-type=\"image\" class=\"fg-thumb\"><span class=\"fg-image-wrap\"><img decoding=\"async\" title=\"\u201cESP\u00c8CES MENAC\u00c9ES\u201d : Christian, Patrice et Daniel pour le T\u00e9l\u00e9thon le 9 f\u00e9vrier 2020 \u00e0 MONS EN LAONNOIS\" width=\"150\" height=\"150\" class=\"skip-lazy fg-image\" data-src-fg=\"https:\/\/comedialaon.fr\/wp-content\/uploads\/cache\/2020\/02\/Mons-9-f\u00e9vrier-2020_103\/1259336361.jpg\" src=\"data:image\/svg+xml,%3Csvg%20xmlns%3D%22http%3A%2F%2Fwww.w3.org%2F2000%2Fsvg%22%20width%3D%22150%22%20height%3D%22150%22%20viewBox%3D%220%200%20150%20150%22%3E%3C%2Fsvg%3E\" loading=\"eager\"><\/span><span class=\"fg-image-overlay\"><\/span><\/a><figcaption class=\"fg-caption\"><div class=\"fg-caption-inner\"><div class=\"fg-caption-title\">\u201cESP\u00c8CES MENAC\u00c9ES\u201d : Christian, Patrice et Daniel pour le T\u00e9l\u00e9thon le 9 f\u00e9vrier 2020 \u00e0 MONS EN LAONNOIS<\/div><\/div><\/figcaption><\/figure><div class=\"fg-loader\"><\/div><\/div><div class=\"fg-item fg-type-image fg-idle\"><figure class=\"fg-item-inner\"><a href=\"https:\/\/comedialaon.fr\/wp-content\/uploads\/2020\/02\/Mons-9-f\u00e9vrier-2020_104.jpg\" data-caption-title=\"\u201cESP\u00c8CES MENAC\u00c9ES\u201d : Patrice, Christian et Daniel pour le T\u00e9l\u00e9thon le 9 f\u00e9vrier 2020 \u00e0 MONS EN LAONNOIS\" data-attachment-id=\"3817\" data-type=\"image\" class=\"fg-thumb\"><span class=\"fg-image-wrap\"><img decoding=\"async\" title=\"\u201cESP\u00c8CES MENAC\u00c9ES\u201d : Patrice, Christian et Daniel pour le T\u00e9l\u00e9thon le 9 f\u00e9vrier 2020 \u00e0 MONS EN LAONNOIS\" width=\"150\" height=\"150\" class=\"skip-lazy fg-image\" data-src-fg=\"https:\/\/comedialaon.fr\/wp-content\/uploads\/cache\/2020\/02\/Mons-9-f\u00e9vrier-2020_104\/2243834174.jpg\" src=\"data:image\/svg+xml,%3Csvg%20xmlns%3D%22http%3A%2F%2Fwww.w3.org%2F2000%2Fsvg%22%20width%3D%22150%22%20height%3D%22150%22%20viewBox%3D%220%200%20150%20150%22%3E%3C%2Fsvg%3E\" loading=\"eager\"><\/span><span class=\"fg-image-overlay\"><\/span><\/a><figcaption class=\"fg-caption\"><div class=\"fg-caption-inner\"><div class=\"fg-caption-title\">\u201cESP\u00c8CES MENAC\u00c9ES\u201d : Patrice, Christian et Daniel pour le T\u00e9l\u00e9thon le 9 f\u00e9vrier 2020 \u00e0 MONS EN LAONNOIS<\/div><\/div><\/figcaption><\/figure><div class=\"fg-loader\"><\/div><\/div><div class=\"fg-item fg-type-image fg-idle\"><figure class=\"fg-item-inner\"><a href=\"https:\/\/comedialaon.fr\/wp-content\/uploads\/2020\/02\/Mons-9-f\u00e9vrier-2020_105.jpg\" data-caption-title=\"\u201cESP\u00c8CES MENAC\u00c9ES\u201d : Patrice et Daniel pour le T\u00e9l\u00e9thon le 9 f\u00e9vrier 2020 \u00e0 MONS EN LAONNOIS\" data-attachment-id=\"3818\" data-type=\"image\" class=\"fg-thumb\"><span class=\"fg-image-wrap\"><img decoding=\"async\" title=\"\u201cESP\u00c8CES MENAC\u00c9ES\u201d : Patrice et Daniel pour le T\u00e9l\u00e9thon le 9 f\u00e9vrier 2020 \u00e0 MONS EN LAONNOIS\" width=\"150\" height=\"150\" class=\"skip-lazy fg-image\" data-src-fg=\"https:\/\/comedialaon.fr\/wp-content\/uploads\/cache\/2020\/02\/Mons-9-f\u00e9vrier-2020_105\/3973711356.jpg\" src=\"data:image\/svg+xml,%3Csvg%20xmlns%3D%22http%3A%2F%2Fwww.w3.org%2F2000%2Fsvg%22%20width%3D%22150%22%20height%3D%22150%22%20viewBox%3D%220%200%20150%20150%22%3E%3C%2Fsvg%3E\" loading=\"eager\"><\/span><span class=\"fg-image-overlay\"><\/span><\/a><figcaption class=\"fg-caption\"><div class=\"fg-caption-inner\"><div class=\"fg-caption-title\">\u201cESP\u00c8CES MENAC\u00c9ES\u201d : Patrice et Daniel pour le T\u00e9l\u00e9thon le 9 f\u00e9vrier 2020 \u00e0 MONS EN LAONNOIS<\/div><\/div><\/figcaption><\/figure><div class=\"fg-loader\"><\/div><\/div><div class=\"fg-item fg-type-image fg-idle\"><figure class=\"fg-item-inner\"><a href=\"https:\/\/comedialaon.fr\/wp-content\/uploads\/2020\/02\/Mons-9-f\u00e9vrier-2020_106.jpg\" data-caption-title=\"\u201cESP\u00c8CES MENAC\u00c9ES\u201d : Daniel, S\u00e9verine et Josiane pour le T\u00e9l\u00e9thon le 9 f\u00e9vrier 2020 \u00e0 MONS EN LAONNOIS\" data-attachment-id=\"3819\" data-type=\"image\" class=\"fg-thumb\"><span class=\"fg-image-wrap\"><img decoding=\"async\" title=\"\u201cESP\u00c8CES MENAC\u00c9ES\u201d : Daniel, S\u00e9verine et Josiane pour le T\u00e9l\u00e9thon le 9 f\u00e9vrier 2020 \u00e0 MONS EN LAONNOIS\" width=\"150\" height=\"150\" class=\"skip-lazy fg-image\" data-src-fg=\"https:\/\/comedialaon.fr\/wp-content\/uploads\/cache\/2020\/02\/Mons-9-f\u00e9vrier-2020_106\/2787231889.jpg\" src=\"data:image\/svg+xml,%3Csvg%20xmlns%3D%22http%3A%2F%2Fwww.w3.org%2F2000%2Fsvg%22%20width%3D%22150%22%20height%3D%22150%22%20viewBox%3D%220%200%20150%20150%22%3E%3C%2Fsvg%3E\" loading=\"eager\"><\/span><span class=\"fg-image-overlay\"><\/span><\/a><figcaption class=\"fg-caption\"><div class=\"fg-caption-inner\"><div class=\"fg-caption-title\">\u201cESP\u00c8CES MENAC\u00c9ES\u201d : Daniel, S\u00e9verine et Josiane pour le T\u00e9l\u00e9thon le 9 f\u00e9vrier 2020 \u00e0 MONS EN LAONNOIS<\/div><\/div><\/figcaption><\/figure><div class=\"fg-loader\"><\/div><\/div><div class=\"fg-item fg-type-image fg-idle\"><figure class=\"fg-item-inner\"><a href=\"https:\/\/comedialaon.fr\/wp-content\/uploads\/2020\/02\/Mons-9-f\u00e9vrier-2020_107.jpg\" data-caption-title=\"\u201cESP\u00c8CES MENAC\u00c9ES\u201d : Christian, Patrice, Josiane, Shahnaz et Daniel pour le T\u00e9l\u00e9thon le 9 f\u00e9vrier 2020 \u00e0 MONS EN LAONNOIS\" data-attachment-id=\"3820\" data-type=\"image\" class=\"fg-thumb\"><span class=\"fg-image-wrap\"><img decoding=\"async\" title=\"\u201cESP\u00c8CES MENAC\u00c9ES\u201d : Christian, Patrice, Josiane, Shahnaz et Daniel pour le T\u00e9l\u00e9thon le 9 f\u00e9vrier 2020 \u00e0 MONS EN LAONNOIS\" width=\"150\" height=\"150\" class=\"skip-lazy fg-image\" data-src-fg=\"https:\/\/comedialaon.fr\/wp-content\/uploads\/cache\/2020\/02\/Mons-9-f\u00e9vrier-2020_107\/614540931.jpg\" src=\"data:image\/svg+xml,%3Csvg%20xmlns%3D%22http%3A%2F%2Fwww.w3.org%2F2000%2Fsvg%22%20width%3D%22150%22%20height%3D%22150%22%20viewBox%3D%220%200%20150%20150%22%3E%3C%2Fsvg%3E\" loading=\"eager\"><\/span><span class=\"fg-image-overlay\"><\/span><\/a><figcaption class=\"fg-caption\"><div class=\"fg-caption-inner\"><div class=\"fg-caption-title\">\u201cESP\u00c8CES MENAC\u00c9ES\u201d : Christian, Patrice, Josiane, Shahnaz et Daniel pour le T\u00e9l\u00e9thon le 9 f\u00e9vrier 2020 \u00e0 MONS EN LAONNOIS<\/div><\/div><\/figcaption><\/figure><div class=\"fg-loader\"><\/div><\/div><div class=\"fg-item fg-type-image fg-idle\"><figure class=\"fg-item-inner\"><a href=\"https:\/\/comedialaon.fr\/wp-content\/uploads\/2020\/02\/Mons-9-f\u00e9vrier-2020_108.jpg\" data-caption-title=\"\u201cESP\u00c8CES MENAC\u00c9ES\u201d : Christian, Patrice, Josiane, Shahnaz et Daniel pour le T\u00e9l\u00e9thon le 9 f\u00e9vrier 2020 \u00e0 MONS EN LAONNOIS\" data-attachment-id=\"3821\" data-type=\"image\" class=\"fg-thumb\"><span class=\"fg-image-wrap\"><img decoding=\"async\" title=\"\u201cESP\u00c8CES MENAC\u00c9ES\u201d : Christian, Patrice, Josiane, Shahnaz et Daniel pour le T\u00e9l\u00e9thon le 9 f\u00e9vrier 2020 \u00e0 MONS EN LAONNOIS\" width=\"150\" height=\"150\" class=\"skip-lazy fg-image\" data-src-fg=\"https:\/\/comedialaon.fr\/wp-content\/uploads\/cache\/2020\/02\/Mons-9-f\u00e9vrier-2020_108\/972422817.jpg\" src=\"data:image\/svg+xml,%3Csvg%20xmlns%3D%22http%3A%2F%2Fwww.w3.org%2F2000%2Fsvg%22%20width%3D%22150%22%20height%3D%22150%22%20viewBox%3D%220%200%20150%20150%22%3E%3C%2Fsvg%3E\" loading=\"eager\"><\/span><span class=\"fg-image-overlay\"><\/span><\/a><figcaption class=\"fg-caption\"><div class=\"fg-caption-inner\"><div class=\"fg-caption-title\">\u201cESP\u00c8CES MENAC\u00c9ES\u201d : Christian, Patrice, Josiane, Shahnaz et Daniel pour le T\u00e9l\u00e9thon le 9 f\u00e9vrier 2020 \u00e0 MONS EN LAONNOIS<\/div><\/div><\/figcaption><\/figure><div class=\"fg-loader\"><\/div><\/div><div class=\"fg-item fg-type-image fg-idle\"><figure class=\"fg-item-inner\"><a href=\"https:\/\/comedialaon.fr\/wp-content\/uploads\/2020\/02\/Mons-9-f\u00e9vrier-2020_109.jpg\" data-caption-title=\"\u201cESP\u00c8CES MENAC\u00c9ES\u201d : Bernadette, Shahnaz, Patrice, Josiane et Bernard pour le T\u00e9l\u00e9thon le 9 f\u00e9vrier 2020 \u00e0 MONS EN LAONNOIS\" data-attachment-id=\"3822\" data-type=\"image\" class=\"fg-thumb\"><span class=\"fg-image-wrap\"><img decoding=\"async\" title=\"\u201cESP\u00c8CES MENAC\u00c9ES\u201d : Bernadette, Shahnaz, Patrice, Josiane et Bernard pour le T\u00e9l\u00e9thon le 9 f\u00e9vrier 2020 \u00e0 MONS EN LAONNOIS\" width=\"150\" height=\"150\" class=\"skip-lazy fg-image\" data-src-fg=\"https:\/\/comedialaon.fr\/wp-content\/uploads\/cache\/2020\/02\/Mons-9-f\u00e9vrier-2020_109\/1655941100.jpg\" src=\"data:image\/svg+xml,%3Csvg%20xmlns%3D%22http%3A%2F%2Fwww.w3.org%2F2000%2Fsvg%22%20width%3D%22150%22%20height%3D%22150%22%20viewBox%3D%220%200%20150%20150%22%3E%3C%2Fsvg%3E\" loading=\"eager\"><\/span><span class=\"fg-image-overlay\"><\/span><\/a><figcaption class=\"fg-caption\"><div class=\"fg-caption-inner\"><div class=\"fg-caption-title\">\u201cESP\u00c8CES MENAC\u00c9ES\u201d : Bernadette, Shahnaz, Patrice, Josiane et Bernard pour le T\u00e9l\u00e9thon le 9 f\u00e9vrier 2020 \u00e0 MONS EN LAONNOIS<\/div><\/div><\/figcaption><\/figure><div class=\"fg-loader\"><\/div><\/div><div class=\"fg-item fg-type-image fg-idle\"><figure class=\"fg-item-inner\"><a href=\"https:\/\/comedialaon.fr\/wp-content\/uploads\/2020\/02\/Mons-9-f\u00e9vrier-2020_110.jpg\" data-caption-title=\"\u201cESP\u00c8CES MENAC\u00c9ES\u201d : Patrice pour le T\u00e9l\u00e9thon le 9 f\u00e9vrier 2020 \u00e0 MONS EN LAONNOIS\" data-attachment-id=\"3823\" data-type=\"image\" class=\"fg-thumb\"><span class=\"fg-image-wrap\"><img decoding=\"async\" title=\"\u201cESP\u00c8CES MENAC\u00c9ES\u201d : Patrice pour le T\u00e9l\u00e9thon le 9 f\u00e9vrier 2020 \u00e0 MONS EN LAONNOIS\" width=\"150\" height=\"150\" class=\"skip-lazy fg-image\" data-src-fg=\"https:\/\/comedialaon.fr\/wp-content\/uploads\/cache\/2020\/02\/Mons-9-f\u00e9vrier-2020_110\/2935185930.jpg\" src=\"data:image\/svg+xml,%3Csvg%20xmlns%3D%22http%3A%2F%2Fwww.w3.org%2F2000%2Fsvg%22%20width%3D%22150%22%20height%3D%22150%22%20viewBox%3D%220%200%20150%20150%22%3E%3C%2Fsvg%3E\" loading=\"eager\"><\/span><span class=\"fg-image-overlay\"><\/span><\/a><figcaption class=\"fg-caption\"><div class=\"fg-caption-inner\"><div class=\"fg-caption-title\">\u201cESP\u00c8CES MENAC\u00c9ES\u201d : Patrice pour le T\u00e9l\u00e9thon le 9 f\u00e9vrier 2020 \u00e0 MONS EN LAONNOIS<\/div><\/div><\/figcaption><\/figure><div class=\"fg-loader\"><\/div><\/div><div class=\"fg-item fg-type-image fg-idle\"><figure class=\"fg-item-inner\"><a href=\"https:\/\/comedialaon.fr\/wp-content\/uploads\/2020\/02\/Mons-9-f\u00e9vrier-2020_111.jpg\" data-caption-title=\"\u201cESP\u00c8CES MENAC\u00c9ES\u201d : Christian, Patrice, S\u00e9verine, Shahnaz, Bernadette, Josiane, Bernard et Daniel pour le T\u00e9l\u00e9thon le 9 f\u00e9vrier 2020 \u00e0 MONS EN LAONNOIS\" data-attachment-id=\"3824\" data-type=\"image\" class=\"fg-thumb\"><span class=\"fg-image-wrap\"><img decoding=\"async\" title=\"\u201cESP\u00c8CES MENAC\u00c9ES\u201d : Christian, Patrice, S\u00e9verine, Shahnaz, Bernadette, Josiane, Bernard et Daniel pour le T\u00e9l\u00e9thon le 9 f\u00e9vrier 2020 \u00e0 MONS EN LAONNOIS\" width=\"150\" height=\"150\" class=\"skip-lazy fg-image\" data-src-fg=\"https:\/\/comedialaon.fr\/wp-content\/uploads\/cache\/2020\/02\/Mons-9-f\u00e9vrier-2020_111\/1384390141.jpg\" src=\"data:image\/svg+xml,%3Csvg%20xmlns%3D%22http%3A%2F%2Fwww.w3.org%2F2000%2Fsvg%22%20width%3D%22150%22%20height%3D%22150%22%20viewBox%3D%220%200%20150%20150%22%3E%3C%2Fsvg%3E\" loading=\"eager\"><\/span><span class=\"fg-image-overlay\"><\/span><\/a><figcaption class=\"fg-caption\"><div class=\"fg-caption-inner\"><div class=\"fg-caption-title\">\u201cESP\u00c8CES MENAC\u00c9ES\u201d : Christian, Patrice, S\u00e9verine, Shahnaz, Bernadette, Josiane, Bernard et Daniel pour le T\u00e9l\u00e9thon le 9 f\u00e9vrier 2020 \u00e0 MONS EN LAONNOIS<\/div><\/div><\/figcaption><\/figure><div class=\"fg-loader\"><\/div><\/div><div class=\"fg-item fg-type-image fg-idle\"><figure class=\"fg-item-inner\"><a href=\"https:\/\/comedialaon.fr\/wp-content\/uploads\/2020\/02\/Mons-9-f\u00e9vrier-2020_112.jpg\" data-caption-title=\"\u201cESP\u00c8CES MENAC\u00c9ES\u201d : Christian, Patrice et S\u00e9verine pour le T\u00e9l\u00e9thon le 9 f\u00e9vrier 2020 \u00e0 MONS EN LAONNOIS\" data-attachment-id=\"3825\" data-type=\"image\" class=\"fg-thumb\"><span class=\"fg-image-wrap\"><img decoding=\"async\" title=\"\u201cESP\u00c8CES MENAC\u00c9ES\u201d : Christian, Patrice et S\u00e9verine pour le T\u00e9l\u00e9thon le 9 f\u00e9vrier 2020 \u00e0 MONS EN LAONNOIS\" width=\"150\" height=\"150\" class=\"skip-lazy fg-image\" data-src-fg=\"https:\/\/comedialaon.fr\/wp-content\/uploads\/cache\/2020\/02\/Mons-9-f\u00e9vrier-2020_112\/411029648.jpg\" src=\"data:image\/svg+xml,%3Csvg%20xmlns%3D%22http%3A%2F%2Fwww.w3.org%2F2000%2Fsvg%22%20width%3D%22150%22%20height%3D%22150%22%20viewBox%3D%220%200%20150%20150%22%3E%3C%2Fsvg%3E\" loading=\"eager\"><\/span><span class=\"fg-image-overlay\"><\/span><\/a><figcaption class=\"fg-caption\"><div class=\"fg-caption-inner\"><div class=\"fg-caption-title\">\u201cESP\u00c8CES MENAC\u00c9ES\u201d : Christian, Patrice et S\u00e9verine pour le T\u00e9l\u00e9thon le 9 f\u00e9vrier 2020 \u00e0 MONS EN LAONNOIS<\/div><\/div><\/figcaption><\/figure><div class=\"fg-loader\"><\/div><\/div><div class=\"fg-item fg-type-image fg-idle\"><figure class=\"fg-item-inner\"><a href=\"https:\/\/comedialaon.fr\/wp-content\/uploads\/2020\/02\/Mons-9-f\u00e9vrier-2020_113.jpg\" data-caption-title=\"\u201cESP\u00c8CES MENAC\u00c9ES\u201d : Christian et S\u00e9verine pour le T\u00e9l\u00e9thon le 9 f\u00e9vrier 2020 \u00e0 MONS EN LAONNOIS\" data-attachment-id=\"3826\" data-type=\"image\" class=\"fg-thumb\"><span class=\"fg-image-wrap\"><img decoding=\"async\" title=\"\u201cESP\u00c8CES MENAC\u00c9ES\u201d : Christian et S\u00e9verine pour le T\u00e9l\u00e9thon le 9 f\u00e9vrier 2020 \u00e0 MONS EN LAONNOIS\" width=\"150\" height=\"150\" class=\"skip-lazy fg-image\" data-src-fg=\"https:\/\/comedialaon.fr\/wp-content\/uploads\/cache\/2020\/02\/Mons-9-f\u00e9vrier-2020_113\/1127844317.jpg\" src=\"data:image\/svg+xml,%3Csvg%20xmlns%3D%22http%3A%2F%2Fwww.w3.org%2F2000%2Fsvg%22%20width%3D%22150%22%20height%3D%22150%22%20viewBox%3D%220%200%20150%20150%22%3E%3C%2Fsvg%3E\" loading=\"eager\"><\/span><span class=\"fg-image-overlay\"><\/span><\/a><figcaption class=\"fg-caption\"><div class=\"fg-caption-inner\"><div class=\"fg-caption-title\">\u201cESP\u00c8CES MENAC\u00c9ES\u201d : Christian et S\u00e9verine pour le T\u00e9l\u00e9thon le 9 f\u00e9vrier 2020 \u00e0 MONS EN LAONNOIS<\/div><\/div><\/figcaption><\/figure><div class=\"fg-loader\"><\/div><\/div><div class=\"fg-item fg-type-image fg-idle\"><figure class=\"fg-item-inner\"><a href=\"https:\/\/comedialaon.fr\/wp-content\/uploads\/2020\/02\/Mons-9-f\u00e9vrier-2020_114.jpg\" data-caption-title=\"\u201cESP\u00c8CES MENAC\u00c9ES\u201d : Bernard et Patrice pour le T\u00e9l\u00e9thon le 9 f\u00e9vrier 2020 \u00e0 MONS EN LAONNOIS\" data-attachment-id=\"3827\" data-type=\"image\" class=\"fg-thumb\"><span class=\"fg-image-wrap\"><img decoding=\"async\" title=\"\u201cESP\u00c8CES MENAC\u00c9ES\u201d : Bernard et Patrice pour le T\u00e9l\u00e9thon le 9 f\u00e9vrier 2020 \u00e0 MONS EN LAONNOIS\" width=\"150\" height=\"150\" class=\"skip-lazy fg-image\" data-src-fg=\"https:\/\/comedialaon.fr\/wp-content\/uploads\/cache\/2020\/02\/Mons-9-f\u00e9vrier-2020_114\/2374519370.jpg\" src=\"data:image\/svg+xml,%3Csvg%20xmlns%3D%22http%3A%2F%2Fwww.w3.org%2F2000%2Fsvg%22%20width%3D%22150%22%20height%3D%22150%22%20viewBox%3D%220%200%20150%20150%22%3E%3C%2Fsvg%3E\" loading=\"eager\"><\/span><span class=\"fg-image-overlay\"><\/span><\/a><figcaption class=\"fg-caption\"><div class=\"fg-caption-inner\"><div class=\"fg-caption-title\">\u201cESP\u00c8CES MENAC\u00c9ES\u201d : Bernard et Patrice pour le T\u00e9l\u00e9thon le 9 f\u00e9vrier 2020 \u00e0 MONS EN LAONNOIS<\/div><\/div><\/figcaption><\/figure><div class=\"fg-loader\"><\/div><\/div><div class=\"fg-item fg-type-image fg-idle\"><figure class=\"fg-item-inner\"><a href=\"https:\/\/comedialaon.fr\/wp-content\/uploads\/2020\/02\/Mons-9-f\u00e9vrier-2020_115.jpg\" data-caption-title=\"\u201cESP\u00c8CES MENAC\u00c9ES\u201d : Bernadette, Shahnaz, Patrice, Josiane et Bernard pour le T\u00e9l\u00e9thon le 9 f\u00e9vrier 2020 \u00e0 MONS EN LAONNOIS\" data-attachment-id=\"3828\" data-type=\"image\" class=\"fg-thumb\"><span class=\"fg-image-wrap\"><img decoding=\"async\" title=\"\u201cESP\u00c8CES MENAC\u00c9ES\u201d : Bernadette, Shahnaz, Patrice, Josiane et Bernard pour le T\u00e9l\u00e9thon le 9 f\u00e9vrier 2020 \u00e0 MONS EN LAONNOIS\" width=\"150\" height=\"150\" class=\"skip-lazy fg-image\" data-src-fg=\"https:\/\/comedialaon.fr\/wp-content\/uploads\/cache\/2020\/02\/Mons-9-f\u00e9vrier-2020_115\/3840704136.jpg\" src=\"data:image\/svg+xml,%3Csvg%20xmlns%3D%22http%3A%2F%2Fwww.w3.org%2F2000%2Fsvg%22%20width%3D%22150%22%20height%3D%22150%22%20viewBox%3D%220%200%20150%20150%22%3E%3C%2Fsvg%3E\" loading=\"eager\"><\/span><span class=\"fg-image-overlay\"><\/span><\/a><figcaption class=\"fg-caption\"><div class=\"fg-caption-inner\"><div class=\"fg-caption-title\">\u201cESP\u00c8CES MENAC\u00c9ES\u201d : Bernadette, Shahnaz, Patrice, Josiane et Bernard pour le T\u00e9l\u00e9thon le 9 f\u00e9vrier 2020 \u00e0 MONS EN LAONNOIS<\/div><\/div><\/figcaption><\/figure><div class=\"fg-loader\"><\/div><\/div><div class=\"fg-item fg-type-image fg-idle\"><figure class=\"fg-item-inner\"><a href=\"https:\/\/comedialaon.fr\/wp-content\/uploads\/2020\/02\/Mons-9-f\u00e9vrier-2020_116.jpg\" data-caption-title=\"\u201cESP\u00c8CES MENAC\u00c9ES\u201d : S\u00e9verine, Shahnaz, Bernadette, Josiane, Bernard et Daniel pour le T\u00e9l\u00e9thon le 9 f\u00e9vrier 2020 \u00e0 MONS EN LAONNOIS\" data-attachment-id=\"3829\" data-type=\"image\" class=\"fg-thumb\"><span class=\"fg-image-wrap\"><img decoding=\"async\" title=\"\u201cESP\u00c8CES MENAC\u00c9ES\u201d : S\u00e9verine, Shahnaz, Bernadette, Josiane, Bernard et Daniel pour le T\u00e9l\u00e9thon le 9 f\u00e9vrier 2020 \u00e0 MONS EN LAONNOIS\" width=\"150\" height=\"150\" class=\"skip-lazy fg-image\" data-src-fg=\"https:\/\/comedialaon.fr\/wp-content\/uploads\/cache\/2020\/02\/Mons-9-f\u00e9vrier-2020_116\/2920788965.jpg\" src=\"data:image\/svg+xml,%3Csvg%20xmlns%3D%22http%3A%2F%2Fwww.w3.org%2F2000%2Fsvg%22%20width%3D%22150%22%20height%3D%22150%22%20viewBox%3D%220%200%20150%20150%22%3E%3C%2Fsvg%3E\" loading=\"eager\"><\/span><span class=\"fg-image-overlay\"><\/span><\/a><figcaption class=\"fg-caption\"><div class=\"fg-caption-inner\"><div class=\"fg-caption-title\">\u201cESP\u00c8CES MENAC\u00c9ES\u201d : S\u00e9verine, Shahnaz, Bernadette, Josiane, Bernard et Daniel pour le T\u00e9l\u00e9thon le 9 f\u00e9vrier 2020 \u00e0 MONS EN LAONNOIS<\/div><\/div><\/figcaption><\/figure><div class=\"fg-loader\"><\/div><\/div><div class=\"fg-item fg-type-image fg-idle\"><figure class=\"fg-item-inner\"><a href=\"https:\/\/comedialaon.fr\/wp-content\/uploads\/2020\/02\/Mons-9-f\u00e9vrier-2020_117.jpg\" data-caption-title=\"\u201cESP\u00c8CES MENAC\u00c9ES\u201d : Shahnaz pour le T\u00e9l\u00e9thon le 9 f\u00e9vrier 2020 \u00e0 MONS EN LAONNOIS\" data-attachment-id=\"3830\" data-type=\"image\" class=\"fg-thumb\"><span class=\"fg-image-wrap\"><img decoding=\"async\" title=\"\u201cESP\u00c8CES MENAC\u00c9ES\u201d : Shahnaz pour le T\u00e9l\u00e9thon le 9 f\u00e9vrier 2020 \u00e0 MONS EN LAONNOIS\" width=\"150\" height=\"150\" class=\"skip-lazy fg-image\" data-src-fg=\"https:\/\/comedialaon.fr\/wp-content\/uploads\/cache\/2020\/02\/Mons-9-f\u00e9vrier-2020_117\/958326829.jpg\" src=\"data:image\/svg+xml,%3Csvg%20xmlns%3D%22http%3A%2F%2Fwww.w3.org%2F2000%2Fsvg%22%20width%3D%22150%22%20height%3D%22150%22%20viewBox%3D%220%200%20150%20150%22%3E%3C%2Fsvg%3E\" loading=\"eager\"><\/span><span class=\"fg-image-overlay\"><\/span><\/a><figcaption class=\"fg-caption\"><div class=\"fg-caption-inner\"><div class=\"fg-caption-title\">\u201cESP\u00c8CES MENAC\u00c9ES\u201d : Shahnaz pour le T\u00e9l\u00e9thon le 9 f\u00e9vrier 2020 \u00e0 MONS EN LAONNOIS<\/div><\/div><\/figcaption><\/figure><div class=\"fg-loader\"><\/div><\/div><div class=\"fg-item fg-type-image fg-idle\"><figure class=\"fg-item-inner\"><a href=\"https:\/\/comedialaon.fr\/wp-content\/uploads\/2020\/02\/Mons-9-f\u00e9vrier-2020_118.jpg\" data-caption-title=\"\u201cESP\u00c8CES MENAC\u00c9ES\u201d : Christian, S\u00e9verine, Bernadette, Shahnaz, Josiane, Bernard, Patrice pour le T\u00e9l\u00e9thon le 9 f\u00e9vrier 2020 \u00e0 MONS EN LAONNOIS\" data-attachment-id=\"3831\" data-type=\"image\" class=\"fg-thumb\"><span class=\"fg-image-wrap\"><img decoding=\"async\" title=\"\u201cESP\u00c8CES MENAC\u00c9ES\u201d : Christian, S\u00e9verine, Bernadette, Shahnaz, Josiane, Bernard, Patrice pour le T\u00e9l\u00e9thon le 9 f\u00e9vrier 2020 \u00e0 MONS EN LAONNOIS\" width=\"150\" height=\"150\" class=\"skip-lazy fg-image\" data-src-fg=\"https:\/\/comedialaon.fr\/wp-content\/uploads\/cache\/2020\/02\/Mons-9-f\u00e9vrier-2020_118\/608841743.jpg\" src=\"data:image\/svg+xml,%3Csvg%20xmlns%3D%22http%3A%2F%2Fwww.w3.org%2F2000%2Fsvg%22%20width%3D%22150%22%20height%3D%22150%22%20viewBox%3D%220%200%20150%20150%22%3E%3C%2Fsvg%3E\" loading=\"eager\"><\/span><span class=\"fg-image-overlay\"><\/span><\/a><figcaption class=\"fg-caption\"><div class=\"fg-caption-inner\"><div class=\"fg-caption-title\">\u201cESP\u00c8CES MENAC\u00c9ES\u201d : Christian, S\u00e9verine, Bernadette, Shahnaz, Josiane, Bernard, Patrice pour le T\u00e9l\u00e9thon le 9 f\u00e9vrier 2020 \u00e0 MONS EN LAONNOIS<\/div><\/div><\/figcaption><\/figure><div class=\"fg-loader\"><\/div><\/div><div class=\"fg-item fg-type-image fg-idle\"><figure class=\"fg-item-inner\"><a href=\"https:\/\/comedialaon.fr\/wp-content\/uploads\/2020\/02\/Mons-9-f\u00e9vrier-2020_119.jpg\" data-caption-title=\"\u201cESP\u00c8CES MENAC\u00c9ES\u201d : Josiane et Bernard pour le T\u00e9l\u00e9thon le 9 f\u00e9vrier 2020 \u00e0 MONS EN LAONNOIS\" data-attachment-id=\"3832\" data-type=\"image\" class=\"fg-thumb\"><span class=\"fg-image-wrap\"><img decoding=\"async\" title=\"\u201cESP\u00c8CES MENAC\u00c9ES\u201d : Josiane et Bernard pour le T\u00e9l\u00e9thon le 9 f\u00e9vrier 2020 \u00e0 MONS EN LAONNOIS\" width=\"150\" height=\"150\" class=\"skip-lazy fg-image\" data-src-fg=\"https:\/\/comedialaon.fr\/wp-content\/uploads\/cache\/2020\/02\/Mons-9-f\u00e9vrier-2020_119\/2131519810.jpg\" src=\"data:image\/svg+xml,%3Csvg%20xmlns%3D%22http%3A%2F%2Fwww.w3.org%2F2000%2Fsvg%22%20width%3D%22150%22%20height%3D%22150%22%20viewBox%3D%220%200%20150%20150%22%3E%3C%2Fsvg%3E\" loading=\"eager\"><\/span><span class=\"fg-image-overlay\"><\/span><\/a><figcaption class=\"fg-caption\"><div class=\"fg-caption-inner\"><div class=\"fg-caption-title\">\u201cESP\u00c8CES MENAC\u00c9ES\u201d : Josiane et Bernard pour le T\u00e9l\u00e9thon le 9 f\u00e9vrier 2020 \u00e0 MONS EN LAONNOIS<\/div><\/div><\/figcaption><\/figure><div class=\"fg-loader\"><\/div><\/div><div class=\"fg-item fg-type-image fg-idle\"><figure class=\"fg-item-inner\"><a href=\"https:\/\/comedialaon.fr\/wp-content\/uploads\/2020\/02\/Mons-9-f\u00e9vrier-2020_120.jpg\" data-caption-title=\"\u201cESP\u00c8CES MENAC\u00c9ES\u201d : Patrice et Josiane pour le T\u00e9l\u00e9thon le 9 f\u00e9vrier 2020 \u00e0 MONS EN LAONNOIS\" data-attachment-id=\"3833\" data-type=\"image\" class=\"fg-thumb\"><span class=\"fg-image-wrap\"><img decoding=\"async\" title=\"\u201cESP\u00c8CES MENAC\u00c9ES\u201d : Patrice et Josiane pour le T\u00e9l\u00e9thon le 9 f\u00e9vrier 2020 \u00e0 MONS EN LAONNOIS\" width=\"150\" height=\"150\" class=\"skip-lazy fg-image\" data-src-fg=\"https:\/\/comedialaon.fr\/wp-content\/uploads\/cache\/2020\/02\/Mons-9-f\u00e9vrier-2020_120\/2646246434.jpg\" src=\"data:image\/svg+xml,%3Csvg%20xmlns%3D%22http%3A%2F%2Fwww.w3.org%2F2000%2Fsvg%22%20width%3D%22150%22%20height%3D%22150%22%20viewBox%3D%220%200%20150%20150%22%3E%3C%2Fsvg%3E\" loading=\"eager\"><\/span><span class=\"fg-image-overlay\"><\/span><\/a><figcaption class=\"fg-caption\"><div class=\"fg-caption-inner\"><div class=\"fg-caption-title\">\u201cESP\u00c8CES MENAC\u00c9ES\u201d : Patrice et Josiane pour le T\u00e9l\u00e9thon le 9 f\u00e9vrier 2020 \u00e0 MONS EN LAONNOIS<\/div><\/div><\/figcaption><\/figure><div class=\"fg-loader\"><\/div><\/div><div class=\"fg-item fg-type-image fg-idle\"><figure class=\"fg-item-inner\"><a href=\"https:\/\/comedialaon.fr\/wp-content\/uploads\/2020\/02\/Mons-9-f\u00e9vrier-2020_121.jpg\" data-caption-title=\"\u201cESP\u00c8CES MENAC\u00c9ES\u201d : S\u00e9verine, Christian, Patrice et Josiane pour le T\u00e9l\u00e9thon le 9 f\u00e9vrier 2020 \u00e0 MONS EN LAONNOIS\" data-attachment-id=\"3834\" data-type=\"image\" class=\"fg-thumb\"><span class=\"fg-image-wrap\"><img decoding=\"async\" title=\"\u201cESP\u00c8CES MENAC\u00c9ES\u201d : S\u00e9verine, Christian, Patrice et Josiane pour le T\u00e9l\u00e9thon le 9 f\u00e9vrier 2020 \u00e0 MONS EN LAONNOIS\" width=\"150\" height=\"150\" class=\"skip-lazy fg-image\" data-src-fg=\"https:\/\/comedialaon.fr\/wp-content\/uploads\/cache\/2020\/02\/Mons-9-f\u00e9vrier-2020_121\/1640889301.jpg\" src=\"data:image\/svg+xml,%3Csvg%20xmlns%3D%22http%3A%2F%2Fwww.w3.org%2F2000%2Fsvg%22%20width%3D%22150%22%20height%3D%22150%22%20viewBox%3D%220%200%20150%20150%22%3E%3C%2Fsvg%3E\" loading=\"eager\"><\/span><span class=\"fg-image-overlay\"><\/span><\/a><figcaption class=\"fg-caption\"><div class=\"fg-caption-inner\"><div class=\"fg-caption-title\">\u201cESP\u00c8CES MENAC\u00c9ES\u201d : S\u00e9verine, Christian, Patrice et Josiane pour le T\u00e9l\u00e9thon le 9 f\u00e9vrier 2020 \u00e0 MONS EN LAONNOIS<\/div><\/div><\/figcaption><\/figure><div class=\"fg-loader\"><\/div><\/div><div class=\"fg-item fg-type-image fg-idle\"><figure class=\"fg-item-inner\"><a href=\"https:\/\/comedialaon.fr\/wp-content\/uploads\/2020\/02\/Mons-9-f\u00e9vrier-2020_122.jpg\" data-caption-title=\"\u201cESP\u00c8CES MENAC\u00c9ES\u201d : Shahnaz, S\u00e9verine, Christian, Patrice, Josiane et Bernard pour le T\u00e9l\u00e9thon le 9 f\u00e9vrier 2020 \u00e0 MONS EN LAONNOIS\" data-attachment-id=\"3835\" data-type=\"image\" class=\"fg-thumb\"><span class=\"fg-image-wrap\"><img decoding=\"async\" title=\"\u201cESP\u00c8CES MENAC\u00c9ES\u201d : Shahnaz, S\u00e9verine, Christian, Patrice, Josiane et Bernard pour le T\u00e9l\u00e9thon le 9 f\u00e9vrier 2020 \u00e0 MONS EN LAONNOIS\" width=\"150\" height=\"150\" class=\"skip-lazy fg-image\" data-src-fg=\"https:\/\/comedialaon.fr\/wp-content\/uploads\/cache\/2020\/02\/Mons-9-f\u00e9vrier-2020_122\/724973240.jpg\" src=\"data:image\/svg+xml,%3Csvg%20xmlns%3D%22http%3A%2F%2Fwww.w3.org%2F2000%2Fsvg%22%20width%3D%22150%22%20height%3D%22150%22%20viewBox%3D%220%200%20150%20150%22%3E%3C%2Fsvg%3E\" loading=\"eager\"><\/span><span class=\"fg-image-overlay\"><\/span><\/a><figcaption class=\"fg-caption\"><div class=\"fg-caption-inner\"><div class=\"fg-caption-title\">\u201cESP\u00c8CES MENAC\u00c9ES\u201d : Shahnaz, S\u00e9verine, Christian, Patrice, Josiane et Bernard pour le T\u00e9l\u00e9thon le 9 f\u00e9vrier 2020 \u00e0 MONS EN LAONNOIS<\/div><\/div><\/figcaption><\/figure><div class=\"fg-loader\"><\/div><\/div><div class=\"fg-item fg-type-image fg-idle\"><figure class=\"fg-item-inner\"><a href=\"https:\/\/comedialaon.fr\/wp-content\/uploads\/2020\/02\/Mons-9-f\u00e9vrier-2020_123.jpg\" data-caption-title=\"\u201cESP\u00c8CES MENAC\u00c9ES\u201d : Shahnaz pour le T\u00e9l\u00e9thon le 9 f\u00e9vrier 2020 \u00e0 MONS EN LAONNOIS\" data-attachment-id=\"3836\" data-type=\"image\" class=\"fg-thumb\"><span class=\"fg-image-wrap\"><img decoding=\"async\" title=\"\u201cESP\u00c8CES MENAC\u00c9ES\u201d : Shahnaz pour le T\u00e9l\u00e9thon le 9 f\u00e9vrier 2020 \u00e0 MONS EN LAONNOIS\" width=\"150\" height=\"150\" class=\"skip-lazy fg-image\" data-src-fg=\"https:\/\/comedialaon.fr\/wp-content\/uploads\/cache\/2020\/02\/Mons-9-f\u00e9vrier-2020_123\/1886416885.jpg\" src=\"data:image\/svg+xml,%3Csvg%20xmlns%3D%22http%3A%2F%2Fwww.w3.org%2F2000%2Fsvg%22%20width%3D%22150%22%20height%3D%22150%22%20viewBox%3D%220%200%20150%20150%22%3E%3C%2Fsvg%3E\" loading=\"eager\"><\/span><span class=\"fg-image-overlay\"><\/span><\/a><figcaption class=\"fg-caption\"><div class=\"fg-caption-inner\"><div class=\"fg-caption-title\">\u201cESP\u00c8CES MENAC\u00c9ES\u201d : Shahnaz pour le T\u00e9l\u00e9thon le 9 f\u00e9vrier 2020 \u00e0 MONS EN LAONNOIS<\/div><\/div><\/figcaption><\/figure><div class=\"fg-loader\"><\/div><\/div><div class=\"fg-item fg-type-image fg-idle\"><figure class=\"fg-item-inner\"><a href=\"https:\/\/comedialaon.fr\/wp-content\/uploads\/2020\/02\/Mons-9-f\u00e9vrier-2020_124.jpg\" data-caption-title=\"\u201cESP\u00c8CES MENAC\u00c9ES\u201d : S\u00e9verine, Christian, Shahnaz, Bernard, Josiane et Patrice pour le T\u00e9l\u00e9thon le 9 f\u00e9vrier 2020 \u00e0 MONS EN LAONNOIS\" data-attachment-id=\"3837\" data-type=\"image\" class=\"fg-thumb\"><span class=\"fg-image-wrap\"><img decoding=\"async\" title=\"\u201cESP\u00c8CES MENAC\u00c9ES\u201d : S\u00e9verine, Christian, Shahnaz, Bernard, Josiane et Patrice pour le T\u00e9l\u00e9thon le 9 f\u00e9vrier 2020 \u00e0 MONS EN LAONNOIS\" width=\"150\" height=\"150\" class=\"skip-lazy fg-image\" data-src-fg=\"https:\/\/comedialaon.fr\/wp-content\/uploads\/cache\/2020\/02\/Mons-9-f\u00e9vrier-2020_124\/3200363618.jpg\" src=\"data:image\/svg+xml,%3Csvg%20xmlns%3D%22http%3A%2F%2Fwww.w3.org%2F2000%2Fsvg%22%20width%3D%22150%22%20height%3D%22150%22%20viewBox%3D%220%200%20150%20150%22%3E%3C%2Fsvg%3E\" loading=\"eager\"><\/span><span class=\"fg-image-overlay\"><\/span><\/a><figcaption class=\"fg-caption\"><div class=\"fg-caption-inner\"><div class=\"fg-caption-title\">\u201cESP\u00c8CES MENAC\u00c9ES\u201d : S\u00e9verine, Christian, Shahnaz, Bernard, Josiane et Patrice pour le T\u00e9l\u00e9thon le 9 f\u00e9vrier 2020 \u00e0 MONS EN LAONNOIS<\/div><\/div><\/figcaption><\/figure><div class=\"fg-loader\"><\/div><\/div><div class=\"fg-item fg-type-image fg-idle\"><figure class=\"fg-item-inner\"><a href=\"https:\/\/comedialaon.fr\/wp-content\/uploads\/2020\/02\/Mons-9-f\u00e9vrier-2020_125.jpg\" data-caption-title=\"\u201cESP\u00c8CES MENAC\u00c9ES\u201d : S\u00e9verine, Christian, Shahnaz, Bernard, Josiane et Patrice pour le T\u00e9l\u00e9thon le 9 f\u00e9vrier 2020 \u00e0 MONS EN LAONNOIS\" data-attachment-id=\"3838\" data-type=\"image\" class=\"fg-thumb\"><span class=\"fg-image-wrap\"><img decoding=\"async\" title=\"\u201cESP\u00c8CES MENAC\u00c9ES\u201d : S\u00e9verine, Christian, Shahnaz, Bernard, Josiane et Patrice pour le T\u00e9l\u00e9thon le 9 f\u00e9vrier 2020 \u00e0 MONS EN LAONNOIS\" width=\"150\" height=\"150\" class=\"skip-lazy fg-image\" data-src-fg=\"https:\/\/comedialaon.fr\/wp-content\/uploads\/cache\/2020\/02\/Mons-9-f\u00e9vrier-2020_125\/3617953952.jpg\" src=\"data:image\/svg+xml,%3Csvg%20xmlns%3D%22http%3A%2F%2Fwww.w3.org%2F2000%2Fsvg%22%20width%3D%22150%22%20height%3D%22150%22%20viewBox%3D%220%200%20150%20150%22%3E%3C%2Fsvg%3E\" loading=\"eager\"><\/span><span class=\"fg-image-overlay\"><\/span><\/a><figcaption class=\"fg-caption\"><div class=\"fg-caption-inner\"><div class=\"fg-caption-title\">\u201cESP\u00c8CES MENAC\u00c9ES\u201d : S\u00e9verine, Christian, Shahnaz, Bernard, Josiane et Patrice pour le T\u00e9l\u00e9thon le 9 f\u00e9vrier 2020 \u00e0 MONS EN LAONNOIS<\/div><\/div><\/figcaption><\/figure><div class=\"fg-loader\"><\/div><\/div><div class=\"fg-item fg-type-image fg-idle\"><figure class=\"fg-item-inner\"><a href=\"https:\/\/comedialaon.fr\/wp-content\/uploads\/2020\/02\/Mons-9-f\u00e9vrier-2020_126.jpg\" data-caption-title=\"\u201cESP\u00c8CES MENAC\u00c9ES\u201d : Christian, S\u00e9verine, Shahnaz, Josiane, Bernard et Patrice pour le T\u00e9l\u00e9thon le 9 f\u00e9vrier 2020 \u00e0 MONS EN LAONNOIS\" data-attachment-id=\"3839\" data-type=\"image\" class=\"fg-thumb\"><span class=\"fg-image-wrap\"><img decoding=\"async\" title=\"\u201cESP\u00c8CES MENAC\u00c9ES\u201d : Christian, S\u00e9verine, Shahnaz, Josiane, Bernard et Patrice pour le T\u00e9l\u00e9thon le 9 f\u00e9vrier 2020 \u00e0 MONS EN LAONNOIS\" width=\"150\" height=\"150\" class=\"skip-lazy fg-image\" data-src-fg=\"https:\/\/comedialaon.fr\/wp-content\/uploads\/cache\/2020\/02\/Mons-9-f\u00e9vrier-2020_126\/2640205261.jpg\" src=\"data:image\/svg+xml,%3Csvg%20xmlns%3D%22http%3A%2F%2Fwww.w3.org%2F2000%2Fsvg%22%20width%3D%22150%22%20height%3D%22150%22%20viewBox%3D%220%200%20150%20150%22%3E%3C%2Fsvg%3E\" loading=\"eager\"><\/span><span class=\"fg-image-overlay\"><\/span><\/a><figcaption class=\"fg-caption\"><div class=\"fg-caption-inner\"><div class=\"fg-caption-title\">\u201cESP\u00c8CES MENAC\u00c9ES\u201d : Christian, S\u00e9verine, Shahnaz, Josiane, Bernard et Patrice pour le T\u00e9l\u00e9thon le 9 f\u00e9vrier 2020 \u00e0 MONS EN LAONNOIS<\/div><\/div><\/figcaption><\/figure><div class=\"fg-loader\"><\/div><\/div><div class=\"fg-item fg-type-image fg-idle\"><figure class=\"fg-item-inner\"><a href=\"https:\/\/comedialaon.fr\/wp-content\/uploads\/2020\/02\/Mons-9-f\u00e9vrier-2020_127.jpg\" data-caption-title=\"\u201cESP\u00c8CES MENAC\u00c9ES\u201d : S\u00e9verine, Christian, Shahnaz, Bernard, Josiane et Patrice pour le T\u00e9l\u00e9thon le 9 f\u00e9vrier 2020 \u00e0 MONS EN LAONNOIS\" data-attachment-id=\"3840\" data-type=\"image\" class=\"fg-thumb\"><span class=\"fg-image-wrap\"><img decoding=\"async\" title=\"\u201cESP\u00c8CES MENAC\u00c9ES\u201d : S\u00e9verine, Christian, Shahnaz, Bernard, Josiane et Patrice pour le T\u00e9l\u00e9thon le 9 f\u00e9vrier 2020 \u00e0 MONS EN LAONNOIS\" width=\"150\" height=\"150\" class=\"skip-lazy fg-image\" data-src-fg=\"https:\/\/comedialaon.fr\/wp-content\/uploads\/cache\/2020\/02\/Mons-9-f\u00e9vrier-2020_127\/885903467.jpg\" src=\"data:image\/svg+xml,%3Csvg%20xmlns%3D%22http%3A%2F%2Fwww.w3.org%2F2000%2Fsvg%22%20width%3D%22150%22%20height%3D%22150%22%20viewBox%3D%220%200%20150%20150%22%3E%3C%2Fsvg%3E\" loading=\"eager\"><\/span><span class=\"fg-image-overlay\"><\/span><\/a><figcaption class=\"fg-caption\"><div class=\"fg-caption-inner\"><div class=\"fg-caption-title\">\u201cESP\u00c8CES MENAC\u00c9ES\u201d : S\u00e9verine, Christian, Shahnaz, Bernard, Josiane et Patrice pour le T\u00e9l\u00e9thon le 9 f\u00e9vrier 2020 \u00e0 MONS EN LAONNOIS<\/div><\/div><\/figcaption><\/figure><div class=\"fg-loader\"><\/div><\/div><div class=\"fg-item fg-type-image fg-idle\"><figure class=\"fg-item-inner\"><a href=\"https:\/\/comedialaon.fr\/wp-content\/uploads\/2020\/02\/Mons-9-f\u00e9vrier-2020_128.jpg\" data-caption-title=\"\u201cESP\u00c8CES MENAC\u00c9ES\u201d : Patrice, Christian, S\u00e9verine, Shahnaz, Josiane et Bernard pour le T\u00e9l\u00e9thon le 9 f\u00e9vrier 2020 \u00e0 MONS EN LAONNOIS\" data-attachment-id=\"3841\" data-type=\"image\" class=\"fg-thumb\"><span class=\"fg-image-wrap\"><img decoding=\"async\" title=\"\u201cESP\u00c8CES MENAC\u00c9ES\u201d : Patrice, Christian, S\u00e9verine, Shahnaz, Josiane et Bernard pour le T\u00e9l\u00e9thon le 9 f\u00e9vrier 2020 \u00e0 MONS EN LAONNOIS\" width=\"150\" height=\"150\" class=\"skip-lazy fg-image\" data-src-fg=\"https:\/\/comedialaon.fr\/wp-content\/uploads\/cache\/2020\/02\/Mons-9-f\u00e9vrier-2020_128\/697894985.jpg\" src=\"data:image\/svg+xml,%3Csvg%20xmlns%3D%22http%3A%2F%2Fwww.w3.org%2F2000%2Fsvg%22%20width%3D%22150%22%20height%3D%22150%22%20viewBox%3D%220%200%20150%20150%22%3E%3C%2Fsvg%3E\" loading=\"eager\"><\/span><span class=\"fg-image-overlay\"><\/span><\/a><figcaption class=\"fg-caption\"><div class=\"fg-caption-inner\"><div class=\"fg-caption-title\">\u201cESP\u00c8CES MENAC\u00c9ES\u201d : Patrice, Christian, S\u00e9verine, Shahnaz, Josiane et Bernard pour le T\u00e9l\u00e9thon le 9 f\u00e9vrier 2020 \u00e0 MONS EN LAONNOIS<\/div><\/div><\/figcaption><\/figure><div class=\"fg-loader\"><\/div><\/div><div class=\"fg-item fg-type-image fg-idle\"><figure class=\"fg-item-inner\"><a href=\"https:\/\/comedialaon.fr\/wp-content\/uploads\/2020\/02\/Mons-9-f\u00e9vrier-2020_129.jpg\" data-caption-title=\"\u201cESP\u00c8CES MENAC\u00c9ES\u201d : Bernadette, Daniel, Shahnaz, Christian, S\u00e9verine, Patrice, Josiane et Bernard pour le T\u00e9l\u00e9thon le 9 f\u00e9vrier 2020 \u00e0 MONS EN LAONNOIS\" data-attachment-id=\"3842\" data-type=\"image\" class=\"fg-thumb\"><span class=\"fg-image-wrap\"><img decoding=\"async\" title=\"\u201cESP\u00c8CES MENAC\u00c9ES\u201d : Bernadette, Daniel, Shahnaz, Christian, S\u00e9verine, Patrice, Josiane et Bernard pour le T\u00e9l\u00e9thon le 9 f\u00e9vrier 2020 \u00e0 MONS EN LAONNOIS\" width=\"150\" height=\"150\" class=\"skip-lazy fg-image\" data-src-fg=\"https:\/\/comedialaon.fr\/wp-content\/uploads\/cache\/2020\/02\/Mons-9-f\u00e9vrier-2020_129\/1927237892.jpg\" src=\"data:image\/svg+xml,%3Csvg%20xmlns%3D%22http%3A%2F%2Fwww.w3.org%2F2000%2Fsvg%22%20width%3D%22150%22%20height%3D%22150%22%20viewBox%3D%220%200%20150%20150%22%3E%3C%2Fsvg%3E\" loading=\"eager\"><\/span><span class=\"fg-image-overlay\"><\/span><\/a><figcaption class=\"fg-caption\"><div class=\"fg-caption-inner\"><div class=\"fg-caption-title\">\u201cESP\u00c8CES MENAC\u00c9ES\u201d : Bernadette, Daniel, Shahnaz, Christian, S\u00e9verine, Patrice, Josiane et Bernard pour le T\u00e9l\u00e9thon le 9 f\u00e9vrier 2020 \u00e0 MONS EN LAONNOIS<\/div><\/div><\/figcaption><\/figure><div class=\"fg-loader\"><\/div><\/div><div class=\"fg-item fg-type-image fg-idle\"><figure class=\"fg-item-inner\"><a href=\"https:\/\/comedialaon.fr\/wp-content\/uploads\/2020\/02\/Mons-9-f\u00e9vrier-2020_130.jpg\" data-caption-title=\"\u201cESP\u00c8CES MENAC\u00c9ES\u201d : Bernadette, Daniel, Shahnaz, Christian, S\u00e9verine, Patrice, Josiane et Bernard pour le T\u00e9l\u00e9thon le 9 f\u00e9vrier 2020 \u00e0 MONS EN LAONNOIS\" data-attachment-id=\"3843\" data-type=\"image\" class=\"fg-thumb\"><span class=\"fg-image-wrap\"><img decoding=\"async\" title=\"\u201cESP\u00c8CES MENAC\u00c9ES\u201d : Bernadette, Daniel, Shahnaz, Christian, S\u00e9verine, Patrice, Josiane et Bernard pour le T\u00e9l\u00e9thon le 9 f\u00e9vrier 2020 \u00e0 MONS EN LAONNOIS\" width=\"150\" height=\"150\" class=\"skip-lazy fg-image\" data-src-fg=\"https:\/\/comedialaon.fr\/wp-content\/uploads\/cache\/2020\/02\/Mons-9-f\u00e9vrier-2020_130\/3198129378.jpg\" src=\"data:image\/svg+xml,%3Csvg%20xmlns%3D%22http%3A%2F%2Fwww.w3.org%2F2000%2Fsvg%22%20width%3D%22150%22%20height%3D%22150%22%20viewBox%3D%220%200%20150%20150%22%3E%3C%2Fsvg%3E\" loading=\"eager\"><\/span><span class=\"fg-image-overlay\"><\/span><\/a><figcaption class=\"fg-caption\"><div class=\"fg-caption-inner\"><div class=\"fg-caption-title\">\u201cESP\u00c8CES MENAC\u00c9ES\u201d : Bernadette, Daniel, Shahnaz, Christian, S\u00e9verine, Patrice, Josiane et Bernard pour le T\u00e9l\u00e9thon le 9 f\u00e9vrier 2020 \u00e0 MONS EN LAONNOIS<\/div><\/div><\/figcaption><\/figure><div class=\"fg-loader\"><\/div><\/div><div class=\"fg-item fg-type-image fg-idle\"><figure class=\"fg-item-inner\"><a href=\"https:\/\/comedialaon.fr\/wp-content\/uploads\/2020\/02\/Mons-9-f\u00e9vrier-2020_131.jpg\" data-caption-title=\"\u201cESP\u00c8CES MENAC\u00c9ES\u201d : Bernadette, Daniel, Shahnaz, Christian, S\u00e9verine, Patrice, Josiane et Bernard pour le T\u00e9l\u00e9thon le 9 f\u00e9vrier 2020 \u00e0 MONS EN LAONNOIS\" data-attachment-id=\"3844\" data-type=\"image\" class=\"fg-thumb\"><span class=\"fg-image-wrap\"><img decoding=\"async\" title=\"\u201cESP\u00c8CES MENAC\u00c9ES\u201d : Bernadette, Daniel, Shahnaz, Christian, S\u00e9verine, Patrice, Josiane et Bernard pour le T\u00e9l\u00e9thon le 9 f\u00e9vrier 2020 \u00e0 MONS EN LAONNOIS\" width=\"150\" height=\"150\" class=\"skip-lazy fg-image\" data-src-fg=\"https:\/\/comedialaon.fr\/wp-content\/uploads\/cache\/2020\/02\/Mons-9-f\u00e9vrier-2020_131\/1122560789.jpg\" src=\"data:image\/svg+xml,%3Csvg%20xmlns%3D%22http%3A%2F%2Fwww.w3.org%2F2000%2Fsvg%22%20width%3D%22150%22%20height%3D%22150%22%20viewBox%3D%220%200%20150%20150%22%3E%3C%2Fsvg%3E\" loading=\"eager\"><\/span><span class=\"fg-image-overlay\"><\/span><\/a><figcaption class=\"fg-caption\"><div class=\"fg-caption-inner\"><div class=\"fg-caption-title\">\u201cESP\u00c8CES MENAC\u00c9ES\u201d : Bernadette, Daniel, Shahnaz, Christian, S\u00e9verine, Patrice, Josiane et Bernard pour le T\u00e9l\u00e9thon le 9 f\u00e9vrier 2020 \u00e0 MONS EN LAONNOIS<\/div><\/div><\/figcaption><\/figure><div class=\"fg-loader\"><\/div><\/div><\/div>\n\n","protected":false},"excerpt":{"rendered":"","protected":false},"author":1,"featured_media":0,"parent":0,"menu_order":0,"comment_status":"closed","ping_status":"closed","template":"","meta":{"footnotes":""},"class_list":["post-4618","page","type-page","status-publish","hentry"],"yoast_head":"<!-- This site is optimized with the Yoast SEO plugin v27.5 - https:\/\/yoast.com\/product\/yoast-seo-wordpress\/ -->\n<title>Album photos \u201cESP\u00c8CES MENAC\u00c9ES\u201d \u00e0 MONS EN LAONNOIS le 9 F\u00c9VRIER 2020 : T\u00c9L\u00c9THON &#8226; Com\u00e9dia Laon<\/title>\n<meta name=\"robots\" content=\"index, follow, max-snippet:-1, max-image-preview:large, max-video-preview:-1\" \/>\n<link rel=\"canonical\" href=\"https:\/\/comedialaon.fr\/?page_id=4618\" \/>\n<meta property=\"og:locale\" content=\"fr_FR\" \/>\n<meta property=\"og:type\" content=\"article\" \/>\n<meta property=\"og:title\" content=\"Album photos \u201cESP\u00c8CES MENAC\u00c9ES\u201d \u00e0 MONS EN LAONNOIS le 9 F\u00c9VRIER 2020 : T\u00c9L\u00c9THON &#8226; Com\u00e9dia Laon\" \/>\n<meta property=\"og:url\" content=\"https:\/\/comedialaon.fr\/?page_id=4618\" \/>\n<meta property=\"og:site_name\" content=\"Com\u00e9dia Laon\" \/>\n<meta property=\"article:publisher\" content=\"https:\/\/www.facebook.com\/profile.php?id=100008459438996\" \/>\n<script type=\"application\/ld+json\" class=\"yoast-schema-graph\">{\"@context\":\"https:\\\/\\\/schema.org\",\"@graph\":[{\"@type\":\"WebPage\",\"@id\":\"https:\\\/\\\/comedialaon.fr\\\/?page_id=4618\",\"url\":\"https:\\\/\\\/comedialaon.fr\\\/?page_id=4618\",\"name\":\"Album photos \u201cESP\u00c8CES MENAC\u00c9ES\u201d \u00e0 MONS EN LAONNOIS le 9 F\u00c9VRIER 2020 : T\u00c9L\u00c9THON &#8226; Com\u00e9dia Laon\",\"isPartOf\":{\"@id\":\"https:\\\/\\\/comedialaon.fr\\\/#website\"},\"datePublished\":\"2021-07-20T13:10:31+00:00\",\"breadcrumb\":{\"@id\":\"https:\\\/\\\/comedialaon.fr\\\/?page_id=4618#breadcrumb\"},\"inLanguage\":\"fr-FR\",\"potentialAction\":[{\"@type\":\"ReadAction\",\"target\":[\"https:\\\/\\\/comedialaon.fr\\\/?page_id=4618\"]}]},{\"@type\":\"BreadcrumbList\",\"@id\":\"https:\\\/\\\/comedialaon.fr\\\/?page_id=4618#breadcrumb\",\"itemListElement\":[{\"@type\":\"ListItem\",\"position\":1,\"name\":\"Accueil\",\"item\":\"https:\\\/\\\/comedialaon.fr\\\/\"},{\"@type\":\"ListItem\",\"position\":2,\"name\":\"Album photos \u201cESP\u00c8CES MENAC\u00c9ES\u201d \u00e0 MONS EN LAONNOIS le 9 F\u00c9VRIER 2020 : T\u00c9L\u00c9THON\"}]},{\"@type\":\"WebSite\",\"@id\":\"https:\\\/\\\/comedialaon.fr\\\/#website\",\"url\":\"https:\\\/\\\/comedialaon.fr\\\/\",\"name\":\"Com\u00e9dia Laon\",\"description\":\"Prendre et donner du PLAISIR ... !!! ;-)\",\"publisher\":{\"@id\":\"https:\\\/\\\/comedialaon.fr\\\/#organization\"},\"potentialAction\":[{\"@type\":\"SearchAction\",\"target\":{\"@type\":\"EntryPoint\",\"urlTemplate\":\"https:\\\/\\\/comedialaon.fr\\\/?s={search_term_string}\"},\"query-input\":{\"@type\":\"PropertyValueSpecification\",\"valueRequired\":true,\"valueName\":\"search_term_string\"}}],\"inLanguage\":\"fr-FR\"},{\"@type\":\"Organization\",\"@id\":\"https:\\\/\\\/comedialaon.fr\\\/#organization\",\"name\":\"Com\u00e9dia Laon\",\"url\":\"https:\\\/\\\/comedialaon.fr\\\/\",\"logo\":{\"@type\":\"ImageObject\",\"inLanguage\":\"fr-FR\",\"@id\":\"https:\\\/\\\/comedialaon.fr\\\/#\\\/schema\\\/logo\\\/image\\\/\",\"url\":\"https:\\\/\\\/comedialaon.fr\\\/wp-content\\\/uploads\\\/2019\\\/02\\\/LOGO-CL-et-OL.jpg\",\"contentUrl\":\"https:\\\/\\\/comedialaon.fr\\\/wp-content\\\/uploads\\\/2019\\\/02\\\/LOGO-CL-et-OL.jpg\",\"width\":756,\"height\":210,\"caption\":\"Com\u00e9dia Laon\"},\"image\":{\"@id\":\"https:\\\/\\\/comedialaon.fr\\\/#\\\/schema\\\/logo\\\/image\\\/\"},\"sameAs\":[\"https:\\\/\\\/www.facebook.com\\\/profile.php?id=100008459438996\",\"https:\\\/\\\/www.youtube.com\\\/results?search_query=comedia laon\"]}]}<\/script>\n<!-- \/ Yoast SEO plugin. -->","yoast_head_json":{"title":"Album photos \u201cESP\u00c8CES MENAC\u00c9ES\u201d \u00e0 MONS EN LAONNOIS le 9 F\u00c9VRIER 2020 : T\u00c9L\u00c9THON &#8226; Com\u00e9dia Laon","robots":{"index":"index","follow":"follow","max-snippet":"max-snippet:-1","max-image-preview":"max-image-preview:large","max-video-preview":"max-video-preview:-1"},"canonical":"https:\/\/comedialaon.fr\/?page_id=4618","og_locale":"fr_FR","og_type":"article","og_title":"Album photos \u201cESP\u00c8CES MENAC\u00c9ES\u201d \u00e0 MONS EN LAONNOIS le 9 F\u00c9VRIER 2020 : T\u00c9L\u00c9THON &#8226; Com\u00e9dia Laon","og_url":"https:\/\/comedialaon.fr\/?page_id=4618","og_site_name":"Com\u00e9dia Laon","article_publisher":"https:\/\/www.facebook.com\/profile.php?id=100008459438996","schema":{"@context":"https:\/\/schema.org","@graph":[{"@type":"WebPage","@id":"https:\/\/comedialaon.fr\/?page_id=4618","url":"https:\/\/comedialaon.fr\/?page_id=4618","name":"Album photos \u201cESP\u00c8CES MENAC\u00c9ES\u201d \u00e0 MONS EN LAONNOIS le 9 F\u00c9VRIER 2020 : T\u00c9L\u00c9THON &#8226; Com\u00e9dia Laon","isPartOf":{"@id":"https:\/\/comedialaon.fr\/#website"},"datePublished":"2021-07-20T13:10:31+00:00","breadcrumb":{"@id":"https:\/\/comedialaon.fr\/?page_id=4618#breadcrumb"},"inLanguage":"fr-FR","potentialAction":[{"@type":"ReadAction","target":["https:\/\/comedialaon.fr\/?page_id=4618"]}]},{"@type":"BreadcrumbList","@id":"https:\/\/comedialaon.fr\/?page_id=4618#breadcrumb","itemListElement":[{"@type":"ListItem","position":1,"name":"Accueil","item":"https:\/\/comedialaon.fr\/"},{"@type":"ListItem","position":2,"name":"Album photos \u201cESP\u00c8CES MENAC\u00c9ES\u201d \u00e0 MONS EN LAONNOIS le 9 F\u00c9VRIER 2020 : T\u00c9L\u00c9THON"}]},{"@type":"WebSite","@id":"https:\/\/comedialaon.fr\/#website","url":"https:\/\/comedialaon.fr\/","name":"Com\u00e9dia Laon","description":"Prendre et donner du PLAISIR ... !!! ;-)","publisher":{"@id":"https:\/\/comedialaon.fr\/#organization"},"potentialAction":[{"@type":"SearchAction","target":{"@type":"EntryPoint","urlTemplate":"https:\/\/comedialaon.fr\/?s={search_term_string}"},"query-input":{"@type":"PropertyValueSpecification","valueRequired":true,"valueName":"search_term_string"}}],"inLanguage":"fr-FR"},{"@type":"Organization","@id":"https:\/\/comedialaon.fr\/#organization","name":"Com\u00e9dia Laon","url":"https:\/\/comedialaon.fr\/","logo":{"@type":"ImageObject","inLanguage":"fr-FR","@id":"https:\/\/comedialaon.fr\/#\/schema\/logo\/image\/","url":"https:\/\/comedialaon.fr\/wp-content\/uploads\/2019\/02\/LOGO-CL-et-OL.jpg","contentUrl":"https:\/\/comedialaon.fr\/wp-content\/uploads\/2019\/02\/LOGO-CL-et-OL.jpg","width":756,"height":210,"caption":"Com\u00e9dia Laon"},"image":{"@id":"https:\/\/comedialaon.fr\/#\/schema\/logo\/image\/"},"sameAs":["https:\/\/www.facebook.com\/profile.php?id=100008459438996","https:\/\/www.youtube.com\/results?search_query=comedia laon"]}]}},"_links":{"self":[{"href":"https:\/\/comedialaon.fr\/index.php?rest_route=\/wp\/v2\/pages\/4618","targetHints":{"allow":["GET"]}}],"collection":[{"href":"https:\/\/comedialaon.fr\/index.php?rest_route=\/wp\/v2\/pages"}],"about":[{"href":"https:\/\/comedialaon.fr\/index.php?rest_route=\/wp\/v2\/types\/page"}],"author":[{"embeddable":true,"href":"https:\/\/comedialaon.fr\/index.php?rest_route=\/wp\/v2\/users\/1"}],"replies":[{"embeddable":true,"href":"https:\/\/comedialaon.fr\/index.php?rest_route=%2Fwp%2Fv2%2Fcomments&post=4618"}],"version-history":[{"count":3,"href":"https:\/\/comedialaon.fr\/index.php?rest_route=\/wp\/v2\/pages\/4618\/revisions"}],"predecessor-version":[{"id":4621,"href":"https:\/\/comedialaon.fr\/index.php?rest_route=\/wp\/v2\/pages\/4618\/revisions\/4621"}],"wp:attachment":[{"href":"https:\/\/comedialaon.fr\/index.php?rest_route=%2Fwp%2Fv2%2Fmedia&parent=4618"}],"curies":[{"name":"wp","href":"https:\/\/api.w.org\/{rel}","templated":true}]}}