{"id":3456,"date":"2019-10-01T11:01:54","date_gmt":"2019-10-01T09:01:54","guid":{"rendered":"https:\/\/comedialaon.fr\/?page_id=3456"},"modified":"2021-09-28T12:53:20","modified_gmt":"2021-09-28T10:53:20","slug":"nos-dates-de-representations-pour-2020","status":"publish","type":"page","link":"https:\/\/comedialaon.fr\/?page_id=3456","title":{"rendered":"NOS DATES DE REPR\u00c9SENTATIONS POUR 2020"},"content":{"rendered":"<p>(Les informations ci-dessous seront actualis\u00e9es au fil de l&rsquo;eau)<br \/>\n<u>Calendrier mis \u00e0 jour le 16\/03\/2020<\/u><\/p>\n<p><a href=\"https:\/\/comedialaon.fr\/?page_id=2820\" title=\"\u201cESP\u00c8CES MENAC\u00c9ES\u201d de Ray COONEY :\"> \u201cESP\u00c8CES MENAC\u00c9ES\u201d de Ray COONEY :<\/a><\/p>\n<p><u>Le dimanche 9 f\u00e9vrier 2020<\/u> \u00e0 15H00 \u00e0 MONS EN LAONNOIS \u00e0 la Salle du Stade Rue du Clos Piot.<br \/>\nInvitation par notre ami G\u00e9rard pour une R\u00e9p\u00e9tition G\u00e9n\u00e9rale <u> Au profit du T\u00c9L\u00c9THON<\/u>.<\/p>\n<p><u>Le dimanche 16 f\u00e9vrier 2020<\/u> \u00e0 15H00 \u00e0 LAON au Centre Social CAPNO Parking Carrefour Market Rue Fernand Christ.<br \/>\nR\u00e9servations 03 23 20 19 89 ou 03 23 79 63 13 ou comedialaon@orange.fr &#8211; Tarif entr\u00e9e 10 \u20ac<\/p>\n<p><u> Le dimanche 1er mars 2020<\/u> \u00e0 15H00 \u00e0 PINON \u00e0 la Salle des F\u00eates Place Charles de Gaulle.<br \/>\nR\u00e9servations 03 23 80 94 32 &#8211; Tarif entr\u00e9e voir Comit\u00e9 des F\u00eates de PINON<\/p>\n<p><s style=\"color:red\"> <span style=\"color:black\"><u> Le samedi 21 mars 2020<\/u> \u00e0 20H30 \u00e0 LA F\u00c8RE \u00e0 l&rsquo;Espace Drouot.<br \/>\nR\u00e9servations 03 23 56 62 00 &#8211; Entr\u00e9e gratuite<\/span><\/s> <big><u><b>Annul\u00e9e<\/b><\/u><\/big><\/p>\n<p><s style=\"color:red\"> <span style=\"color:black\"><u> Le vendredi 27 mars 2020<\/u> \u00e0 20H30 \u00e0 LAON \u00e0 la Maison des Arts et Loisirs Salle Guy SABATIER Place Gis\u00e8le Aubry.<br \/>\nR\u00e9servations 03 23 20 19 89 ou 03 23 79 63 13 ou comedialaon@orange.fr &#8211; Tarif entr\u00e9e 10 \u20ac<\/span><\/s> <big><u><b>Annul\u00e9e<\/b><\/u><\/big><\/p>\n<p><s style=\"color:red\"> <span style=\"color:black\"><u> Le dimanche 5 avril 2020<\/u> \u00e0 17H30 \u00e0 VERVINS au Cin\u00e9ma Piccoli-Piccolo.<br \/>\nR\u00e9servations 03 23 98 00 30 &#8211; Tarif entr\u00e9e voir Mairie de VERVINS<\/span><\/s> <big><u><b>Annul\u00e9e<\/b><\/u><\/big><\/p>\n<p><s style=\"color:red\"> <span style=\"color:black\"><u> Le samedi 25 avril 2020<\/u> \u00e0 20H30 \u00e0 CHAMBRY au Foyer Culturel G\u00e9rard PHILIPE Rue Jean Jaur\u00e8s.<br \/>\nR\u00e9servations 03 23 79 27 53 &#8211; Tarif entr\u00e9e voir Association du Foyer Culturel G\u00e9rard PHILIPE<\/span><\/s> <big><u><b>Annul\u00e9e<\/b><\/u><\/big><\/p>\n","protected":false},"excerpt":{"rendered":"<p>(Les informations ci-dessous seront actualis\u00e9es au fil de l&rsquo;eau) Calendrier mis \u00e0 jour le 16\/03\/2020 \u201cESP\u00c8CES MENAC\u00c9ES\u201d de Ray COONEY : Le dimanche 9 f\u00e9vrier 2020 \u00e0 15H00 \u00e0 MONS EN LAONNOIS \u00e0 la Salle du Stade Rue du Clos Piot. Invitation par notre ami G\u00e9rard pour une R\u00e9p\u00e9tition G\u00e9n\u00e9rale Au profit du T\u00c9L\u00c9THON. Le<\/p>\n<p><a class=\"excerpt-more blog-excerpt\" href=\"https:\/\/comedialaon.fr\/?page_id=3456\">Lire la suite<\/a><\/p>\n","protected":false},"author":1,"featured_media":0,"parent":0,"menu_order":0,"comment_status":"closed","ping_status":"closed","template":"","meta":{"footnotes":""},"class_list":["post-3456","page","type-page","status-publish","hentry"],"yoast_head":"<!-- This site is optimized with the Yoast SEO plugin v27.5 - https:\/\/yoast.com\/product\/yoast-seo-wordpress\/ -->\n<title>NOS DATES DE REPR\u00c9SENTATIONS POUR 2020 &#8226; Com\u00e9dia Laon<\/title>\n<meta name=\"robots\" content=\"index, follow, max-snippet:-1, max-image-preview:large, max-video-preview:-1\" \/>\n<link rel=\"canonical\" href=\"https:\/\/comedialaon.fr\/?page_id=3456\" \/>\n<meta property=\"og:locale\" content=\"fr_FR\" \/>\n<meta property=\"og:type\" content=\"article\" \/>\n<meta property=\"og:title\" content=\"NOS DATES DE REPR\u00c9SENTATIONS POUR 2020 &#8226; Com\u00e9dia Laon\" \/>\n<meta property=\"og:description\" content=\"(Les informations ci-dessous seront actualis\u00e9es au fil de l&rsquo;eau) Calendrier mis \u00e0 jour le 16\/03\/2020 \u201cESP\u00c8CES MENAC\u00c9ES\u201d de Ray COONEY : Le dimanche 9 f\u00e9vrier 2020 \u00e0 15H00 \u00e0 MONS EN LAONNOIS \u00e0 la Salle du Stade Rue du Clos Piot. Invitation par notre ami G\u00e9rard pour une R\u00e9p\u00e9tition G\u00e9n\u00e9rale Au profit du T\u00c9L\u00c9THON. LeLire la suite\" \/>\n<meta property=\"og:url\" content=\"https:\/\/comedialaon.fr\/?page_id=3456\" \/>\n<meta property=\"og:site_name\" content=\"Com\u00e9dia Laon\" \/>\n<meta property=\"article:publisher\" content=\"https:\/\/www.facebook.com\/profile.php?id=100008459438996\" \/>\n<meta property=\"article:modified_time\" content=\"2021-09-28T10:53:20+00:00\" \/>\n<meta name=\"twitter:label1\" content=\"Dur\u00e9e de lecture estim\u00e9e\" \/>\n\t<meta name=\"twitter:data1\" content=\"1 minute\" \/>\n<script type=\"application\/ld+json\" class=\"yoast-schema-graph\">{\"@context\":\"https:\\\/\\\/schema.org\",\"@graph\":[{\"@type\":\"WebPage\",\"@id\":\"https:\\\/\\\/comedialaon.fr\\\/?page_id=3456\",\"url\":\"https:\\\/\\\/comedialaon.fr\\\/?page_id=3456\",\"name\":\"NOS DATES DE REPR\u00c9SENTATIONS POUR 2020 &#8226; Com\u00e9dia Laon\",\"isPartOf\":{\"@id\":\"https:\\\/\\\/comedialaon.fr\\\/#website\"},\"datePublished\":\"2019-10-01T09:01:54+00:00\",\"dateModified\":\"2021-09-28T10:53:20+00:00\",\"breadcrumb\":{\"@id\":\"https:\\\/\\\/comedialaon.fr\\\/?page_id=3456#breadcrumb\"},\"inLanguage\":\"fr-FR\",\"potentialAction\":[{\"@type\":\"ReadAction\",\"target\":[\"https:\\\/\\\/comedialaon.fr\\\/?page_id=3456\"]}]},{\"@type\":\"BreadcrumbList\",\"@id\":\"https:\\\/\\\/comedialaon.fr\\\/?page_id=3456#breadcrumb\",\"itemListElement\":[{\"@type\":\"ListItem\",\"position\":1,\"name\":\"Accueil\",\"item\":\"https:\\\/\\\/comedialaon.fr\\\/\"},{\"@type\":\"ListItem\",\"position\":2,\"name\":\"NOS DATES DE REPR\u00c9SENTATIONS POUR 2020\"}]},{\"@type\":\"WebSite\",\"@id\":\"https:\\\/\\\/comedialaon.fr\\\/#website\",\"url\":\"https:\\\/\\\/comedialaon.fr\\\/\",\"name\":\"Com\u00e9dia Laon\",\"description\":\"Prendre et donner du PLAISIR ... !!! ;-)\",\"publisher\":{\"@id\":\"https:\\\/\\\/comedialaon.fr\\\/#organization\"},\"potentialAction\":[{\"@type\":\"SearchAction\",\"target\":{\"@type\":\"EntryPoint\",\"urlTemplate\":\"https:\\\/\\\/comedialaon.fr\\\/?s={search_term_string}\"},\"query-input\":{\"@type\":\"PropertyValueSpecification\",\"valueRequired\":true,\"valueName\":\"search_term_string\"}}],\"inLanguage\":\"fr-FR\"},{\"@type\":\"Organization\",\"@id\":\"https:\\\/\\\/comedialaon.fr\\\/#organization\",\"name\":\"Com\u00e9dia Laon\",\"url\":\"https:\\\/\\\/comedialaon.fr\\\/\",\"logo\":{\"@type\":\"ImageObject\",\"inLanguage\":\"fr-FR\",\"@id\":\"https:\\\/\\\/comedialaon.fr\\\/#\\\/schema\\\/logo\\\/image\\\/\",\"url\":\"https:\\\/\\\/comedialaon.fr\\\/wp-content\\\/uploads\\\/2019\\\/02\\\/LOGO-CL-et-OL.jpg\",\"contentUrl\":\"https:\\\/\\\/comedialaon.fr\\\/wp-content\\\/uploads\\\/2019\\\/02\\\/LOGO-CL-et-OL.jpg\",\"width\":756,\"height\":210,\"caption\":\"Com\u00e9dia Laon\"},\"image\":{\"@id\":\"https:\\\/\\\/comedialaon.fr\\\/#\\\/schema\\\/logo\\\/image\\\/\"},\"sameAs\":[\"https:\\\/\\\/www.facebook.com\\\/profile.php?id=100008459438996\",\"https:\\\/\\\/www.youtube.com\\\/results?search_query=comedia laon\"]}]}<\/script>\n<!-- \/ Yoast SEO plugin. -->","yoast_head_json":{"title":"NOS DATES DE REPR\u00c9SENTATIONS POUR 2020 &#8226; Com\u00e9dia Laon","robots":{"index":"index","follow":"follow","max-snippet":"max-snippet:-1","max-image-preview":"max-image-preview:large","max-video-preview":"max-video-preview:-1"},"canonical":"https:\/\/comedialaon.fr\/?page_id=3456","og_locale":"fr_FR","og_type":"article","og_title":"NOS DATES DE REPR\u00c9SENTATIONS POUR 2020 &#8226; Com\u00e9dia Laon","og_description":"(Les informations ci-dessous seront actualis\u00e9es au fil de l&rsquo;eau) Calendrier mis \u00e0 jour le 16\/03\/2020 \u201cESP\u00c8CES MENAC\u00c9ES\u201d de Ray COONEY : Le dimanche 9 f\u00e9vrier 2020 \u00e0 15H00 \u00e0 MONS EN LAONNOIS \u00e0 la Salle du Stade Rue du Clos Piot. Invitation par notre ami G\u00e9rard pour une R\u00e9p\u00e9tition G\u00e9n\u00e9rale Au profit du T\u00c9L\u00c9THON. LeLire la suite","og_url":"https:\/\/comedialaon.fr\/?page_id=3456","og_site_name":"Com\u00e9dia Laon","article_publisher":"https:\/\/www.facebook.com\/profile.php?id=100008459438996","article_modified_time":"2021-09-28T10:53:20+00:00","twitter_misc":{"Dur\u00e9e de lecture estim\u00e9e":"1 minute"},"schema":{"@context":"https:\/\/schema.org","@graph":[{"@type":"WebPage","@id":"https:\/\/comedialaon.fr\/?page_id=3456","url":"https:\/\/comedialaon.fr\/?page_id=3456","name":"NOS DATES DE REPR\u00c9SENTATIONS POUR 2020 &#8226; Com\u00e9dia Laon","isPartOf":{"@id":"https:\/\/comedialaon.fr\/#website"},"datePublished":"2019-10-01T09:01:54+00:00","dateModified":"2021-09-28T10:53:20+00:00","breadcrumb":{"@id":"https:\/\/comedialaon.fr\/?page_id=3456#breadcrumb"},"inLanguage":"fr-FR","potentialAction":[{"@type":"ReadAction","target":["https:\/\/comedialaon.fr\/?page_id=3456"]}]},{"@type":"BreadcrumbList","@id":"https:\/\/comedialaon.fr\/?page_id=3456#breadcrumb","itemListElement":[{"@type":"ListItem","position":1,"name":"Accueil","item":"https:\/\/comedialaon.fr\/"},{"@type":"ListItem","position":2,"name":"NOS DATES DE REPR\u00c9SENTATIONS POUR 2020"}]},{"@type":"WebSite","@id":"https:\/\/comedialaon.fr\/#website","url":"https:\/\/comedialaon.fr\/","name":"Com\u00e9dia Laon","description":"Prendre et donner du PLAISIR ... !!! ;-)","publisher":{"@id":"https:\/\/comedialaon.fr\/#organization"},"potentialAction":[{"@type":"SearchAction","target":{"@type":"EntryPoint","urlTemplate":"https:\/\/comedialaon.fr\/?s={search_term_string}"},"query-input":{"@type":"PropertyValueSpecification","valueRequired":true,"valueName":"search_term_string"}}],"inLanguage":"fr-FR"},{"@type":"Organization","@id":"https:\/\/comedialaon.fr\/#organization","name":"Com\u00e9dia Laon","url":"https:\/\/comedialaon.fr\/","logo":{"@type":"ImageObject","inLanguage":"fr-FR","@id":"https:\/\/comedialaon.fr\/#\/schema\/logo\/image\/","url":"https:\/\/comedialaon.fr\/wp-content\/uploads\/2019\/02\/LOGO-CL-et-OL.jpg","contentUrl":"https:\/\/comedialaon.fr\/wp-content\/uploads\/2019\/02\/LOGO-CL-et-OL.jpg","width":756,"height":210,"caption":"Com\u00e9dia Laon"},"image":{"@id":"https:\/\/comedialaon.fr\/#\/schema\/logo\/image\/"},"sameAs":["https:\/\/www.facebook.com\/profile.php?id=100008459438996","https:\/\/www.youtube.com\/results?search_query=comedia laon"]}]}},"_links":{"self":[{"href":"https:\/\/comedialaon.fr\/index.php?rest_route=\/wp\/v2\/pages\/3456","targetHints":{"allow":["GET"]}}],"collection":[{"href":"https:\/\/comedialaon.fr\/index.php?rest_route=\/wp\/v2\/pages"}],"about":[{"href":"https:\/\/comedialaon.fr\/index.php?rest_route=\/wp\/v2\/types\/page"}],"author":[{"embeddable":true,"href":"https:\/\/comedialaon.fr\/index.php?rest_route=\/wp\/v2\/users\/1"}],"replies":[{"embeddable":true,"href":"https:\/\/comedialaon.fr\/index.php?rest_route=%2Fwp%2Fv2%2Fcomments&post=3456"}],"version-history":[{"count":7,"href":"https:\/\/comedialaon.fr\/index.php?rest_route=\/wp\/v2\/pages\/3456\/revisions"}],"predecessor-version":[{"id":3462,"href":"https:\/\/comedialaon.fr\/index.php?rest_route=\/wp\/v2\/pages\/3456\/revisions\/3462"}],"wp:attachment":[{"href":"https:\/\/comedialaon.fr\/index.php?rest_route=%2Fwp%2Fv2%2Fmedia&parent=3456"}],"curies":[{"name":"wp","href":"https:\/\/api.w.org\/{rel}","templated":true}]}}